{"id":13268,"date":"2024-11-08T10:18:23","date_gmt":"2024-11-08T09:18:23","guid":{"rendered":"https:\/\/blahareality.cz\/?page_id=13268"},"modified":"2026-04-10T17:11:00","modified_gmt":"2026-04-10T15:11:00","slug":"realizace","status":"publish","type":"page","link":"https:\/\/blahareality.cz\/de\/umsetzung\/","title":{"rendered":"Referenzen"},"content":{"rendered":"<div data-elementor-type=\"wp-post\" data-elementor-id=\"13268\" class=\"elementor elementor-13268\">\n\t\t\t\t<div class=\"has_eae_slider elementor-element elementor-element-4fa456a e-flex e-con-boxed e-con e-parent\" data-id=\"4fa456a\" data-element_type=\"container\" data-e-type=\"container\" data-settings=\"{&quot;background_background&quot;:&quot;classic&quot;}\">\n\t\t\t\t\t<div class=\"e-con-inner\">\n\t\t<div class=\"has_eae_slider elementor-element elementor-element-f6403fb e-con-full e-flex e-con e-child\" data-id=\"f6403fb\" data-element_type=\"container\" data-e-type=\"container\">\n\t\t\t\t<div class=\"elementor-element elementor-element-2194af3 elementor-widget elementor-widget-heading\" data-id=\"2194af3\" data-element_type=\"widget\" data-e-type=\"widget\" data-widget_type=\"heading.default\">\n\t\t\t\t<div class=\"elementor-widget-container\">\n\t\t\t\t\t<h1 class=\"elementor-heading-title elementor-size-default\">Referenzen<\/h1>\t\t\t\t<\/div>\n\t\t\t\t<\/div>\n\t\t\t\t<div class=\"elementor-element elementor-element-31f5a1c elementor-widget elementor-widget-text-editor\" data-id=\"31f5a1c\" data-element_type=\"widget\" data-e-type=\"widget\" data-widget_type=\"text-editor.default\">\n\t\t\t\t<div class=\"elementor-widget-container\">\n\t\t\t\t\t\t\t\t\t<p data-pm-slice=\"1 1 []\"><strong data-start=\"279\" data-end=\"369\">Als erfahrener Immobilienmakler habe ich mich auf den erfolgreichen Verkauf und die Vermietung von Immobilien spezialisiert.<\/strong> Ich biete einen kompletten Immobilienservice - von der ersten Beratung \u00fcber die professionelle Pr\u00e4sentation bis hin zur rechtlichen Betreuung und Vertragsunterzeichnung. Dank meiner langj\u00e4hrigen Erfahrung sorge ich f\u00fcr einen reibungslosen und sicheren Ablauf der jeweiligen Transaktion.<br data-start=\"580\" data-end=\"583\" \/>Ich gehe auf jeden Kunden individuell ein und lege dabei Wert auf eine gr\u00fcndliche Vorbereitung, Transparenz und eine professionelle Vorgehensweise.<\/p>\t\t\t\t\t\t\t\t<\/div>\n\t\t\t\t<\/div>\n\t\t<div class=\"has_eae_slider elementor-element elementor-element-b8f7e79 e-grid e-con-full elementor-hidden-mobile e-con e-child\" data-id=\"b8f7e79\" data-element_type=\"container\" data-e-type=\"container\">\n\t\t\t\t<div class=\"elementor-element elementor-element-5292ad4 elementor-view-framed elementor-shape-circle elementor-mobile-position-block-start elementor-widget elementor-widget-icon-box\" data-id=\"5292ad4\" data-element_type=\"widget\" data-e-type=\"widget\" data-widget_type=\"icon-box.default\">\n\t\t\t\t<div class=\"elementor-widget-container\">\n\t\t\t\t\t\t\t<div class=\"elementor-icon-box-wrapper\">\n\n\t\t\t\t\t\t<div class=\"elementor-icon-box-icon\">\n\t\t\t\t<span  class=\"elementor-icon\">\n\t\t\t\t<svg xmlns=\"http:\/\/www.w3.org\/2000\/svg\" viewbox=\"0 0 640 512\"><path d=\"M352 48l224 0c8.8 0 16 7.2 16 16l0 384c0 8.8-7.2 16-16 16l-160 0c0 18-6 34.6-16 48l176 0c35.3 0 64-28.7 64-64l0-384c0-35.3-28.7-64-64-64L352 0c-35.3 0-64 28.7-64 64l0 60.6 48 44L336 64c0-8.8 7.2-16 16-16zm61.2 208l18.8 0c8.8 0 16-7.2 16-16l0-32c0-8.8-7.2-16-16-16l-32 0c-8.8 0-16 7.2-16 16l0 4.6 6.1 5.6c11.2 10.3 19.2 23.4 23.1 37.9zm2.8 96l16 0c8.8 0 16-7.2 16-16l0-32c0-8.8-7.2-16-16-16l-16 0 0 64zm64-144l0 32c0 8.8 7.2 16 16 16l32 0c8.8 0 16-7.2 16-16l0-32c0-8.8-7.2-16-16-16l-32 0c-8.8 0-16 7.2-16 16zm16 80c-8.8 0-16 7.2-16 16l0 32c0 8.8 7.2 16 16 16l32 0c8.8 0 16-7.2 16-16l0-32c0-8.8-7.2-16-16-16l-32 0zM400 96c-8.8 0-16 7.2-16 16l0 32c0 8.8 7.2 16 16 16l32 0c8.8 0 16-7.2 16-16l0-32c0-8.8-7.2-16-16-16l-32 0zm80 16l0 32c0 8.8 7.2 16 16 16l32 0c8.8 0 16-7.2 16-16l0-32c0-8.8-7.2-16-16-16l-32 0c-8.8 0-16 7.2-16 16zM20.8 237C7.5 249.1 0 266.2 0 284.2L0 448c0 35.3 28.7 64 64 64l256 0c35.3 0 64-28.7 64-64l0-163.8c0-17.9-7.5-35.1-20.8-47.2l-128-117.3c-24.5-22.4-62-22.4-86.5 0L20.8 237zM48 284.2c0-4.5 1.9-8.8 5.2-11.8L181.2 155c6.1-5.6 15.5-5.6 21.6 0l128 117.3c3.3 3 5.2 7.3 5.2 11.8L336 448c0 8.8-7.2 16-16 16L64 464c-8.8 0-16-7.2-16-16l0-163.8zM144 296l0 48c0 13.3 10.7 24 24 24l48 0c13.3 0 24-10.7 24-24l0-48c0-13.3-10.7-24-24-24l-48 0c-13.3 0-24 10.7-24 24z\"><\/path><\/svg>\t\t\t\t<\/span>\n\t\t\t<\/div>\n\t\t\t\n\t\t\t\t\t\t<div class=\"elementor-icon-box-content\">\n\n\t\t\t\t\t\t\t\t\t<h3 class=\"elementor-icon-box-title\">\n\t\t\t\t\t\t<span  >\n\t\t\t\t\t\t\tVertrieb\t\t\t\t\t\t<\/span>\n\t\t\t\t\t<\/h3>\n\t\t\t\t\n\t\t\t\t\n\t\t\t<\/div>\n\t\t\t\n\t\t<\/div>\n\t\t\t\t\t\t<\/div>\n\t\t\t\t<\/div>\n\t\t\t\t<div class=\"elementor-element elementor-element-16436f6 elementor-view-framed elementor-shape-circle elementor-mobile-position-block-start elementor-widget elementor-widget-icon-box\" data-id=\"16436f6\" data-element_type=\"widget\" data-e-type=\"widget\" data-widget_type=\"icon-box.default\">\n\t\t\t\t<div class=\"elementor-widget-container\">\n\t\t\t\t\t\t\t<div class=\"elementor-icon-box-wrapper\">\n\n\t\t\t\t\t\t<div class=\"elementor-icon-box-icon\">\n\t\t\t\t<span  class=\"elementor-icon\">\n\t\t\t\t<svg xmlns=\"http:\/\/www.w3.org\/2000\/svg\" viewbox=\"0 0 512 512\"><path d=\"M208 176c0-70.7 57.3-128 128-128s128 57.3 128 128s-57.3 128-128 128c-10.4 0-20.5-1.2-30.1-3.6c-8.1-2-16.7 .4-22.6 6.4L254.1 336 200 336c-13.3 0-24 10.7-24 24l0 40-40 0c-13.3 0-24 10.7-24 24l0 40-64 0 0-78.1L205.2 228.7c5.9-5.9 8.3-14.5 6.4-22.6c-2.3-9.6-3.6-19.7-3.6-30.1zM336 0C238.8 0 160 78.8 160 176c0 9.5 .7 18.8 2.2 27.9L7 359c-4.5 4.5-7 10.6-7 17L0 488c0 13.3 10.7 24 24 24l112 0c13.3 0 24-10.7 24-24l0-40 40 0c13.3 0 24-10.7 24-24l0-40 40 0c6.4 0 12.5-2.5 17-7l27.2-27.2c9.1 1.4 18.4 2.2 27.9 2.2c97.2 0 176-78.8 176-176S433.2 0 336 0zm32 176a32 32 0 1 0 0-64 32 32 0 1 0 0 64z\"><\/path><\/svg>\t\t\t\t<\/span>\n\t\t\t<\/div>\n\t\t\t\n\t\t\t\t\t\t<div class=\"elementor-icon-box-content\">\n\n\t\t\t\t\t\t\t\t\t<h3 class=\"elementor-icon-box-title\">\n\t\t\t\t\t\t<span  >\n\t\t\t\t\t\t\tMiete\t\t\t\t\t\t<\/span>\n\t\t\t\t\t<\/h3>\n\t\t\t\t\n\t\t\t\t\n\t\t\t<\/div>\n\t\t\t\n\t\t<\/div>\n\t\t\t\t\t\t<\/div>\n\t\t\t\t<\/div>\n\t\t\t\t<div class=\"elementor-element elementor-element-57e3c09 elementor-view-framed elementor-shape-circle elementor-mobile-position-block-start elementor-widget elementor-widget-icon-box\" data-id=\"57e3c09\" data-element_type=\"widget\" data-e-type=\"widget\" data-widget_type=\"icon-box.default\">\n\t\t\t\t<div class=\"elementor-widget-container\">\n\t\t\t\t\t\t\t<div class=\"elementor-icon-box-wrapper\">\n\n\t\t\t\t\t\t<div class=\"elementor-icon-box-icon\">\n\t\t\t\t<span  class=\"elementor-icon\">\n\t\t\t\t<svg xmlns=\"http:\/\/www.w3.org\/2000\/svg\" viewbox=\"0 0 448 512\"><path d=\"M224 208a80 80 0 1 0 0-160 80 80 0 1 0 0 160zm128-80A128 128 0 1 1 96 128a128 128 0 1 1 256 0zM209.1 359.2l-18.6-31c-6.4-10.7 1.3-24.2 13.7-24.2l19.7 0 19.7 0c12.4 0 20.1 13.6 13.7 24.2l-18.6 31 15.9 59.2 43.8-87.6c3-6 9.4-9.5 15.9-8.4C390.4 335.6 448 401.7 448 481.3c0 17-13.8 30.7-30.7 30.7L30.7 512C13.8 512 0 498.2 0 481.3c0-79.6 57.6-145.7 133.5-158.9c6.6-1.1 12.9 2.4 15.9 8.4l43.8 87.6 15.9-59.2zm-90.6 17.1C82.3 391.1 55.4 424.2 49.3 464l113 0-43.8-87.7zM285.7 464l113 0c-6.1-39.8-33-72.9-69.2-87.7L285.7 464z\"><\/path><\/svg>\t\t\t\t<\/span>\n\t\t\t<\/div>\n\t\t\t\n\t\t\t\t\t\t<div class=\"elementor-icon-box-content\">\n\n\t\t\t\t\t\t\t\t\t<h3 class=\"elementor-icon-box-title\">\n\t\t\t\t\t\t<span  >\n\t\t\t\t\t\t\tJuristischer Dienst\t\t\t\t\t\t<\/span>\n\t\t\t\t\t<\/h3>\n\t\t\t\t\n\t\t\t\t\n\t\t\t<\/div>\n\t\t\t\n\t\t<\/div>\n\t\t\t\t\t\t<\/div>\n\t\t\t\t<\/div>\n\t\t\t\t<div class=\"elementor-element elementor-element-1d61563 elementor-view-framed elementor-shape-circle elementor-mobile-position-block-start elementor-widget elementor-widget-icon-box\" data-id=\"1d61563\" data-element_type=\"widget\" data-e-type=\"widget\" data-widget_type=\"icon-box.default\">\n\t\t\t\t<div class=\"elementor-widget-container\">\n\t\t\t\t\t\t\t<div class=\"elementor-icon-box-wrapper\">\n\n\t\t\t\t\t\t<div class=\"elementor-icon-box-icon\">\n\t\t\t\t<span  class=\"elementor-icon\">\n\t\t\t\t<svg xmlns=\"http:\/\/www.w3.org\/2000\/svg\" viewbox=\"0 0 384 512\"><path d=\"M64 0C28.7 0 0 28.7 0 64L0 448c0 35.3 28.7 64 64 64l256 0c35.3 0 64-28.7 64-64l0-384c0-35.3-28.7-64-64-64L64 0zM96 64l192 0c17.7 0 32 14.3 32 32l0 32c0 17.7-14.3 32-32 32L96 160c-17.7 0-32-14.3-32-32l0-32c0-17.7 14.3-32 32-32zm32 160a32 32 0 1 1 -64 0 32 32 0 1 1 64 0zM96 352a32 32 0 1 1 0-64 32 32 0 1 1 0 64zM64 416c0-17.7 14.3-32 32-32l96 0c17.7 0 32 14.3 32 32s-14.3 32-32 32l-96 0c-17.7 0-32-14.3-32-32zM192 256a32 32 0 1 1 0-64 32 32 0 1 1 0 64zm32 64a32 32 0 1 1 -64 0 32 32 0 1 1 64 0zm64-64a32 32 0 1 1 0-64 32 32 0 1 1 0 64zm32 64a32 32 0 1 1 -64 0 32 32 0 1 1 64 0zM288 448a32 32 0 1 1 0-64 32 32 0 1 1 0 64z\"><\/path><\/svg>\t\t\t\t<\/span>\n\t\t\t<\/div>\n\t\t\t\n\t\t\t\t\t\t<div class=\"elementor-icon-box-content\">\n\n\t\t\t\t\t\t\t\t\t<h3 class=\"elementor-icon-box-title\">\n\t\t\t\t\t\t<span  >\n\t\t\t\t\t\t\tFinanzierung\t\t\t\t\t\t<\/span>\n\t\t\t\t\t<\/h3>\n\t\t\t\t\n\t\t\t\t\n\t\t\t<\/div>\n\t\t\t\n\t\t<\/div>\n\t\t\t\t\t\t<\/div>\n\t\t\t\t<\/div>\n\t\t\t\t<\/div>\n\t\t\t\t<\/div>\n\t\t\t\t\t<\/div>\n\t\t\t\t<\/div>\n\t\t<div class=\"has_eae_slider elementor-element elementor-element-d18050a elementor-hidden-tablet e-flex e-con-boxed e-con e-parent\" data-id=\"d18050a\" data-element_type=\"container\" data-e-type=\"container\" data-settings=\"{&quot;background_background&quot;:&quot;classic&quot;}\">\n\t\t\t\t\t<div class=\"e-con-inner\">\n\t\t<div class=\"has_eae_slider elementor-element elementor-element-fe33185 e-con-full e-flex e-con e-child\" data-id=\"fe33185\" data-element_type=\"container\" data-e-type=\"container\">\n\t\t<div class=\"has_eae_slider elementor-element elementor-element-19a8362 e-flex e-con-boxed e-con e-child\" data-id=\"19a8362\" data-element_type=\"container\" data-e-type=\"container\">\n\t\t\t\t\t<div class=\"e-con-inner\">\n\t\t<div class=\"has_eae_slider elementor-element elementor-element-652794e e-con-full e-flex e-con e-child\" data-id=\"652794e\" data-element_type=\"container\" data-e-type=\"container\" data-settings=\"{&quot;background_background&quot;:&quot;classic&quot;,&quot;animation&quot;:&quot;none&quot;}\">\n\t\t\t\t<div class=\"elementor-element elementor-element-50dc785 elementor-view-stacked elementor-shape-circle elementor-position-block-start elementor-mobile-position-block-start elementor-widget elementor-widget-icon-box\" data-id=\"50dc785\" data-element_type=\"widget\" data-e-type=\"widget\" data-widget_type=\"icon-box.default\">\n\t\t\t\t<div class=\"elementor-widget-container\">\n\t\t\t\t\t\t\t<div class=\"elementor-icon-box-wrapper\">\n\n\t\t\t\t\t\t<div class=\"elementor-icon-box-icon\">\n\t\t\t\t<a href=\"#rezidencni-nemovitosti\" class=\"elementor-icon\" tabindex=\"-1\" aria-label=\"Wohnimmobilien\">\n\t\t\t\t<svg xmlns=\"http:\/\/www.w3.org\/2000\/svg\" viewbox=\"0 0 576 512\"><path d=\"M303.5 5.7c-9-7.6-22.1-7.6-31.1 0l-264 224c-10.1 8.6-11.3 23.7-2.8 33.8s23.7 11.3 33.8 2.8L64 245.5 64 432c0 44.2 35.8 80 80 80l288 0c44.2 0 80-35.8 80-80l0-186.5 24.5 20.8c10.1 8.6 25.3 7.3 33.8-2.8s7.3-25.3-2.8-33.8l-264-224zM112 432l0-227.2L288 55.5 464 204.8 464 432c0 17.7-14.3 32-32 32l-48 0 0-152c0-22.1-17.9-40-40-40l-112 0c-22.1 0-40 17.9-40 40l0 152-48 0c-17.7 0-32-14.3-32-32zm128 32l0-144 96 0 0 144-96 0z\"><\/path><\/svg>\t\t\t\t<\/a>\n\t\t\t<\/div>\n\t\t\t\n\t\t\t\t\t\t<div class=\"elementor-icon-box-content\">\n\n\t\t\t\t\t\t\t\t\t<h5 class=\"elementor-icon-box-title\">\n\t\t\t\t\t\t<a href=\"#rezidencni-nemovitosti\" >\n\t\t\t\t\t\t\tWohnimmobilien\t\t\t\t\t\t<\/a>\n\t\t\t\t\t<\/h5>\n\t\t\t\t\n\t\t\t\t\t\t\t\t\t<p class=\"elementor-icon-box-description\">\n\t\t\t\t\t\tVerkauf und Vermietung von H\u00e4usern, Wohnungen, Ferienh\u00e4usern, Chalets\t\t\t\t\t<\/p>\n\t\t\t\t\n\t\t\t<\/div>\n\t\t\t\n\t\t<\/div>\n\t\t\t\t\t\t<\/div>\n\t\t\t\t<\/div>\n\t\t\t\t<\/div>\n\t\t<div class=\"has_eae_slider elementor-element elementor-element-809b036 e-con-full e-flex e-con e-child\" data-id=\"809b036\" data-element_type=\"container\" data-e-type=\"container\" data-settings=\"{&quot;background_background&quot;:&quot;classic&quot;,&quot;animation&quot;:&quot;none&quot;}\">\n\t\t\t\t<div class=\"elementor-element elementor-element-ba53eed elementor-view-stacked elementor-shape-circle elementor-position-block-start elementor-mobile-position-block-start elementor-widget elementor-widget-icon-box\" data-id=\"ba53eed\" data-element_type=\"widget\" data-e-type=\"widget\" data-widget_type=\"icon-box.default\">\n\t\t\t\t<div class=\"elementor-widget-container\">\n\t\t\t\t\t\t\t<div class=\"elementor-icon-box-wrapper\">\n\n\t\t\t\t\t\t<div class=\"elementor-icon-box-icon\">\n\t\t\t\t<a href=\"#komercni-nemovitosti\" class=\"elementor-icon\" tabindex=\"-1\" aria-label=\"Gewerbeimmobilien\">\n\t\t\t\t<svg xmlns=\"http:\/\/www.w3.org\/2000\/svg\" viewbox=\"0 0 576 512\"><path d=\"M88 80c-4.4 0-8 3.6-8 8l0 216 0 48 0 56c0 13.3 10.7 24 24 24l368 0c13.3 0 24-10.7 24-24l0-88 0-16 0-148.1-139.1 89c-7.4 4.7-16.8 5-24.5 .8s-12.5-12.3-12.5-21.1l0-70.9L180.1 235.4c-7.4 4.3-16.6 4.4-24 .1s-12-12.2-12-20.8L144 88c0-4.4-3.6-8-8-8L88 80zM32 88c0-30.9 25.1-56 56-56l48 0c30.9 0 56 25.1 56 56l0 84.9 103.8-60.6c32-18.7 72.2 4.4 72.2 41.5l0 27 102.1-65.4C502.1 95 544 117.9 544 155.9L544 304l0 16 0 88c0 39.8-32.2 72-72 72l-368 0c-39.8 0-72-32.2-72-72l0-56 0-48L32 88z\"><\/path><\/svg>\t\t\t\t<\/a>\n\t\t\t<\/div>\n\t\t\t\n\t\t\t\t\t\t<div class=\"elementor-icon-box-content\">\n\n\t\t\t\t\t\t\t\t\t<h5 class=\"elementor-icon-box-title\">\n\t\t\t\t\t\t<a href=\"#komercni-nemovitosti\" >\n\t\t\t\t\t\t\tGewerbeimmobilien\t\t\t\t\t\t<\/a>\n\t\t\t\t\t<\/h5>\n\t\t\t\t\n\t\t\t\t\t\t\t\t\t<p class=\"elementor-icon-box-description\">\n\t\t\t\t\t\tVerkauf und Vermietung von Gewerbeimmobilien\t\t\t\t\t<\/p>\n\t\t\t\t\n\t\t\t<\/div>\n\t\t\t\n\t\t<\/div>\n\t\t\t\t\t\t<\/div>\n\t\t\t\t<\/div>\n\t\t\t\t<\/div>\n\t\t<div class=\"has_eae_slider elementor-element elementor-element-469738f e-con-full e-flex e-con e-child\" data-id=\"469738f\" data-element_type=\"container\" data-e-type=\"container\" data-settings=\"{&quot;background_background&quot;:&quot;classic&quot;,&quot;animation&quot;:&quot;none&quot;}\">\n\t\t\t\t<div class=\"elementor-element elementor-element-44a02d7 elementor-view-stacked elementor-shape-circle elementor-position-block-start elementor-mobile-position-block-start elementor-widget elementor-widget-icon-box\" data-id=\"44a02d7\" data-element_type=\"widget\" data-e-type=\"widget\" data-widget_type=\"icon-box.default\">\n\t\t\t\t<div class=\"elementor-widget-container\">\n\t\t\t\t\t\t\t<div class=\"elementor-icon-box-wrapper\">\n\n\t\t\t\t\t\t<div class=\"elementor-icon-box-icon\">\n\t\t\t\t<a href=\"#pozemky\" class=\"elementor-icon\" tabindex=\"-1\" aria-label=\"Land\">\n\t\t\t\t<svg aria-hidden=\"true\" class=\"e-font-icon-svg e-far-map\" viewbox=\"0 0 576 512\" xmlns=\"http:\/\/www.w3.org\/2000\/svg\"><path d=\"M560.02 32c-1.96 0-3.98.37-5.96 1.16L384.01 96H384L212 35.28A64.252 64.252 0 0 0 191.76 32c-6.69 0-13.37 1.05-19.81 3.14L20.12 87.95A32.006 32.006 0 0 0 0 117.66v346.32C0 473.17 7.53 480 15.99 480c1.96 0 3.97-.37 5.96-1.16L192 416l172 60.71a63.98 63.98 0 0 0 40.05.15l151.83-52.81A31.996 31.996 0 0 0 576 394.34V48.02c0-9.19-7.53-16.02-15.98-16.02zM224 90.42l128 45.19v285.97l-128-45.19V90.42zM48 418.05V129.07l128-44.53v286.2l-.64.23L48 418.05zm480-35.13l-128 44.53V141.26l.64-.24L528 93.95v288.97z\"><\/path><\/svg>\t\t\t\t<\/a>\n\t\t\t<\/div>\n\t\t\t\n\t\t\t\t\t\t<div class=\"elementor-icon-box-content\">\n\n\t\t\t\t\t\t\t\t\t<h5 class=\"elementor-icon-box-title\">\n\t\t\t\t\t\t<a href=\"#pozemky\" >\n\t\t\t\t\t\t\tLand\t\t\t\t\t\t<\/a>\n\t\t\t\t\t<\/h5>\n\t\t\t\t\n\t\t\t\t\t\t\t\t\t<p class=\"elementor-icon-box-description\">\n\t\t\t\t\t\tVerkauf von Grundst\u00fccken aller Art\t\t\t\t\t<\/p>\n\t\t\t\t\n\t\t\t<\/div>\n\t\t\t\n\t\t<\/div>\n\t\t\t\t\t\t<\/div>\n\t\t\t\t<\/div>\n\t\t\t\t<\/div>\n\t\t\t\t\t<\/div>\n\t\t\t\t<\/div>\n\t\t\t\t<\/div>\n\t\t\t\t\t<\/div>\n\t\t\t\t<\/div>\n\t\t<div class=\"has_eae_slider elementor-element elementor-element-1c979c0 e-con-full e-flex e-con e-parent\" data-id=\"1c979c0\" data-element_type=\"container\" data-e-type=\"container\">\n\t\t\t\t<div class=\"elementor-element elementor-element-2958af6 elementor-widget elementor-widget-menu-anchor\" data-id=\"2958af6\" data-element_type=\"widget\" data-e-type=\"widget\" data-widget_type=\"menu-anchor.default\">\n\t\t\t\t<div class=\"elementor-widget-container\">\n\t\t\t\t\t\t\t<div class=\"elementor-menu-anchor\" id=\"rezidencni-nemovitosti\"><\/div>\n\t\t\t\t\t\t<\/div>\n\t\t\t\t<\/div>\n\t\t\t\t<div class=\"elementor-element elementor-element-b0814d9 elementor-view-default elementor-widget elementor-widget-icon\" data-id=\"b0814d9\" data-element_type=\"widget\" data-e-type=\"widget\" data-widget_type=\"icon.default\">\n\t\t\t\t<div class=\"elementor-widget-container\">\n\t\t\t\t\t\t\t<div class=\"elementor-icon-wrapper\">\n\t\t\t<div class=\"elementor-icon\">\n\t\t\t<svg xmlns=\"http:\/\/www.w3.org\/2000\/svg\" viewbox=\"0 0 576 512\"><path d=\"M303.5 5.7c-9-7.6-22.1-7.6-31.1 0l-264 224c-10.1 8.6-11.3 23.7-2.8 33.8s23.7 11.3 33.8 2.8L64 245.5 64 432c0 44.2 35.8 80 80 80l288 0c44.2 0 80-35.8 80-80l0-186.5 24.5 20.8c10.1 8.6 25.3 7.3 33.8-2.8s7.3-25.3-2.8-33.8l-264-224zM112 432l0-227.2L288 55.5 464 204.8 464 432c0 17.7-14.3 32-32 32l-48 0 0-152c0-22.1-17.9-40-40-40l-112 0c-22.1 0-40 17.9-40 40l0 152-48 0c-17.7 0-32-14.3-32-32zm128 32l0-144 96 0 0 144-96 0z\"><\/path><\/svg>\t\t\t<\/div>\n\t\t<\/div>\n\t\t\t\t\t\t<\/div>\n\t\t\t\t<\/div>\n\t\t\t\t<div class=\"elementor-element elementor-element-8af16fd elementor-widget elementor-widget-heading\" data-id=\"8af16fd\" data-element_type=\"widget\" data-e-type=\"widget\" data-widget_type=\"heading.default\">\n\t\t\t\t<div class=\"elementor-widget-container\">\n\t\t\t\t\t<h2 class=\"elementor-heading-title elementor-size-default\">Wohnimmobilien - H\u00e4user<\/h2>\t\t\t\t<\/div>\n\t\t\t\t<\/div>\n\t\t<div class=\"has_eae_slider elementor-element elementor-element-4c01fb2 e-grid e-con-full e-con e-child\" data-id=\"4c01fb2\" data-element_type=\"container\" data-e-type=\"container\" data-settings=\"{&quot;animation&quot;:&quot;none&quot;}\">\n\t\t\t\t<div class=\"elementor-element elementor-element-9d32f07 elementor-widget elementor-widget-e_image_hover_effects\" data-id=\"9d32f07\" data-element_type=\"widget\" data-e-type=\"widget\" data-settings=\"{&quot;_animation&quot;:&quot;none&quot;}\" data-widget_type=\"e_image_hover_effects.default\">\n\t\t\t\t<div class=\"elementor-widget-container\">\n\t\t\t\t\t\t\t\t<a href=\"https:\/\/blahareality.cz\/de\/villa-podlesin\/\">\n\t\t\t\t\t<div class=\"eihe-box eihe-fade eihe_flex-start\">\n\t\t\t\t<img fetchpriority=\"high\" decoding=\"async\" width=\"2400\" height=\"1600\" src=\"https:\/\/blahareality.cz\/wp-content\/uploads\/2025\/05\/805.jpg\" class=\"attachment-full size-full wp-image-17384\" alt=\"\">\t\t\t\t<div class=\"eihe-caption\">\n\t\t\t\t\t<div class=\"eihe-title-cover\">\n\t\t\t\t\t\t\t\t\t\t\t\t<h3 class=\"eihe-title\">ZU VERKAUFEN, VILLA PODLE\u0160\u00cdN, KLADNO<\/h3>\n\t\t\t\t\t\t\t\t\t\t\t<\/div>\n\t\t\t\t\t<p>V\u00fdjime\u010dn\u00e9 nemovitosti si zaslou\u017e\u00ed v\u00fdjime\u010dn\u00e9ho makl\u00e9\u0159e \u2014 neofunkcionalistick\u00e1 vila v Podle\u0161\u00edn\u011b\nJsou nemovitosti, kter\u00e9 se nevyhled\u00e1vaj\u00ed na port\u00e1lech. Hledaj\u00ed se p\u0159es makl\u00e9\u0159e, kter\u00e9mu se d\u016fv\u011b\u0159uje. Vila v Podle\u0161\u00edn\u011b je p\u0159esn\u011b takov\u00e1 nemovitost.\n\nArchitektura, kter\u00e1 se nekompromisuje\nPouh\u00fdch 15 minut autem po d\u00e1lnici D7 od Evropsk\u00e9 ulice v Praze se nach\u00e1z\u00ed klidn\u00e1 obec Podle\u0161\u00edn, kde stoj\u00ed tato v\u00fdjime\u010dn\u00e1 neofunkcionalistick\u00e1 vila. https:\/\/blahareality.cz\/vila-podlesin\/ Nejde o b\u011b\u017en\u00fd rodinn\u00fd d\u016fm. Jde o architektonick\u00e9 d\u00edlo s jasnou filozofi\u00ed \u2014 propojit modern\u00ed design, prostornost a p\u0159\u00edrodu do jednoho celku, kter\u00fd funguje jako domov i jako reprezentativn\u00ed z\u00e1zem\u00ed.\nT\u0159\u00edpodla\u017en\u00ed vila disponuje dispozic\u00ed 5+kk a u\u017eitnou plochou 323 m\u00b2. Sv\u011btl\u00fd obytn\u00fd prostor dosahuje plochy 110 m\u00b2 s v\u00fd\u0161kou stropu 3,85 m a navazuje p\u0159\u00edmo na terasovou \u010d\u00e1st s vyh\u0159\u00edvan\u00fdm baz\u00e9nem o rozm\u011brech 10 x 5 metr\u016f a okrasnou vodn\u00ed plochou s p\u0159epadem. https:\/\/blahareality.cz\/vila-podlesin\/ Tohle nen\u00ed vizualizace. Tohle je realita, do kter\u00e9 se nast\u011bhujete.\n\nSoukrom\u00ed na t\u00e9m\u011b\u0159 6 000 m\u00b2 pozemku\nSoukrom\u00fd pozemek o plo\u0161e 5 949 m\u00b2 poskytuje klid a prostor, kter\u00fd v z\u00e1zem\u00ed Prahy prakticky neexistuje. Sou\u010d\u00e1st\u00ed je ovocn\u00fd sad s 48 vzrostl\u00fdmi stromy, rovn\u00e1 plocha vhodn\u00e1 pro tenisov\u00fd kurt, zahradn\u00ed kancel\u00e1\u0159 nebo wellness, historick\u00fd vinn\u00fd skl\u00edpek star\u00fd p\u0159ibli\u017en\u011b 150 let a dostatek m\u00edsta pro parkov\u00e1n\u00ed i dal\u0161\u00ed rozvoj. https:\/\/blahareality.cz\/vila-podlesin\/\nD\u016fm je situov\u00e1n 25 metr\u016f od obecn\u00ed cesty, co\u017e zaji\u0161\u0165uje diskr\u00e9tn\u00ed p\u0159\u00edjezd i klidn\u00e9 z\u00e1zem\u00ed https:\/\/blahareality.cz\/vila-podlesin\/ bez ru\u0161iv\u00fdch vjem\u016f a s maxim\u00e1ln\u00ed ochranou soukrom\u00ed. Na pozemku t\u00e9to velikosti v takov\u00e9 vzd\u00e1lenosti od Prahy se dnes stav\u00ed developersk\u00e9 projekty. Tady stoj\u00ed jedna vila pro jednu rodinu.\n\nTechnologie, kter\u00e9 p\u0159ekon\u00e1vaj\u00ed t\u0159\u00eddu A\nD\u016fm je postaven na \u017eelezobetonov\u00e9m skeletu s vyzd\u00edvkou Ytong 500, fas\u00e1da je \u0159e\u0161ena \u0161pan\u011blsk\u00fdm odv\u011btr\u00e1van\u00fdm syst\u00e9mem. Okna jsou od zna\u010dky Sch\u00fcco, energetick\u00e1 t\u0159\u00edda odpov\u00edd\u00e1 B+. Vyt\u00e1p\u011bn\u00ed zaji\u0161\u0165uje tepeln\u00e9 \u010derpadlo voda vzduch s podlahov\u00fdm i st\u011bnov\u00fdm topen\u00edm, podlahy jsou z \u010dedi\u010de. Nemovitost je napojena na v\u0161echny s\u00edt\u011b v\u010detn\u011b elekt\u0159iny, vody, plynu, kanalizace a internetu. https:\/\/blahareality.cz\/vila-podlesin\/\nKa\u017ed\u00e1 ze \u010dty\u0159 lo\u017enic m\u00e1 vlastn\u00ed koupelnu https:\/\/blahareality.cz\/vila-podlesin\/, co\u017e je standard, kter\u00fd v \u010cesk\u00e9 republice nab\u00edz\u00ed jen hrstka nemovitost\u00ed. Vila je navr\u017eena tak, aby fungovala pro rodinu i pro obchodn\u00ed n\u00e1v\u0161t\u011bvy.\n\nLokalita, kter\u00e1 roste na hodnot\u011b\nObec Podle\u0161\u00edn le\u017e\u00ed na hranici povolen\u00e9 v\u00fdstavby Ereality, co\u017e chr\u00e1n\u00ed charakter lokality do budoucna. Nov\u00e1 z\u00e1stavba zde nevznikne neomezen\u011b a hodnota pozemk\u016f v okol\u00ed bude nar\u016fstat. Obec le\u017e\u00ed 3 km od exitu 18 d\u00e1lnice D7, centrum Prahy i leti\u0161t\u011b jsou dosa\u017eiteln\u00e9 do 25 minut. https:\/\/blahareality.cz\/vila-podlesin\/  Vlakov\u00e9 spojen\u00ed do Prahy je k dispozici jako alternativa.\nPodle\u0161\u00edn nen\u00ed satelitn\u00ed m\u011bsto. Je to klidn\u00e1 obec se zachovalou atmosf\u00e9rou, kter\u00e1 si udr\u017euje sv\u016fj charakter pr\u00e1v\u011b d\u00edky omezen\u00fdm mo\u017enostem dal\u0161\u00ed v\u00fdstavby.\n\nPro\u010d tato vila a j\u00e1\nPresti\u017en\u00ed nemovitosti jako je tato vy\u017eaduj\u00ed jin\u00fd p\u0159\u00edstup ne\u017e standardn\u00ed inzerce. Kupuj\u00edc\u00ed vil v t\u00e9to cenov\u00e9 kategorii nehledaj\u00ed na Sreality. Hledaj\u00ed makl\u00e9\u0159e, kter\u00fd rozum\u00ed jejich \u017eivotn\u00edmu stylu, diskr\u00e9tn\u011b pracuje se svou s\u00edt\u00ed kontakt\u016f a dok\u00e1\u017ee nemovitost prezentovat ve spr\u00e1vn\u00e9m sv\u011btle spr\u00e1vn\u00fdm lidem.\nJako makl\u00e9\u0159 REMAX Horizont m\u00e1m p\u0159\u00edstup k datab\u00e1zi klient\u016f z cel\u00e9 \u010cesk\u00e9 republiky i ze zahrani\u010d\u00ed, k n\u00e1stroj\u016fm mezin\u00e1rodn\u00ed prezentace a k s\u00edti koleg\u016f ve v\u00edce ne\u017e 110 zem\u00edch sv\u011bta. Presti\u017en\u00ed nemovitost si zaslou\u017e\u00ed presti\u017en\u00ed zastoupen\u00ed.\nPokud hled\u00e1te vilu nebo luxusn\u00ed d\u016fm v z\u00e1zem\u00ed Prahy, nebo pokud uva\u017eujete o prodeji nemovitosti srovnateln\u00e9 hodnoty, kontaktujte m\u011b. Prohl\u00eddku i konzultaci domluv\u00edm diskr\u00e9tn\u011b a bez zbyte\u010dn\u00e9ho odkladu.\n\nPln\u00e1 nab\u00eddka nemovitosti: \nMichal Bl\u00e1ha - REMAX Horizont \u00b7 realitn\u00ed makl\u00e9\u0159 Praha a St\u0159edo\u010desk\u00fd kraj\n\nluxusn\u00ed vila na prodej Praha okol\u00ed, neofunkcionalistick\u00e1 vila Podle\u0161\u00edn, prodej vily St\u0159edo\u010desk\u00fd kraj, exkluzivn\u00ed nemovitosti Praha, vila s baz\u00e9nem na prodej, presti\u017en\u00ed nemovitosti REMAX, realitn\u00ed makl\u00e9\u0159 luxusn\u00ed domy Praha, vila s pozemkem z\u00e1zem\u00ed Prahy, prodej domu 5+kk Praha okol\u00ed\n\n<\/p>\n\t\t\t\t<\/div>\n\t\t\t<\/div>\n\t\t\t\t\t<\/a>\n\t\t\t\t\t\t<\/div>\n\t\t\t\t<\/div>\n\t\t\t\t<div class=\"elementor-element elementor-element-e1f4f6e elementor-widget elementor-widget-e_image_hover_effects\" data-id=\"e1f4f6e\" data-element_type=\"widget\" data-e-type=\"widget\" data-settings=\"{&quot;_animation&quot;:&quot;none&quot;}\" data-widget_type=\"e_image_hover_effects.default\">\n\t\t\t\t<div class=\"elementor-widget-container\">\n\t\t\t\t\t\t\t\t<div class=\"eihe-box eihe-fade eihe_flex-start\">\n\t\t\t\t<img decoding=\"async\" width=\"958\" height=\"638\" data-src=\"https:\/\/blahareality.cz\/wp-content\/uploads\/2025\/11\/d-8.jpg\" class=\"attachment-full size-full wp-image-18052 lazyload\" alt=\"\" src=\"data:image\/gif;base64,R0lGODlhAQABAAAAACH5BAEKAAEALAAAAAABAAEAAAICTAEAOw==\" style=\"--smush-placeholder-width: 958px; --smush-placeholder-aspect-ratio: 958\/638;\"><noscript><img decoding=\"async\" width=\"958\" height=\"638\" src=\"https:\/\/blahareality.cz\/wp-content\/uploads\/2025\/11\/d-8.jpg\" class=\"attachment-full size-full wp-image-18052\" alt=\"\"><\/noscript>\t\t\t\t<div class=\"eihe-caption\">\n\t\t\t\t\t<div class=\"eihe-title-cover\">\n\t\t\t\t\t\t\t\t\t\t\t\t<h3 class=\"eihe-title\">ZU VERKAUFEN, VILLA PRAGUE 10, Z\u00c1B\u011aHLICE<\/h3>\n\t\t\t\t\t\t\t\t\t\t\t<\/div>\n\t\t\t\t\t<p><\/p>\n\t\t\t\t<\/div>\n\t\t\t<\/div>\n\t\t\t\t\t\t<\/div>\n\t\t\t\t<\/div>\n\t\t\t\t<div class=\"elementor-element elementor-element-614f310 elementor-widget elementor-widget-e_image_hover_effects\" data-id=\"614f310\" data-element_type=\"widget\" data-e-type=\"widget\" data-settings=\"{&quot;_animation&quot;:&quot;none&quot;}\" data-widget_type=\"e_image_hover_effects.default\">\n\t\t\t\t<div class=\"elementor-widget-container\">\n\t\t\t\t\t\t\t\t<div class=\"eihe-box eihe-fade eihe_flex-start\">\n\t\t\t\t<img decoding=\"async\" width=\"1620\" height=\"1080\" data-src=\"https:\/\/blahareality.cz\/wp-content\/uploads\/2025\/01\/1.jpg\" class=\"attachment-full size-full wp-image-15712 lazyload\" alt=\"\" src=\"data:image\/gif;base64,R0lGODlhAQABAAAAACH5BAEKAAEALAAAAAABAAEAAAICTAEAOw==\" style=\"--smush-placeholder-width: 1620px; --smush-placeholder-aspect-ratio: 1620\/1080;\"><noscript><img decoding=\"async\" width=\"1620\" height=\"1080\" src=\"https:\/\/blahareality.cz\/wp-content\/uploads\/2025\/01\/1.jpg\" class=\"attachment-full size-full wp-image-15712\" alt=\"\"><\/noscript>\t\t\t\t<div class=\"eihe-caption\">\n\t\t\t\t\t<div class=\"eihe-title-cover\">\n\t\t\t\t\t\t\t\t\t\t\t\t<h3 class=\"eihe-title\">ZU VERKAUFEN, BAROCKES SCHLOSS, VYKLANTICE<\/h3>\n\t\t\t\t\t\t\t\t\t\t\t<\/div>\n\t\t\t\t\t<p><\/p>\n\t\t\t\t<\/div>\n\t\t\t<\/div>\n\t\t\t\t\t\t<\/div>\n\t\t\t\t<\/div>\n\t\t\t\t<div class=\"elementor-element elementor-element-9b5775d elementor-widget elementor-widget-e_image_hover_effects\" data-id=\"9b5775d\" data-element_type=\"widget\" data-e-type=\"widget\" data-settings=\"{&quot;_animation&quot;:&quot;none&quot;}\" data-widget_type=\"e_image_hover_effects.default\">\n\t\t\t\t<div class=\"elementor-widget-container\">\n\t\t\t\t\t\t\t\t<div class=\"eihe-box eihe-fade eihe_flex-start\">\n\t\t\t\t<img loading=\"lazy\" decoding=\"async\" width=\"2532\" height=\"1688\" data-src=\"https:\/\/blahareality.cz\/wp-content\/uploads\/2025\/01\/ZEMNSENE-IP_Nadhled-1-2.jpg\" class=\"attachment-full size-full wp-image-16522 lazyload\" alt=\"\" src=\"data:image\/gif;base64,R0lGODlhAQABAAAAACH5BAEKAAEALAAAAAABAAEAAAICTAEAOw==\" style=\"--smush-placeholder-width: 2532px; --smush-placeholder-aspect-ratio: 2532\/1688;\"><noscript><img loading=\"lazy\" decoding=\"async\" width=\"2532\" height=\"1688\" src=\"https:\/\/blahareality.cz\/wp-content\/uploads\/2025\/01\/ZEMNSENE-IP_Nadhled-1-2.jpg\" class=\"attachment-full size-full wp-image-16522\" alt=\"\"><\/noscript>\t\t\t\t<div class=\"eihe-caption\">\n\t\t\t\t\t<div class=\"eihe-title-cover\">\n\t\t\t\t\t\t\t\t\t\t\t\t<h3 class=\"eihe-title\">ENTWICKLUNGSPROJEKT KLADNO - DUB\u00cd ZU VERKAUFEN<\/h3>\n\t\t\t\t\t\t\t\t\t\t\t<\/div>\n\t\t\t\t\t<p>Byl jsem u toho od prvn\u00ed cihly \u2014 jak realitn\u00ed makl\u00e9\u0159 m\u011bn\u00ed developersk\u00e9 projekty v domovy\nProdej nemovitosti nen\u00ed jen podpis smlouvy. Je to p\u0159\u00edb\u011bh od prvn\u00edho setk\u00e1n\u00ed s investorem, p\u0159es v\u00fdkopov\u00e9 pr\u00e1ce, a\u017e po okam\u017eik, kdy nov\u00fd majitel otev\u00edr\u00e1 dve\u0159e sv\u00e9ho domova. Jako realitn\u00ed makl\u00e9\u0159 REMAX Horizont jsem byl sou\u010d\u00e1st\u00ed t\u011bchto p\u0159\u00edb\u011bh\u016f u des\u00edtek transakc\u00ed od prodeje jednotliv\u00fdch byt\u016f a rodinn\u00fdch dom\u016f p\u0159es ocen\u011bn\u00ed nemovitost\u00ed pro d\u011bdick\u00e1 \u0159\u00edzen\u00ed a\u017e po zastoupen\u00ed developer\u016f p\u0159i prodeji stovek bytov\u00fdch jednotek.\n\nOd bytu v Praze po v\u00fdrobn\u00ed are\u00e1l\nRealitn\u00ed trh nen\u00ed jednorozm\u011brn\u00fd. Ka\u017ed\u00fd klient p\u0159ich\u00e1z\u00ed s jin\u00fdm zad\u00e1n\u00edm a jin\u00fdm \u017eivotn\u00edm momentem. N\u011bkdo pot\u0159ebuje rychle prodat byt po rozvodu, jin\u00fd zd\u011bdil d\u016fm a nev\u00ed, co s n\u00edm. Firma hled\u00e1 nov\u00fd v\u00fdrobn\u00ed are\u00e1l, developer chce uv\u00e9st na trh celou \u010dtvr\u0165. S ka\u017ed\u00fdm z t\u011bchto sc\u00e9n\u00e1\u0159\u016f m\u00e1m osobn\u00ed zku\u0161enost.\n\nReziden\u010dn\u00ed nemovitosti jsou m\u00fdm ka\u017edodenn\u00edm chlebem. Prodej a pron\u00e1jem byt\u016f, rodinn\u00fdch dom\u016f, vil, apartm\u00e1n\u016f v horsk\u00fdch resortech a rekrea\u010dn\u00edch oblastech. Pokud chcete prodat byt v Praze, rodinn\u00fd d\u016fm ve St\u0159edo\u010desk\u00e9m kraji nebo apartm\u00e1n v Krkono\u0161\u00edch, pom\u016f\u017eu v\u00e1m dos\u00e1hnout maxim\u00e1ln\u00ed ceny ve spr\u00e1vn\u00fd \u010das.\n\nPozemky prod\u00e1v\u00e1m a oce\u0148uji po cel\u00e9 \u010cesk\u00e9 republice. Stavebn\u00ed pozemky, zem\u011bd\u011blsk\u00e9 parcely, pozemky vhodn\u00e9 pro developersk\u00e9 projekty nebo v\u00fdstavbu rodinn\u00fdch dom\u016f. Zvl\u00e1\u0161tn\u00ed zam\u011b\u0159en\u00ed m\u00e1m na Prahu, St\u0159edo\u010desk\u00fd kraj a lokality s rozvojov\u00fdm potenci\u00e1lem.\n\nKomer\u010dn\u00ed nemovitosti \u0159e\u0161\u00edm analyticky s d\u016frazem na v\u00fdnosnost, polohu a pr\u00e1vn\u00ed stav. Kancel\u00e1\u0159e, obchodn\u00ed prostory, logistick\u00e9 haly i v\u00fdrobn\u00ed are\u00e1ly na prodej i k pron\u00e1jmu.\n\nOcen\u011bn\u00ed pro d\u011bdick\u00e1 \u0159\u00edzen\u00ed a pr\u00e1vn\u00ed \u00fa\u010dely zpracov\u00e1v\u00e1m rychle a p\u0159esn\u011b pro pot\u0159eby not\u00e1\u0159e, soudu nebo finan\u010dn\u00edho \u00fa\u0159adu. Pracuji po cel\u00e9 republice, term\u00edn i lokalitu p\u0159izp\u016fsob\u00edm va\u0161im pot\u0159eb\u00e1m.\n\nReference: Byl jsem u toho od prvn\u00ed cihly\nTo, co m\u011b jako makl\u00e9\u0159e odli\u0161uje od konkurence, nen\u00ed jen po\u010det uzav\u0159en\u00fdch obchod\u016f. Je to hloubka zapojen\u00ed. Schopnost vstoupit do projektu v rann\u00e9 f\u00e1zi, porozum\u011bt z\u00e1m\u011bru developera a pak tento z\u00e1m\u011br profesion\u00e1ln\u011b komunikovat sm\u011brem k budouc\u00edm majitel\u016fm.\n\nICON Park Kladno\nProjekt ICON Park v Kladn\u011b jsem spolu se sv\u00fdm t\u00fdmem zastupoval od sam\u00e9ho po\u010d\u00e1tku od f\u00e1ze prvn\u00edch cihel a v\u00fdkopov\u00fdch prac\u00ed a\u017e po dokon\u010den\u00ed a p\u0159ed\u00e1n\u00ed byt\u016f majitel\u016fm. \u0160lo o komplexn\u00ed reziden\u010dn\u00ed projekt s byty v dispozic\u00edch 1+kk a\u017e 4+kk, ka\u017ed\u00fd s balk\u00f3nem, terasou nebo p\u0159edzahr\u00e1dkou.\nICON Park nen\u00ed jen bytov\u00fd d\u016fm. Je to nov\u00e1 \u010dtvr\u0165 s vlastn\u00ed identitou, modern\u00edm designem a kompletn\u00ed ob\u010danskou vybavenost\u00ed. Projekt v roce 2024 z\u00edskal presti\u017en\u00ed Cenu odborn\u00e9 poroty v sout\u011b\u017ei Realitn\u00ed projekt roku, ocen\u011bn\u00ed kter\u00e9 potvrzuje v\u00fdjime\u010dnost cel\u00e9ho z\u00e1m\u011bru.\nV\u00edce o projektu: www.icon-park.cz\n\nBydlen\u00ed Brand\u00fds nad Labem\nProjekt Bydlen\u00ed Brand\u00fds pat\u0159\u00ed mezi nejv\u011bt\u0161\u00ed reziden\u010dn\u00ed po\u010diny, u kter\u00fdch jsem se sv\u00fdm t\u00fdmem asistoval. Soubor sedmi bytov\u00fdch dom\u016f v t\u011bsn\u00e9m centru Brand\u00fdsa nad Labem nab\u00edz\u00ed celkem 302 bytov\u00fdch a nebytov\u00fdch jednotek v dispozic\u00edch 1+kk, 2+kk a 3+kk s plochami od 24 m\u00b2 do 99 m\u00b2. Naprost\u00e1 v\u011bt\u0161ina byt\u016f disponuje balk\u00f3nem, terasou nebo p\u0159edzahr\u00e1dkou, sou\u010d\u00e1st\u00ed ka\u017ed\u00e9 jednotky je sklep a gar\u00e1\u017eov\u00e9 st\u00e1n\u00ed.\nProjekt byl realizov\u00e1n ve dvou etap\u00e1ch. Prvn\u00ed etapa v domech A a\u017e D byla \u00fasp\u011b\u0161n\u011b zkolaudov\u00e1na v l\u00e9t\u011b 2024 a nab\u00eddnuta formou osobn\u00edho vlastnictv\u00ed. Druh\u00e1 etapa v domech E a\u017e G byla dokon\u010dena v roce 2025 a nab\u00eddnuta formou dru\u017estevn\u00edho vlastnictv\u00ed. Lokalita pouh\u00fdch 7 minut po d\u00e1lnici D10 od Prahy z projektu d\u011bl\u00e1 jednu z nejdostupn\u011bj\u0161\u00edch novostaveb v z\u00e1zem\u00ed hlavn\u00edho m\u011bsta.\nV\u00edce o projektu: www.bydleni-brandys.cz\n\nMen\u0161\u00ed projekty a osobn\u00ed p\u0159\u00edstup\nVelk\u00e9 developersk\u00e9 projekty jsou viditeln\u00e9. Ale stejnou p\u00e9\u010di a profesionalitu p\u0159in\u00e1\u0161\u00edm i do men\u0161\u00edch z\u00e1m\u011br\u016f, kde osobn\u00ed p\u0159\u00edstup makl\u00e9\u0159e rozhoduje je\u0161t\u011b v\u00edce. Spolupracuji s investory a developery p\u0159i uv\u00e1d\u011bn\u00ed na trh men\u0161\u00edch bytov\u00fdch dom\u016f s 6 a\u017e 30 jednotkami, nov\u011b vznikaj\u00edc\u00edch komer\u010dn\u00edch projekt\u016f jako jsou obchodn\u00ed parky, polyfunk\u010dn\u00ed domy a prostory pro maloobchod a slu\u017eby, i reziden\u010dn\u00edch \u010dtvrt\u00ed s modern\u00edmi rodinn\u00fdmi domy, kde prodej prob\u00edh\u00e1 postupn\u011b po parcel\u00e1ch nebo hotov\u00fdch stavb\u00e1ch. Zastupuji tak\u00e9 prodeje v horsk\u00fdch resortech a apartm\u00e1nov\u00fdch komplexech v rekrea\u010dn\u00edch oblastech jako jsou Krkono\u0161e, \u0160umava nebo Jesen\u00edky.\nKa\u017ed\u00fd z t\u011bchto projekt\u016f vy\u017eaduje jin\u00fd prodejn\u00ed p\u0159\u00edb\u011bh, jin\u00fd marketing a jin\u00fd typ kupce. Tohle p\u0159esn\u011b um\u00edm. Nastavit strategii, kter\u00e1 funguje.\n\nPro\u010d REMAX Horizont\nPracuji pro REMAX Horizont, jednu z nejv\u00fdkonn\u011bj\u0161\u00edch kancel\u00e1\u0159\u00ed s\u00edt\u011b REMAX v \u010cesk\u00e9 republice. REMAX je glob\u00e1ln\u011b nejv\u011bt\u0161\u00ed realitn\u00ed s\u00ed\u0165 s p\u016fsobnost\u00ed ve v\u00edce ne\u017e 110 zem\u00edch sv\u011bta. Toto z\u00e1zem\u00ed mi d\u00e1v\u00e1 p\u0159\u00edstup k n\u00e1stroj\u016fm, datab\u00e1z\u00edm a marketingov\u00e9 s\u00edle, kter\u00e1 p\u0159esahuje mo\u017enosti lok\u00e1ln\u00edch kancel\u00e1\u0159\u00ed a z\u00e1rove\u0148 si zachov\u00e1v\u00e1m osobn\u00ed p\u0159\u00edstup a m\u00edstn\u00ed znalost trhu, kter\u00e1 v realit\u00e1ch rozhoduje.\n\nChcete prodat nemovitost nebo uv\u00e9st projekt na trh?\nA\u0165 prod\u00e1v\u00e1te byt, d\u016fm, pozemek, komer\u010dn\u00ed nemovitost nebo pl\u00e1nujete developersk\u00fd projekt, kontaktujte m\u011b. Bezplatn\u00e1 konzultace a ocen\u011bn\u00ed nemovitosti bez z\u00e1vazk\u016f. Pracuji po cel\u00e9 \u010cesk\u00e9 republice.\n\nRealitn\u00ed kancel\u00e1\u0159 REMAX Horizont \u00b7 Michal Bl\u00e1ha, realitn\u00ed makl\u00e9\u0159 Praha a cel\u00e1 \u010cR\n\nrealitn\u00ed makl\u00e9\u0159 Praha, developersk\u00fd projekt prodej, novostavby Praha okol\u00ed, prodej bytu Praha, komer\u010dn\u00ed nemovitosti Praha, v\u00fdrobn\u00ed are\u00e1l na prodej, ocen\u011bn\u00ed nemovitosti d\u011bdictv\u00ed, horsk\u00e9 apartm\u00e1ny prodej, stavebn\u00ed pozemky Praha, REMAX Horizont, realitn\u00ed makl\u00e9\u0159 developersk\u00fd projekt\n\n<\/p>\n\t\t\t\t<\/div>\n\t\t\t<\/div>\n\t\t\t\t\t\t<\/div>\n\t\t\t\t<\/div>\n\t\t\t\t<div class=\"elementor-element elementor-element-88cb41d elementor-widget elementor-widget-e_image_hover_effects\" data-id=\"88cb41d\" data-element_type=\"widget\" data-e-type=\"widget\" data-settings=\"{&quot;_animation&quot;:&quot;none&quot;}\" data-widget_type=\"e_image_hover_effects.default\">\n\t\t\t\t<div class=\"elementor-widget-container\">\n\t\t\t\t\t\t\t\t<div class=\"eihe-box eihe-fade eihe_flex-start\">\n\t\t\t\t<img loading=\"lazy\" decoding=\"async\" width=\"2560\" height=\"1707\" data-src=\"https:\/\/blahareality.cz\/wp-content\/uploads\/2025\/01\/DSC01426-scaled-1.jpg\" class=\"attachment-full size-full wp-image-15709 lazyload\" alt=\"\" src=\"data:image\/gif;base64,R0lGODlhAQABAAAAACH5BAEKAAEALAAAAAABAAEAAAICTAEAOw==\" style=\"--smush-placeholder-width: 2560px; --smush-placeholder-aspect-ratio: 2560\/1707;\"><noscript><img loading=\"lazy\" decoding=\"async\" width=\"2560\" height=\"1707\" src=\"https:\/\/blahareality.cz\/wp-content\/uploads\/2025\/01\/DSC01426-scaled-1.jpg\" class=\"attachment-full size-full wp-image-15709\" alt=\"\"><\/noscript>\t\t\t\t<div class=\"eihe-caption\">\n\t\t\t\t\t<div class=\"eihe-title-cover\">\n\t\t\t\t\t\t\t\t\t\t\t\t<h3 class=\"eihe-title\">VERKAUFT, WOHNHAUS, PLZEN<\/h3>\n\t\t\t\t\t\t\t\t\t\t\t<\/div>\n\t\t\t\t\t<p>Druh\u00fd \u010din\u017eovn\u00ed d\u016fm \u2013 Klatovsk\u00e1 t\u0159\u00edda, Plze\u0148 | Stejn\u00fd kupec, stejn\u00e1 ulice, stejn\u00fd v\u00fdsledek\nKlatovsk\u00e1 t\u0159\u00edda v Plzni se pro m\u011b stala m\u00edstem, kde se jedna \u00fasp\u011b\u0161n\u00e1 transakce prom\u011bnila ve dv\u011b. Stejn\u00e9mu investorovi, kter\u00e9mu jsem zprost\u0159edkoval prodej historick\u00e9ho \u010din\u017eovn\u00edho domu z roku 1911, jsem n\u00e1sledn\u011b prodal druh\u00fd \u010din\u017eovn\u00ed d\u016fm \u2013 p\u0159\u00edmo naproti, p\u0159es ulici. Dva domy, jedna ulice, jeden spokojen\u00fd kupec.\nNen\u00ed to n\u00e1hoda ani \u0161\u0165astn\u00e1 shoda okolnost\u00ed. Je to v\u00fdsledek zp\u016fsobu pr\u00e1ce, kter\u00fd pova\u017euji za samoz\u0159ejmost \u2013 hlubok\u00e9 znalosti pot\u0159eb kupce, dlouhodob\u00e9ho vztahu postaven\u00e9ho na d\u016fv\u011b\u0159e a schopnosti rozpoznat p\u0159\u00edle\u017eitost d\u0159\u00edve, ne\u017e ji uvid\u00ed ostatn\u00ed. Kdy\u017e investor po prvn\u00ed transakci v\u00ed, \u017ee s n\u00edm pracujete f\u00e9rov\u011b, rychle a s v\u00fdsledkem, nepot\u0159ebuje hledat jin\u00e9ho makl\u00e9\u0159e. P\u0159ijde zp\u011bt.\nDv\u011b v\u00fdnosov\u00e9 investi\u010dn\u00ed nemovitosti na Klatovsk\u00e9 t\u0159\u00edd\u011b v rukou jednoho investora \u2013 to je p\u0159\u00edklad portfoliov\u00e9 akvizice, ke kter\u00e9 doch\u00e1z\u00ed jen tehdy, kdy\u017e obchodn\u00ed schopnosti makl\u00e9\u0159e p\u0159ekra\u010duj\u00ed hranici jedn\u00e9 zak\u00e1zky. Investor dnes vlastn\u00ed na jedn\u00e9 z nejv\u00fdznamn\u011bj\u0161\u00edch t\u0159\u00edd Plzn\u011b dva pln\u011b obsazen\u00e9 \u010din\u017eovn\u00ed domy s v\u00fdnosem od prvn\u00edho dne, rozvojov\u00fdm potenci\u00e1lem p\u016fdn\u00edch prostor a p\u0159\u00edm\u00fdm benefitem z pl\u00e1novan\u00e9 revitalizace Klatovsk\u00e9 t\u0159\u00eddy, kter\u00e1 cel\u00e9 lokalit\u011b v\u00fdrazn\u011b zv\u00fd\u0161\u00ed atraktivitu.\nSpecializuji se na prodej investi\u010dn\u00edch nemovitost\u00ed a v\u00fdnosov\u00fdch bytov\u00fdch dom\u016f v Plzni, Praze a dal\u0161\u00edch krajsk\u00fdch m\u011bstech. Pokud hled\u00e1te realitn\u00edho makl\u00e9\u0159e, kter\u00fd mysl\u00ed za horizont jedn\u00e9 transakce, rozum\u00ed investi\u010dn\u00ed strategii a dok\u00e1\u017ee pro v\u00e1s identifikovat p\u0159\u00edle\u017eitosti d\u0159\u00edve, ne\u017e se objev\u00ed na trhu, jsem p\u0159ipraven va\u0161i situaci projednat.<\/p>\n\t\t\t\t<\/div>\n\t\t\t<\/div>\n\t\t\t\t\t\t<\/div>\n\t\t\t\t<\/div>\n\t\t\t\t<div class=\"elementor-element elementor-element-8a7bb74 elementor-widget elementor-widget-e_image_hover_effects\" data-id=\"8a7bb74\" data-element_type=\"widget\" data-e-type=\"widget\" data-settings=\"{&quot;_animation&quot;:&quot;none&quot;}\" data-widget_type=\"e_image_hover_effects.default\">\n\t\t\t\t<div class=\"elementor-widget-container\">\n\t\t\t\t\t\t\t\t<div class=\"eihe-box eihe-fade eihe_flex-start\">\n\t\t\t\t<img loading=\"lazy\" decoding=\"async\" width=\"1620\" height=\"1080\" data-src=\"https:\/\/blahareality.cz\/wp-content\/uploads\/2025\/01\/DSC_4595-1.jpg\" class=\"attachment-full size-full wp-image-15710 lazyload\" alt=\"\" src=\"data:image\/gif;base64,R0lGODlhAQABAAAAACH5BAEKAAEALAAAAAABAAEAAAICTAEAOw==\" style=\"--smush-placeholder-width: 1620px; --smush-placeholder-aspect-ratio: 1620\/1080;\"><noscript><img loading=\"lazy\" decoding=\"async\" width=\"1620\" height=\"1080\" src=\"https:\/\/blahareality.cz\/wp-content\/uploads\/2025\/01\/DSC_4595-1.jpg\" class=\"attachment-full size-full wp-image-15710\" alt=\"\"><\/noscript>\t\t\t\t<div class=\"eihe-caption\">\n\t\t\t\t\t<div class=\"eihe-title-cover\">\n\t\t\t\t\t\t\t\t\t\t\t\t<h3 class=\"eihe-title\">VERKAUFT, WOHNHAUS, PLZEN<\/h3>\n\t\t\t\t\t\t\t\t\t\t\t<\/div>\n\t\t\t\t\t<p>Prodej \u010din\u017eovn\u00edho domu \u2013 Klatovsk\u00e1 t\u0159\u00edda, Plze\u0148 | V\u00fdnosov\u00e1 investi\u010dn\u00ed nemovitost\n\nZprost\u0159edkoval jsem prodej historick\u00e9ho \u010din\u017eovn\u00edho domu z roku 1911 na rohu Klatovsk\u00e9 t\u0159\u00eddy a ulice Zikmunda Wintra v Plzni \u2013 v\u00fdnosov\u00e9 investi\u010dn\u00ed nemovitosti s celkovou u\u017eitnou plochou p\u0159esahuj\u00edc\u00ed 1 800 m\u00b2 v jedn\u00e9 z nejatraktivn\u011bj\u0161\u00edch reziden\u010dn\u00edch \u010dtvrt\u00ed \u0161ir\u0161\u00edho centra Plzn\u011b.\n\nD\u016fm se \u010dty\u0159mi nadzemn\u00edmi patry, p\u016fdou a suter\u00e9nem nab\u00edz\u00ed 14 bytov\u00fdch jednotek o celkov\u00e9 plo\u0161e 1 049 m\u00b2, nebytov\u00fd prostor s vlastn\u00edm vchodem z Klatovsk\u00e9 t\u0159\u00eddy o v\u00fdm\u011b\u0159e 60 m\u00b2, sklepy, pr\u016fjezdn\u00fd dv\u016fr s mo\u017enost\u00ed parkov\u00e1n\u00ed a p\u016fdn\u00ed prostory o v\u00fdm\u011b\u0159e 210 m\u00b2 s p\u0159\u00edm\u00fdm potenci\u00e1lem pro v\u00fdstavbu dal\u0161\u00edch bytov\u00fdch jednotek. Bytov\u00e9 jednotky jsou pln\u011b obsazen\u00e9 n\u00e1jemn\u00edky \u2013 investice generuje v\u00fdnos od prvn\u00edho dne. D\u016fm je napojen na d\u00e1lkovou distribuci vyt\u00e1p\u011bn\u00ed a tepl\u00e9 vody s p\u0159ipravenou p\u0159\u00edpojkou na p\u016fdu pro budouc\u00ed roz\u0161\u00ed\u0159en\u00ed.\n\nProdej v\u00fdnosov\u00fdch \u010din\u017eovn\u00edch dom\u016f v centrech krajsk\u00fdch m\u011bst je specifick\u00e1 kategorie investi\u010dn\u00edch nemovitost\u00ed, kter\u00e1 p\u0159itahuje konkr\u00e9tn\u00ed typ kupce \u2013 zku\u0161en\u00e9ho investora nebo developera, kter\u00fd rozum\u00ed v\u00fdnosov\u00e9mu potenci\u00e1lu, spr\u00e1v\u011b bytov\u00e9ho fondu a dlouhodob\u00e9mu zhodnocen\u00ed takov\u00e9ho aktiva. Plze\u0148 pat\u0159\u00ed mezi nejdynami\u010dt\u011bji se rozv\u00edjej\u00edc\u00ed krajsk\u00e1 m\u011bsta v \u010cesk\u00e9 republice s rostouc\u00ed popt\u00e1vkou po n\u00e1jemn\u00edm bydlen\u00ed. Klatovsk\u00e1 t\u0159\u00edda proch\u00e1z\u00ed pl\u00e1novanou revitalizac\u00ed \u2013 zm\u011bna ze \u010dty\u0159pruhov\u00e9 na dvoupruhovou komunikaci v\u00fdrazn\u011b sn\u00ed\u017e\u00ed dopravn\u00ed z\u00e1t\u011b\u017e a zv\u00fd\u0161\u00ed atraktivitu lokality pro bydlen\u00ed. \u010ctvr\u0165 Bory je dlouhodob\u011b vyhled\u00e1vanou reziden\u010dn\u00ed adresou s kompletn\u00ed ob\u010danskou vybavenost\u00ed, tramvajov\u00fdm a trolejbusov\u00fdm spojen\u00edm a p\u011b\u0161\u00ed dostupnost\u00ed centra m\u011bsta do patn\u00e1cti minut.\n\nPracoval jsem p\u0159\u00edmo s investory zam\u011b\u0159en\u00fdmi na akvizice v\u00fdnosov\u00fdch nemovitost\u00ed a bytov\u00fdch dom\u016f v krajsk\u00fdch m\u011bstech \u010cesk\u00e9 republiky, jak z Plzn\u011b, ale zejm\u00e9na z Prahy. V\u00fdsledkem bylo \u00fasp\u011b\u0161n\u00e9 uzav\u0159en\u00ed transakce s kupcem, kter\u00fd ocenil jak okam\u017eit\u00fd v\u00fdnos z pln\u011b obsazen\u00e9ho domu, tak dlouhodob\u00fd rozvojov\u00fd potenci\u00e1l p\u016fdn\u00edch prostor a m\u011bn\u00edc\u00ed se charakter lokality.\n<\/p>\n\t\t\t\t<\/div>\n\t\t\t<\/div>\n\t\t\t\t\t\t<\/div>\n\t\t\t\t<\/div>\n\t\t\t\t<div class=\"elementor-element elementor-element-fc8c783 elementor-widget elementor-widget-e_image_hover_effects\" data-id=\"fc8c783\" data-element_type=\"widget\" data-e-type=\"widget\" data-settings=\"{&quot;_animation&quot;:&quot;none&quot;}\" data-widget_type=\"e_image_hover_effects.default\">\n\t\t\t\t<div class=\"elementor-widget-container\">\n\t\t\t\t\t\t\t\t<div class=\"eihe-box eihe-fade eihe_flex-start\">\n\t\t\t\t<img loading=\"lazy\" decoding=\"async\" width=\"1621\" height=\"1080\" data-src=\"https:\/\/blahareality.cz\/wp-content\/uploads\/2025\/01\/uvodni-.jpg\" class=\"attachment-full size-full wp-image-15711 lazyload\" alt=\"\" src=\"data:image\/gif;base64,R0lGODlhAQABAAAAACH5BAEKAAEALAAAAAABAAEAAAICTAEAOw==\" style=\"--smush-placeholder-width: 1621px; --smush-placeholder-aspect-ratio: 1621\/1080;\"><noscript><img loading=\"lazy\" decoding=\"async\" width=\"1621\" height=\"1080\" src=\"https:\/\/blahareality.cz\/wp-content\/uploads\/2025\/01\/uvodni-.jpg\" class=\"attachment-full size-full wp-image-15711\" alt=\"\"><\/noscript>\t\t\t\t<div class=\"eihe-caption\">\n\t\t\t\t\t<div class=\"eihe-title-cover\">\n\t\t\t\t\t\t\t\t\t\t\t\t<h3 class=\"eihe-title\">VERKAUFT, WOHNHAUS. SILBER<\/h3>\n\t\t\t\t\t\t\t\t\t\t\t<\/div>\n\t\t\t\t\t<p><\/p>\n\t\t\t\t<\/div>\n\t\t\t<\/div>\n\t\t\t\t\t\t<\/div>\n\t\t\t\t<\/div>\n\t\t\t\t<div class=\"elementor-element elementor-element-be1943c elementor-widget elementor-widget-e_image_hover_effects\" data-id=\"be1943c\" data-element_type=\"widget\" data-e-type=\"widget\" data-settings=\"{&quot;_animation&quot;:&quot;none&quot;}\" data-widget_type=\"e_image_hover_effects.default\">\n\t\t\t\t<div class=\"elementor-widget-container\">\n\t\t\t\t\t\t\t\t<div class=\"eihe-box eihe-fade eihe_flex-start\">\n\t\t\t\t<img loading=\"lazy\" decoding=\"async\" width=\"1800\" height=\"1200\" data-src=\"https:\/\/blahareality.cz\/wp-content\/uploads\/2025\/07\/c-6.jpg\" class=\"attachment-full size-full wp-image-17565 lazyload\" alt=\"\" src=\"data:image\/gif;base64,R0lGODlhAQABAAAAACH5BAEKAAEALAAAAAABAAEAAAICTAEAOw==\" style=\"--smush-placeholder-width: 1800px; --smush-placeholder-aspect-ratio: 1800\/1200;\"><noscript><img loading=\"lazy\" decoding=\"async\" width=\"1800\" height=\"1200\" src=\"https:\/\/blahareality.cz\/wp-content\/uploads\/2025\/07\/c-6.jpg\" class=\"attachment-full size-full wp-image-17565\" alt=\"\"><\/noscript>\t\t\t\t<div class=\"eihe-caption\">\n\t\t\t\t\t<div class=\"eihe-title-cover\">\n\t\t\t\t\t\t\t\t\t\t\t\t<h3 class=\"eihe-title\">VERKAUFT, H\u00dcTTE, OFEN UNTER DEM SCHNEE, BIG UPA<\/h3>\n\t\t\t\t\t\t\t\t\t\t\t<\/div>\n\t\t\t\t\t<p>Prodej horsk\u00e9 chalupy s vlastn\u00edm vlekem \u2013 Krkono\u0161e | Ski Resort \u010cern\u00e1 hora \u2013 Pec\nZprost\u0159edkoval jsem prodej v\u00fdjime\u010dn\u00e9 horsk\u00e9 chalupy s vlastn\u00edm soukrom\u00fdm ly\u017ea\u0159sk\u00fdm vlekem v srdci Krkono\u0161, pouh\u00fdch 200 metr\u016f od sjezdovky Javo\u0159\u00e1k v r\u00e1mci SkiResortu \u010cern\u00e1 hora \u2013 Pec. Takov\u00e1 nemovitost se na trhu objevuje jednou za mnoho let.\nChalupa o celkov\u00e9 u\u017eitn\u00e9 plo\u0161e p\u0159ibli\u017en\u011b 251 m\u00b2 stoj\u00ed na slunn\u00e9m svahu s panoramatick\u00fdm v\u00fdhledem do hor a nab\u00edz\u00ed mimo\u0159\u00e1dn\u011b velkorys\u00e9 pozemky o celkov\u00e9 v\u00fdm\u011b\u0159e 17 542 m\u00b2 \u2013 louky, pastviny a naprost\u00e9 soukrom\u00ed daleko od ruchu. Dispozi\u010dn\u011b je objekt rozd\u011blen na t\u0159i samostatn\u00e9 \u010d\u00e1sti se t\u0159emi koupelnami \u2013 p\u0159\u00edzemn\u00ed byt 2+kk, byt 3+kk a samostatnou garsonku s vlastn\u00edm vchodem. Podkrov\u00ed o plo\u0161e p\u0159ibli\u017en\u011b 119 m\u00b2 s nez\u00e1visl\u00fdm vstupem je p\u0159ipraveno k roz\u0161\u00ed\u0159en\u00ed, nap\u0159\u00edklad na dva apartm\u00e1ny, a otev\u00edr\u00e1 prostor pro v\u00fdnosov\u00fd provoz v jedn\u00e9 z nejatraktivn\u011bj\u0161\u00edch horsk\u00fdch lokalit \u010cesk\u00e9 republiky.\nTo, co d\u011bl\u00e1 tuto chalupu skute\u010dn\u011b jedine\u010dnou, nen\u00ed jen poloha ani dispozice. Je to vlastn\u00ed soukrom\u00fd ly\u017ea\u0159sk\u00fd vlek zahrnut\u00fd v cen\u011b, modern\u00ed vyt\u00e1p\u011bn\u00ed, vlastn\u00ed studna, \u010disti\u010dka, p\u0159\u00edrodn\u00ed materi\u00e1ly a kamenn\u00e9 z\u00e1pra\u017e\u00ed \u2013 v\u0161e s du\u0161\u00ed horsk\u00e9ho staven\u00ed, kter\u00e9 bylo postaveno, aby vydr\u017eelo generace. V zimn\u00ed sezon\u011b se k chalup\u011b nejezd\u00ed autem, ale sn\u011b\u017en\u00fdm sk\u00fatrem nebo po ly\u017e\u00edch p\u0159\u00edmo p\u0159es sjezdovky Javor a Javo\u0159\u00e1k, co\u017e nen\u00ed komplikace \u2013 je to zp\u016fsob \u017eivota, kter\u00fd si kupuj\u00edc\u00ed tohoto typu nemovitosti p\u0159ijeli hledat.\nSpecializuji se na prodej rekrea\u010dn\u00edch nemovitost\u00ed, horsk\u00fdch chat, penzion\u016f a investi\u010dn\u00edch objekt\u016f v pr\u00e9miov\u00fdch turistick\u00fdch lokalit\u00e1ch. Pokud vlastn\u00edte nemovitost podobn\u00e9ho charakteru a hled\u00e1te specialistu, kter\u00fd zn\u00e1 tento trh, oslov\u00ed spr\u00e1vn\u00e9 kupce a transakci profesion\u00e1ln\u011b zast\u0159e\u0161\u00ed, jsem p\u0159ipraven va\u0161i situaci probrat.<\/p>\n\t\t\t\t<\/div>\n\t\t\t<\/div>\n\t\t\t\t\t\t<\/div>\n\t\t\t\t<\/div>\n\t\t\t\t<div class=\"elementor-element elementor-element-32ebcc1 elementor-widget elementor-widget-e_image_hover_effects\" data-id=\"32ebcc1\" data-element_type=\"widget\" data-e-type=\"widget\" data-settings=\"{&quot;_animation&quot;:&quot;none&quot;}\" data-widget_type=\"e_image_hover_effects.default\">\n\t\t\t\t<div class=\"elementor-widget-container\">\n\t\t\t\t\t\t\t\t<div class=\"eihe-box eihe-fade eihe_flex-start\">\n\t\t\t\t<img loading=\"lazy\" decoding=\"async\" width=\"1620\" height=\"1080\" data-src=\"https:\/\/blahareality.cz\/wp-content\/uploads\/2025\/01\/zmens.1DSC_7359.jpg\" class=\"attachment-full size-full wp-image-16524 lazyload\" alt=\"\" src=\"data:image\/gif;base64,R0lGODlhAQABAAAAACH5BAEKAAEALAAAAAABAAEAAAICTAEAOw==\" style=\"--smush-placeholder-width: 1620px; --smush-placeholder-aspect-ratio: 1620\/1080;\"><noscript><img loading=\"lazy\" decoding=\"async\" width=\"1620\" height=\"1080\" src=\"https:\/\/blahareality.cz\/wp-content\/uploads\/2025\/01\/zmens.1DSC_7359.jpg\" class=\"attachment-full size-full wp-image-16524\" alt=\"\"><\/noscript>\t\t\t\t<div class=\"eihe-caption\">\n\t\t\t\t\t<div class=\"eihe-title-cover\">\n\t\t\t\t\t\t\t\t\t\t\t\t<h3 class=\"eihe-title\">VERKAUFT, RD, 4+KK, ZLON\u00cdN - PRAG OST<\/h3>\n\t\t\t\t\t\t\t\t\t\t\t<\/div>\n\t\t\t\t\t<p>Prodej pasivn\u00edho rodinn\u00e9ho domu 4+kk se zahradou \u2013 Zlon\u00edn | 15 minut od Prahy\n\nZprost\u0159edkoval jsem prodej modern\u00edho pasivn\u00edho rodinn\u00e9ho domu 4+kk se zahradou ve Zlon\u00edn\u011b \u2013 obci pouh\u00fdch 15 minut j\u00edzdy od Prahy s p\u0159\u00edm\u00fdm vlakov\u00fdm i autobusov\u00fdm spojen\u00edm do hlavn\u00edho m\u011bsta. Nemovitost byla \u00fasp\u011b\u0161n\u011b prod\u00e1na rodin\u011b, kter\u00e1 hledala modern\u00ed ekologick\u00e9 bydlen\u00ed s extr\u00e9mn\u011b n\u00edzk\u00fdmi provozn\u00edmi n\u00e1klady v klidn\u00e9 lokalit\u011b St\u0159edo\u010desk\u00e9ho kraje s dostupnost\u00ed Prahy.\n\nD\u016fm postaven\u00fd \u0161v\u00e9dskou technologi\u00ed ocelov\u00e9 zateplen\u00e9 konstrukce v projektu Zelen\u00fd Zlon\u00edn pat\u0159\u00ed do kategorie A energetick\u00e9 n\u00e1ro\u010dnosti s re\u00e1ln\u00fdmi m\u011bs\u00ed\u010dn\u00edmi n\u00e1klady p\u0159ibli\u017en\u011b 2 400 K\u010d \u2013 \u00faspora a\u017e 90 % oproti standardn\u00edmu rodinn\u00e9mu domu. Vlastn\u00ed fotovoltaick\u00e1 elektr\u00e1rna s bateriov\u00fdm \u00falo\u017ei\u0161t\u011bm, tepeln\u00e9 \u010derpadlo, rekuperace a inteligentn\u00ed ovl\u00e1d\u00e1n\u00ed cel\u00e9ho domu mobiln\u00ed aplikac\u00ed tvo\u0159\u00ed kompletn\u00ed ekosyst\u00e9m modern\u00edho a sob\u011bsta\u010dn\u00e9ho bydlen\u00ed. P\u0159ebytky elekt\u0159iny je mo\u017en\u00e9 odprod\u00e1vat distributorovi. D\u016fm zaji\u0161\u0165uje st\u00e1l\u00fd p\u0159\u00edvod \u010derstv\u00e9ho vzduchu bez pr\u016fvanu, antialergenn\u00ed prost\u0159ed\u00ed, rovnom\u011brn\u00e9 teploty v zim\u011b i v l\u00e9t\u011b a vy\u0161\u0161\u00ed hodnotu na realitn\u00edm trhu oproti standardn\u00ed v\u00fdstavb\u011b. Rohov\u00e9 um\u00edst\u011bn\u00ed p\u0159in\u00e1\u0161\u00ed v\u011bt\u0161\u00ed zahradu ne\u017e u srovnateln\u00fdch dom\u016f v projektu, dv\u011b parkovac\u00ed st\u00e1n\u00ed pod vlastn\u00ed pergolou a rozs\u00e1hl\u00fd p\u016fdn\u00ed prostor o v\u00fd\u0161ce 1,2 m v cel\u00e9m p\u016fdorysu domu.\n\nZlon\u00edn nab\u00edz\u00ed z\u00e1zem\u00ed klidn\u00e9 st\u0159edo\u010desk\u00e9 obce se zast\u00e1vkou autobusu MHD ve vzd\u00e1lenosti 171 metr\u016f, vlakovou stanic\u00ed 203 metr\u016f od domu, mate\u0159skou \u0161kolkou 600 metr\u016f, z\u00e1kladn\u00ed \u0161kolou v L\u00edbeznic\u00edch, restaurac\u00ed, golfov\u00fdm h\u0159i\u0161t\u011bm dev\u00edti jamek 900 metr\u016f od domu a n\u00e1kupn\u00edmi mo\u017enostmi v Tescu L\u00edbeznice, Lidlu Zdiby a OC Let\u0148any. P\u0159esn\u011b takov\u00e1 kombinace \u2013 modern\u00ed ekologick\u00fd d\u016fm s minim\u00e1ln\u00edmi n\u00e1klady, p\u0159\u00edroda a klid venkovsk\u00e9ho prost\u0159ed\u00ed, p\u0159itom Prahu dostupn\u00e1 za \u010dtvrt hodiny \u2013 p\u0159itahuje rodiny, kter\u00e9 necht\u011bj\u00ed volit mezi kvalitou bydlen\u00ed a dostupnost\u00ed hlavn\u00edho m\u011bsta.\n\nVedle reziden\u010dn\u00edch nemovitost\u00ed \u2013 rodinn\u00fdch dom\u016f, byt\u016f a novostaveb v Praze a St\u0159edo\u010desk\u00e9m kraji \u2013 se specializuji tak\u00e9 na prodej komer\u010dn\u00edch nemovitost\u00ed, pr\u016fmyslov\u00fdch a v\u00fdrobn\u00edch are\u00e1l\u016f, investi\u010dn\u00edch bytov\u00fdch a \u010din\u017eovn\u00edch dom\u016f, hotel\u016f, penzion\u016f, stavebn\u00edch pozemk\u016f a developersk\u00fdch lokalit nap\u0159\u00ed\u010d celou \u010ceskou republikou. \n\nPokud hled\u00e1te realitn\u00edho makl\u00e9\u0159e, kter\u00fd m\u00e1 prokazateln\u00e9 v\u00fdsledky nap\u0159\u00ed\u010d cel\u00fdm spektrem realitn\u00edho trhu od rodinn\u00fdch dom\u016f a byt\u016f a\u017e po stamilionov\u00e9 komer\u010dn\u00ed transakce, jsem p\u0159ipraven va\u0161i situaci projednat.\n<\/p>\n\t\t\t\t<\/div>\n\t\t\t<\/div>\n\t\t\t\t\t\t<\/div>\n\t\t\t\t<\/div>\n\t\t\t\t<div class=\"elementor-element elementor-element-19486d4 elementor-widget elementor-widget-e_image_hover_effects\" data-id=\"19486d4\" data-element_type=\"widget\" data-e-type=\"widget\" data-settings=\"{&quot;_animation&quot;:&quot;none&quot;}\" data-widget_type=\"e_image_hover_effects.default\">\n\t\t\t\t<div class=\"elementor-widget-container\">\n\t\t\t\t\t\t\t\t<div class=\"eihe-box eihe-fade eihe_flex-start\">\n\t\t\t\t<img loading=\"lazy\" decoding=\"async\" width=\"1620\" height=\"1080\" data-src=\"https:\/\/blahareality.cz\/wp-content\/uploads\/2025\/01\/Navrhova-plocha-4.jpg\" class=\"attachment-full size-full wp-image-15713 lazyload\" alt=\"\" src=\"data:image\/gif;base64,R0lGODlhAQABAAAAACH5BAEKAAEALAAAAAABAAEAAAICTAEAOw==\" style=\"--smush-placeholder-width: 1620px; --smush-placeholder-aspect-ratio: 1620\/1080;\"><noscript><img loading=\"lazy\" decoding=\"async\" width=\"1620\" height=\"1080\" src=\"https:\/\/blahareality.cz\/wp-content\/uploads\/2025\/01\/Navrhova-plocha-4.jpg\" class=\"attachment-full size-full wp-image-15713\" alt=\"\"><\/noscript>\t\t\t\t<div class=\"eihe-caption\">\n\t\t\t\t\t<div class=\"eihe-title-cover\">\n\t\t\t\t\t\t\t\t\t\t\t\t<h3 class=\"eihe-title\">RD 5+KK F\u00dcR MIETE, PLZEN - RADOBY\u010cICE<\/h3>\n\t\t\t\t\t\t\t\t\t\t\t<\/div>\n\t\t\t\t\t<p><\/p>\n\t\t\t\t<\/div>\n\t\t\t<\/div>\n\t\t\t\t\t\t<\/div>\n\t\t\t\t<\/div>\n\t\t\t\t<div class=\"elementor-element elementor-element-96a7b4d elementor-widget elementor-widget-e_image_hover_effects\" data-id=\"96a7b4d\" data-element_type=\"widget\" data-e-type=\"widget\" data-settings=\"{&quot;_animation&quot;:&quot;none&quot;}\" data-widget_type=\"e_image_hover_effects.default\">\n\t\t\t\t<div class=\"elementor-widget-container\">\n\t\t\t\t\t\t\t\t<div class=\"eihe-box eihe-fade eihe_flex-start\">\n\t\t\t\t<img loading=\"lazy\" decoding=\"async\" width=\"1600\" height=\"1067\" data-src=\"https:\/\/blahareality.cz\/wp-content\/uploads\/2025\/07\/dsc08114-hdr.jpg\" class=\"attachment-full size-full wp-image-17566 lazyload\" alt=\"\" src=\"data:image\/gif;base64,R0lGODlhAQABAAAAACH5BAEKAAEALAAAAAABAAEAAAICTAEAOw==\" style=\"--smush-placeholder-width: 1600px; --smush-placeholder-aspect-ratio: 1600\/1067;\"><noscript><img loading=\"lazy\" decoding=\"async\" width=\"1600\" height=\"1067\" src=\"https:\/\/blahareality.cz\/wp-content\/uploads\/2025\/07\/dsc08114-hdr.jpg\" class=\"attachment-full size-full wp-image-17566\" alt=\"\"><\/noscript>\t\t\t\t<div class=\"eihe-caption\">\n\t\t\t\t\t<div class=\"eihe-title-cover\">\n\t\t\t\t\t\t\t\t\t\t\t\t<h3 class=\"eihe-title\">VERKAUFT RD, 4+1, MOCHT\u00cdN U KLATOV, PLZE\u0147SK\u00dd KRAJ<\/h3>\n\t\t\t\t\t\t\t\t\t\t\t<\/div>\n\t\t\t\t\t<p><\/p>\n\t\t\t\t<\/div>\n\t\t\t<\/div>\n\t\t\t\t\t\t<\/div>\n\t\t\t\t<\/div>\n\t\t\t\t<div class=\"elementor-element elementor-element-70fce40 elementor-widget elementor-widget-e_image_hover_effects\" data-id=\"70fce40\" data-element_type=\"widget\" data-e-type=\"widget\" data-settings=\"{&quot;_animation&quot;:&quot;none&quot;}\" data-widget_type=\"e_image_hover_effects.default\">\n\t\t\t\t<div class=\"elementor-widget-container\">\n\t\t\t\t\t\t\t\t<div class=\"eihe-box eihe-fade eihe_flex-start\">\n\t\t\t\t<img loading=\"lazy\" decoding=\"async\" width=\"1500\" height=\"1000\" data-src=\"https:\/\/blahareality.cz\/wp-content\/uploads\/2025\/08\/Kvetnice-na-web.jpg\" class=\"attachment-full size-full wp-image-17628 lazyload\" alt=\"\" src=\"data:image\/gif;base64,R0lGODlhAQABAAAAACH5BAEKAAEALAAAAAABAAEAAAICTAEAOw==\" style=\"--smush-placeholder-width: 1500px; --smush-placeholder-aspect-ratio: 1500\/1000;\"><noscript><img loading=\"lazy\" decoding=\"async\" width=\"1500\" height=\"1000\" src=\"https:\/\/blahareality.cz\/wp-content\/uploads\/2025\/08\/Kvetnice-na-web.jpg\" class=\"attachment-full size-full wp-image-17628\" alt=\"\"><\/noscript>\t\t\t\t<div class=\"eihe-caption\">\n\t\t\t\t\t<div class=\"eihe-title-cover\">\n\t\t\t\t\t\t\t\t\t\t\t\t<h3 class=\"eihe-title\">RD, 4+1, KV\u011aTNICE, MITTELB\u00d6HMISCHE REGION<\/h3>\n\t\t\t\t\t\t\t\t\t\t\t<\/div>\n\t\t\t\t\t<p><\/p>\n\t\t\t\t<\/div>\n\t\t\t<\/div>\n\t\t\t\t\t\t<\/div>\n\t\t\t\t<\/div>\n\t\t\t\t<div class=\"elementor-element elementor-element-66ad26e elementor-widget elementor-widget-e_image_hover_effects\" data-id=\"66ad26e\" data-element_type=\"widget\" data-e-type=\"widget\" data-settings=\"{&quot;_animation&quot;:&quot;none&quot;}\" data-widget_type=\"e_image_hover_effects.default\">\n\t\t\t\t<div class=\"elementor-widget-container\">\n\t\t\t\t\t\t\t\t<div class=\"eihe-box eihe-fade eihe_flex-start\">\n\t\t\t\t<img loading=\"lazy\" decoding=\"async\" width=\"2560\" height=\"1707\" data-src=\"https:\/\/blahareality.cz\/wp-content\/uploads\/2025\/01\/DSC08137-scaled-1.jpg\" class=\"attachment-full size-full wp-image-15715 lazyload\" alt=\"\" src=\"data:image\/gif;base64,R0lGODlhAQABAAAAACH5BAEKAAEALAAAAAABAAEAAAICTAEAOw==\" style=\"--smush-placeholder-width: 2560px; --smush-placeholder-aspect-ratio: 2560\/1707;\"><noscript><img loading=\"lazy\" decoding=\"async\" width=\"2560\" height=\"1707\" src=\"https:\/\/blahareality.cz\/wp-content\/uploads\/2025\/01\/DSC08137-scaled-1.jpg\" class=\"attachment-full size-full wp-image-15715\" alt=\"\"><\/noscript>\t\t\t\t<div class=\"eihe-caption\">\n\t\t\t\t\t<div class=\"eihe-title-cover\">\n\t\t\t\t\t\t\t\t\t\t\t\t<h3 class=\"eihe-title\">VERKAUFT, Haus 6+1 Benesov<\/h3>\n\t\t\t\t\t\t\t\t\t\t\t<\/div>\n\t\t\t\t\t<p>Prodej rodinn\u00e9ho domu 6+1 se zahradou \u2013 Bene\u0161ov | 185,5 m\u00b2, dostupnost Praha\n\nZprost\u0159edkoval jsem prodej velmi prostorn\u00e9ho a sv\u011btl\u00e9ho rodinn\u00e9ho domu dispozice 6+1 v klidn\u00e9 \u010d\u00e1sti Bene\u0161ova s celkovou plochou 185,5 m\u00b2, zahradou 175 m\u00b2 a gar\u00e1\u017e\u00ed. Nemovitost byla rezervov\u00e1na a transakce \u00fasp\u011b\u0161n\u011b uzav\u0159ena s kupcem hledaj\u00edc\u00edm velkorys\u00fd rodinn\u00fd d\u016fm se zahradou ve St\u0159edo\u010desk\u00e9m kraji s p\u0159\u00edm\u00fdm napojen\u00edm na Prahu za cenu, kter\u00e1 v hlavn\u00edm m\u011bst\u011b za srovnatelnou nemovitost jednodu\u0161e neexistuje.\n\nD\u016fm v p\u016fvodn\u00edm velmi dobr\u00e9m u\u017e\u00edvan\u00e9m stavu nab\u00edz\u00ed obyvatelnou \u010d\u00e1st 111 m\u00b2 v hlavn\u00ed \u010d\u00e1sti domu, dal\u0161\u00edch 59,5 m\u00b2 v suter\u00e9nu v\u010detn\u011b obyvateln\u00e9ho pokoje 17 m\u00b2, celkem t\u0159i koupelny \u2013 po jedn\u00e9 v ka\u017ed\u00e9m pat\u0159e \u2013 a gar\u00e1\u017e 15 m\u00b2. Prostorn\u00e1 zahrada 175 m\u00b2 se vzrostlou zelen\u00ed, magnoli\u00ed r\u016f\u017eovou, vi\u0161n\u00ed, muchovn\u00edkem, ryb\u00edzy, ibi\u0161ky a hortenzi\u00ed a terasa s krbem, venkovn\u00edm sezen\u00edm a \u017elutou pop\u00ednavou r\u016f\u017e\u00ed na konstrukci tvo\u0159\u00ed venkovn\u00ed z\u00e1zem\u00ed, kter\u00e9 po velkou \u010d\u00e1st roku nahrazuje cel\u00fd pokoj nav\u00edc. Dva vstupy na terasu \u2013 z j\u00eddelny i p\u0159\u00edmo ze suter\u00e9nu \u2013 zvy\u0161uj\u00ed prakti\u010dnost ka\u017edodenn\u00edho provozu velk\u00e9 rodiny. Konkr\u00e9tn\u00ed v\u00fdm\u011bry jednotliv\u00fdch m\u00edstnost\u00ed jsou k dispozici v p\u016fdorysech.\n\nBene\u0161ov je p\u0159irozen\u00e9 centrum ji\u017en\u00edch \u010cech a Bene\u0161ovska s v\u00fdborn\u00fdm vlakov\u00fdm i silni\u010dn\u00edm spojen\u00edm do Prahy \u2013 p\u0159\u00edm\u00fd vlak na hlavn\u00ed n\u00e1dra\u017e\u00ed \u0159ad\u00ed Bene\u0161ov mezi nejdostupn\u011bj\u0161\u00ed st\u0159edo\u010desk\u00e1 m\u011bsta pro ka\u017edodenn\u00ed doj\u00ed\u017ed\u011bn\u00ed. Klidn\u00e1 reziden\u010dn\u00ed z\u00e1stavba, ni\u017e\u0161\u00ed cenov\u00e1 hladina oproti Praze a okol\u00ed a dobr\u00e1 ob\u010dansk\u00e1 vybavenost p\u0159itahuj\u00ed rodiny hledaj\u00edc\u00ed prostorn\u00fd rodinn\u00fd d\u016fm se zahradou, na kter\u00fd by v Praze nedos\u00e1hly.\n\nVedle rodinn\u00fdch dom\u016f a byt\u016f v Praze, St\u0159edo\u010desk\u00e9m kraji, Plzni a dal\u0161\u00edch regionech se specializuji tak\u00e9 na prodej komer\u010dn\u00edch nemovitost\u00ed, pr\u016fmyslov\u00fdch a v\u00fdrobn\u00edch are\u00e1l\u016f, investi\u010dn\u00edch bytov\u00fdch a \u010din\u017eovn\u00edch dom\u016f, hotel\u016f, penzion\u016f, stavebn\u00edch pozemk\u016f a developersk\u00fdch lokalit nap\u0159\u00ed\u010d celou \u010ceskou republikou. \n\nPokud hled\u00e1te zku\u0161en\u00e9ho realitn\u00edho makl\u00e9\u0159e pro prodej rodinn\u00e9ho domu, bytu nebo komer\u010dn\u00ed nemovitosti kdekoliv v \u010cesk\u00e9 republice, jsem p\u0159ipraven va\u0161i situaci projednat.\n<\/p>\n\t\t\t\t<\/div>\n\t\t\t<\/div>\n\t\t\t\t\t\t<\/div>\n\t\t\t\t<\/div>\n\t\t\t\t<div class=\"elementor-element elementor-element-31ff65e elementor-widget elementor-widget-e_image_hover_effects\" data-id=\"31ff65e\" data-element_type=\"widget\" data-e-type=\"widget\" data-settings=\"{&quot;_animation&quot;:&quot;none&quot;}\" data-widget_type=\"e_image_hover_effects.default\">\n\t\t\t\t<div class=\"elementor-widget-container\">\n\t\t\t\t\t\t\t\t<div class=\"eihe-box eihe-fade eihe_flex-start\">\n\t\t\t\t<img loading=\"lazy\" decoding=\"async\" width=\"1620\" height=\"1080\" data-src=\"https:\/\/blahareality.cz\/wp-content\/uploads\/2025\/01\/2DSC_8255.jpg\" class=\"attachment-full size-full wp-image-15714 lazyload\" alt=\"\" src=\"data:image\/gif;base64,R0lGODlhAQABAAAAACH5BAEKAAEALAAAAAABAAEAAAICTAEAOw==\" style=\"--smush-placeholder-width: 1620px; --smush-placeholder-aspect-ratio: 1620\/1080;\"><noscript><img loading=\"lazy\" decoding=\"async\" width=\"1620\" height=\"1080\" src=\"https:\/\/blahareality.cz\/wp-content\/uploads\/2025\/01\/2DSC_8255.jpg\" class=\"attachment-full size-full wp-image-15714\" alt=\"\"><\/noscript>\t\t\t\t<div class=\"eihe-caption\">\n\t\t\t\t\t<div class=\"eihe-title-cover\">\n\t\t\t\t\t\t\t\t\t\t\t\t<h3 class=\"eihe-title\">VERKAUFT, RD, 3+1, LIB\u010cICE NAD VLTAVOU - PRAHA Z\u00c1PAD<\/h3>\n\t\t\t\t\t\t\t\t\t\t\t<\/div>\n\t\t\t\t\t<p>Prodej rodinn\u00e9ho domu 3+1 se zahradou \u2013 Lib\u010dice nad Vltavou | 27 minut vlakem do Prahy\n\nZprost\u0159edkoval jsem prodej rodinn\u00e9ho domu 3+1 o v\u00fdm\u011b\u0159e 80 m\u00b2 se zahradou na pozemku 258 m\u00b2 v klidn\u00e9 a p\u0159\u00edjemn\u00e9 lokalit\u011b pro rodinn\u00e9 bydlen\u00ed v Lib\u010dic\u00edch nad Vltavou. Nemovitost byla \u00fasp\u011b\u0161n\u011b prod\u00e1na kupci hledaj\u00edc\u00edmu rodinn\u00fd d\u016fm se zahradou za cenu srovnatelnou s pra\u017esk\u00fdm bytem \u2013 s p\u0159\u00edm\u00fdm vlakov\u00fdm spojen\u00edm do centra Prahy za 27 minut dvakr\u00e1t za hodinu a dostupnost\u00ed autem p\u0159ibli\u017en\u011b 30 minut.\n\nD\u016fm v p\u016fvodn\u00edm udr\u017eovan\u00e9m stavu se zahr\u00e1dkou plnou kv\u011btin, funk\u010dn\u00edm krbem v ob\u00fdvac\u00edm pokoji, terasou pro rann\u00ed i ve\u010dern\u00ed posezen\u00ed, k\u016flnou a dal\u0161\u00edmi skladovac\u00edmi prostory nab\u00eddl kupci okam\u017eit\u011b obyvatelnou nemovitost s charakterem a z\u00e1zem\u00edm, kter\u00e9 v Praze za srovnatelnou cenu jednodu\u0161e neexistuje. Rekonstrukce rozvod\u016f prob\u011bhla p\u0159i zakoupen\u00ed sou\u010dasn\u00fdmi majiteli, d\u016fm je zateplen\u00fd s keramickou om\u00edtkou, p\u016fvodn\u00ed st\u0159echa a fas\u00e1da jsou v dobr\u00e9 kondici. Kombinovan\u00e9 vyt\u00e1p\u011bn\u00ed plynem a elektrick\u00fdmi p\u0159\u00edmotopy dopln\u011bn\u00e9 funk\u010dn\u00edm krbem zaji\u0161\u0165uje flexibilitu a mo\u017enost dal\u0161\u00edho rozvoje. Zahrada s mo\u017enost\u00ed z\u00e1honk\u016f pro p\u011bstov\u00e1n\u00ed zeleniny a k\u016flna pro zahradn\u00ed pot\u0159eby jsou bonusem pro ka\u017ed\u00e9ho, kdo tou\u017e\u00ed po vlastn\u00edm kousku p\u0159\u00edrody p\u0159\u00edmo u domu.\n\nLib\u010dice nad Vltavou nab\u00edzej\u00ed kompletn\u00ed ob\u010danskou vybavenost \u2013 obchody, po\u0161tu, l\u00e9ka\u0159e, d\u011btsk\u00e9ho l\u00e9ka\u0159e i veterin\u00e1\u0159e \u2013 a p\u0159itom kr\u00e1snou p\u0159\u00edrodu kolem \u0159eky Vltavy s cyklostezkou, p\u0159\u00edvozem na druh\u00fd b\u0159eh, koupali\u0161t\u011bm a tenisem dv\u011b minuty od domu. D\u011bti mohou nav\u0161t\u011bvovat h\u00e1zenk\u00e1\u0159sk\u00fd, tenisov\u00fd nebo fotbalov\u00fd odd\u00edl \u010di z\u00e1kladn\u00ed um\u011bleckou \u0161kolu. Nov\u00e9 komunitn\u00ed kulturn\u00ed centrum, pravideln\u00e9 farm\u00e1\u0159sk\u00e9 trhy, posv\u00edcen\u00ed a pou\u0165 dotv\u00e1\u0159\u00ed obraz \u017eiv\u00e9ho a p\u0159\u00e1telsk\u00e9ho m\u011bste\u010dka s autentick\u00fdm komunitn\u00edm \u017eivotem, kter\u00fd v anonymn\u00ed Praze chyb\u00ed.\n\nPracuji pro jednu z nej\u00fasp\u011b\u0161n\u011bj\u0161\u00edch realitn\u00edch kancel\u00e1\u0159\u00ed REMAX Horizont. Vedle rodinn\u00fdch dom\u016f a byt\u016f v Praze a St\u0159edo\u010desk\u00e9m kraji se specializuji tak\u00e9 na prodej komer\u010dn\u00edch nemovitost\u00ed, pr\u016fmyslov\u00fdch a v\u00fdrobn\u00edch are\u00e1l\u016f, investi\u010dn\u00edch bytov\u00fdch a \u010din\u017eovn\u00edch dom\u016f, hotel\u016f, penzion\u016f, stavebn\u00edch pozemk\u016f a developersk\u00fdch lokalit nap\u0159\u00ed\u010d celou \u010ceskou republikou. \n\nPokud hled\u00e1te zku\u0161en\u00e9ho realitn\u00edho makl\u00e9\u0159e REMAX pro prodej nebo pron\u00e1jem rodinn\u00e9ho domu, bytu nebo komer\u010dn\u00ed nemovitosti kdekoliv v \u010cesk\u00e9 republice, jsem p\u0159ipraven va\u0161i situaci projednat.\n<\/p>\n\t\t\t\t<\/div>\n\t\t\t<\/div>\n\t\t\t\t\t\t<\/div>\n\t\t\t\t<\/div>\n\t\t\t\t<div class=\"elementor-element elementor-element-47333ba elementor-widget elementor-widget-e_image_hover_effects\" data-id=\"47333ba\" data-element_type=\"widget\" data-e-type=\"widget\" data-settings=\"{&quot;_animation&quot;:&quot;none&quot;}\" data-widget_type=\"e_image_hover_effects.default\">\n\t\t\t\t<div class=\"elementor-widget-container\">\n\t\t\t\t\t\t\t\t<div class=\"eihe-box eihe-fade eihe_flex-start\">\n\t\t\t\t<img loading=\"lazy\" decoding=\"async\" width=\"2560\" height=\"1707\" data-src=\"https:\/\/blahareality.cz\/wp-content\/uploads\/2025\/01\/planany-web-scaled-1.jpg\" class=\"attachment-full size-full wp-image-15717 lazyload\" alt=\"\" src=\"data:image\/gif;base64,R0lGODlhAQABAAAAACH5BAEKAAEALAAAAAABAAEAAAICTAEAOw==\" style=\"--smush-placeholder-width: 2560px; --smush-placeholder-aspect-ratio: 2560\/1707;\"><noscript><img loading=\"lazy\" decoding=\"async\" width=\"2560\" height=\"1707\" src=\"https:\/\/blahareality.cz\/wp-content\/uploads\/2025\/01\/planany-web-scaled-1.jpg\" class=\"attachment-full size-full wp-image-15717\" alt=\"\"><\/noscript>\t\t\t\t<div class=\"eihe-caption\">\n\t\t\t\t\t<div class=\"eihe-title-cover\">\n\t\t\t\t\t\t\t\t\t\t\t\t<h3 class=\"eihe-title\">VERKAUFT, RD 3+1, PLA\u0147ANY<\/h3>\n\t\t\t\t\t\t\t\t\t\t\t<\/div>\n\t\t\t\t\t<p>Prodej rodinn\u00e9ho domu se zahradou \u2013 Pla\u0148any | Dispozice 3+1, pozemek 1 297 m\u00b2\n\nZprost\u0159edkoval jsem prodej rodinn\u00e9ho domu v klidn\u00e9 \u010d\u00e1sti obce Pla\u0148any se zahradou o v\u00fdm\u011b\u0159e 1 297 m\u00b2 se vzrostlou zelen\u00ed a plod\u00edc\u00edmi jablon\u011bmi. Nemovitost byla \u00fasp\u011b\u0161n\u011b prod\u00e1na kupci, kter\u00fd ocenil kombinaci okam\u017eit\u011b obyvateln\u00e9ho domu ve velmi dobr\u00e9m stavu s velkorys\u00fdm pozemkem a jasn\u00fdm rozvojov\u00fdm potenci\u00e1lem do budoucna.\n\nD\u016fm dispozice 3+1 o celkov\u00e9 plo\u0161e p\u0159ibli\u017en\u011b 70 m\u00b2 nab\u00edz\u00ed p\u0159\u00edm\u00fd potenci\u00e1l roz\u0161\u00ed\u0159en\u00ed v\u00fdstavbou podkrov\u00ed o p\u0159ibli\u017en\u011b 60 m\u00b2 \u2013 prakticky integrovan\u00e9 schodi\u0161t\u011b vedouc\u00ed p\u0159\u00edmo z obytn\u00e9 \u010d\u00e1sti na p\u016fdu i do sklepa v\u00fdrazn\u011b zjednodu\u0161uje a zlev\u0148uje p\u0159\u00edpadnou n\u00e1stavbu a roz\u0161\u00ed\u0159en\u00ed na dispozici 5+1 s celkovou plochou p\u0159ibli\u017en\u011b 130 m\u00b2. Vedlej\u0161\u00ed stavby o celkov\u00e9 plo\u0161e 90 m\u00b2 zahrnuj\u00edc\u00ed kolny, chl\u00edvky a skladovac\u00ed prostory jsou ide\u00e1ln\u00ed pro zahr\u00e1dka\u0159en\u00ed nebo chov drobn\u00e9ho zv\u00ed\u0159ectva. D\u016fm stoj\u00ed u silnice, kter\u00e1 je d\u00edky nov\u00e9mu obchvatu obce minim\u00e1ln\u011b vyt\u00ed\u017een\u00e1 \u2013 klid venkovsk\u00e9ho prost\u0159ed\u00ed bez hluku tranzitn\u00ed dopravy. Dostupnost Prahy autem p\u0159ibli\u017en\u011b 35 minut na \u010cern\u00fd Most, vlakem z Pe\u010dky do Libn\u011b p\u0159ibli\u017en\u011b 48 minut \u0159ad\u00ed Pla\u0148any mezi lokality, kter\u00e9 p\u0159itahuj\u00ed kupce hledaj\u00edc\u00ed rodinn\u00fd d\u016fm se zahradou mimo Prahu za dostupnou cenu s rychl\u00fdm spojen\u00edm do hlavn\u00edho m\u011bsta.\n\nProdej rodinn\u00fdch dom\u016f ve St\u0159edo\u010desk\u00e9m kraji vy\u017eaduje p\u0159esn\u00e9 osloven\u00ed kupc\u016f, kte\u0159\u00ed aktivn\u011b hledaj\u00ed bydlen\u00ed v dojezdov\u00e9 vzd\u00e1lenosti Prahy \u2013 mlad\u00e9 rodiny, p\u00e1ry tou\u017e\u00edc\u00ed po vlastn\u00edm dom\u011b se zahradou a lid\u00e9 odch\u00e1zej\u00edc\u00ed z p\u0159epln\u011bn\u00e9ho m\u011bsta za klidn\u011bj\u0161\u00edm \u017eivotn\u00edm stylem. P\u0159esn\u011b na takov\u00e9 kupce jsem se p\u0159i prodeji tohoto domu zam\u011b\u0159il.\nVedle rodinn\u00fdch dom\u016f a byt\u016f v Praze a St\u0159edo\u010desk\u00e9m kraji se specializuji tak\u00e9 na prodej komer\u010dn\u00edch nemovitost\u00ed, pr\u016fmyslov\u00fdch a v\u00fdrobn\u00edch are\u00e1l\u016f, investi\u010dn\u00edch bytov\u00fdch dom\u016f, \u010din\u017eovn\u00edch dom\u016f, hotel\u016f, penzion\u016f a stavebn\u00edch pozemk\u016f pro reziden\u010dn\u00ed i developersk\u00e9 projekty nap\u0159\u00ed\u010d celou \u010ceskou republikou. \n\nPokud hled\u00e1te realitn\u00edho makl\u00e9\u0159e s v\u00fdsledky nap\u0159\u00ed\u010d cel\u00fdm spektrem realitn\u00edho trhu, jsem p\u0159ipraven va\u0161i situaci projednat.\n\n<\/p>\n\t\t\t\t<\/div>\n\t\t\t<\/div>\n\t\t\t\t\t\t<\/div>\n\t\t\t\t<\/div>\n\t\t\t\t<div class=\"elementor-element elementor-element-ef66dac elementor-widget elementor-widget-e_image_hover_effects\" data-id=\"ef66dac\" data-element_type=\"widget\" data-e-type=\"widget\" data-settings=\"{&quot;_animation&quot;:&quot;none&quot;}\" data-widget_type=\"e_image_hover_effects.default\">\n\t\t\t\t<div class=\"elementor-widget-container\">\n\t\t\t\t\t\t\t\t<div class=\"eihe-box eihe-fade eihe_flex-start\">\n\t\t\t\t<img loading=\"lazy\" decoding=\"async\" width=\"2560\" height=\"1707\" data-src=\"https:\/\/blahareality.cz\/wp-content\/uploads\/2025\/01\/Zehusice-scaled.jpg\" class=\"attachment-full size-full wp-image-15895 lazyload\" alt=\"\" src=\"data:image\/gif;base64,R0lGODlhAQABAAAAACH5BAEKAAEALAAAAAABAAEAAAICTAEAOw==\" style=\"--smush-placeholder-width: 2560px; --smush-placeholder-aspect-ratio: 2560\/1707;\"><noscript><img loading=\"lazy\" decoding=\"async\" width=\"2560\" height=\"1707\" src=\"https:\/\/blahareality.cz\/wp-content\/uploads\/2025\/01\/Zehusice-scaled.jpg\" class=\"attachment-full size-full wp-image-15895\" alt=\"\"><\/noscript>\t\t\t\t<div class=\"eihe-caption\">\n\t\t\t\t\t<div class=\"eihe-title-cover\">\n\t\t\t\t\t\t\t\t\t\t\t\t<h3 class=\"eihe-title\">VERKAUFT, EINFAMILIENHAUS IN \u017dEHU\u0160ICE - MITTELB\u00d6HMISCHE REGION<\/h3>\n\t\t\t\t\t\t\t\t\t\t\t<\/div>\n\t\t\t\t\t<p><\/p>\n\t\t\t\t<\/div>\n\t\t\t<\/div>\n\t\t\t\t\t\t<\/div>\n\t\t\t\t<\/div>\n\t\t\t\t<div class=\"elementor-element elementor-element-86266ad elementor-widget elementor-widget-e_image_hover_effects\" data-id=\"86266ad\" data-element_type=\"widget\" data-e-type=\"widget\" data-settings=\"{&quot;_animation&quot;:&quot;none&quot;}\" data-widget_type=\"e_image_hover_effects.default\">\n\t\t\t\t<div class=\"elementor-widget-container\">\n\t\t\t\t\t\t\t\t<div class=\"eihe-box eihe-fade eihe_flex-start\">\n\t\t\t\t<img loading=\"lazy\" decoding=\"async\" width=\"1025\" height=\"683\" data-src=\"https:\/\/blahareality.cz\/wp-content\/uploads\/2026\/02\/zmensena-Pozemek-ohraniceni.jpg\" class=\"attachment-full size-full wp-image-18209 lazyload\" alt=\"\" src=\"data:image\/gif;base64,R0lGODlhAQABAAAAACH5BAEKAAEALAAAAAABAAEAAAICTAEAOw==\" style=\"--smush-placeholder-width: 1025px; --smush-placeholder-aspect-ratio: 1025\/683;\"><noscript><img loading=\"lazy\" decoding=\"async\" width=\"1025\" height=\"683\" src=\"https:\/\/blahareality.cz\/wp-content\/uploads\/2026\/02\/zmensena-Pozemek-ohraniceni.jpg\" class=\"attachment-full size-full wp-image-18209\" alt=\"\"><\/noscript>\t\t\t\t<div class=\"eihe-caption\">\n\t\t\t\t\t<div class=\"eihe-title-cover\">\n\t\t\t\t\t\t\t\t\t\t\t\t<h3 class=\"eihe-title\">ZU VERKAUFEN RD KUC\u00cdNY, P\u0158\u00cdCHOVICE, P\u0158E\u0160TICE, PLZE\u0147<\/h3>\n\t\t\t\t\t\t\t\t\t\t\t<\/div>\n\t\t\t\t\t<p><\/p>\n\t\t\t\t<\/div>\n\t\t\t<\/div>\n\t\t\t\t\t\t<\/div>\n\t\t\t\t<\/div>\n\t\t\t\t<div class=\"elementor-element elementor-element-fac5349 elementor-widget elementor-widget-e_image_hover_effects\" data-id=\"fac5349\" data-element_type=\"widget\" data-e-type=\"widget\" data-settings=\"{&quot;_animation&quot;:&quot;none&quot;}\" data-widget_type=\"e_image_hover_effects.default\">\n\t\t\t\t<div class=\"elementor-widget-container\">\n\t\t\t\t\t\t\t\t<div class=\"eihe-box eihe-fade eihe_flex-start\">\n\t\t\t\t<img loading=\"lazy\" decoding=\"async\" width=\"1620\" height=\"1080\" data-src=\"https:\/\/blahareality.cz\/wp-content\/uploads\/2025\/01\/DSC_5427.jpg\" class=\"attachment-full size-full wp-image-15716 lazyload\" alt=\"\" src=\"data:image\/gif;base64,R0lGODlhAQABAAAAACH5BAEKAAEALAAAAAABAAEAAAICTAEAOw==\" style=\"--smush-placeholder-width: 1620px; --smush-placeholder-aspect-ratio: 1620\/1080;\"><noscript><img loading=\"lazy\" decoding=\"async\" width=\"1620\" height=\"1080\" src=\"https:\/\/blahareality.cz\/wp-content\/uploads\/2025\/01\/DSC_5427.jpg\" class=\"attachment-full size-full wp-image-15716\" alt=\"\"><\/noscript>\t\t\t\t<div class=\"eihe-caption\">\n\t\t\t\t\t<div class=\"eihe-title-cover\">\n\t\t\t\t\t\t\t\t\t\t\t\t<h3 class=\"eihe-title\">VERKAUFT, RD, 4+1, T\u0158EMO\u0160N\u00c1 - PLZEN<\/h3>\n\t\t\t\t\t\t\t\t\t\t\t<\/div>\n\t\t\t\t\t<p>Prodej rodinn\u00e9ho domu 4+kk s parkovou zahradou 2 452 m\u00b2 \u2013 T\u0159emo\u0161n\u00e1 u Plzn\u011b | 7 minut od Plzn\u011b\n\nZprost\u0159edkoval jsem prodej velkorys\u00e9ho rodinn\u00e9ho domu 4+kk o celkov\u00e9 u\u017eitn\u00e9 plo\u0161e 187 m\u00b2 s n\u00e1dhernou parkovou zahradou o rozloze 2 452 m\u00b2 v obci T\u0159emo\u0161n\u00e1 na ulici \u00dazk\u00e1, pouh\u00fdch 7 minut j\u00edzdy od Plzn\u011b. Nemovitost byla \u00fasp\u011b\u0161n\u011b prod\u00e1na rodin\u011b hledaj\u00edc\u00ed prostorn\u00fd rodinn\u00fd d\u016fm s v\u00fdjime\u010dn\u00fdm zahradn\u00edm z\u00e1zem\u00edm v klidn\u00e9m prost\u0159ed\u00ed s charakterem vesnice a p\u0159itom snadnou dostupnost\u00ed krajsk\u00e9ho m\u011bsta.\n\nD\u016fm ve velmi dobr\u00e9m funk\u010dn\u00edm a udr\u017eovan\u00e9m stavu nab\u00edz\u00ed 133 m\u00b2 ob\u00fdvan\u00e9 \u010d\u00e1sti s p\u0159\u00edm\u00fdm potenci\u00e1lem roz\u0161\u00ed\u0159en\u00ed o dal\u0161\u00edch 54 m\u00b2 vhodn\u00fdch pro v\u00fdstavbu dal\u0161\u00edho pokoje \u2013 celkov\u00e1 dispozice a\u017e 5+kk \u2013 a nav\u00edc voln\u00fd p\u016fdn\u00ed prostor pro budouc\u00ed vyu\u017eit\u00ed. Gar\u00e1\u017e s mont\u00e1\u017en\u00ed \u0161achtou v podlaze, prostorn\u00e1 d\u00edlna a skladovac\u00ed m\u00edstnost tvo\u0159\u00ed technick\u00e9 z\u00e1zem\u00ed, kter\u00e9 ocen\u00ed ka\u017ed\u00fd praktick\u00fd hospod\u00e1\u0159. Na zahrad\u011b podsklepen\u00fd zahradn\u00ed domek, vlastn\u00ed studna, z\u00e1hony pro p\u011bstov\u00e1n\u00ed zeleniny a bylinek, vzrostl\u00e9 pestr\u00e9 stromy a velkorys\u00fd prostor pro setk\u00e1v\u00e1n\u00ed a hry d\u011bt\u00ed \u2013 zahrada o v\u00fdm\u011b\u0159e 2 452 m\u00b2 je sama o sob\u011b d\u016fvodem k n\u00e1v\u0161t\u011bv\u011b a k rozhodnut\u00ed koupit.\n\nT\u0159emo\u0161n\u00e1 s p\u0159ibli\u017en\u011b 5 100 obyvateli nab\u00edz\u00ed v\u00fdbornou ob\u010danskou i volno\u010dasovou vybavenost a p\u0159\u00edm\u00e9 spojen\u00ed s Plzn\u00ed autem, vlakem i autobusem. Sedm minut od krajsk\u00e9ho m\u011bsta s ve\u0161ker\u00fdm z\u00e1zem\u00edm velkom\u011bsta a z\u00e1rove\u0148 klid, prostor a zahrada, kter\u00e9 v Plzni samotn\u00e9 za srovnatelnou cenu neexistuj\u00ed \u2013 p\u0159esn\u011b tato kombinace p\u0159itahuje rodiny, kter\u00e9 hledaj\u00ed kvalitn\u00ed bydlen\u00ed mimo m\u011bsto bez kompromis\u016f na dostupnosti.\n\nPracuji pro jednu z nej\u00fasp\u011b\u0161n\u011bj\u0161\u00edch realitn\u00edch kancel\u00e1\u0159\u00ed REMAX Horizont. V Plzni a Plze\u0148sk\u00e9m kraji m\u00e1m dlouhodob\u00e9 zku\u0161enosti a prokazateln\u00e9 v\u00fdsledky nap\u0159\u00ed\u010d cel\u00fdm realitn\u00edm trhem \u2013 od rodinn\u00fdch dom\u016f v okol\u00ed Plzn\u011b p\u0159es byty ve Slovanech a \u010din\u017eovn\u00ed domy na Klatovsk\u00e9 t\u0159\u00edd\u011b a\u017e po komer\u010dn\u011b reziden\u010dn\u00ed objekty v centru Rokycan. Vedle reziden\u010dn\u00edch nemovitost\u00ed se specializuji tak\u00e9 na prodej komer\u010dn\u00edch nemovitost\u00ed, pr\u016fmyslov\u00fdch are\u00e1l\u016f, investi\u010dn\u00edch bytov\u00fdch dom\u016f, hotel\u016f, penzion\u016f, stavebn\u00edch pozemk\u016f a developersk\u00fdch lokalit nap\u0159\u00ed\u010d celou \u010ceskou republikou. \n\nPokud hled\u00e1te zku\u0161en\u00e9ho realitn\u00edho makl\u00e9\u0159e REMAX v Plzni, Plze\u0148sk\u00e9m kraji nebo kdekoliv v \u010cesk\u00e9 republice, jsem p\u0159ipraven va\u0161i situaci projednat.\n<\/p>\n\t\t\t\t<\/div>\n\t\t\t<\/div>\n\t\t\t\t\t\t<\/div>\n\t\t\t\t<\/div>\n\t\t\t\t<div class=\"elementor-element elementor-element-809f3e1 elementor-widget elementor-widget-e_image_hover_effects\" data-id=\"809f3e1\" data-element_type=\"widget\" data-e-type=\"widget\" data-settings=\"{&quot;_animation&quot;:&quot;none&quot;}\" data-widget_type=\"e_image_hover_effects.default\">\n\t\t\t\t<div class=\"elementor-widget-container\">\n\t\t\t\t\t\t\t\t<div class=\"eihe-box eihe-fade eihe_flex-start\">\n\t\t\t\t<img loading=\"lazy\" decoding=\"async\" width=\"1620\" height=\"1080\" data-src=\"https:\/\/blahareality.cz\/wp-content\/uploads\/2025\/01\/1na-web.jpg\" class=\"attachment-full size-full wp-image-15718 lazyload\" alt=\"\" src=\"data:image\/gif;base64,R0lGODlhAQABAAAAACH5BAEKAAEALAAAAAABAAEAAAICTAEAOw==\" style=\"--smush-placeholder-width: 1620px; --smush-placeholder-aspect-ratio: 1620\/1080;\"><noscript><img loading=\"lazy\" decoding=\"async\" width=\"1620\" height=\"1080\" src=\"https:\/\/blahareality.cz\/wp-content\/uploads\/2025\/01\/1na-web.jpg\" class=\"attachment-full size-full wp-image-15718\" alt=\"\"><\/noscript>\t\t\t\t<div class=\"eihe-caption\">\n\t\t\t\t\t<div class=\"eihe-title-cover\">\n\t\t\t\t\t\t\t\t\t\t\t\t<h3 class=\"eihe-title\">VERKAUFT, RD, 3+1, Z\u00c1PY - PRAG OST<\/h3>\n\t\t\t\t\t\t\t\t\t\t\t<\/div>\n\t\t\t\t\t<p>Prodej rodinn\u00e9ho domu 3+1 se zahradou \u2013 Z\u00e1py | 10 minut od Prahy, 3 minuty od Brand\u00fdsa nad Labem\n\nZprost\u0159edkoval jsem prodej rodinn\u00e9ho domu 3+1 se zahradou v m\u011bstysi Z\u00e1py \u2013 obci s v\u00fdbornou dopravn\u00ed dostupnost\u00ed Prahy, pouh\u00fdch 10 minut j\u00edzdy autem od hlavn\u00edho m\u011bsta a 3 minuty od Brand\u00fdsa nad Labem. Nemovitost byla \u00fasp\u011b\u0161n\u011b prod\u00e1na kupci hledaj\u00edc\u00edmu rodinn\u00fd d\u016fm v klidn\u00e9m prost\u0159ed\u00ed St\u0159edo\u010desk\u00e9ho kraje s p\u0159\u00edm\u00fdm napojen\u00edm na Prahu za cenu, kter\u00e1 v hlavn\u00edm m\u011bst\u011b za srovnatelnou nemovitost jednodu\u0161e neexistuje.\n\nD\u016fm v p\u016fvodn\u00edm stavu p\u0159ed rekonstrukc\u00ed na zastav\u011bn\u00e9 plo\u0161e p\u0159ibli\u017en\u011b 210 m\u00b2 s dvorkem a zahradou o celkov\u00e9 nezastav\u011bn\u00e9 plo\u0161e p\u0159ibli\u017en\u011b 231 m\u00b2 nab\u00eddl kupci okam\u017eit\u011b obyvatelnou nemovitost s jasn\u00fdm potenci\u00e1lem postupn\u00e9 rekonstrukce a roz\u0161\u00ed\u0159en\u00ed \u2013 nevyu\u017eit\u00e1 p\u016fda sk\u00fdt\u00e1 mo\u017enost v\u00fdstavby podkrov\u00ed, dvorek nab\u00edz\u00ed propojen\u00ed se zahradou za domem navazuj\u00edc\u00ed na klidnou p\u0159\u00edrodu na okraji obce. Z\u00e1py disponuj\u00ed kompletn\u00ed ob\u010danskou vybavenost\u00ed \u2013 vodovod, kanalizace, plyn, mate\u0159sk\u00e1 \u0161kola, d\u011btsk\u00e9 h\u0159i\u0161t\u011b, sportovn\u00ed are\u00e1l, praktick\u00fd l\u00e9ka\u0159, zuba\u0159, po\u0161ta, restaurace, komunitn\u00ed centrum i farm\u00e1\u0159sk\u00fd kr\u00e1mek. N\u00e1kupn\u00ed centrum \n\nBrand\u00fds nad Labem je dostupn\u00e9 b\u011bhem t\u0159\u00ed minut. Vlakov\u00e9 spojen\u00ed z Brand\u00fdsa nad Labem nebo L\u00e1zn\u00ed Tou\u0161e\u0148, autobusov\u00e9 spojen\u00ed na \u010cern\u00fd Most a p\u0159\u00edm\u00e9 napojen\u00ed na d\u00e1lnici zaji\u0161\u0165uj\u00ed v\u00fdbornou mobilitu bez z\u00e1vislosti na jedin\u00e9m dopravn\u00edm prost\u0159edku. Pl\u00e1novan\u00fd obchvat propojuj\u00edc\u00ed D11 s D10 d\u00e1le zv\u00fd\u0161\u00ed atraktivitu a dostupnost lokality.\n\nZ\u00e1py a \u0161ir\u0161\u00ed okol\u00ed Brand\u00fdsa nad Labem jsou oblast, kterou velmi dob\u0159e zn\u00e1m. V Brand\u00fdse nad Labem jsem zprost\u0159edkoval prodej b\u00fdval\u00e9ho pek\u00e1rensk\u00e9ho are\u00e1lu v hodnot\u011b 100 milion\u016f korun \u2013 region St\u0159edo\u010desk\u00e9ho kraje severn\u011b a v\u00fdchodn\u011b od Prahy je sou\u010d\u00e1st\u00ed m\u00e9ho dlouhodob\u00e9ho p\u016fsoben\u00ed nap\u0159\u00ed\u010d v\u0161emi segmenty realitn\u00edho trhu od rodinn\u00fdch dom\u016f a\u017e po pr\u016fmyslov\u00e9 are\u00e1ly a developersk\u00e9 pozemky.\n\nSpecializuji se na prodej a pron\u00e1jem reziden\u010dn\u00edch nemovitost\u00ed \u2013 rodinn\u00fdch dom\u016f, byt\u016f a novostaveb v Praze a St\u0159edo\u010desk\u00e9m kraji \u2013 a z\u00e1rove\u0148 na prodej komer\u010dn\u00edch nemovitost\u00ed, pr\u016fmyslov\u00fdch a v\u00fdrobn\u00edch are\u00e1l\u016f, investi\u010dn\u00edch bytov\u00fdch a \u010din\u017eovn\u00edch dom\u016f, hotel\u016f, penzion\u016f, stavebn\u00edch pozemk\u016f a developersk\u00fdch lokalit nap\u0159\u00ed\u010d celou \u010ceskou republikou. \n\nPokud hled\u00e1te zku\u0161en\u00e9ho realitn\u00edho makl\u00e9\u0159e pro prodej nebo pron\u00e1jem nemovitosti v Praze, St\u0159edo\u010desk\u00e9m kraji, Peci pod Sn\u011b\u017ekou, Velk\u00e1 \u00dapa, \u0160pindler\u016fv ml\u00fdn, Plze\u0148 nebo i jinde v \u010cesk\u00e9 republice, kter\u00fd m\u00e1 prokazateln\u00e9 v\u00fdsledky v ka\u017ed\u00e9m segmentu trhu, jsem p\u0159ipraven va\u0161i situaci projednat.\n<\/p>\n\t\t\t\t<\/div>\n\t\t\t<\/div>\n\t\t\t\t\t\t<\/div>\n\t\t\t\t<\/div>\n\t\t\t\t<div class=\"elementor-element elementor-element-74657c0 elementor-widget elementor-widget-e_image_hover_effects\" data-id=\"74657c0\" data-element_type=\"widget\" data-e-type=\"widget\" data-settings=\"{&quot;_animation&quot;:&quot;none&quot;}\" data-widget_type=\"e_image_hover_effects.default\">\n\t\t\t\t<div class=\"elementor-widget-container\">\n\t\t\t\t\t\t\t\t<div class=\"eihe-box eihe-fade eihe_flex-start\">\n\t\t\t\t<img loading=\"lazy\" decoding=\"async\" width=\"2406\" height=\"1604\" data-src=\"https:\/\/blahareality.cz\/wp-content\/uploads\/2025\/01\/zmensena-titulka.jpg\" class=\"attachment-full size-full wp-image-15720 lazyload\" alt=\"\" src=\"data:image\/gif;base64,R0lGODlhAQABAAAAACH5BAEKAAEALAAAAAABAAEAAAICTAEAOw==\" style=\"--smush-placeholder-width: 2406px; --smush-placeholder-aspect-ratio: 2406\/1604;\"><noscript><img loading=\"lazy\" decoding=\"async\" width=\"2406\" height=\"1604\" src=\"https:\/\/blahareality.cz\/wp-content\/uploads\/2025\/01\/zmensena-titulka.jpg\" class=\"attachment-full size-full wp-image-15720\" alt=\"\"><\/noscript>\t\t\t\t<div class=\"eihe-caption\">\n\t\t\t\t\t<div class=\"eihe-title-cover\">\n\t\t\t\t\t\t\t\t\t\t\t\t<h3 class=\"eihe-title\">VERKAUFT, RD, 6+2, PRAG - LIBUS<\/h3>\n\t\t\t\t\t\t\t\t\t\t\t<\/div>\n\t\t\t\t\t<p>Prodej rodinn\u00e9ho domu \u2013 Praha-Libu\u0161 | Dvougenera\u010dn\u00ed d\u016fm 6+2\n\nZprost\u0159edkoval jsem prodej dvougenera\u010dn\u00edho rodinn\u00e9ho domu dispozice 6+2 v Praze-Libu\u0161i na pozemku o v\u00fdm\u011b\u0159e 422 m\u00b2. Nemovitost m\u00e1 nov\u00e9 vlastn\u00edky a transakce byla \u00fasp\u011b\u0161n\u011b uzav\u0159ena.\n\nD\u016fm se dv\u011bma koupelnami, dv\u011bma kuchyn\u011bmi, vlastn\u00ed studnou o hloubce 9 metr\u016f a napojen\u00edm na vodovod, kanalizaci i plyn p\u0159edstavoval na pra\u017esk\u00e9m trhu s rodinn\u00fdmi domy zaj\u00edmavou p\u0159\u00edle\u017eitost pro rodinu hledaj\u00edc\u00ed dvougenera\u010dn\u00ed bydlen\u00ed nebo kupce s viz\u00ed p\u0159estavby a modernizace na modern\u00ed rodinn\u00e9 s\u00eddlo. P\u016fvodn\u00ed \u010d\u00e1st domu poch\u00e1z\u00ed z roku 1923, p\u0159\u00edstavba pak z roku 1973 \u2013 dva sv\u00e9bytn\u00e9 celky pod jednou st\u0159echou, kter\u00e9 dohromady nab\u00edzej\u00ed velkorysou obytnou plochu v zaveden\u00e9 pra\u017esk\u00e9 lokalit\u011b s kompletn\u00ed infrastrukturou. Praha-Libu\u0161 je klidn\u00e1 reziden\u010dn\u00ed \u010dtvr\u0165 na jihu Prahy s dobrou dostupnost\u00ed centra m\u011bsta a p\u0159irozen\u00fdm rodinn\u00fdm charakterem z\u00e1stavby, kter\u00e1 dlouhodob\u011b p\u0159itahuje kupce hledaj\u00edc\u00ed rodinn\u00e9 domy s vlastn\u00edm pozemkem v r\u00e1mci pra\u017esk\u00fdch hranic.\n\nProdej star\u0161\u00edch rodinn\u00fdch dom\u016f s potenci\u00e1lem rekonstrukce vy\u017eaduje p\u0159esn\u00e9 ocen\u011bn\u00ed, spr\u00e1vnou prezentaci a schopnost naj\u00edt kupce, kter\u00fd vid\u00ed hodnotu nemovitosti za jej\u00edm aktu\u00e1ln\u00edm stavem. P\u0159esn\u011b takov\u00e9ho kupce jsem pro tento d\u016fm na\u0161el.\nVedle reziden\u010dn\u00edch nemovitost\u00ed \u2013 rodinn\u00fdch dom\u016f a byt\u016f v Praze a okol\u00ed \u2013 se specializuji tak\u00e9 na prodej komer\u010dn\u00edch nemovitost\u00ed, pr\u016fmyslov\u00fdch are\u00e1l\u016f, investi\u010dn\u00edch bytov\u00fdch a \u010din\u017eovn\u00edch dom\u016f, hotel\u016f, penzion\u016f, stavebn\u00edch pozemk\u016f a developersk\u00fdch lokalit nap\u0159\u00ed\u010d celou \u010ceskou republikou. \n\nPokud hled\u00e1te realitn\u00edho makl\u00e9\u0159e, kter\u00fd pokr\u00fdv\u00e1 cel\u00e9 spektrum realitn\u00edho trhu a m\u00e1 v\u00fdsledky v ka\u017ed\u00e9m jeho segmentu, jsem p\u0159ipraven va\u0161i situaci projednat.\n<\/p>\n\t\t\t\t<\/div>\n\t\t\t<\/div>\n\t\t\t\t\t\t<\/div>\n\t\t\t\t<\/div>\n\t\t\t\t<div class=\"elementor-element elementor-element-75371dc elementor-widget elementor-widget-e_image_hover_effects\" data-id=\"75371dc\" data-element_type=\"widget\" data-e-type=\"widget\" data-settings=\"{&quot;_animation&quot;:&quot;none&quot;}\" data-widget_type=\"e_image_hover_effects.default\">\n\t\t\t\t<div class=\"elementor-widget-container\">\n\t\t\t\t\t\t\t\t<div class=\"eihe-box eihe-fade eihe_flex-start\">\n\t\t\t\t<img loading=\"lazy\" decoding=\"async\" width=\"1106\" height=\"738\" data-src=\"https:\/\/blahareality.cz\/wp-content\/uploads\/2025\/01\/zmensene-L1.jpg\" class=\"attachment-full size-full wp-image-15751 lazyload\" alt=\"\" src=\"data:image\/gif;base64,R0lGODlhAQABAAAAACH5BAEKAAEALAAAAAABAAEAAAICTAEAOw==\" style=\"--smush-placeholder-width: 1106px; --smush-placeholder-aspect-ratio: 1106\/738;\"><noscript><img loading=\"lazy\" decoding=\"async\" width=\"1106\" height=\"738\" src=\"https:\/\/blahareality.cz\/wp-content\/uploads\/2025\/01\/zmensene-L1.jpg\" class=\"attachment-full size-full wp-image-15751\" alt=\"\"><\/noscript>\t\t\t\t<div class=\"eihe-caption\">\n\t\t\t\t\t<div class=\"eihe-title-cover\">\n\t\t\t\t\t\t\t\t\t\t\t\t<h3 class=\"eihe-title\">VERKAUFT, H\u00c4USCHEN - HRACHOLUSKY U PLZN\u011a<\/h3>\n\t\t\t\t\t\t\t\t\t\t\t<\/div>\n\t\t\t\t\t<p><\/p>\n\t\t\t\t<\/div>\n\t\t\t<\/div>\n\t\t\t\t\t\t<\/div>\n\t\t\t\t<\/div>\n\t\t\t\t<\/div>\n\t\t\t\t<\/div>\n\t\t<div class=\"has_eae_slider elementor-element elementor-element-1b10cc1 e-con-full e-flex e-con e-parent\" data-id=\"1b10cc1\" data-element_type=\"container\" data-e-type=\"container\">\n\t\t\t\t<div class=\"elementor-element elementor-element-829f605 elementor-mobile-align-center elementor-align-center elementor-widget elementor-widget-button\" data-id=\"829f605\" data-element_type=\"widget\" data-e-type=\"widget\" data-widget_type=\"button.default\">\n\t\t\t\t<div class=\"elementor-widget-container\">\n\t\t\t\t\t\t\t\t\t<div class=\"elementor-button-wrapper\">\n\t\t\t\t\t<a class=\"elementor-button elementor-button-link elementor-size-sm elementor-animation-shrink\" href=\"https:\/\/blahareality.cz\/de\/ich-mochte-verkaufen\/\">\n\t\t\t\t\t\t<span class=\"elementor-button-content-wrapper\">\n\t\t\t\t\t\t<span class=\"elementor-button-icon\">\n\t\t\t\t<svg aria-hidden=\"true\" class=\"e-font-icon-svg e-fas-long-arrow-alt-right\" viewbox=\"0 0 448 512\" xmlns=\"http:\/\/www.w3.org\/2000\/svg\"><path d=\"M313.941 216H12c-6.627 0-12 5.373-12 12v56c0 6.627 5.373 12 12 12h301.941v46.059c0 21.382 25.851 32.09 40.971 16.971l86.059-86.059c9.373-9.373 9.373-24.569 0-33.941l-86.059-86.059c-15.119-15.119-40.971-4.411-40.971 16.971V216z\"><\/path><\/svg>\t\t\t<\/span>\n\t\t\t\t\t\t\t\t\t<span class=\"elementor-button-text\">Ich m\u00f6chte mit Michael eine Wohnimmobilie verkaufen<\/span>\n\t\t\t\t\t<\/span>\n\t\t\t\t\t<\/a>\n\t\t\t\t<\/div>\n\t\t\t\t\t\t\t\t<\/div>\n\t\t\t\t<\/div>\n\t\t\t\t<div class=\"elementor-element elementor-element-0aad957 elementor-view-default elementor-widget elementor-widget-icon\" data-id=\"0aad957\" data-element_type=\"widget\" data-e-type=\"widget\" data-widget_type=\"icon.default\">\n\t\t\t\t<div class=\"elementor-widget-container\">\n\t\t\t\t\t\t\t<div class=\"elementor-icon-wrapper\">\n\t\t\t<div class=\"elementor-icon\">\n\t\t\t<svg aria-hidden=\"true\" class=\"e-font-icon-svg e-far-building\" viewbox=\"0 0 448 512\" xmlns=\"http:\/\/www.w3.org\/2000\/svg\"><path d=\"M128 148v-40c0-6.6 5.4-12 12-12h40c6.6 0 12 5.4 12 12v40c0 6.6-5.4 12-12 12h-40c-6.6 0-12-5.4-12-12zm140 12h40c6.6 0 12-5.4 12-12v-40c0-6.6-5.4-12-12-12h-40c-6.6 0-12 5.4-12 12v40c0 6.6 5.4 12 12 12zm-128 96h40c6.6 0 12-5.4 12-12v-40c0-6.6-5.4-12-12-12h-40c-6.6 0-12 5.4-12 12v40c0 6.6 5.4 12 12 12zm128 0h40c6.6 0 12-5.4 12-12v-40c0-6.6-5.4-12-12-12h-40c-6.6 0-12 5.4-12 12v40c0 6.6 5.4 12 12 12zm-76 84v-40c0-6.6-5.4-12-12-12h-40c-6.6 0-12 5.4-12 12v40c0 6.6 5.4 12 12 12h40c6.6 0 12-5.4 12-12zm76 12h40c6.6 0 12-5.4 12-12v-40c0-6.6-5.4-12-12-12h-40c-6.6 0-12 5.4-12 12v40c0 6.6 5.4 12 12 12zm180 124v36H0v-36c0-6.6 5.4-12 12-12h19.5V24c0-13.3 10.7-24 24-24h337c13.3 0 24 10.7 24 24v440H436c6.6 0 12 5.4 12 12zM79.5 463H192v-67c0-6.6 5.4-12 12-12h40c6.6 0 12 5.4 12 12v67h112.5V49L80 48l-.5 415z\"><\/path><\/svg>\t\t\t<\/div>\n\t\t<\/div>\n\t\t\t\t\t\t<\/div>\n\t\t\t\t<\/div>\n\t\t\t\t<div class=\"elementor-element elementor-element-5fbc91c elementor-widget elementor-widget-heading\" data-id=\"5fbc91c\" data-element_type=\"widget\" data-e-type=\"widget\" data-widget_type=\"heading.default\">\n\t\t\t\t<div class=\"elementor-widget-container\">\n\t\t\t\t\t<h2 class=\"elementor-heading-title elementor-size-default\">Wohnimmobilien - Wohnungen<\/h2>\t\t\t\t<\/div>\n\t\t\t\t<\/div>\n\t\t<div class=\"has_eae_slider elementor-element elementor-element-41eed15 e-grid e-con-full e-con e-child\" data-id=\"41eed15\" data-element_type=\"container\" data-e-type=\"container\" data-settings=\"{&quot;animation&quot;:&quot;none&quot;}\">\n\t\t\t\t<div class=\"elementor-element elementor-element-8a9d6e1 elementor-widget elementor-widget-e_image_hover_effects\" data-id=\"8a9d6e1\" data-element_type=\"widget\" data-e-type=\"widget\" data-settings=\"{&quot;_animation&quot;:&quot;none&quot;}\" data-widget_type=\"e_image_hover_effects.default\">\n\t\t\t\t<div class=\"elementor-widget-container\">\n\t\t\t\t\t\t\t\t<div class=\"eihe-box eihe-fade eihe_flex-start\">\n\t\t\t\t<img loading=\"lazy\" decoding=\"async\" width=\"2560\" height=\"1703\" data-src=\"https:\/\/blahareality.cz\/wp-content\/uploads\/2025\/01\/Parkova-ctvrt-scaled.jpg\" class=\"attachment-full size-full wp-image-15894 lazyload\" alt=\"\" src=\"data:image\/gif;base64,R0lGODlhAQABAAAAACH5BAEKAAEALAAAAAABAAEAAAICTAEAOw==\" style=\"--smush-placeholder-width: 2560px; --smush-placeholder-aspect-ratio: 2560\/1703;\"><noscript><img loading=\"lazy\" decoding=\"async\" width=\"2560\" height=\"1703\" src=\"https:\/\/blahareality.cz\/wp-content\/uploads\/2025\/01\/Parkova-ctvrt-scaled.jpg\" class=\"attachment-full size-full wp-image-15894\" alt=\"\"><\/noscript>\t\t\t\t<div class=\"eihe-caption\">\n\t\t\t\t\t<div class=\"eihe-title-cover\">\n\t\t\t\t\t\t\t\t\t\t\t\t<h3 class=\"eihe-title\">ZU VERMIETEN, WOHNUNG 2+KK, PARKVIERTEL, PRAGUE 3 <\/h3>\n\t\t\t\t\t\t\t\t\t\t\t<\/div>\n\t\t\t\t\t<p>Pron\u00e1jem bytu 2+kk \u2013 Novostavba Rezidence Parkov\u00e1 \u010dtvr\u0165, Praha 3 \u017di\u017ekov\n\nZprost\u0159edkoval jsem pron\u00e1jem nov\u00e9ho bytu 2+kk v modern\u00ed novostavb\u011b Rezidence Parkov\u00e1 \u010dtvr\u0165 v Praze 3 \u2013 \u017di\u017ekov\u011b pro prvn\u00edho n\u00e1jemn\u00edka. Nemovitost byla \u00fasp\u011b\u0161n\u011b pronajata bonitn\u00edmu a spolehliv\u00e9mu n\u00e1jemci, kter\u00fd hledal komfortn\u00ed bydlen\u00ed v novostavbov\u00e9m standardu v jedn\u00e9 z nejdynami\u010dt\u011bji se rozv\u00edjej\u00edc\u00edch \u010dtvrt\u00ed Prahy.\n\nByt orientovan\u00fd do klidn\u00e9ho zelen\u00e9ho vnitrobloku s prostornou komorou v byt\u011b, sklepem v suter\u00e9nu, klimatizac\u00ed, podlahov\u00fdm vyt\u00e1p\u011bn\u00edm, d\u00e1lkov\u011b ovl\u00e1dan\u00fdmi nastaviteln\u00fdmi p\u0159edokenn\u00edmi \u017ealuziemi a kuchy\u0148skou linkou se spot\u0159ebi\u010di nab\u00eddl n\u00e1jemci kompletn\u00ed novostavbov\u00fd komfort bez nutnosti jak\u00fdchkoliv investic. Kombinace klimatizace a podlahov\u00e9ho vyt\u00e1p\u011bn\u00ed zaji\u0161\u0165uje ide\u00e1ln\u00ed klima celoro\u010dn\u011b, orientace do tich\u00e9ho vnitrobloku pak klid a soukrom\u00ed, kter\u00e9 v ru\u0161n\u00e9m \u017di\u017ekov\u011b nen\u00ed samoz\u0159ejmost\u00ed. Mo\u017enost pron\u00e1jmu parkovac\u00edho st\u00e1n\u00ed v suter\u00e9nu domu dopl\u0148uje nadstandardn\u00ed z\u00e1zem\u00ed bytu.\n\nPraha 3 \u2013 \u017di\u017ekov pro\u0161el v posledn\u00edch letech v\u00fdraznou prom\u011bnou a dnes pat\u0159\u00ed mezi nej\u017e\u00e1dan\u011bj\u0161\u00ed lokality pro pr\u00e9miov\u00fd pron\u00e1jem v \u0161ir\u0161\u00edm centru Prahy. Bl\u00edzkost centra m\u011bsta, v\u00fdborn\u00e1 dostupnost metrem, tramvajemi i autobusy, rozr\u016fstaj\u00edc\u00ed se restaura\u010dn\u00ed a kav\u00e1rensk\u00e1 sc\u00e9na, bl\u00edzkost Parku V\u00edtkov a Mahlerov\u00fdch sad\u016f a dynamick\u00e1 komunita p\u0159itahuj\u00ed mlad\u00e9 profesion\u00e1ly, p\u00e1ry a expaty hledaj\u00edc\u00ed modern\u00ed bydlen\u00ed v \u017eiv\u00e9 a autentick\u00e9 pra\u017esk\u00e9 \u010dtvrti s charakterem. Novostavba v takov\u00e9 lokalit\u011b kombinuje to nejlep\u0161\u00ed z obou sv\u011bt\u016f \u2013 nov\u00fd standard bydlen\u00ed v zaveden\u00e9 a pln\u011b vybaven\u00e9 \u010dtvrti s du\u0161\u00ed.\n\nVedle reziden\u010dn\u00edch pron\u00e1jm\u016f \u2013 byt\u016f a rodinn\u00fdch dom\u016f v Praze a okol\u00ed \u2013 se specializuji tak\u00e9 na pron\u00e1jem a prodej komer\u010dn\u00edch nemovitost\u00ed, pr\u016fmyslov\u00fdch a v\u00fdrobn\u00edch are\u00e1l\u016f, investi\u010dn\u00edch bytov\u00fdch a \u010din\u017eovn\u00edch dom\u016f, hotel\u016f, penzion\u016f, stavebn\u00edch pozemk\u016f a developersk\u00fdch lokalit nap\u0159\u00ed\u010d celou \u010ceskou republikou. \n\nPokud hled\u00e1te zku\u0161en\u00e9ho realitn\u00edho makl\u00e9\u0159e v Praze pro pron\u00e1jem nebo prodej reziden\u010dn\u00ed \u010di komer\u010dn\u00ed nemovitosti, kter\u00fd m\u00e1 p\u0159\u00edm\u00fd p\u0159\u00edstup k bonitn\u00edm n\u00e1jemc\u016fm i kupc\u016fm a dosahuje v\u00fdsledk\u016f v ka\u017ed\u00e9m segmentu realitn\u00edho trhu, jsem p\u0159ipraven va\u0161i situaci projednat.\n<\/p>\n\t\t\t\t<\/div>\n\t\t\t<\/div>\n\t\t\t\t\t\t<\/div>\n\t\t\t\t<\/div>\n\t\t\t\t<div class=\"elementor-element elementor-element-b957412 elementor-widget elementor-widget-e_image_hover_effects\" data-id=\"b957412\" data-element_type=\"widget\" data-e-type=\"widget\" data-settings=\"{&quot;_animation&quot;:&quot;none&quot;}\" data-widget_type=\"e_image_hover_effects.default\">\n\t\t\t\t<div class=\"elementor-widget-container\">\n\t\t\t\t\t\t\t\t<div class=\"eihe-box eihe-fade eihe_flex-start\">\n\t\t\t\t<img loading=\"lazy\" decoding=\"async\" width=\"653\" height=\"436\" data-src=\"https:\/\/blahareality.cz\/wp-content\/uploads\/2025\/01\/DSC06458-HDR.jpg\" class=\"attachment-full size-full wp-image-15752 lazyload\" alt=\"\" src=\"data:image\/gif;base64,R0lGODlhAQABAAAAACH5BAEKAAEALAAAAAABAAEAAAICTAEAOw==\" style=\"--smush-placeholder-width: 653px; --smush-placeholder-aspect-ratio: 653\/436;\"><noscript><img loading=\"lazy\" decoding=\"async\" width=\"653\" height=\"436\" src=\"https:\/\/blahareality.cz\/wp-content\/uploads\/2025\/01\/DSC06458-HDR.jpg\" class=\"attachment-full size-full wp-image-15752\" alt=\"\"><\/noscript>\t\t\t\t<div class=\"eihe-caption\">\n\t\t\t\t\t<div class=\"eihe-title-cover\">\n\t\t\t\t\t\t\t\t\t\t\t\t<h3 class=\"eihe-title\">PROD\u00c1NO 10 890 000 K\u010d, BYT 3+1 S VELKOU TERASOU, PRAHA \u010cAKOVICE<\/h3>\n\t\t\t\t\t\t\t\t\t\t\t<\/div>\n\t\t\t\t\t<p>Prodej bytu 3+kk s terasou 95,8 m\u00b2 \u2013 Rezidence VIVA, Praha-\u010cakovice\n\nZprost\u0159edkoval jsem prodej modern\u00edho bytu 3+kk o v\u00fdm\u011b\u0159e 73,2 m\u00b2 s prostornou terasou 95,8 m\u00b2, parkovac\u00edm st\u00e1n\u00edm a sklepem v Rezidenci VIVA v Praze-\u010cakovic\u00edch. Nemovitost m\u00e1 nov\u00e9 vlastn\u00edky a transakce byla \u00fasp\u011b\u0161n\u011b uzav\u0159ena.\n\nByt v osobn\u00edm vlastnictv\u00ed s terasou t\u00e9m\u011b\u0159 dvojn\u00e1sobn\u00e9 velikosti obytn\u00e9 plochy je na pra\u017esk\u00e9m reziden\u010dn\u00edm trhu v\u00fdjime\u010dn\u00e1 kombinace. Terasa orientovan\u00e1 na z\u00e1pad s p\u0159\u00edvodem vody, elektrickou z\u00e1suvkou, dren\u00e1\u017en\u00edm syst\u00e9mem a p\u0159\u00edpravou na pergolu nab\u00edz\u00ed zp\u016fsob \u017eivota, kter\u00fd v b\u011b\u017en\u00e9m pra\u017esk\u00e9m byt\u011b jednodu\u0161e nenajdete \u2013 prostor pro relaxaci, grilov\u00e1n\u00ed nebo v\u00ed\u0159ivku p\u0159\u00edmo za dve\u0159mi ob\u00fdvac\u00edho pokoje, do kter\u00e9ho maj\u00ed p\u0159\u00edm\u00fd vstup v\u0161echny pokoje. V\u00fdborn\u00e1 tepeln\u00e1 izolace zaji\u0161\u0165uje n\u00edzk\u00e9 provozn\u00ed n\u00e1klady celoro\u010dn\u011b.\n\nPraha-\u010cakovice pat\u0159\u00ed mezi lokality, kter\u00e9 v posledn\u00edch letech zaznamen\u00e1vaj\u00ed v\u00fdrazn\u00fd z\u00e1jem rodin hledaj\u00edc\u00edch klidn\u00e9 bydlen\u00ed s dostupnost\u00ed centra Prahy. Metro Let\u0148any je deset minut autem, vlakov\u00e9 spojen\u00ed p\u0159\u00edmo z \u010cakovic, autobusov\u00e1 zast\u00e1vka p\u011bt minut p\u011b\u0161ky. V doch\u00e1zkov\u00e9 vzd\u00e1lenosti Globus, Lidl, OC Let\u0148any, \u0161koly, \u0161kolky, l\u00e9ka\u0159i a lesoparky s cyklostezkami. Modern\u00ed projekt Rezidence VIVA s d\u016frazem na bezpe\u010dnost a komfort sousedstv\u00ed uzav\u00edr\u00e1 obraz lokality, kter\u00e1 oslovuje rodiny s d\u011btmi i n\u00e1ro\u010dn\u011bj\u0161\u00ed kupce hledaj\u00edc\u00ed kvalitn\u00ed bydlen\u00ed mimo hluk centra.\n\nPracoval jsem p\u0159\u00edmo se z\u00e1jemci, kte\u0159\u00ed hledali modern\u00ed rodinn\u00fd byt s nadstandardn\u00ed venkovn\u00ed plochou v klidn\u00e9 \u010d\u00e1sti Prahy s dobrou dostupnost\u00ed. Spr\u00e1vn\u00e9 osloven\u00ed spr\u00e1vn\u00fdch kupc\u016f vedlo k \u00fasp\u011b\u0161n\u00e9mu uzav\u0159en\u00ed transakce.\n\nSpecializuji se na prodej reziden\u010dn\u00edch nemovitost\u00ed \u2013 byt\u016f, rodinn\u00fdch dom\u016f a pr\u00e9miov\u00fdch nemovitost\u00ed v Praze a okol\u00ed. Pokud hled\u00e1te realitn\u00edho makl\u00e9\u0159e, kter\u00fd zn\u00e1 pra\u017esk\u00fd reziden\u010dn\u00ed trh, um\u00ed va\u0161i nemovitost spr\u00e1vn\u011b ocenit, prezentovat a prodat kupci, kter\u00fd ji skute\u010dn\u011b ocen\u00ed, jsem p\u0159ipraven va\u0161i situaci projednat.\n<\/p>\n\t\t\t\t<\/div>\n\t\t\t<\/div>\n\t\t\t\t\t\t<\/div>\n\t\t\t\t<\/div>\n\t\t\t\t<div class=\"elementor-element elementor-element-e973f83 elementor-widget elementor-widget-e_image_hover_effects\" data-id=\"e973f83\" data-element_type=\"widget\" data-e-type=\"widget\" data-settings=\"{&quot;_animation&quot;:&quot;none&quot;}\" data-widget_type=\"e_image_hover_effects.default\">\n\t\t\t\t<div class=\"elementor-widget-container\">\n\t\t\t\t\t\t\t\t<div class=\"eihe-box eihe-fade eihe_flex-start\">\n\t\t\t\t<img loading=\"lazy\" decoding=\"async\" width=\"882\" height=\"588\" data-src=\"https:\/\/blahareality.cz\/wp-content\/uploads\/2025\/11\/d-8ii.jpg\" class=\"attachment-full size-full wp-image-18057 lazyload\" alt=\"\" src=\"data:image\/gif;base64,R0lGODlhAQABAAAAACH5BAEKAAEALAAAAAABAAEAAAICTAEAOw==\" style=\"--smush-placeholder-width: 882px; --smush-placeholder-aspect-ratio: 882\/588;\"><noscript><img loading=\"lazy\" decoding=\"async\" width=\"882\" height=\"588\" src=\"https:\/\/blahareality.cz\/wp-content\/uploads\/2025\/11\/d-8ii.jpg\" class=\"attachment-full size-full wp-image-18057\" alt=\"\"><\/noscript>\t\t\t\t<div class=\"eihe-caption\">\n\t\t\t\t\t<div class=\"eihe-title-cover\">\n\t\t\t\t\t\t\t\t\t\t\t\t<h3 class=\"eihe-title\">VERKAUF 4+KK MIT GARTEN - PRAGUE 10<\/h3>\n\t\t\t\t\t\t\t\t\t\t\t<\/div>\n\t\t\t\t\t<p><\/p>\n\t\t\t\t<\/div>\n\t\t\t<\/div>\n\t\t\t\t\t\t<\/div>\n\t\t\t\t<\/div>\n\t\t\t\t<div class=\"elementor-element elementor-element-70c2db3 elementor-widget elementor-widget-e_image_hover_effects\" data-id=\"70c2db3\" data-element_type=\"widget\" data-e-type=\"widget\" data-settings=\"{&quot;_animation&quot;:&quot;none&quot;}\" data-widget_type=\"e_image_hover_effects.default\">\n\t\t\t\t<div class=\"elementor-widget-container\">\n\t\t\t\t\t\t\t\t<div class=\"eihe-box eihe-fade eihe_flex-start\">\n\t\t\t\t<img loading=\"lazy\" decoding=\"async\" width=\"2000\" height=\"1333\" data-src=\"https:\/\/blahareality.cz\/wp-content\/uploads\/2025\/09\/51.jpg\" class=\"attachment-full size-full wp-image-17833 lazyload\" alt=\"\" src=\"data:image\/gif;base64,R0lGODlhAQABAAAAACH5BAEKAAEALAAAAAABAAEAAAICTAEAOw==\" style=\"--smush-placeholder-width: 2000px; --smush-placeholder-aspect-ratio: 2000\/1333;\"><noscript><img loading=\"lazy\" decoding=\"async\" width=\"2000\" height=\"1333\" src=\"https:\/\/blahareality.cz\/wp-content\/uploads\/2025\/09\/51.jpg\" class=\"attachment-full size-full wp-image-17833\" alt=\"\"><\/noscript>\t\t\t\t<div class=\"eihe-caption\">\n\t\t\t\t\t<div class=\"eihe-title-cover\">\n\t\t\t\t\t\t\t\t\t\t\t\t<h3 class=\"eihe-title\">MIETE, WOHNUNG 3+KK, VOCHOV<\/h3>\n\t\t\t\t\t\t\t\t\t\t\t<\/div>\n\t\t\t\t\t<p><\/p>\n\t\t\t\t<\/div>\n\t\t\t<\/div>\n\t\t\t\t\t\t<\/div>\n\t\t\t\t<\/div>\n\t\t\t\t<div class=\"elementor-element elementor-element-f7ced4d elementor-widget elementor-widget-e_image_hover_effects\" data-id=\"f7ced4d\" data-element_type=\"widget\" data-e-type=\"widget\" data-settings=\"{&quot;_animation&quot;:&quot;none&quot;}\" data-widget_type=\"e_image_hover_effects.default\">\n\t\t\t\t<div class=\"elementor-widget-container\">\n\t\t\t\t\t\t\t\t<div class=\"eihe-box eihe-fade eihe_flex-start\">\n\t\t\t\t<img loading=\"lazy\" decoding=\"async\" width=\"2000\" height=\"1333\" data-src=\"https:\/\/blahareality.cz\/wp-content\/uploads\/2025\/09\/26.jpg\" class=\"attachment-full size-full wp-image-17832 lazyload\" alt=\"\" src=\"data:image\/gif;base64,R0lGODlhAQABAAAAACH5BAEKAAEALAAAAAABAAEAAAICTAEAOw==\" style=\"--smush-placeholder-width: 2000px; --smush-placeholder-aspect-ratio: 2000\/1333;\"><noscript><img loading=\"lazy\" decoding=\"async\" width=\"2000\" height=\"1333\" src=\"https:\/\/blahareality.cz\/wp-content\/uploads\/2025\/09\/26.jpg\" class=\"attachment-full size-full wp-image-17832\" alt=\"\"><\/noscript>\t\t\t\t<div class=\"eihe-caption\">\n\t\t\t\t\t<div class=\"eihe-title-cover\">\n\t\t\t\t\t\t\t\t\t\t\t\t<h3 class=\"eihe-title\">MIETE, WOHNUNG 3+KK, VOCHOV<\/h3>\n\t\t\t\t\t\t\t\t\t\t\t<\/div>\n\t\t\t\t\t<p><\/p>\n\t\t\t\t<\/div>\n\t\t\t<\/div>\n\t\t\t\t\t\t<\/div>\n\t\t\t\t<\/div>\n\t\t\t\t<div class=\"elementor-element elementor-element-864eeaa elementor-widget elementor-widget-e_image_hover_effects\" data-id=\"864eeaa\" data-element_type=\"widget\" data-e-type=\"widget\" data-settings=\"{&quot;_animation&quot;:&quot;none&quot;}\" data-widget_type=\"e_image_hover_effects.default\">\n\t\t\t\t<div class=\"elementor-widget-container\">\n\t\t\t\t\t\t\t\t<div class=\"eihe-box eihe-fade eihe_flex-start\">\n\t\t\t\t<img loading=\"lazy\" decoding=\"async\" width=\"1248\" height=\"832\" data-src=\"https:\/\/blahareality.cz\/wp-content\/uploads\/2025\/11\/V5.jpg\" class=\"attachment-full size-full wp-image-18056 lazyload\" alt=\"\" src=\"data:image\/gif;base64,R0lGODlhAQABAAAAACH5BAEKAAEALAAAAAABAAEAAAICTAEAOw==\" style=\"--smush-placeholder-width: 1248px; --smush-placeholder-aspect-ratio: 1248\/832;\"><noscript><img loading=\"lazy\" decoding=\"async\" width=\"1248\" height=\"832\" src=\"https:\/\/blahareality.cz\/wp-content\/uploads\/2025\/11\/V5.jpg\" class=\"attachment-full size-full wp-image-18056\" alt=\"\"><\/noscript>\t\t\t\t<div class=\"eihe-caption\">\n\t\t\t\t\t<div class=\"eihe-title-cover\">\n\t\t\t\t\t\t\t\t\t\t\t\t<h3 class=\"eihe-title\">VERKAUF 5+1 MIT GARTEN - PRAGUE 10<\/h3>\n\t\t\t\t\t\t\t\t\t\t\t<\/div>\n\t\t\t\t\t<p><\/p>\n\t\t\t\t<\/div>\n\t\t\t<\/div>\n\t\t\t\t\t\t<\/div>\n\t\t\t\t<\/div>\n\t\t\t\t<div class=\"elementor-element elementor-element-08c3d30 elementor-widget elementor-widget-e_image_hover_effects\" data-id=\"08c3d30\" data-element_type=\"widget\" data-e-type=\"widget\" data-settings=\"{&quot;_animation&quot;:&quot;none&quot;}\" data-widget_type=\"e_image_hover_effects.default\">\n\t\t\t\t<div class=\"elementor-widget-container\">\n\t\t\t\t\t\t\t\t<div class=\"eihe-box eihe-fade eihe_flex-start\">\n\t\t\t\t<img loading=\"lazy\" decoding=\"async\" width=\"1510\" height=\"1006\" data-src=\"https:\/\/blahareality.cz\/wp-content\/uploads\/2025\/11\/V1.jpg\" class=\"attachment-full size-full wp-image-18054 lazyload\" alt=\"\" src=\"data:image\/gif;base64,R0lGODlhAQABAAAAACH5BAEKAAEALAAAAAABAAEAAAICTAEAOw==\" style=\"--smush-placeholder-width: 1510px; --smush-placeholder-aspect-ratio: 1510\/1006;\"><noscript><img loading=\"lazy\" decoding=\"async\" width=\"1510\" height=\"1006\" src=\"https:\/\/blahareality.cz\/wp-content\/uploads\/2025\/11\/V1.jpg\" class=\"attachment-full size-full wp-image-18054\" alt=\"\"><\/noscript>\t\t\t\t<div class=\"eihe-caption\">\n\t\t\t\t\t<div class=\"eihe-title-cover\">\n\t\t\t\t\t\t\t\t\t\t\t\t<h3 class=\"eihe-title\">VERKAUF 4+KK MIT TERRASSE UND BALKON - PRAGUE 10<\/h3>\n\t\t\t\t\t\t\t\t\t\t\t<\/div>\n\t\t\t\t\t<p><\/p>\n\t\t\t\t<\/div>\n\t\t\t<\/div>\n\t\t\t\t\t\t<\/div>\n\t\t\t\t<\/div>\n\t\t\t\t<div class=\"elementor-element elementor-element-1bb8700 elementor-widget elementor-widget-e_image_hover_effects\" data-id=\"1bb8700\" data-element_type=\"widget\" data-e-type=\"widget\" data-settings=\"{&quot;_animation&quot;:&quot;none&quot;}\" data-widget_type=\"e_image_hover_effects.default\">\n\t\t\t\t<div class=\"elementor-widget-container\">\n\t\t\t\t\t\t\t\t<div class=\"eihe-box eihe-fade eihe_flex-start\">\n\t\t\t\t<img loading=\"lazy\" decoding=\"async\" width=\"1296\" height=\"864\" data-src=\"https:\/\/blahareality.cz\/wp-content\/uploads\/2025\/01\/1-1.jpg\" class=\"attachment-full size-full wp-image-15719 lazyload\" alt=\"\" src=\"data:image\/gif;base64,R0lGODlhAQABAAAAACH5BAEKAAEALAAAAAABAAEAAAICTAEAOw==\" style=\"--smush-placeholder-width: 1296px; --smush-placeholder-aspect-ratio: 1296\/864;\"><noscript><img loading=\"lazy\" decoding=\"async\" width=\"1296\" height=\"864\" src=\"https:\/\/blahareality.cz\/wp-content\/uploads\/2025\/01\/1-1.jpg\" class=\"attachment-full size-full wp-image-15719\" alt=\"\"><\/noscript>\t\t\t\t<div class=\"eihe-caption\">\n\t\t\t\t\t<div class=\"eihe-title-cover\">\n\t\t\t\t\t\t\t\t\t\t\t\t<h3 class=\"eihe-title\">VERKAUFT, WOHNUNG, 1+KK, PRAGUE 3 - VINOHRADY<\/h3>\n\t\t\t\t\t\t\t\t\t\t\t<\/div>\n\t\t\t\t\t<p>Prodej bytu 1+kk s terasou \u2013 N\u00e1m\u011bst\u00ed Ji\u0159\u00edho z Lobkovic, Praha 3 Vinohrady\n\nZprost\u0159edkoval jsem prodej architekty navr\u017een\u00e9ho bytu 1+kk s terasou, sklepem a v\u00fdhledem na p\u016fl Prahy v sedm\u00e9m nadzemn\u00edm podla\u017e\u00ed na N\u00e1m\u011bst\u00ed Ji\u0159\u00edho z Lobkovic v Praze 3 \u2013 Vinohradech. O nemovitost byl mimo\u0159\u00e1dn\u00fd z\u00e1jem \u2013 prodej prob\u011bhl formou aukce, do kter\u00e9 se zapojilo v\u00edce z\u00e1jemc\u016f, a transakce byla \u00fasp\u011b\u0161n\u011b uzav\u0159ena s kupcem nab\u00edzej\u00edc\u00edm nejlep\u0161\u00ed podm\u00ednky.\n\nByt kompletn\u011b navr\u017een\u00fd a vybaven\u00fd na zak\u00e1zku s d\u016fmysln\u00fdmi vestav\u011bn\u00fdmi \u00falo\u017en\u00fdmi prostory, hrou se sv\u011btlem a prostorem a plnohodnotnou kuchyn\u00ed se zna\u010dkov\u00fdmi spot\u0159ebi\u010di \u2013 pra\u010dkou, lednic\u00ed, my\u010dkou, spor\u00e1kem a troubou \u2013 p\u0159edstavoval na pra\u017esk\u00e9m realitn\u00edm trhu skute\u010dn\u011b jedine\u010dnou nemovitost. Architektonick\u00e9 \u0159e\u0161en\u00ed dispozice maxim\u00e1ln\u011b vyu\u017e\u00edv\u00e1 ka\u017ed\u00fd metr \u010dtvere\u010dn\u00ed a vytv\u00e1\u0159\u00ed bydlen\u00ed, kter\u00e9 svou kvalitou a promy\u0161lenost\u00ed v\u00fdrazn\u011b p\u0159ekra\u010duje standard b\u011b\u017en\u00fdch byt\u016f podobn\u00e9 velikosti. Terasa s v\u00fdhledem do zelen\u011b a z\u00e1rove\u0148 na panorama Prahy ze sedm\u00e9ho patra je bonusem, kter\u00fd v t\u00e9to lokalit\u011b nem\u00e1 srovn\u00e1n\u00ed.\n\nVinohrady jsou a dlouhodob\u011b z\u016fst\u00e1vaj\u00ed nejpresti\u017en\u011bj\u0161\u00ed reziden\u010dn\u00ed adresou Prahy 3 s nejvy\u0161\u0161\u00ed popt\u00e1vkou a nejstabiln\u011bj\u0161\u00ed hodnotou nemovitost\u00ed v cel\u00e9m segmentu pra\u017esk\u00e9ho bytov\u00e9ho trhu. N\u00e1m\u011bst\u00ed Ji\u0159\u00edho z Lobkovic s p\u0159\u00edm\u00fdm napojen\u00edm na metro, tramvaje a autobusy, Havl\u00ed\u010dkovy sady, Riegrovy sady a Park Paruk\u00e1\u0159ka v doch\u00e1zkov\u00e9 vzd\u00e1lenosti a kompletn\u00ed ob\u010dansk\u00e1 vybavenost v\u010detn\u011b Atria Flora a N\u00e1kupn\u00edho centra Eden tvo\u0159\u00ed adresu, kterou kupci na pra\u017esk\u00e9m trhu aktivn\u011b vyhled\u00e1vaj\u00ed. Vysok\u00fd z\u00e1jem o tuto nemovitost a nutnost \u0159e\u0161it prodej formou aukce jsou p\u0159\u00edm\u00fdm d\u016fkazem atraktivity lokality i kvality samotn\u00e9 nemovitosti.\n\nVedle reziden\u010dn\u00edch nemovitost\u00ed \u2013 byt\u016f, rodinn\u00fdch dom\u016f a pr\u00e9miov\u00fdch nemovitost\u00ed v Praze a okol\u00ed \u2013 se specializuji tak\u00e9 na prodej a pron\u00e1jem komer\u010dn\u00edch nemovitost\u00ed, pr\u016fmyslov\u00fdch a v\u00fdrobn\u00edch are\u00e1l\u016f, investi\u010dn\u00edch bytov\u00fdch a \u010din\u017eovn\u00edch dom\u016f, hotel\u016f, penzion\u016f, stavebn\u00edch pozemk\u016f a developersk\u00fdch lokalit nap\u0159\u00ed\u010d celou \u010ceskou republikou. Pokud hled\u00e1te realitn\u00edho makl\u00e9\u0159e v Praze, kter\u00fd um\u00ed prodat i v\u00fdjime\u010dnou a n\u00e1ro\u010dn\u011bj\u0161\u00ed nemovitost za maxim\u00e1ln\u00ed cenu a m\u00e1 prokazateln\u00e9 v\u00fdsledky nap\u0159\u00ed\u010d cel\u00fdm spektrem realitn\u00edho trhu, jsem p\u0159ipraven va\u0161i situaci projednat.\n\n<\/p>\n\t\t\t\t<\/div>\n\t\t\t<\/div>\n\t\t\t\t\t\t<\/div>\n\t\t\t\t<\/div>\n\t\t\t\t<div class=\"elementor-element elementor-element-a1f3db2 elementor-widget elementor-widget-e_image_hover_effects\" data-id=\"a1f3db2\" data-element_type=\"widget\" data-e-type=\"widget\" data-settings=\"{&quot;_animation&quot;:&quot;none&quot;}\" data-widget_type=\"e_image_hover_effects.default\">\n\t\t\t\t<div class=\"elementor-widget-container\">\n\t\t\t\t\t\t\t\t<div class=\"eihe-box eihe-fade eihe_flex-start\">\n\t\t\t\t<img loading=\"lazy\" decoding=\"async\" width=\"2560\" height=\"1703\" data-src=\"https:\/\/blahareality.cz\/wp-content\/uploads\/2025\/01\/Londynska-Praha-2-scaled.jpg\" class=\"attachment-full size-full wp-image-15893 lazyload\" alt=\"\" src=\"data:image\/gif;base64,R0lGODlhAQABAAAAACH5BAEKAAEALAAAAAABAAEAAAICTAEAOw==\" style=\"--smush-placeholder-width: 2560px; --smush-placeholder-aspect-ratio: 2560\/1703;\"><noscript><img loading=\"lazy\" decoding=\"async\" width=\"2560\" height=\"1703\" src=\"https:\/\/blahareality.cz\/wp-content\/uploads\/2025\/01\/Londynska-Praha-2-scaled.jpg\" class=\"attachment-full size-full wp-image-15893\" alt=\"\"><\/noscript>\t\t\t\t<div class=\"eihe-caption\">\n\t\t\t\t\t<div class=\"eihe-title-cover\">\n\t\t\t\t\t\t\t\t\t\t\t\t<h3 class=\"eihe-title\">ZU VERMIETEN, WOHNUNG 4+KK, LOND\u00ddNSK\u00c1\u00cd STRASSE, PRAGUE 2<\/h3>\n\t\t\t\t\t\t\t\t\t\t\t<\/div>\n\t\t\t\t\t<p>Pron\u00e1jem bytu 4+kk, 105 m\u00b2 \u2013 Lond\u00fdnsk\u00e1 ulice, Praha 2 Vinohrady\n\nZprost\u0159edkoval jsem pron\u00e1jem nov\u011b zrekonstruovan\u00e9ho prosv\u011btlen\u00e9ho bytu 4+kk o v\u00fdm\u011b\u0159e 105 m\u00b2 ve \u010dtvrt\u00e9m pat\u0159e s v\u00fdtahem v presti\u017en\u00ed Lond\u00fdnsk\u00e9 ulici v Praze 2 \u2013 Vinohradech. Nemovitost byla \u00fasp\u011b\u0161n\u011b pronajata bonitn\u00edmu n\u00e1jemci, kter\u00fd hledal prostorn\u00fd a reprezentativn\u00ed byt v absolutn\u00ed srdci pra\u017esk\u00fdch \nVinohrad s charakterem a histori\u00ed, kter\u00e9 nov\u00e1 v\u00fdstavba jednodu\u0161e nem\u016f\u017ee nab\u00eddnout.\n\nByt v historick\u00e9m funkcionalistick\u00e9m dom\u011b z roku 1939, jeho\u017e autory jsou architekti Jaroslav Kittrich a Josef Hrub\u00fd \u2013 tv\u016frci proslul\u00e9ho obchodn\u00edho domu B\u00edl\u00e1 labu\u0165 \u2013 pro\u0161el n\u00e1ro\u010dnou rekonstrukc\u00ed s d\u016frazem na zachov\u00e1n\u00ed p\u016fvodn\u00edch architektonick\u00fdch prvk\u016f. Parketov\u00e9 podlahy, teracov\u00e1 dla\u017eba, p\u016fvodn\u00ed okna, dve\u0159e, vestav\u011bn\u00e9 sk\u0159\u00edn\u011b a dobov\u00e9 kov\u00e1n\u00ed vytv\u00e1\u0159ej\u00ed interi\u00e9r s autentickou atmosf\u00e9rou prvn\u00ed republiky dopln\u011bn\u00fd ve\u0161ker\u00fdm modern\u00edm komfortem. Dv\u011b koupelny, nov\u00e1 pln\u011b vybaven\u00e1 kuchy\u0148sk\u00e1 linka, prostorn\u00e1 \u0161atna, technick\u00e1 m\u00edstnost, balkon s v\u00fdhledem do klidn\u00e9ho vnitrobloku a sv\u011btl\u00e9 prostorn\u00e9 obytn\u00e9 m\u00edstnosti tvo\u0159\u00ed byt, kter\u00fd svou kvalitou a charakterem pat\u0159\u00ed do absolutn\u00ed \u0161pi\u010dky pra\u017esk\u00e9ho pr\u00e9miov\u00e9ho n\u00e1jemn\u00edho trhu. Budova je sou\u010d\u00e1st\u00ed prohl\u00eddkov\u00e9ho okruhu Dne architektury \u2013 adresa s p\u0159\u00edb\u011bhem a kulturn\u00ed hodnotou, kter\u00e1 p\u0159esahuje b\u011b\u017enou kategorii n\u00e1jemn\u00edho bydlen\u00ed.\n\nLond\u00fdnsk\u00e1 ulice na Praze 2 je jednou z nejpresti\u017en\u011bj\u0161\u00edch reziden\u010dn\u00edch adres v cel\u00e9 \u010cesk\u00e9 republice. N\u00e1m\u011bst\u00ed M\u00edru, Tylovo n\u00e1m\u011bst\u00ed a I. P. Pavlova v doch\u00e1zkov\u00e9 vzd\u00e1lenosti, metro trasy A i C, tramvaje, vlakov\u00e9 n\u00e1dra\u017e\u00ed a p\u0159\u00edm\u00e9 spojen\u00ed na leti\u0161t\u011b tvo\u0159\u00ed dopravn\u00ed dostupnost, kter\u00e1 nem\u00e1 v Praze srovn\u00e1n\u00ed. \u0160irok\u00e1 nab\u00eddka restaurac\u00ed, kav\u00e1ren a slu\u017eeb sv\u011btov\u00e9 \u00farovn\u011b p\u0159\u00edmo v okol\u00ed dotv\u00e1\u0159\u00ed obraz adresy, kterou vyhled\u00e1vaj\u00ed n\u00e1ro\u010dn\u011bj\u0161\u00ed n\u00e1jemci \u2013 seniorn\u00ed mana\u017ee\u0159i, diplomat\u00e9, expatrioti a profesion\u00e1lov\u00e9 hledaj\u00edc\u00ed reprezentativn\u00ed bydlen\u00ed v Praze na nejvy\u0161\u0161\u00ed \u00farovni.\n\nVedle pr\u00e9miov\u00fdch reziden\u010dn\u00edch pron\u00e1jm\u016f \u2013 byt\u016f a rodinn\u00fdch dom\u016f v Praze a okol\u00ed \u2013 se specializuji tak\u00e9 na pron\u00e1jem a prodej komer\u010dn\u00edch nemovitost\u00ed, pr\u016fmyslov\u00fdch a v\u00fdrobn\u00edch are\u00e1l\u016f, investi\u010dn\u00edch bytov\u00fdch a \u010din\u017eovn\u00edch dom\u016f, hotel\u016f, penzion\u016f, stavebn\u00edch pozemk\u016f a developersk\u00fdch lokalit nap\u0159\u00ed\u010d celou \u010ceskou republikou. Pokud hled\u00e1te realitn\u00edho makl\u00e9\u0159e v Praze se zku\u0161enostmi s pron\u00e1jmem a prodejem pr\u00e9miov\u00fdch reziden\u010dn\u00edch i komer\u010dn\u00edch nemovitost\u00ed, kter\u00fd m\u00e1 p\u0159\u00edm\u00fd p\u0159\u00edstup k bonitn\u00edm n\u00e1jemc\u016fm i kupc\u016fm a dosahuje v\u00fdsledk\u016f v ka\u017ed\u00e9m segmentu realitn\u00edho trhu, jsem p\u0159ipraven va\u0161i situaci projednat. \n<\/p>\n\t\t\t\t<\/div>\n\t\t\t<\/div>\n\t\t\t\t\t\t<\/div>\n\t\t\t\t<\/div>\n\t\t\t\t<div class=\"elementor-element elementor-element-46eb73f elementor-widget elementor-widget-e_image_hover_effects\" data-id=\"46eb73f\" data-element_type=\"widget\" data-e-type=\"widget\" data-settings=\"{&quot;_animation&quot;:&quot;none&quot;}\" data-widget_type=\"e_image_hover_effects.default\">\n\t\t\t\t<div class=\"elementor-widget-container\">\n\t\t\t\t\t\t\t\t<div class=\"eihe-box eihe-fade eihe_flex-start\">\n\t\t\t\t<img loading=\"lazy\" decoding=\"async\" width=\"2560\" height=\"1707\" data-src=\"https:\/\/blahareality.cz\/wp-content\/uploads\/2025\/01\/Zmensena-na-web-Kunratice-scaled-1.jpg\" class=\"attachment-full size-full wp-image-15721 lazyload\" alt=\"\" src=\"data:image\/gif;base64,R0lGODlhAQABAAAAACH5BAEKAAEALAAAAAABAAEAAAICTAEAOw==\" style=\"--smush-placeholder-width: 2560px; --smush-placeholder-aspect-ratio: 2560\/1707;\"><noscript><img loading=\"lazy\" decoding=\"async\" width=\"2560\" height=\"1707\" src=\"https:\/\/blahareality.cz\/wp-content\/uploads\/2025\/01\/Zmensena-na-web-Kunratice-scaled-1.jpg\" class=\"attachment-full size-full wp-image-15721\" alt=\"\"><\/noscript>\t\t\t\t<div class=\"eihe-caption\">\n\t\t\t\t\t<div class=\"eihe-title-cover\">\n\t\t\t\t\t\t\t\t\t\t\t\t<h3 class=\"eihe-title\">VERKAUFT, WOHNUNG, 2+KK, PRAGUE - KUNRATICE<\/h3>\n\t\t\t\t\t\t\t\t\t\t\t<\/div>\n\t\t\t\t\t<p>Prodej bytu 2+kk \u2013 Praha-Kunratice | Kunratick\u00fd les\n\nZprost\u0159edkoval jsem prodej prostorn\u00e9ho slunn\u00e9ho bytu 2+kk o podlahov\u00e9 plo\u0161e 65,44 m\u00b2 s balkonem ve \u010dtvrt\u00e9m pat\u0159e modern\u00edho domu s v\u00fdtahem v Praze-Kunratic\u00edch. \n\nNemovitost byla \u00fasp\u011b\u0161n\u011b prod\u00e1na kupci, kter\u00fd hledal p\u0159esn\u011b to, co tato lokalita nab\u00edz\u00ed l\u00e9pe ne\u017e t\u00e9m\u011b\u0159 jak\u00e1koliv jin\u00e1 \u010d\u00e1st Prahy \u2013 p\u0159\u00edrodu p\u0159\u00edmo za dve\u0159mi a p\u0159itom plnohodnotn\u00fd m\u011bstsk\u00fd komfort.\n\nByt s prostorn\u00fdm prosklen\u00fdm ob\u00fdvac\u00edm pokojem spojen\u00fdm s kuchy\u0148sk\u00fdm koutem, balk\u00f3nem, odd\u011blenou koupelnou a toaletou, komorou v byt\u011b i druhou komorou na chodb\u011b ve stejn\u00e9m pat\u0159e nab\u00eddl kupci funk\u010dn\u00ed a promy\u0161lenou dispozici s dostatkem \u00falo\u017en\u00e9ho prostoru, kter\u00fd v bytech podobn\u00e9 velikosti v\u011bt\u0161inou chyb\u00ed. Kunratick\u00fd les za\u010d\u00edn\u00e1 prakticky u domu \u2013 rann\u00ed b\u011bh, proch\u00e1zka se psem nebo v\u00fdlet na kole do p\u0159\u00edrody bez nutnosti nastupovat do auta. Praha-Kunratice jsou z\u00e1rove\u0148 jednou z nejl\u00e9pe dostupn\u00fdch p\u0159\u00edrodn\u00edch lokalit v r\u00e1mci Prahy s kvalitn\u00ed s\u00edt\u00ed MHD, rychl\u00fdm napojen\u00edm na Kunratickou spojku a d\u00e1lnici D1 a kompletn\u00ed ob\u010danskou vybavenost\u00ed v bezprost\u0159edn\u00ed bl\u00edzkosti.\n\nPraha 4 \u2013 Kunratice pat\u0159\u00ed mezi nejstabiln\u011bj\u0161\u00ed a nej\u017e\u00e1dan\u011bj\u0161\u00ed reziden\u010dn\u00ed lokality ji\u017en\u00ed Prahy. Bl\u00edzkost Kunratick\u00e9ho lesa, klidn\u00e1 z\u00e1stavba a dobr\u00e1 dostupnost centra Prahy p\u0159itahuj\u00ed rodiny, mlad\u00e9 p\u00e1ry i n\u00e1ro\u010dn\u011bj\u0161\u00ed kupce, kte\u0159\u00ed necht\u011bj\u00ed volit mezi p\u0159\u00edrodou a m\u011bstem. P\u0159esn\u011b takov\u00e9mu kupci byl tento byt prod\u00e1n.\n\nVedle reziden\u010dn\u00edch nemovitost\u00ed \u2013 byt\u016f a rodinn\u00fdch dom\u016f v Praze a okol\u00ed \u2013 se specializuji tak\u00e9 na prodej komer\u010dn\u00edch nemovitost\u00ed, pr\u016fmyslov\u00fdch a v\u00fdrobn\u00edch are\u00e1l\u016f, investi\u010dn\u00edch bytov\u00fdch a \u010din\u017eovn\u00edch dom\u016f, hotel\u016f, penzion\u016f, stavebn\u00edch pozemk\u016f a developersk\u00fdch lokalit nap\u0159\u00ed\u010d celou \u010ceskou republikou. \n\nPokud hled\u00e1te realitn\u00edho makl\u00e9\u0159e v Praze, kter\u00fd pokr\u00fdv\u00e1 cel\u00e9 spektrum realitn\u00edho trhu a m\u00e1 prokazateln\u00e9 v\u00fdsledky v ka\u017ed\u00e9m jeho segmentu, jsem p\u0159ipraven va\u0161i situaci projednat.\n<\/p>\n\t\t\t\t<\/div>\n\t\t\t<\/div>\n\t\t\t\t\t\t<\/div>\n\t\t\t\t<\/div>\n\t\t\t\t<div class=\"elementor-element elementor-element-e813f16 elementor-widget elementor-widget-e_image_hover_effects\" data-id=\"e813f16\" data-element_type=\"widget\" data-e-type=\"widget\" data-settings=\"{&quot;_animation&quot;:&quot;none&quot;}\" data-widget_type=\"e_image_hover_effects.default\">\n\t\t\t\t<div class=\"elementor-widget-container\">\n\t\t\t\t\t\t\t\t<div class=\"eihe-box eihe-fade eihe_flex-start\">\n\t\t\t\t<img loading=\"lazy\" decoding=\"async\" width=\"2560\" height=\"1707\" data-src=\"https:\/\/blahareality.cz\/wp-content\/uploads\/2025\/01\/Zmensena-na-web-Cernokstelecka-scaled-1.jpg\" class=\"attachment-full size-full wp-image-15724 lazyload\" alt=\"\" src=\"data:image\/gif;base64,R0lGODlhAQABAAAAACH5BAEKAAEALAAAAAABAAEAAAICTAEAOw==\" style=\"--smush-placeholder-width: 2560px; --smush-placeholder-aspect-ratio: 2560\/1707;\"><noscript><img loading=\"lazy\" decoding=\"async\" width=\"2560\" height=\"1707\" src=\"https:\/\/blahareality.cz\/wp-content\/uploads\/2025\/01\/Zmensena-na-web-Cernokstelecka-scaled-1.jpg\" class=\"attachment-full size-full wp-image-15724\" alt=\"\"><\/noscript>\t\t\t\t<div class=\"eihe-caption\">\n\t\t\t\t\t<div class=\"eihe-title-cover\">\n\t\t\t\t\t\t\t\t\t\t\t\t<h3 class=\"eihe-title\">VERKAUFT, GENOSSENSCHAFTSWOHNUNG, 3+1, PRAG STRA\u0160NICE<\/h3>\n\t\t\t\t\t\t\t\t\t\t\t<\/div>\n\t\t\t\t\t<p><\/p>\n\t\t\t\t<\/div>\n\t\t\t<\/div>\n\t\t\t\t\t\t<\/div>\n\t\t\t\t<\/div>\n\t\t\t\t<div class=\"elementor-element elementor-element-0db6874 elementor-widget elementor-widget-e_image_hover_effects\" data-id=\"0db6874\" data-element_type=\"widget\" data-e-type=\"widget\" data-settings=\"{&quot;_animation&quot;:&quot;none&quot;}\" data-widget_type=\"e_image_hover_effects.default\">\n\t\t\t\t<div class=\"elementor-widget-container\">\n\t\t\t\t\t\t\t\t<div class=\"eihe-box eihe-fade eihe_flex-start\">\n\t\t\t\t<img loading=\"lazy\" decoding=\"async\" width=\"1620\" height=\"1080\" data-src=\"https:\/\/blahareality.cz\/wp-content\/uploads\/2025\/01\/Navrhova-plocha-5-1.jpg\" class=\"attachment-full size-full wp-image-15722 lazyload\" alt=\"\" src=\"data:image\/gif;base64,R0lGODlhAQABAAAAACH5BAEKAAEALAAAAAABAAEAAAICTAEAOw==\" style=\"--smush-placeholder-width: 1620px; --smush-placeholder-aspect-ratio: 1620\/1080;\"><noscript><img loading=\"lazy\" decoding=\"async\" width=\"1620\" height=\"1080\" src=\"https:\/\/blahareality.cz\/wp-content\/uploads\/2025\/01\/Navrhova-plocha-5-1.jpg\" class=\"attachment-full size-full wp-image-15722\" alt=\"\"><\/noscript>\t\t\t\t<div class=\"eihe-caption\">\n\t\t\t\t\t<div class=\"eihe-title-cover\">\n\t\t\t\t\t\t\t\t\t\t\t\t<h3 class=\"eihe-title\">ZU VERMIETEN, WOHNUNG, 3+KK, PRAGUE 2 - VINOHRADY<\/h3>\n\t\t\t\t\t\t\t\t\t\t\t<\/div>\n\t\t\t\t\t<p>Pron\u00e1jem podkrovn\u00edho bytu 3+kk, 104,8 m\u00b2 \u2013 Vinohradsk\u00e1, Praha 2 Vinohrady\n\nZprost\u0159edkoval jsem pron\u00e1jem sv\u011btl\u00e9ho za\u0159\u00edzen\u00e9ho podkrovn\u00edho bytu 3+kk o v\u00fdm\u011b\u0159e 104,8 m\u00b2 s v\u00fdtahem na Vinohradsk\u00e9 ulici v Praze 2 \u2013 Vinohradech, naproti Sad\u016fm Svatopluka \u010cecha a v bezprost\u0159edn\u00ed bl\u00edzkosti N\u00e1m\u011bst\u00ed Ji\u0159\u00edho z Pod\u011bbrad a N\u00e1m\u011bst\u00ed M\u00edru. Nemovitost byla \u00fasp\u011b\u0161n\u011b pronajata n\u00e1jemci, kter\u00fd hledal prostorn\u00fd a tich\u00fd za\u0159\u00edzen\u00fd byt v absolutn\u00edm centru pra\u017esk\u00fdch Vinohrad s okam\u017eitou dostupnost\u00ed bez nutnosti cokoliv za\u0159izovat.\n\nPodkrovn\u00ed byt s plynovou deskou, my\u010dkou, lednic\u00ed, kompletn\u00edm n\u00e1bytkem a vlastn\u00edm plynov\u00fdm kotlem s bojlerem nab\u00eddl n\u00e1jemci pr\u00e9miov\u00e9 bydlen\u00ed p\u0159ipraven\u00e9 k okam\u017eit\u00e9mu nast\u011bhov\u00e1n\u00ed. Podkrovn\u00ed charakter bytu zaji\u0161\u0165uje sv\u011btlost, klid a vzdu\u0161nost, kterou standardn\u00ed bytov\u00e9 jednotky v \u010din\u017eovn\u00edch domech nemohou nab\u00eddnout. V\u00fdtah v dom\u011b zachov\u00e1v\u00e1 pln\u00fd komfort i p\u0159es vy\u0161\u0161\u00ed podla\u017e\u00ed. Parkov\u00e1n\u00ed p\u0159ed domem a v okol\u00ed, 15 minut p\u011b\u0161\u00ed ch\u016fze na V\u00e1clavsk\u00e9 n\u00e1m\u011bst\u00ed a Muzeum, metro, tramvaje a autobusy p\u0159\u00edmo v dosahu \u2013 dostupnost centra Prahy z t\u00e9to adresy je v\u00fdjime\u010dn\u00e1 i na vinohradsk\u00e9 pom\u011bry.\n\nPraha 2 \u2013 Vinohrady jsou nejpresti\u017en\u011bj\u0161\u00ed reziden\u010dn\u00ed adresou pro pr\u00e9miov\u00fd pron\u00e1jem v cel\u00e9 \u010cesk\u00e9 republice. Vinohradsk\u00e1 ulice s v\u00fdhledem na Sady Svatopluka \u010cecha, Riegrovy sady, Gr\u00e9bovku a dal\u0161\u00edch sedm pra\u017esk\u00fdch park\u016f a sad\u016f v doch\u00e1zkov\u00e9 vzd\u00e1lenosti, kompletn\u00ed restaura\u010dn\u00ed a kav\u00e1rensk\u00e1 sc\u00e9na p\u0159\u00edmo v okol\u00ed a n\u00e1kupn\u00ed mo\u017enosti zahrnuj\u00edc\u00ed Vinohradsk\u00fd Pavilon, Albert, Billu Korunn\u00ed, NC Fl\u00f3ra a NC Eden tvo\u0159\u00ed adresu, kterou n\u00e1ro\u010dn\u011bj\u0161\u00ed n\u00e1jemci \u2013 expatrioti, mana\u017ee\u0159i a profesion\u00e1lov\u00e9 hledaj\u00edc\u00ed kvalitn\u00ed bydlen\u00ed v Praze \u2013 aktivn\u011b vyhled\u00e1vaj\u00ed a jsou ochotni za ni platit pr\u00e9miov\u00e9 n\u00e1jemn\u00e9.\nVedle reziden\u010dn\u00edch pron\u00e1jm\u016f \u2013 byt\u016f a rodinn\u00fdch dom\u016f v Praze a okol\u00ed \u2013 se specializuji tak\u00e9 na pron\u00e1jem a prodej komer\u010dn\u00edch nemovitost\u00ed, pr\u016fmyslov\u00fdch a v\u00fdrobn\u00edch are\u00e1l\u016f, investi\u010dn\u00edch bytov\u00fdch a \u010din\u017eovn\u00edch dom\u016f, hotel\u016f, penzion\u016f, stavebn\u00edch pozemk\u016f a developersk\u00fdch lokalit nap\u0159\u00ed\u010d celou \u010ceskou republikou. \n\nPokud hled\u00e1te zku\u0161en\u00e9ho realitn\u00edho makl\u00e9\u0159e v Praze pro prodej, nebo pron\u00e1jem pr\u00e9miov\u00e9 reziden\u010dn\u00ed \u010di komer\u010dn\u00ed nemovitosti, kter\u00fd zn\u00e1 trh, m\u00e1 p\u0159\u00edm\u00fd p\u0159\u00edstup k bonitn\u00edm n\u00e1jemc\u016fm i kupc\u016fm a dosahuje v\u00fdsledk\u016f v ka\u017ed\u00e9m segmentu realitn\u00edho trhu, jsem p\u0159ipraven va\u0161i situaci projednat.\n\n<\/p>\n\t\t\t\t<\/div>\n\t\t\t<\/div>\n\t\t\t\t\t\t<\/div>\n\t\t\t\t<\/div>\n\t\t\t\t<div class=\"elementor-element elementor-element-e2810dc elementor-widget elementor-widget-e_image_hover_effects\" data-id=\"e2810dc\" data-element_type=\"widget\" data-e-type=\"widget\" data-settings=\"{&quot;_animation&quot;:&quot;none&quot;}\" data-widget_type=\"e_image_hover_effects.default\">\n\t\t\t\t<div class=\"elementor-widget-container\">\n\t\t\t\t\t\t\t\t<div class=\"eihe-box eihe-fade eihe_flex-start\">\n\t\t\t\t<img loading=\"lazy\" decoding=\"async\" width=\"1196\" height=\"797\" data-src=\"https:\/\/blahareality.cz\/wp-content\/uploads\/2025\/01\/2021_07_01_31982-HDR-2_edited.jpg\" class=\"attachment-full size-full wp-image-15728 lazyload\" alt=\"\" src=\"data:image\/gif;base64,R0lGODlhAQABAAAAACH5BAEKAAEALAAAAAABAAEAAAICTAEAOw==\" style=\"--smush-placeholder-width: 1196px; --smush-placeholder-aspect-ratio: 1196\/797;\"><noscript><img loading=\"lazy\" decoding=\"async\" width=\"1196\" height=\"797\" src=\"https:\/\/blahareality.cz\/wp-content\/uploads\/2025\/01\/2021_07_01_31982-HDR-2_edited.jpg\" class=\"attachment-full size-full wp-image-15728\" alt=\"\"><\/noscript>\t\t\t\t<div class=\"eihe-caption\">\n\t\t\t\t\t<div class=\"eihe-title-cover\">\n\t\t\t\t\t\t\t\t\t\t\t\t<h3 class=\"eihe-title\">VERKAUFT, WOHNUNG, 3+KK, PRAGUE 10 - VR\u0160OVICE<\/h3>\n\t\t\t\t\t\t\t\t\t\t\t<\/div>\n\t\t\t\t\t<p>Prodej dru\u017estevn\u00edho bytu 3+kk s lod\u017ei\u00ed \u2013 Vr\u0161ovice, Praha 10 | 87,56 m\u00b2\n\nZprost\u0159edkoval jsem prodej prostorn\u00e9ho a kompletn\u011b rekonstruovan\u00e9ho dru\u017estevn\u00edho bytu 3+kk s lod\u017ei\u00ed orientovanou do tich\u00e9ho zelen\u00e9ho vnitrobloku, sklepem a mo\u017enost\u00ed kryt\u00e9ho parkovac\u00edho st\u00e1n\u00ed v \u0161ir\u0161\u00edm centru Prahy \u2013 ve Vr\u0161ovic\u00edch na Praze 10. Nemovitost byla \u00fasp\u011b\u0161n\u011b prod\u00e1na kupci, kter\u00fd ocenil nadstandardn\u00ed dispozici, v\u00fdjime\u010dn\u00e9 odhlu\u010dn\u011bn\u00ed od ru\u0161n\u00e9 ulice Vr\u0161ovick\u00e1 a pr\u00e9miovou lokalitu v bezprost\u0159edn\u00ed bl\u00edzkosti centra Prahy.\n\nByt o podlahov\u00e9 plo\u0161e 87,56 m\u00b2 s ji\u017en\u00ed orientac\u00ed pro\u0161el kompletn\u00ed rekonstrukc\u00ed v\u010detn\u011b praktick\u00e9 zm\u011bny dispozic. V\u00fdjime\u010dnou vlastnost\u00ed tohoto bytu je \u00fapln\u00e9 odhlu\u010dn\u011bn\u00ed od ulice Vr\u0161ovick\u00e1 d\u00edky trojit\u00e9 bari\u00e9\u0159e \u2013 fas\u00e1da domu, chodba a st\u011bna bytu \u2013 co\u017e v byt\u011b vytv\u00e1\u0159\u00ed ticho, kter\u00e9 v \u0161ir\u0161\u00edm centru Prahy prakticky neexistuje. Lod\u017eie s posuvn\u00fdm uzav\u00edrateln\u00fdm sklem orientovan\u00e1 do klidn\u00e9ho zelen\u00e9ho vnitrobloku je vyu\u017eiteln\u00e1 za ka\u017ed\u00e9ho po\u010das\u00ed. D\u016fm disponuje dv\u011bma v\u00fdtahy. M\u011bs\u00ed\u010dn\u00ed n\u00e1klady ve v\u00fd\u0161i 4 411 K\u010d jsou pro lokalitu a velikost bytu mimo\u0159\u00e1dn\u011b n\u00edzk\u00e9. Jde o prodej dru\u017estevn\u00edho pod\u00edlu s m\u011bs\u00ed\u010dn\u00ed anuitou 7 619 K\u010d p\u0159i aktu\u00e1ln\u00ed hodnot\u011b p\u0159ibli\u017en\u011b 1 350 000 K\u010d \u2013 financov\u00e1n\u00ed je nutn\u00e9 p\u0159edjednat p\u0159edem, podm\u00ednky se li\u0161\u00ed od osobn\u00edho vlastnictv\u00ed.\n\nVr\u0161ovice pat\u0159\u00ed mezi nejdynami\u010dt\u011bj\u0161\u00ed a nejatraktivn\u011bj\u0161\u00ed \u010dtvrti Prahy s v\u00fdbornou dostupnost\u00ed centra m\u011bsta MHD p\u0159\u00edmo p\u0159ed domem, vlakov\u00fdm spojen\u00edm z N\u00e1dra\u017e\u00ed Vr\u0161ovice, rychl\u00fdm napojen\u00edm na ji\u017en\u00ed spojku a z\u00e1zem\u00edm Havl\u00ed\u010dkov\u00fdch sad\u016f, Heroldov\u00fdch sad\u016f a N\u00e1m\u011bst\u00ed Svatopluka \u010cecha v doch\u00e1zkov\u00e9 vzd\u00e1lenosti. Lokalita p\u0159itahuje n\u00e1ro\u010dn\u00e9 kupce, kte\u0159\u00ed cht\u011bj\u00ed bydlet bl\u00edzko centra Prahy v klidn\u00e9m a zelen\u00e9m prost\u0159ed\u00ed bez kompromis\u016f na dostupnosti a vybavenosti.\n\nVedle reziden\u010dn\u00edch nemovitost\u00ed \u2013 byt\u016f a rodinn\u00fdch dom\u016f v Praze a okol\u00ed \u2013 se specializuji tak\u00e9 na prodej komer\u010dn\u00edch nemovitost\u00ed, pr\u016fmyslov\u00fdch a v\u00fdrobn\u00edch are\u00e1l\u016f, investi\u010dn\u00edch bytov\u00fdch a \u010din\u017eovn\u00edch dom\u016f, hotel\u016f, penzion\u016f, stavebn\u00edch pozemk\u016f a developersk\u00fdch lokalit nap\u0159\u00ed\u010d celou \u010ceskou republikou.\n\nPokud hled\u00e1te realitn\u00edho makl\u00e9\u0159e v Praze, kter\u00fd m\u00e1 prokazateln\u00e9 v\u00fdsledky nap\u0159\u00ed\u010d cel\u00fdm spektrem realitn\u00edho trhu od reziden\u010dn\u00edch byt\u016f a\u017e po stamilionov\u00e9 komer\u010dn\u00ed transakce, jsem p\u0159ipraven va\u0161i situaci projednat.\n<\/p>\n\t\t\t\t<\/div>\n\t\t\t<\/div>\n\t\t\t\t\t\t<\/div>\n\t\t\t\t<\/div>\n\t\t\t\t<div class=\"elementor-element elementor-element-979768f elementor-widget elementor-widget-e_image_hover_effects\" data-id=\"979768f\" data-element_type=\"widget\" data-e-type=\"widget\" data-settings=\"{&quot;_animation&quot;:&quot;none&quot;}\" data-widget_type=\"e_image_hover_effects.default\">\n\t\t\t\t<div class=\"elementor-widget-container\">\n\t\t\t\t\t\t\t\t<div class=\"eihe-box eihe-fade eihe_flex-start\">\n\t\t\t\t<img loading=\"lazy\" decoding=\"async\" width=\"1800\" height=\"1200\" data-src=\"https:\/\/blahareality.cz\/wp-content\/uploads\/2025\/01\/Za-Cernym-mostem-4.jpg\" class=\"attachment-full size-full wp-image-15723 lazyload\" alt=\"\" src=\"data:image\/gif;base64,R0lGODlhAQABAAAAACH5BAEKAAEALAAAAAABAAEAAAICTAEAOw==\" style=\"--smush-placeholder-width: 1800px; --smush-placeholder-aspect-ratio: 1800\/1200;\"><noscript><img loading=\"lazy\" decoding=\"async\" width=\"1800\" height=\"1200\" src=\"https:\/\/blahareality.cz\/wp-content\/uploads\/2025\/01\/Za-Cernym-mostem-4.jpg\" class=\"attachment-full size-full wp-image-15723\" alt=\"\"><\/noscript>\t\t\t\t<div class=\"eihe-caption\">\n\t\t\t\t\t<div class=\"eihe-title-cover\">\n\t\t\t\t\t\t\t\t\t\t\t\t<h3 class=\"eihe-title\">ZU VERMIETEN, WOHNUNG, 1+KK, PRAGUE 9 - KYJE, \u010cERN\u00dd MOST<\/h3>\n\t\t\t\t\t\t\t\t\t\t\t<\/div>\n\t\t\t\t\t<p><\/p>\n\t\t\t\t<\/div>\n\t\t\t<\/div>\n\t\t\t\t\t\t<\/div>\n\t\t\t\t<\/div>\n\t\t\t\t<div class=\"elementor-element elementor-element-0e1e65d elementor-widget elementor-widget-e_image_hover_effects\" data-id=\"0e1e65d\" data-element_type=\"widget\" data-e-type=\"widget\" data-settings=\"{&quot;_animation&quot;:&quot;none&quot;}\" data-widget_type=\"e_image_hover_effects.default\">\n\t\t\t\t<div class=\"elementor-widget-container\">\n\t\t\t\t\t\t\t\t<div class=\"eihe-box eihe-fade eihe_flex-start\">\n\t\t\t\t<img loading=\"lazy\" decoding=\"async\" width=\"2560\" height=\"1707\" data-src=\"https:\/\/blahareality.cz\/wp-content\/uploads\/2025\/01\/DSC01143-HDR-scaled-1.jpg\" class=\"attachment-full size-full wp-image-15738 lazyload\" alt=\"\" src=\"data:image\/gif;base64,R0lGODlhAQABAAAAACH5BAEKAAEALAAAAAABAAEAAAICTAEAOw==\" style=\"--smush-placeholder-width: 2560px; --smush-placeholder-aspect-ratio: 2560\/1707;\"><noscript><img loading=\"lazy\" decoding=\"async\" width=\"2560\" height=\"1707\" src=\"https:\/\/blahareality.cz\/wp-content\/uploads\/2025\/01\/DSC01143-HDR-scaled-1.jpg\" class=\"attachment-full size-full wp-image-15738\" alt=\"\"><\/noscript>\t\t\t\t<div class=\"eihe-caption\">\n\t\t\t\t\t<div class=\"eihe-title-cover\">\n\t\t\t\t\t\t\t\t\t\t\t\t<h3 class=\"eihe-title\">VERKAUFT, WOHNUNG, 3+1, PLZEN SLOVANY<\/h3>\n\t\t\t\t\t\t\t\t\t\t\t<\/div>\n\t\t\t\t\t<p>Prodej bytu 3+1 s balkonem a terasou \u2013 Plze\u0148 Slovany | 83 m\u00b2, Lesopark Homolka\n\nZprost\u0159edkoval jsem prodej p\u0159\u00edjemn\u00e9ho a sv\u011btl\u00e9ho bytu 3+1 o u\u017eitn\u00e9 plo\u0161e 83 m\u00b2 s balkonem, terasou orientovanou do tich\u00e9ho zelen\u00e9ho vnitrobloku a sklepem 6 m\u00b2 v \u017e\u00e1dan\u00e9 reziden\u010dn\u00ed \u010dtvrti Plze\u0148 \u2013 Slovany. Nemovitost byla rezervov\u00e1na a transakce \u00fasp\u011b\u0161n\u011b uzav\u0159ena s kupcem hledaj\u00edc\u00edm prostorn\u00fd rodinn\u00fd byt v klidn\u00e9 a zelen\u00e9 \u010d\u00e1sti Plzn\u011b s v\u00fdbornou dostupnost\u00ed a kompletn\u00edm z\u00e1zem\u00edm pro ka\u017edodenn\u00ed \u017eivot.\n\nByt s balkonem a terasou do tich\u00e9ho vnitrobloku nab\u00eddl kupci to, co v plze\u0148sk\u00e9m bytov\u00e9m fondu nen\u00ed samoz\u0159ejmost\u00ed \u2013 dva venkovn\u00ed prostory pro ka\u017edodenn\u00ed relaxaci s v\u00fdhledem do zelen\u011b a z\u00e1rove\u0148 prostorn\u00fd sklep pro pohodln\u00e9 uskladn\u011bn\u00ed. \u010ctvr\u0165 Slovany pat\u0159\u00ed mezi nej\u017e\u00e1dan\u011bj\u0161\u00ed reziden\u010dn\u00ed lokality v cel\u00e9 Plzni d\u00edky kombinaci klidn\u00e9 n\u00edzk\u00e9 rodinn\u00e9 z\u00e1stavby, vzrostl\u00e9 zelen\u011b a p\u0159\u00edm\u00e9 dostupnosti Lesoparku Homolka s rozmanit\u00fdm vyu\u017eit\u00edm pro sport, proch\u00e1zky a odpo\u010dinek p\u0159\u00edmo za dve\u0159mi. Kompletn\u00ed ob\u010dansk\u00e1 vybavenost v\u010detn\u011b \u0161kol, \u0161kolek, obchod\u016f a volno\u010dasov\u00fdch aktivit v doch\u00e1zkov\u00e9 vzd\u00e1lenosti, v\u00fdborn\u00e1 dostupnost MHD a rychl\u00e9 napojen\u00ed na d\u00e1lnici D5 sm\u011brem na Prahu i N\u011bmecko \u0159ad\u00ed tuto lokalitu mezi absolutn\u00ed \u0161pi\u010dku plze\u0148sk\u00e9ho reziden\u010dn\u00edho trhu.\n\nV Plzni m\u00e1m dlouhodob\u00e9 zku\u0161enosti a prokazateln\u00e9 v\u00fdsledky nap\u0159\u00ed\u010d cel\u00fdm realitn\u00edm trhem \u2013 od bytov\u00fdch jednotek ve Slovanech p\u0159es \u010din\u017eovn\u00ed domy na Klatovsk\u00e9 t\u0159\u00edd\u011b a\u017e po komer\u010dn\u011b reziden\u010dn\u00ed objekty v centru Rokycan. Zn\u00e1m plze\u0148sk\u00fd trh, m\u00e1m p\u0159\u00edm\u00fd p\u0159\u00edstup ke kupc\u016fm a investor\u016fm aktivn\u011b p\u016fsob\u00edc\u00edm v Plze\u0148sk\u00e9m kraji a transakce zast\u0159e\u0161\u00edm od prvn\u00edho jedn\u00e1n\u00ed a\u017e po \u00fasp\u011b\u0161n\u00fd podpis.\n\nPracuji pro jednu z nej\u00fasp\u011b\u0161n\u011bj\u0161\u00edch realitn\u00edch kancel\u00e1\u0159\u00ed REMAX Horizont. Vedle reziden\u010dn\u00edch nemovitost\u00ed \u2013 byt\u016f a rodinn\u00fdch dom\u016f v Plzni, Praze a St\u0159edo\u010desk\u00e9m kraji \u2013 se specializuji tak\u00e9 na prodej komer\u010dn\u00edch nemovitost\u00ed, pr\u016fmyslov\u00fdch a v\u00fdrobn\u00edch are\u00e1l\u016f, investi\u010dn\u00edch bytov\u00fdch a \u010din\u017eovn\u00edch dom\u016f, hotel\u016f, penzion\u016f, stavebn\u00edch pozemk\u016f a developersk\u00fdch lokalit nap\u0159\u00ed\u010d celou \u010ceskou republikou. \n\nPokud hled\u00e1te zku\u0161en\u00e9ho realitn\u00edho makl\u00e9\u0159e REMAX v Plzni nebo kdekoliv v \u010cesk\u00e9 republice pro prodej nebo pron\u00e1jem reziden\u010dn\u00ed \u010di komer\u010dn\u00ed nemovitosti s prokazateln\u00fdmi v\u00fdsledky v ka\u017ed\u00e9m segmentu trhu, jsem p\u0159ipraven va\u0161i situaci projednat.\n<\/p>\n\t\t\t\t<\/div>\n\t\t\t<\/div>\n\t\t\t\t\t\t<\/div>\n\t\t\t\t<\/div>\n\t\t\t\t<div class=\"elementor-element elementor-element-6e3d8c3 elementor-widget elementor-widget-e_image_hover_effects\" data-id=\"6e3d8c3\" data-element_type=\"widget\" data-e-type=\"widget\" data-settings=\"{&quot;_animation&quot;:&quot;none&quot;}\" data-widget_type=\"e_image_hover_effects.default\">\n\t\t\t\t<div class=\"elementor-widget-container\">\n\t\t\t\t\t\t\t\t<div class=\"eihe-box eihe-fade eihe_flex-start\">\n\t\t\t\t<img loading=\"lazy\" decoding=\"async\" width=\"1800\" height=\"1200\" data-src=\"https:\/\/blahareality.cz\/wp-content\/uploads\/2025\/01\/Byt-Freyova-4.jpg\" class=\"attachment-full size-full wp-image-15725 lazyload\" alt=\"\" src=\"data:image\/gif;base64,R0lGODlhAQABAAAAACH5BAEKAAEALAAAAAABAAEAAAICTAEAOw==\" style=\"--smush-placeholder-width: 1800px; --smush-placeholder-aspect-ratio: 1800\/1200;\"><noscript><img loading=\"lazy\" decoding=\"async\" width=\"1800\" height=\"1200\" src=\"https:\/\/blahareality.cz\/wp-content\/uploads\/2025\/01\/Byt-Freyova-4.jpg\" class=\"attachment-full size-full wp-image-15725\" alt=\"\"><\/noscript>\t\t\t\t<div class=\"eihe-caption\">\n\t\t\t\t\t<div class=\"eihe-title-cover\">\n\t\t\t\t\t\t\t\t\t\t\t\t<h3 class=\"eihe-title\">ZU VERMIETEN, WOHNUNG, 1+KK, PRAGUE 9 - VYSO\u010cANY<\/h3>\n\t\t\t\t\t\t\t\t\t\t\t<\/div>\n\t\t\t\t\t<p>Pron\u00e1jem bytu 1+kk, 33 m\u00b2 \u2013 Rezidence Eli\u0161ka, Praha 9 Vyso\u010dany\n\nZprost\u0159edkoval jsem dlouhodob\u00fd pron\u00e1jem modern\u00edho bytu 1+kk s komorou o v\u00fdm\u011b\u0159e 33 m\u00b2 ve dvan\u00e1ct\u00e9m pat\u0159e Rezidence Eli\u0161ka v Praze 9 \u2013 Vyso\u010danech za m\u011bs\u00ed\u010dn\u00ed n\u00e1jemn\u00e9 13 000 K\u010d. Nemovitost byla \u00fasp\u011b\u0161n\u011b pronajata bonitn\u00edmu n\u00e1jemci hledaj\u00edc\u00edmu modern\u00ed a kompletn\u011b vybaven\u00fd byt v novostavb\u011b s recepc\u00ed a v\u00fdbornou dostupnost\u00ed dvou stanic metra v jedn\u00e9 z nejrychleji se rozv\u00edjej\u00edc\u00edch \u010d\u00e1st\u00ed Prahy 9.\n\nByt ve dvan\u00e1ct\u00e9m pat\u0159e orientovan\u00fd na v\u00fdchod s v\u00fdhledem nab\u00eddl n\u00e1jemci nadstandardn\u00ed z\u00e1zem\u00ed Rezidence Eli\u0161ka \u2013 recepce otev\u0159en\u00e1 24 hodin denn\u011b sedm dn\u00ed v t\u00fddnu a p\u011bt v\u00fdtah\u016f v dom\u011b zaji\u0161\u0165uj\u00ed komfort a bezpe\u010dnost, kter\u00e9 v b\u011b\u017en\u00e9m n\u00e1jemn\u00edm bydlen\u00ed v Praze neexistuj\u00ed. Byt je kompletn\u011b vybaven kuchy\u0148skou linkou se dv\u011bma plot\u00fdnkami, mikrovlnnou troubou a my\u010dkou, j\u00eddeln\u00edm stolem, gau\u010dem, dvoul\u016f\u017ekovou postel\u00ed, pra\u010dkou v koupeln\u011b se sprchov\u00fdm koutem, komorou s \u00falo\u017en\u00fdm reg\u00e1lem a velkou vestav\u011bnou sk\u0159\u00edn\u00ed s v\u011b\u0161\u00e1kem v chodb\u011b \u2013 nast\u011bhov\u00e1n\u00ed bez jedin\u00e9ho n\u00e1kupu.\n\nPraha 9 \u2013 Vyso\u010dany pat\u0159\u00ed mezi nejdynami\u010dt\u011bji se rozv\u00edjej\u00edc\u00ed \u010d\u00e1sti Prahy s v\u00fdbornou dostupnost\u00ed dvou stanic metra \u2013 Vyso\u010dansk\u00e1 a \u010ceskomoravsk\u00e1 \u2013 tramvaj\u00ed, autobus\u016f a vlakov\u00e9ho n\u00e1dra\u017e\u00ed Libe\u0148. Galerie Harfa sAuni\u00ed, NC F\u00e9nix, Lidl, Billa, Albert a M\u00f6belix pokr\u00fdvaj\u00ed ve\u0161ker\u00e9 n\u00e1kupn\u00ed pot\u0159eby. Pro aktivn\u00ed n\u00e1jemn\u00edky park a stezka p\u0159i Rokytce, TJ Praga, TSM Sokol Vyso\u010dany, Wellness Hotel Step se saunami, tenisem, squashem a golfem a fitness centra v obou n\u00e1kupn\u00edch centrech. Park s d\u011btsk\u00fdm h\u0159i\u0161t\u011bm p\u0159\u00edmo p\u0159ed domem a Dinopark v Galerii Harfa ocen\u00edte s d\u011btmi. Vyso\u010dany jsou dnes adresou, kter\u00e1 kombinuje dostupnou cenu n\u00e1jmu, novostavbov\u00fd standard a v\u00fdbornou infrastrukturu \u2013 p\u0159esn\u011b to, co mlad\u00ed profesion\u00e1lov\u00e9 a p\u00e1ry na pra\u017esk\u00e9m n\u00e1jemn\u00edm trhu hledaj\u00ed.\n\nVedle reziden\u010dn\u00edch pron\u00e1jm\u016f \u2013 byt\u016f a rodinn\u00fdch dom\u016f v Praze a okol\u00ed \u2013 se specializuji tak\u00e9 na pron\u00e1jem a prodej komer\u010dn\u00edch nemovitost\u00ed, pr\u016fmyslov\u00fdch a v\u00fdrobn\u00edch are\u00e1l\u016f, investi\u010dn\u00edch bytov\u00fdch a \u010din\u017eovn\u00edch dom\u016f, hotel\u016f, penzion\u016f, stavebn\u00edch pozemk\u016f a developersk\u00fdch lokalit nap\u0159\u00ed\u010d celou \u010ceskou republikou. \n\nPokud hled\u00e1te zku\u0161en\u00e9ho realitn\u00edho makl\u00e9\u0159e v Praze pro pron\u00e1jem nebo prodej reziden\u010dn\u00ed \u010di komer\u010dn\u00ed nemovitosti s p\u0159\u00edm\u00fdm p\u0159\u00edstupem k bonitn\u00edm n\u00e1jemc\u016fm i kupc\u016fm, jsem p\u0159ipraven va\u0161i situaci projednat.\n<\/p>\n\t\t\t\t<\/div>\n\t\t\t<\/div>\n\t\t\t\t\t\t<\/div>\n\t\t\t\t<\/div>\n\t\t\t\t<div class=\"elementor-element elementor-element-716a0f1 elementor-widget elementor-widget-e_image_hover_effects\" data-id=\"716a0f1\" data-element_type=\"widget\" data-e-type=\"widget\" data-settings=\"{&quot;_animation&quot;:&quot;none&quot;}\" data-widget_type=\"e_image_hover_effects.default\">\n\t\t\t\t<div class=\"elementor-widget-container\">\n\t\t\t\t\t\t\t\t<div class=\"eihe-box eihe-fade eihe_flex-start\">\n\t\t\t\t<img loading=\"lazy\" decoding=\"async\" width=\"1619\" height=\"1080\" data-src=\"https:\/\/blahareality.cz\/wp-content\/uploads\/2025\/01\/2DSC_4923-HDR.jpg\" class=\"attachment-full size-full wp-image-15730 lazyload\" alt=\"\" src=\"data:image\/gif;base64,R0lGODlhAQABAAAAACH5BAEKAAEALAAAAAABAAEAAAICTAEAOw==\" style=\"--smush-placeholder-width: 1619px; --smush-placeholder-aspect-ratio: 1619\/1080;\"><noscript><img loading=\"lazy\" decoding=\"async\" width=\"1619\" height=\"1080\" src=\"https:\/\/blahareality.cz\/wp-content\/uploads\/2025\/01\/2DSC_4923-HDR.jpg\" class=\"attachment-full size-full wp-image-15730\" alt=\"\"><\/noscript>\t\t\t\t<div class=\"eihe-caption\">\n\t\t\t\t\t<div class=\"eihe-title-cover\">\n\t\t\t\t\t\t\t\t\t\t\t\t<h3 class=\"eihe-title\">VERKAUFT, WOHNUNG, 2+1, PRAG 9 - \u010cAKOVICE<\/h3>\n\t\t\t\t\t\t\t\t\t\t\t<\/div>\n\t\t\t\t\t<p>Prodej bytu 2+1 s lod\u017ei\u00ed \u2013 Praha-\u010cakovice, tich\u00fd vnitroblok | 52 m\u00b2\n\nZprost\u0159edkoval jsem prodej prostorn\u00e9ho a sv\u011btl\u00e9ho bytu 2+1 s lod\u017ei\u00ed orientovanou do tich\u00e9ho vnitrobloku, sklepem 5,7 m\u00b2 a v\u00fdm\u011brou 52 m\u00b2 v Praze-\u010cakovic\u00edch. Nemovitost byla \u00fasp\u011b\u0161n\u011b prod\u00e1na kupci, kter\u00fd hledal klidn\u00fd a funk\u010dn\u00ed byt v dob\u0159e vybaven\u00e9 severn\u00ed \u010d\u00e1sti Prahy s dostupnost\u00ed metra a kompletn\u00edm z\u00e1zem\u00edm pro rodinn\u00fd \u017eivot.\n\nByt prod\u00e1van\u00fd jako dru\u017estevn\u00ed pod\u00edl se splacenou anuitou a prob\u00edhaj\u00edc\u00edm p\u0159evodem do osobn\u00edho vlastnictv\u00ed \u2013 potvrzen\u00ed souhlasu dru\u017estva s p\u0159evodem do jednoho roku, v dom\u011b ji\u017e t\u0159i bytov\u00e9 jednotky v osobn\u00edm vlastnictv\u00ed a zakl\u00e1daj\u00edc\u00ed se SVJ \u2013 nab\u00eddl kupci jasnou cestu k pln\u00e9mu vlastnictv\u00ed nemovitosti p\u0159i zachov\u00e1n\u00ed dostupn\u00e9 po\u0159izovac\u00ed ceny. Bankovn\u00ed financov\u00e1n\u00ed hypote\u010dn\u00edm \u00fav\u011brem bylo zaji\u0161t\u011bno. Lod\u017eie orientovan\u00e1 do tich\u00e9ho zelen\u00e9ho vnitrobloku, prostorn\u00fd zd\u011bn\u00fd sklep a ve\u0159ejn\u00e1 parkovac\u00ed st\u00e1n\u00ed u domu dopl\u0148uj\u00ed praktick\u00e9 z\u00e1zem\u00ed bytu. Autobusov\u00e1 zast\u00e1vka p\u0159\u00edmo p\u0159ed domem a vlakov\u00e9 n\u00e1dra\u017e\u00ed \u010cakovice patn\u00e1ct minut p\u011b\u0161ky zaji\u0161\u0165uj\u00ed v\u00fdbornou dostupnost centra Prahy i dal\u0161\u00edch \u010d\u00e1st\u00ed m\u011bsta bez nutnosti vlastn\u00edho auta.\n\nPraha-\u010cakovice nab\u00edzej\u00ed \u0161est minut ch\u016fz\u00ed \u010cakovick\u00fd z\u00e1meck\u00fd park, Lidl a Tesco v bezprost\u0159edn\u00ed bl\u00edzkosti, Globus, OC Let\u0148any a metro v dosahu n\u011bkolika minut j\u00edzdy a relaxa\u010dn\u00ed a sportovn\u00ed centrum s fitness, squashem a saunou p\u0159\u00edmo v lokalit\u011b. Farm\u00e1\u0159sk\u00e9 trhy a kulturn\u00ed akce pro celou rodinu dotv\u00e1\u0159\u00ed obraz \u010dtvrti, kter\u00e1 se v posledn\u00edch letech stala jednou z nejatraktivn\u011bj\u0161\u00edch lokalit pro rodinn\u00e9 bydlen\u00ed v severn\u00ed \u010d\u00e1sti Prahy s p\u0159\u00edzniv\u011bj\u0161\u00ed cenovou hladinou ne\u017e vnit\u0159n\u00ed Praha.\n\nVedle reziden\u010dn\u00edch nemovitost\u00ed \u2013 byt\u016f a rodinn\u00fdch dom\u016f v Praze a St\u0159edo\u010desk\u00e9m kraji \u2013 se specializuji tak\u00e9 na prodej a pron\u00e1jem komer\u010dn\u00edch nemovitost\u00ed, pr\u016fmyslov\u00fdch a v\u00fdrobn\u00edch are\u00e1l\u016f, investi\u010dn\u00edch bytov\u00fdch a \u010din\u017eovn\u00edch dom\u016f, hotel\u016f, penzion\u016f, stavebn\u00edch pozemk\u016f a developersk\u00fdch lokalit nap\u0159\u00ed\u010d celou \u010ceskou republikou. \n\nPokud hled\u00e1te zku\u0161en\u00e9ho realitn\u00edho makl\u00e9\u0159e v Praze pro prodej nebo pron\u00e1jem reziden\u010dn\u00ed \u010di komer\u010dn\u00ed nemovitosti s prokazateln\u00fdmi v\u00fdsledky v ka\u017ed\u00e9m segmentu trhu, jsem p\u0159ipraven va\u0161i situaci projednat.\n<\/p>\n\t\t\t\t<\/div>\n\t\t\t<\/div>\n\t\t\t\t\t\t<\/div>\n\t\t\t\t<\/div>\n\t\t\t\t<div class=\"elementor-element elementor-element-f6cf2dd elementor-widget elementor-widget-e_image_hover_effects\" data-id=\"f6cf2dd\" data-element_type=\"widget\" data-e-type=\"widget\" data-settings=\"{&quot;_animation&quot;:&quot;none&quot;}\" data-widget_type=\"e_image_hover_effects.default\">\n\t\t\t\t<div class=\"elementor-widget-container\">\n\t\t\t\t\t\t\t\t<div class=\"eihe-box eihe-fade eihe_flex-start\">\n\t\t\t\t<img loading=\"lazy\" decoding=\"async\" width=\"1620\" height=\"1080\" data-src=\"https:\/\/blahareality.cz\/wp-content\/uploads\/2025\/01\/1.DSC_0165-HDR.jpg\" class=\"attachment-full size-full wp-image-15727 lazyload\" alt=\"\" src=\"data:image\/gif;base64,R0lGODlhAQABAAAAACH5BAEKAAEALAAAAAABAAEAAAICTAEAOw==\" style=\"--smush-placeholder-width: 1620px; --smush-placeholder-aspect-ratio: 1620\/1080;\"><noscript><img loading=\"lazy\" decoding=\"async\" width=\"1620\" height=\"1080\" src=\"https:\/\/blahareality.cz\/wp-content\/uploads\/2025\/01\/1.DSC_0165-HDR.jpg\" class=\"attachment-full size-full wp-image-15727\" alt=\"\"><\/noscript>\t\t\t\t<div class=\"eihe-caption\">\n\t\t\t\t\t<div class=\"eihe-title-cover\">\n\t\t\t\t\t\t\t\t\t\t\t\t<h3 class=\"eihe-title\">VERKAUFT, WOHNUNG, 2+KK, PRAGUE 9 - HORN\u00cd PO\u010cERNICE<\/h3>\n\t\t\t\t\t\t\t\t\t\t\t<\/div>\n\t\t\t\t\t<p>Prodej bytu 2+kk \u2013 Pavli\u0161ovsk\u00e1, Praha 20 Horn\u00ed Po\u010dernice\n\nZprost\u0159edkoval jsem prodej velmi p\u011bkn\u011b zrekonstruovan\u00e9ho panelov\u00e9ho bytu 2+kk v osobn\u00edm vlastnictv\u00ed v \u0161est\u00e9m pat\u0159e s v\u00fdtahem na ulici Pavli\u0161ovsk\u00e1 v Praze 9 \u2013 Horn\u00edch Po\u010dernic\u00edch. Nemovitost byla \u00fasp\u011b\u0161n\u011b prod\u00e1na kupci hledaj\u00edc\u00edmu zrekonstruovan\u00fd byt v osobn\u00edm vlastnictv\u00ed v klidn\u00e9 \u010d\u00e1sti Prahy 9 s dostupnost\u00ed p\u0159\u00edrody a kompletn\u00ed ob\u010danskou vybavenost\u00ed.\n\nByt po kvalitn\u00ed rekonstrukci prod\u00e1van\u00fd s kuchy\u0148skou linkou, zrekonstruovanou koupelnou a sk\u0159\u00edn\u00ed v chodb\u011b nab\u00eddl kupci nemovitost p\u0159ipravenou k okam\u017eit\u00e9mu nast\u011bhov\u00e1n\u00ed bez nutnosti dal\u0161\u00edch investic. Ke bytu n\u00e1le\u017e\u00ed sklepn\u00ed k\u00f3je. \u0160est\u00e9 patro s v\u00fdtahem p\u0159in\u00e1\u0161\u00ed v\u00fdhodu vy\u0161\u0161\u00edho podla\u017e\u00ed \u2013 sv\u011btlost, v\u00fdhled a klid od hluku ulice \u2013 p\u0159i zachov\u00e1n\u00ed pln\u00e9 dostupnosti i pro rodiny s d\u011btmi \u010di star\u0161\u00ed kupce.\n\nPraha 9 \u2013 Horn\u00ed Po\u010dernice pat\u0159\u00ed mezi lokality severov\u00fdchodn\u00ed Prahy s dlouhodob\u011b stabiln\u00ed popt\u00e1vkou po vlastn\u00edm bydlen\u00ed. Klidn\u00e1 reziden\u010dn\u00ed z\u00e1stavba v bl\u00edzkosti p\u0159\u00edrody, kompletn\u00ed ob\u010dansk\u00e1 vybavenost, v\u00fdborn\u00e1 dostupnost centra Prahy MHD a relativn\u011b p\u0159\u00edzniv\u011bj\u0161\u00ed cenov\u00e1 hladina oproti vnit\u0159n\u00ed Praze p\u0159itahuj\u00ed mlad\u00e9 p\u00e1ry, rodiny s d\u011btmi i investory orientovan\u00e9 na v\u00fdnosov\u00fd pron\u00e1jem. Rekonstruovan\u00fd byt v osobn\u00edm vlastnictv\u00ed v t\u00e9to lokalit\u011b p\u0159edstavuje na pra\u017esk\u00e9m realitn\u00edm trhu spolehlivou a likvidn\u00ed investici.\n\nVedle reziden\u010dn\u00edch nemovitost\u00ed \u2013 byt\u016f, rodinn\u00fdch dom\u016f a novostaveb v Praze a St\u0159edo\u010desk\u00e9m kraji \u2013 se specializuji tak\u00e9 na prodej a pron\u00e1jem komer\u010dn\u00edch nemovitost\u00ed, pr\u016fmyslov\u00fdch a v\u00fdrobn\u00edch are\u00e1l\u016f, investi\u010dn\u00edch bytov\u00fdch a \u010din\u017eovn\u00edch dom\u016f, hotel\u016f, penzion\u016f, stavebn\u00edch pozemk\u016f a developersk\u00fdch lokalit nap\u0159\u00ed\u010d celou \u010ceskou republikou. \n\nPokud hled\u00e1te zku\u0161en\u00e9ho realitn\u00edho makl\u00e9\u0159e v Praze pro prodej nebo pron\u00e1jem bytu, rodinn\u00e9ho domu \u010di komer\u010dn\u00ed nemovitosti s prokazateln\u00fdmi v\u00fdsledky nap\u0159\u00ed\u010d cel\u00fdm spektrem realitn\u00edho trhu, jsem p\u0159ipraven va\u0161i situaci projednat. Pracuji stejn\u011b jako Martin Drli\u010dka pro \u00fasp\u011b\u0161nou realitn\u00ed kancel\u00e1\u0159 REMAX Horizont v Horn\u00edch Po\u010dernic\u00edch.\n<\/p>\n\t\t\t\t<\/div>\n\t\t\t<\/div>\n\t\t\t\t\t\t<\/div>\n\t\t\t\t<\/div>\n\t\t\t\t<div class=\"elementor-element elementor-element-5416f9a elementor-widget elementor-widget-e_image_hover_effects\" data-id=\"5416f9a\" data-element_type=\"widget\" data-e-type=\"widget\" data-settings=\"{&quot;_animation&quot;:&quot;none&quot;}\" data-widget_type=\"e_image_hover_effects.default\">\n\t\t\t\t<div class=\"elementor-widget-container\">\n\t\t\t\t\t\t\t\t<div class=\"eihe-box eihe-fade eihe_flex-start\">\n\t\t\t\t<img loading=\"lazy\" decoding=\"async\" width=\"1620\" height=\"1080\" data-src=\"https:\/\/blahareality.cz\/wp-content\/uploads\/2025\/01\/Navrhova-plocha-3.jpg\" class=\"attachment-full size-full wp-image-15737 lazyload\" alt=\"\" src=\"data:image\/gif;base64,R0lGODlhAQABAAAAACH5BAEKAAEALAAAAAABAAEAAAICTAEAOw==\" style=\"--smush-placeholder-width: 1620px; --smush-placeholder-aspect-ratio: 1620\/1080;\"><noscript><img loading=\"lazy\" decoding=\"async\" width=\"1620\" height=\"1080\" src=\"https:\/\/blahareality.cz\/wp-content\/uploads\/2025\/01\/Navrhova-plocha-3.jpg\" class=\"attachment-full size-full wp-image-15737\" alt=\"\"><\/noscript>\t\t\t\t<div class=\"eihe-caption\">\n\t\t\t\t\t<div class=\"eihe-title-cover\">\n\t\t\t\t\t\t\t\t\t\t\t\t<h3 class=\"eihe-title\">VERKAUFT, WOHNUNG, 3+1, PRAGUE 12 - KAM\u00ddK<\/h3>\n\t\t\t\t\t\t\t\t\t\t\t<\/div>\n\t\t\t\t\t<p>Prodej bytu 3+1 s lod\u017ei\u00ed \u2013 Praha-Kam\u00fdk | 67,5 m\u00b2 | Metro D Nov\u00e9 Dvory\n\nZprost\u0159edkoval jsem prodej slunn\u00e9ho rekonstruovan\u00e9ho bytu 3+1 s lod\u017ei\u00ed, sklepem a v\u00fdtahem o v\u00fdm\u011b\u0159e 67,5 m\u00b2 v Praze-Kam\u00fdku na Praze 12. Nemovitost byla \u00fasp\u011b\u0161n\u011b prod\u00e1na kupci, kter\u00fd ocenil kombinaci kompletn\u011b zrekonstruovan\u00e9ho bytu i domu, v\u00fdborn\u00e9 dostupnosti centra Prahy a mimo\u0159\u00e1dn\u00e9ho potenci\u00e1lu lokality v souvislosti s dostavbou metra D \u2013 stanice Nov\u00e9 Dvory.\n\nByt po rekonstrukci se zd\u011bn\u00fdm j\u00e1drem, samostatnou toaletou, bezpe\u010dnostn\u00edmi vchodov\u00fdmi dve\u0159mi, plastov\u00fdmi okny a d\u00e1lkov\u011b ovl\u00e1dan\u00fdmi p\u0159edokenn\u00edmi \u017ealuziemi se zast\u00edn\u011bn\u00edm lod\u017eie v hodnot\u011b 60 000 K\u010d zaji\u0161\u0165uj\u00edc\u00ed p\u0159\u00edjemn\u00e9 klima i v hork\u00fdch letn\u00edch dnech nab\u00eddl kupci nemovitost p\u0159ipravenou k nast\u011bhov\u00e1n\u00ed bez nutnosti jak\u00fdchkoliv investic. D\u016fm pro\u0161el rozs\u00e1hlou rekonstrukc\u00ed \u2013 zateplen\u00ed fas\u00e1dy, v\u00fdm\u011bna rozvod\u016f vody, elekt\u0159iny a optick\u00fdch kabel\u016f, oprava st\u0159echy, kompletn\u00ed v\u00fdm\u011bna v\u00fdtahu a rekonstrukce obou vchod\u016f. M\u011bs\u00ed\u010dn\u00ed poplatky ve v\u00fd\u0161i 3 403 K\u010d zahrnuj\u00ed ve\u0161ker\u00e9 z\u00e1lohy v\u010detn\u011b fondu oprav, topen\u00ed, oh\u0159evu vody a v\u00fdtahu \u2013 n\u00edzk\u00e1 provozn\u00ed z\u00e1t\u011b\u017e pro vlastn\u00edka i n\u00e1jemn\u00edka.\n\nPraha-Kam\u00fdk a \u0161ir\u0161\u00ed oblast Prahy 12 pat\u0159\u00ed mezi lokality s rostouc\u00ed investi\u010dn\u00ed atraktivitou. P\u0159\u00edm\u00fd autobusov\u00fd spoj na metro Ka\u010derov s cestou do centra p\u0159ibli\u017en\u011b 30 minut zaji\u0161\u0165uje v\u00fdbornou dostupnost ji\u017e dnes. Po dostavb\u011b metra D se stanic\u00ed Nov\u00e9 Dvory v bezprost\u0159edn\u00ed bl\u00edzkosti se dostupnost v\u00fdrazn\u011b zlep\u0161\u00ed a hodnota nemovitost\u00ed v lokalit\u011b poroste \u2013 kupci, kte\u0159\u00ed nakoup\u00ed p\u0159ed otev\u0159en\u00edm metra, historicky profituj\u00ed nejv\u00edce. V okol\u00ed Kam\u00fdck\u00fd les, Kr\u010dsk\u00fd les, koupali\u0161t\u011b Lhotka a Mod\u0159ansk\u00e1 rokle pro sport a relaxaci, supermarket Albert p\u0159\u00edmo u domu, Lidl, JYSK a OBI v bl\u00edzkosti.\n\nVedle reziden\u010dn\u00edch nemovitost\u00ed \u2013 byt\u016f a rodinn\u00fdch dom\u016f v Praze a St\u0159edo\u010desk\u00e9m kraji \u2013 se specializuji tak\u00e9 na prodej komer\u010dn\u00edch nemovitost\u00ed, pr\u016fmyslov\u00fdch a v\u00fdrobn\u00edch are\u00e1l\u016f, investi\u010dn\u00edch bytov\u00fdch a \u010din\u017eovn\u00edch dom\u016f, hotel\u016f, penzion\u016f, stavebn\u00edch pozemk\u016f a developersk\u00fdch lokalit nap\u0159\u00ed\u010d celou \u010ceskou republikou. Pokud hled\u00e1te realitn\u00edho makl\u00e9\u0159e v Praze, kter\u00fd m\u00e1 prokazateln\u00e9 v\u00fdsledky nap\u0159\u00ed\u010d cel\u00fdm spektrem realitn\u00edho trhu od byt\u016f a\u017e po stamilionov\u00e9 komer\u010dn\u00ed transakce, jsem p\u0159ipraven va\u0161i situaci projednat.\n<\/p>\n\t\t\t\t<\/div>\n\t\t\t<\/div>\n\t\t\t\t\t\t<\/div>\n\t\t\t\t<\/div>\n\t\t\t\t<div class=\"elementor-element elementor-element-e899a09 elementor-widget elementor-widget-e_image_hover_effects\" data-id=\"e899a09\" data-element_type=\"widget\" data-e-type=\"widget\" data-settings=\"{&quot;_animation&quot;:&quot;none&quot;}\" data-widget_type=\"e_image_hover_effects.default\">\n\t\t\t\t<div class=\"elementor-widget-container\">\n\t\t\t\t\t\t\t\t<div class=\"eihe-box eihe-fade eihe_flex-start\">\n\t\t\t\t<img loading=\"lazy\" decoding=\"async\" width=\"1306\" height=\"871\" data-src=\"https:\/\/blahareality.cz\/wp-content\/uploads\/2025\/01\/zmensena-hlubocepy.webp\" class=\"attachment-full size-full wp-image-15753 lazyload\" alt=\"\" src=\"data:image\/gif;base64,R0lGODlhAQABAAAAACH5BAEKAAEALAAAAAABAAEAAAICTAEAOw==\" style=\"--smush-placeholder-width: 1306px; --smush-placeholder-aspect-ratio: 1306\/871;\"><noscript><img loading=\"lazy\" decoding=\"async\" width=\"1306\" height=\"871\" src=\"https:\/\/blahareality.cz\/wp-content\/uploads\/2025\/01\/zmensena-hlubocepy.webp\" class=\"attachment-full size-full wp-image-15753\" alt=\"\"><\/noscript>\t\t\t\t<div class=\"eihe-caption\">\n\t\t\t\t\t<div class=\"eihe-title-cover\">\n\t\t\t\t\t\t\t\t\t\t\t\t<h3 class=\"eihe-title\">VERKAUFT, Wohnung 1+kk, PRAGUE HLUBO\u010cEPY - BARRANDOV<\/h3>\n\t\t\t\t\t\t\t\t\t\t\t<\/div>\n\t\t\t\t\t<p>Prodej bytu 1+kk \u2013 Praha 5, Hlubo\u010depy | S\u00eddli\u0161t\u011b Barrandov\n\nZprost\u0159edkoval jsem prodej sv\u011btl\u00e9ho za\u0159\u00edzen\u00e9ho bytu 1+kk ve \u010dtvrt\u00e9m nadzemn\u00edm podla\u017e\u00ed revitalizovan\u00e9ho domu s modern\u00edm v\u00fdtahem v Praze 5 \u2013 Hlubo\u010dep\u00edch. Nemovitost byla prod\u00e1na p\u0159ipraven\u00e1 k okam\u017eit\u00e9mu nast\u011bhov\u00e1n\u00ed, pln\u011b vybaven\u00e1 a bez nutnosti jak\u00fdchkoliv investic do oprav \u010di rekonstrukce.\n\nByt s ji\u017en\u00ed orientac\u00ed, odd\u011blenou koupelnou a toaletou, vlastn\u00ed komorou, vestav\u011bn\u00fdmi sk\u0159\u00edn\u011bmi a klidn\u00fdm v\u00fdhledem do okoln\u00ed n\u00edzk\u00e9 z\u00e1stavby a zelen\u011b p\u0159edstavuje p\u0159esn\u011b to, co na pra\u017esk\u00e9m trhu s men\u0161\u00edmi byty kupci hledaj\u00ed nej\u010dast\u011bji \u2013 funk\u010dn\u00ed dispozici, dobr\u00fd stav a lokalitu, ze kter\u00e9 se \u010dlov\u011bk dostane kamkoliv v Praze rychle a pohodln\u011b. Tramvajov\u00e1 zast\u00e1vka S\u00eddli\u0161t\u011b Barrandov vzd\u00e1len\u00e1 280 metr\u016f zaji\u0161\u0165uje p\u0159\u00edm\u00e9 spojen\u00ed do centra Prahy bez nutnosti p\u0159estupu. D\u016fm pro\u0161el kompletn\u00ed revitalizac\u00ed \u2013 zateplen\u00e1 fas\u00e1da a nov\u00e1 plastov\u00e1 okna znamenaj\u00ed n\u00edzk\u00e9 provozn\u00ed n\u00e1klady a energeticky \u00fasporn\u00fd provoz celoro\u010dn\u011b.\n\nPraha 5 \u2013 Hlubo\u010depy a okol\u00ed Barrandova pat\u0159\u00ed mezi lokality s dlouhodob\u011b stabiln\u00ed popt\u00e1vkou. Zelen\u00e9 prost\u0159ed\u00ed, klidn\u00e1 z\u00e1stavba, kompletn\u00ed ob\u010dansk\u00e1 vybavenost v doch\u00e1zkov\u00e9 vzd\u00e1lenosti a v\u00fdborn\u00e9 tramvajov\u00e9 spojen\u00ed do centra Prahy p\u0159itahuj\u00ed jak mlad\u00e9 p\u00e1ry a jednotlivce hledaj\u00edc\u00ed prvn\u00ed vlastn\u00ed bydlen\u00ed, tak investory orientovan\u00e9 na v\u00fdnosov\u00fd pron\u00e1jem v lokalit\u011b s n\u00edzkou fluktuac\u00ed n\u00e1jemn\u00edk\u016f.\nPracoval jsem p\u0159\u00edmo se z\u00e1jemci, kte\u0159\u00ed hledali praktick\u00fd a okam\u017eit\u011b obyvateln\u00fd byt v klidn\u00e9 \u010d\u00e1sti Prahy 5 s dostupnost\u00ed centra. Spr\u00e1vn\u00e9 nacen\u011bn\u00ed, kvalitn\u00ed prezentace a c\u00edlen\u00e9 osloven\u00ed relevantn\u00edch kupc\u016f vedly k rychl\u00e9mu a \u00fasp\u011b\u0161n\u00e9mu uzav\u0159en\u00ed transakce.\n\nSpecializuji se na prodej reziden\u010dn\u00edch nemovitost\u00ed \u2013 byt\u016f, rodinn\u00fdch dom\u016f a investi\u010dn\u00edch nemovitost\u00ed v Praze a okol\u00ed. Pokud hled\u00e1te zku\u0161en\u00e9ho realitn\u00edho makl\u00e9\u0159e v Praze, kter\u00fd va\u0161i nemovitost spr\u00e1vn\u011b ocen\u00ed, profesion\u00e1ln\u011b p\u0159iprav\u00ed a prod\u00e1 kupci za maxim\u00e1ln\u00ed cenu, jsem p\u0159ipraven va\u0161i situaci projednat.\n<\/p>\n\t\t\t\t<\/div>\n\t\t\t<\/div>\n\t\t\t\t\t\t<\/div>\n\t\t\t\t<\/div>\n\t\t\t\t<div class=\"elementor-element elementor-element-53525dd elementor-widget elementor-widget-e_image_hover_effects\" data-id=\"53525dd\" data-element_type=\"widget\" data-e-type=\"widget\" data-settings=\"{&quot;_animation&quot;:&quot;none&quot;}\" data-widget_type=\"e_image_hover_effects.default\">\n\t\t\t\t<div class=\"elementor-widget-container\">\n\t\t\t\t\t\t\t\t<div class=\"eihe-box eihe-fade eihe_flex-start\">\n\t\t\t\t<img loading=\"lazy\" decoding=\"async\" width=\"1620\" height=\"1080\" data-src=\"https:\/\/blahareality.cz\/wp-content\/uploads\/2025\/01\/3DSC_0462-HDR.jpg\" class=\"attachment-full size-full wp-image-15731 lazyload\" alt=\"\" src=\"data:image\/gif;base64,R0lGODlhAQABAAAAACH5BAEKAAEALAAAAAABAAEAAAICTAEAOw==\" style=\"--smush-placeholder-width: 1620px; --smush-placeholder-aspect-ratio: 1620\/1080;\"><noscript><img loading=\"lazy\" decoding=\"async\" width=\"1620\" height=\"1080\" src=\"https:\/\/blahareality.cz\/wp-content\/uploads\/2025\/01\/3DSC_0462-HDR.jpg\" class=\"attachment-full size-full wp-image-15731\" alt=\"\"><\/noscript>\t\t\t\t<div class=\"eihe-caption\">\n\t\t\t\t\t<div class=\"eihe-title-cover\">\n\t\t\t\t\t\t\t\t\t\t\t\t<h3 class=\"eihe-title\">WOHNUNG, 2+KK, PRAG 9 - PROSEK<\/h3>\n\t\t\t\t\t\t\t\t\t\t\t<\/div>\n\t\t\t\t\t<p><\/p>\n\t\t\t\t<\/div>\n\t\t\t<\/div>\n\t\t\t\t\t\t<\/div>\n\t\t\t\t<\/div>\n\t\t\t\t<div class=\"elementor-element elementor-element-f89d3a8 elementor-widget elementor-widget-e_image_hover_effects\" data-id=\"f89d3a8\" data-element_type=\"widget\" data-e-type=\"widget\" data-settings=\"{&quot;_animation&quot;:&quot;none&quot;}\" data-widget_type=\"e_image_hover_effects.default\">\n\t\t\t\t<div class=\"elementor-widget-container\">\n\t\t\t\t\t\t\t\t<div class=\"eihe-box eihe-fade eihe_flex-start\">\n\t\t\t\t<img loading=\"lazy\" decoding=\"async\" width=\"2560\" height=\"1707\" data-src=\"https:\/\/blahareality.cz\/wp-content\/uploads\/2025\/01\/zmensene-na-web-1-scaled-1.jpg\" class=\"attachment-full size-full wp-image-15739 lazyload\" alt=\"\" src=\"data:image\/gif;base64,R0lGODlhAQABAAAAACH5BAEKAAEALAAAAAABAAEAAAICTAEAOw==\" style=\"--smush-placeholder-width: 2560px; --smush-placeholder-aspect-ratio: 2560\/1707;\"><noscript><img loading=\"lazy\" decoding=\"async\" width=\"2560\" height=\"1707\" src=\"https:\/\/blahareality.cz\/wp-content\/uploads\/2025\/01\/zmensene-na-web-1-scaled-1.jpg\" class=\"attachment-full size-full wp-image-15739\" alt=\"\"><\/noscript>\t\t\t\t<div class=\"eihe-caption\">\n\t\t\t\t\t<div class=\"eihe-title-cover\">\n\t\t\t\t\t\t\t\t\t\t\t\t<h3 class=\"eihe-title\">VERKAUFT, WOHNUNG, 2+KK, PRAG 9 - BERMANOVA, \u010cAKOVICE<\/h3>\n\t\t\t\t\t\t\t\t\t\t\t<\/div>\n\t\t\t\t\t<p>Prodej bytu 2+kk \u2013 \u010cakovick\u00fd park, Bermanova, Praha-\u010cakovice\n\nZprost\u0159edkoval jsem prodej sv\u011btl\u00e9ho bytu 2+kk v p\u0159\u00edzem\u00ed modern\u00ed novostavby projektu \u010cakovick\u00fd park na ulici Bermanova v Praze-\u010cakovic\u00edch. Nemovitost byla rezervov\u00e1na a transakce \u00fasp\u011b\u0161n\u011b uzav\u0159ena.\n\nByt s klidn\u00fdm v\u00fdhledem do parkov\u00e9 zelen\u011b, vlastn\u00edm zd\u011bn\u00fdm sklepem v p\u0159\u00edzem\u00ed a p\u0159\u00edstupem k v\u00fdtahu nab\u00eddl kupci p\u0159esnou kombinaci, kterou novostavbov\u00fd segment pra\u017esk\u00e9ho reziden\u010dn\u00edho trhu hled\u00e1 nej\u010dast\u011bji \u2013 modern\u00ed standard, zelen\u00e9 prost\u0159ed\u00ed, klidn\u00e1 lokalita a p\u0159itom pln\u00e1 ob\u010dansk\u00e1 vybavenost na dosah ruky. Projekt \u010cakovick\u00fd park nab\u00edz\u00ed v\u0161e v bezprost\u0159edn\u00ed bl\u00edzkosti \u2013 Lidl, DM, Globus, Tesco Let\u0148any, restaurace, cukr\u00e1rna, mate\u0159sk\u00e1 \u0161kolka a d\u011btsk\u00e1 h\u0159i\u0161t\u011b. Doprava autobusem p\u0159\u00edmo u projektu a vlakov\u00e9 spojen\u00ed z \u010cakovic do centra Prahy zaji\u0161\u0165uj\u00ed v\u00fdbornou dostupnost bez z\u00e1vislosti na vlastn\u00edm aut\u011b. Parkov\u00e1n\u00ed je k dispozici voln\u011b kolem domu s dostatkem m\u00edst.\n\nPraha-\u010cakovice pat\u0159\u00ed mezi nejrychleji se rozv\u00edjej\u00edc\u00ed reziden\u010dn\u00ed lokality severn\u00ed Prahy s rostouc\u00ed popt\u00e1vkou rodin, mlad\u00fdch p\u00e1r\u016f i investor\u016f orientovan\u00fdch na dlouhodob\u00fd pron\u00e1jem. Klidn\u00e9 zelen\u00e9 prost\u0159ed\u00ed v kombinaci s dostupnost\u00ed metra Let\u0148any a kompletn\u00ed vybavenost\u00ed \u010dtvrti vytv\u00e1\u0159\u00ed lokalitu, kter\u00e1 dlouhodob\u011b dr\u017e\u00ed hodnotu a p\u0159itahuje kvalitn\u00ed kupce i n\u00e1jemn\u00edky.\n\nVedle reziden\u010dn\u00edch nemovitost\u00ed \u2013 byt\u016f a rodinn\u00fdch dom\u016f v Praze a okol\u00ed \u2013 se specializuji tak\u00e9 na prodej komer\u010dn\u00edch nemovitost\u00ed, pr\u016fmyslov\u00fdch a v\u00fdrobn\u00edch are\u00e1l\u016f, investi\u010dn\u00edch bytov\u00fdch dom\u016f, \u010din\u017eovn\u00edch dom\u016f, hotel\u016f, penzion\u016f a stavebn\u00edch pozemk\u016f pro reziden\u010dn\u00ed i developersk\u00e9 projekty. Pokud hled\u00e1te realitn\u00edho makl\u00e9\u0159e, kter\u00fd pokr\u00fdv\u00e1 cel\u00e9 spektrum realitn\u00edho trhu, zn\u00e1 kupce nap\u0159\u00ed\u010d v\u0161emi segmenty a transakci profesion\u00e1ln\u011b zast\u0159e\u0161\u00ed od prvn\u00edho jedn\u00e1n\u00ed a\u017e po \u00fasp\u011b\u0161n\u00fd podpis, jsem p\u0159ipraven va\u0161i situaci projednat.\n<\/p>\n\t\t\t\t<\/div>\n\t\t\t<\/div>\n\t\t\t\t\t\t<\/div>\n\t\t\t\t<\/div>\n\t\t\t\t<div class=\"elementor-element elementor-element-0075755 elementor-widget elementor-widget-e_image_hover_effects\" data-id=\"0075755\" data-element_type=\"widget\" data-e-type=\"widget\" data-settings=\"{&quot;_animation&quot;:&quot;none&quot;}\" data-widget_type=\"e_image_hover_effects.default\">\n\t\t\t\t<div class=\"elementor-widget-container\">\n\t\t\t\t\t\t\t\t<div class=\"eihe-box eihe-fade eihe_flex-start\">\n\t\t\t\t<img loading=\"lazy\" decoding=\"async\" width=\"1800\" height=\"1200\" data-src=\"https:\/\/blahareality.cz\/wp-content\/uploads\/2025\/01\/lehovec-zmen-1.jpg\" class=\"attachment-full size-full wp-image-15736 lazyload\" alt=\"\" src=\"data:image\/gif;base64,R0lGODlhAQABAAAAACH5BAEKAAEALAAAAAABAAEAAAICTAEAOw==\" style=\"--smush-placeholder-width: 1800px; --smush-placeholder-aspect-ratio: 1800\/1200;\"><noscript><img loading=\"lazy\" decoding=\"async\" width=\"1800\" height=\"1200\" src=\"https:\/\/blahareality.cz\/wp-content\/uploads\/2025\/01\/lehovec-zmen-1.jpg\" class=\"attachment-full size-full wp-image-15736\" alt=\"\"><\/noscript>\t\t\t\t<div class=\"eihe-caption\">\n\t\t\t\t\t<div class=\"eihe-title-cover\">\n\t\t\t\t\t\t\t\t\t\t\t\t<h3 class=\"eihe-title\">ZU VERMIETEN, WOHNUNG, 2+KK, PRAGUE 9 - LEHOVEC<\/h3>\n\t\t\t\t\t\t\t\t\t\t\t<\/div>\n\t\t\t\t\t<p>Pron\u00e1jem bytu 1+kk s p\u0159edzahr\u00e1dkou a parkovac\u00edm st\u00e1n\u00edm \u2013 Novostavba, Praha 9 Hloub\u011bt\u00edn | Rajsk\u00e1 zahrada\n\nZprost\u0159edkoval jsem pron\u00e1jem nadstandardn\u00edho modern\u00edho bytu 1+kk s p\u0159edzahr\u00e1dkou a parkovac\u00edm st\u00e1n\u00edm v suter\u00e9nu v novostavb\u011b v p\u0159\u00edzem\u00ed v lokalit\u011b Rajsk\u00e1 zahrada v Praze 9 \u2013 Hloub\u011bt\u00edn\u011b. Nemovitost byla \u00fasp\u011b\u0161n\u011b pronajata n\u00e1jemci, kter\u00fd hledal modern\u00ed za\u0159\u00edzen\u00fd byt s vlastn\u00edm venkovn\u00edm prostorem a parkov\u00e1n\u00edm v cen\u011b n\u00e1jmu v dob\u0159e dostupn\u00e9 \u010d\u00e1sti Prahy 9.\n\nByt s p\u0159edzahr\u00e1dkou orientovanou na v\u00fdchod s elektrick\u00fdmi roletami pro maxim\u00e1ln\u00ed soukrom\u00ed nab\u00eddl n\u00e1jemci to, co v klasick\u00e9m pra\u017esk\u00e9m n\u00e1jemn\u00edm byt\u011b prakticky neexistuje \u2013 vlastn\u00ed venkovn\u00ed prostor v p\u0159\u00edzem\u00ed novostavby. Byt je kompletn\u011b vybaven kuchy\u0148skou linkou se \u010dty\u0159mi plot\u00fdnkami, troubou, mikrovlnnou troubou, my\u010dkou, pra\u010dkou i su\u0161i\u010dkou, j\u00eddeln\u00edm stolem, gau\u010dem, rozkl\u00e1dac\u00ed postel\u00ed pro dva, sprchov\u00fdm koutem a velkou vestav\u011bnou sk\u0159\u00edn\u00ed v chodb\u011b \u2013 nast\u011bhov\u00e1n\u00ed bez jedin\u00e9ho n\u00e1kupu. Parkovac\u00ed st\u00e1n\u00ed v suter\u00e9nu domu je zahrnuto v cen\u011b n\u00e1jmu, co\u017e v Praze 9 p\u0159edstavuje v\u00fdrazn\u00fd benefit sni\u017euj\u00edc\u00ed celkov\u00e9 n\u00e1klady n\u00e1jemce.\n\nLokalita Rajsk\u00e1 zahrada v Praze 9 \u2013 Hloub\u011bt\u00edn\u011b nab\u00edz\u00ed v\u00fdbornou dostupnost metra Rajsk\u00e1 zahrada, autobus\u016f p\u0159\u00edmo u domu, tramvaje Lehovec a vlaku Kyje. N\u00e1kupn\u00ed z\u00e1zem\u00ed je mimo\u0159\u00e1dn\u00e9 \u2013 Albert, Penny, Kaufland, Lidl v bezprost\u0159edn\u00ed bl\u00edzkosti, Centrum \u010cern\u00fd Most, IKEA, XXXLutz, Makro, Hornbach a Elektro World v dosahu n\u011bkolika minut j\u00edzdy. Pro aktivn\u00ed n\u00e1jemn\u00edky MTV Fitness a Squash, Golf Resort Black Bridge, FIT UP, Kyjsk\u00fd rybn\u00edk a Rozhledna Doubravka, pro relaxaci Saunia v Centru \u010cern\u00fd Most, Galerie Harfa a NC F\u00e9nix.\n\nVedle reziden\u010dn\u00edch pron\u00e1jm\u016f \u2013 byt\u016f a rodinn\u00fdch dom\u016f v Praze a okol\u00ed \u2013 se specializuji tak\u00e9 na pron\u00e1jem a prodej komer\u010dn\u00edch nemovitost\u00ed, pr\u016fmyslov\u00fdch a v\u00fdrobn\u00edch are\u00e1l\u016f, investi\u010dn\u00edch bytov\u00fdch a \u010din\u017eovn\u00edch dom\u016f, hotel\u016f, penzion\u016f, stavebn\u00edch pozemk\u016f a developersk\u00fdch lokalit nap\u0159\u00ed\u010d celou \u010ceskou republikou. \n\nPokud hled\u00e1te zku\u0161en\u00e9ho realitn\u00edho makl\u00e9\u0159e v Praze pro pron\u00e1jem nebo prodej reziden\u010dn\u00ed \u010di komer\u010dn\u00ed nemovitosti s p\u0159\u00edm\u00fdm p\u0159\u00edstupem k bonitn\u00edm n\u00e1jemc\u016fm i kupc\u016fm, jsem p\u0159ipraven va\u0161i situaci projednat.\n<\/p>\n\t\t\t\t<\/div>\n\t\t\t<\/div>\n\t\t\t\t\t\t<\/div>\n\t\t\t\t<\/div>\n\t\t\t\t<div class=\"elementor-element elementor-element-3170699 elementor-widget elementor-widget-e_image_hover_effects\" data-id=\"3170699\" data-element_type=\"widget\" data-e-type=\"widget\" data-settings=\"{&quot;_animation&quot;:&quot;none&quot;}\" data-widget_type=\"e_image_hover_effects.default\">\n\t\t\t\t<div class=\"elementor-widget-container\">\n\t\t\t\t\t\t\t\t<div class=\"eihe-box eihe-fade eihe_flex-start\">\n\t\t\t\t<img loading=\"lazy\" decoding=\"async\" width=\"900\" height=\"600\" data-src=\"https:\/\/blahareality.cz\/wp-content\/uploads\/2025\/01\/zmens-obyv-zlonin-1024x683-1-1-1.jpg\" class=\"attachment-full size-full wp-image-15740 lazyload\" alt=\"\" src=\"data:image\/gif;base64,R0lGODlhAQABAAAAACH5BAEKAAEALAAAAAABAAEAAAICTAEAOw==\" style=\"--smush-placeholder-width: 900px; --smush-placeholder-aspect-ratio: 900\/600;\"><noscript><img loading=\"lazy\" decoding=\"async\" width=\"900\" height=\"600\" src=\"https:\/\/blahareality.cz\/wp-content\/uploads\/2025\/01\/zmens-obyv-zlonin-1024x683-1-1-1.jpg\" class=\"attachment-full size-full wp-image-15740\" alt=\"\"><\/noscript>\t\t\t\t<div class=\"eihe-caption\">\n\t\t\t\t\t<div class=\"eihe-title-cover\">\n\t\t\t\t\t\t\t\t\t\t\t\t<h3 class=\"eihe-title\">VERKAUFT 2+1, WASSERFEST<\/h3>\n\t\t\t\t\t\t\t\t\t\t\t<\/div>\n\t\t\t\t\t<p><\/p>\n\t\t\t\t<\/div>\n\t\t\t<\/div>\n\t\t\t\t\t\t<\/div>\n\t\t\t\t<\/div>\n\t\t\t\t<div class=\"elementor-element elementor-element-2ea3c63 elementor-widget elementor-widget-e_image_hover_effects\" data-id=\"2ea3c63\" data-element_type=\"widget\" data-e-type=\"widget\" data-settings=\"{&quot;_animation&quot;:&quot;none&quot;}\" data-widget_type=\"e_image_hover_effects.default\">\n\t\t\t\t<div class=\"elementor-widget-container\">\n\t\t\t\t\t\t\t\t<div class=\"eihe-box eihe-fade eihe_flex-start\">\n\t\t\t\t<img loading=\"lazy\" decoding=\"async\" width=\"1620\" height=\"1080\" data-src=\"https:\/\/blahareality.cz\/wp-content\/uploads\/2025\/01\/Navrhova-plocha-3-1.jpg\" class=\"attachment-full size-full wp-image-15734 lazyload\" alt=\"\" src=\"data:image\/gif;base64,R0lGODlhAQABAAAAACH5BAEKAAEALAAAAAABAAEAAAICTAEAOw==\" style=\"--smush-placeholder-width: 1620px; --smush-placeholder-aspect-ratio: 1620\/1080;\"><noscript><img loading=\"lazy\" decoding=\"async\" width=\"1620\" height=\"1080\" src=\"https:\/\/blahareality.cz\/wp-content\/uploads\/2025\/01\/Navrhova-plocha-3-1.jpg\" class=\"attachment-full size-full wp-image-15734\" alt=\"\"><\/noscript>\t\t\t\t<div class=\"eihe-caption\">\n\t\t\t\t\t<div class=\"eihe-title-cover\">\n\t\t\t\t\t\t\t\t\t\t\t\t<h3 class=\"eihe-title\">ZU VERMIETEN, WOHNUNG, 1+KK, PRAGUE 3 - \u017dI\u017dKOV<\/h3>\n\t\t\t\t\t\t\t\t\t\t\t<\/div>\n\t\t\t\t\t<p>Pron\u00e1jem bytu 1+kk \u2013 \u010cajkovsk\u00e9ho, Praha 3 \u017di\u017ekov | \u0160ir\u0161\u00ed centrum Prahy\n\nZprost\u0159edkoval jsem pron\u00e1jem hezk\u00e9ho za\u0159\u00edzen\u00e9ho a tich\u00e9ho bytu 1+kk po \u010d\u00e1ste\u010dn\u00e9 rekonstrukci s praktickou komorou orientovan\u00e9ho do klidn\u00e9ho vnitrobloku na ulici \u010cajkovsk\u00e9ho v Praze 3 \u2013 \u017di\u017ekov\u011b. Nemovitost byla \u00fasp\u011b\u0161n\u011b pronajata n\u00e1jemci hledaj\u00edc\u00edmu za\u0159\u00edzen\u00fd byt p\u0159ipraven\u00fd k okam\u017eit\u00e9mu nast\u011bhov\u00e1n\u00ed v \u0161ir\u0161\u00edm centru Prahy s v\u00fdbornou dostupnost\u00ed a \u017eiv\u00fdm okol\u00edm za rozumn\u00e9 n\u00e1jemn\u00e9.\n\nByt po \u010derstv\u00e9 \u010d\u00e1ste\u010dn\u00e9 rekonstrukci orientovan\u00fd do tich\u00e9ho vnitrobloku nab\u00eddl n\u00e1jemci klid a soukrom\u00ed v srdci ru\u0161n\u00e9ho \u017di\u017ekova \u2013 kombinace, kter\u00e1 v t\u00e9to \u010d\u00e1sti Prahy 3 nen\u00ed samoz\u0159ejmost\u00ed. Praktick\u00e1 komora zvy\u0161uje vyu\u017eitelnost bytu nad r\u00e1mec jeho metr\u00e1\u017ee, za\u0159\u00edzen\u00ed a okam\u017eit\u00e1 p\u0159ipravenost k nast\u011bhov\u00e1n\u00ed eliminovaly jak\u00e9koliv \u010dek\u00e1n\u00ed a investice ze strany n\u00e1jemce.\n\nPraha 3 \u2013 \u017di\u017ekov je jedna z nejcharakteristi\u010dt\u011bj\u0161\u00edch a nej\u017eiv\u011bj\u0161\u00edch \u010dtvrt\u00ed \u0161ir\u0161\u00edho centra Prahy s v\u00fdjime\u010dn\u00fdm kulturn\u00edm a restaura\u010dn\u00edm \u017eivotem, kter\u00fd p\u0159itahuje mlad\u00e9 profesion\u00e1ly, kreativce a studenty hledaj\u00edc\u00ed autentick\u00e9 pra\u017esk\u00e9 prost\u0159ed\u00ed s dobrou dostupnost\u00ed centra. \u017di\u017ekovsk\u00e1 v\u011b\u017e, N\u00e1m\u011bst\u00ed Ji\u0159\u00edho z Pod\u011bbrad, Riegrovy sady a V\u00edtkov jsou v doch\u00e1zkov\u00e9 vzd\u00e1lenosti. Metro trasy A i C, tramvaje a autobusy zaji\u0161\u0165uj\u00ed v\u00fdborn\u00e9 spojen\u00ed do cel\u00e9 Prahy. Kompletn\u00ed ob\u010dansk\u00e1 vybavenost, hust\u00e1 s\u00ed\u0165 kav\u00e1ren, restaurac\u00ed a obchod\u016f p\u0159\u00edmo v okol\u00ed dotv\u00e1\u0159\u00ed obraz \u010dtvrti, kter\u00e1 v posledn\u00edch letech v\u00fdrazn\u011b roste na atraktivit\u011b a n\u00e1jemn\u00ed popt\u00e1vce.\n\nVedle reziden\u010dn\u00edch pron\u00e1jm\u016f \u2013 byt\u016f a rodinn\u00fdch dom\u016f v Praze a okol\u00ed \u2013 se specializuji tak\u00e9 na pron\u00e1jem a prodej komer\u010dn\u00edch nemovitost\u00ed, pr\u016fmyslov\u00fdch a v\u00fdrobn\u00edch are\u00e1l\u016f, investi\u010dn\u00edch bytov\u00fdch a \u010din\u017eovn\u00edch dom\u016f, hotel\u016f, penzion\u016f, stavebn\u00edch pozemk\u016f a developersk\u00fdch lokalit nap\u0159\u00ed\u010d celou \u010ceskou republikou. \n\nPokud hled\u00e1te zku\u0161en\u00e9ho realitn\u00edho makl\u00e9\u0159e v Praze pro pron\u00e1jem nebo prodej reziden\u010dn\u00ed \u010di komer\u010dn\u00ed nemovitosti s prokazateln\u00fdmi v\u00fdsledky v ka\u017ed\u00e9m segmentu trhu, jsem p\u0159ipraven va\u0161i situaci projednat.\n<\/p>\n\t\t\t\t<\/div>\n\t\t\t<\/div>\n\t\t\t\t\t\t<\/div>\n\t\t\t\t<\/div>\n\t\t\t\t<div class=\"elementor-element elementor-element-ba04534 elementor-widget elementor-widget-e_image_hover_effects\" data-id=\"ba04534\" data-element_type=\"widget\" data-e-type=\"widget\" data-settings=\"{&quot;_animation&quot;:&quot;none&quot;}\" data-widget_type=\"e_image_hover_effects.default\">\n\t\t\t\t<div class=\"elementor-widget-container\">\n\t\t\t\t\t\t\t\t<div class=\"eihe-box eihe-fade eihe_flex-start\">\n\t\t\t\t<img loading=\"lazy\" decoding=\"async\" width=\"1800\" height=\"1200\" data-src=\"https:\/\/blahareality.cz\/wp-content\/uploads\/2025\/01\/Byt-Sicherova-1.jpg\" class=\"attachment-full size-full wp-image-15732 lazyload\" alt=\"\" src=\"data:image\/gif;base64,R0lGODlhAQABAAAAACH5BAEKAAEALAAAAAABAAEAAAICTAEAOw==\" style=\"--smush-placeholder-width: 1800px; --smush-placeholder-aspect-ratio: 1800\/1200;\"><noscript><img loading=\"lazy\" decoding=\"async\" width=\"1800\" height=\"1200\" src=\"https:\/\/blahareality.cz\/wp-content\/uploads\/2025\/01\/Byt-Sicherova-1.jpg\" class=\"attachment-full size-full wp-image-15732\" alt=\"\"><\/noscript>\t\t\t\t<div class=\"eihe-caption\">\n\t\t\t\t\t<div class=\"eihe-title-cover\">\n\t\t\t\t\t\t\t\t\t\t\t\t<h3 class=\"eihe-title\">ZU VERMIETEN, WOHNUNG, 1+KK, PRAGUE 9 - KYJE<\/h3>\n\t\t\t\t\t\t\t\t\t\t\t<\/div>\n\t\t\t\t\t<p><\/p>\n\t\t\t\t<\/div>\n\t\t\t<\/div>\n\t\t\t\t\t\t<\/div>\n\t\t\t\t<\/div>\n\t\t\t\t<div class=\"elementor-element elementor-element-ad7be67 elementor-widget elementor-widget-e_image_hover_effects\" data-id=\"ad7be67\" data-element_type=\"widget\" data-e-type=\"widget\" data-settings=\"{&quot;_animation&quot;:&quot;none&quot;}\" data-widget_type=\"e_image_hover_effects.default\">\n\t\t\t\t<div class=\"elementor-widget-container\">\n\t\t\t\t\t\t\t\t<div class=\"eihe-box eihe-fade eihe_flex-start\">\n\t\t\t\t<img loading=\"lazy\" decoding=\"async\" width=\"2000\" height=\"1333\" data-src=\"https:\/\/blahareality.cz\/wp-content\/uploads\/2025\/01\/Byt_c8_1kk_A-kopie.jpg\" class=\"attachment-full size-full wp-image-15745 lazyload\" alt=\"\" src=\"data:image\/gif;base64,R0lGODlhAQABAAAAACH5BAEKAAEALAAAAAABAAEAAAICTAEAOw==\" style=\"--smush-placeholder-width: 2000px; --smush-placeholder-aspect-ratio: 2000\/1333;\"><noscript><img loading=\"lazy\" decoding=\"async\" width=\"2000\" height=\"1333\" src=\"https:\/\/blahareality.cz\/wp-content\/uploads\/2025\/01\/Byt_c8_1kk_A-kopie.jpg\" class=\"attachment-full size-full wp-image-15745\" alt=\"\"><\/noscript>\t\t\t\t<div class=\"eihe-caption\">\n\t\t\t\t\t<div class=\"eihe-title-cover\">\n\t\t\t\t\t\t\t\t\t\t\t\t<h3 class=\"eihe-title\">VERKAUFT Wohnung Nr. 8, 1+KK, Koterovsk\u00e1 Plze\u0148 , \u010cAKOVICE<\/h3>\n\t\t\t\t\t\t\t\t\t\t\t<\/div>\n\t\t\t\t\t<p>Prodej 7 bytov\u00fdch jednotek v \u010din\u017eovn\u00edm dom\u011b \u2013 Koterovsk\u00e1, Plze\u0148\n\nZprost\u0159edkoval jsem prodej sedmi bytov\u00fdch jednotek v ned\u00e1vno zrekonstruovan\u00e9m \u010din\u017eovn\u00edm dom\u011b na ulici Koterovsk\u00e1 93\/4 v Plzni \u2013 od dispozice 1+kk a\u017e po 3+kk a nebytov\u00fd prostor. Prodej v\u011bt\u0161\u00edho po\u010dtu jednotek v jednom dom\u011b je specifick\u00e1 discipl\u00edna, kter\u00e1 vy\u017eaduje soub\u011b\u017enou pr\u00e1ci s v\u00edce kupci, precizn\u00ed koordinaci jednotliv\u00fdch transakc\u00ed a hlubokou znalost plze\u0148sk\u00e9ho reziden\u010dn\u00edho trhu.\n\nD\u016fm pro\u0161el rozs\u00e1hlou rekonstrukc\u00ed spole\u010dn\u00fdch prostor \u2013 nov\u00e1 elektroinstalace s designov\u00fdm osv\u011btlen\u00edm, renovace historick\u00e9ho z\u00e1bradl\u00ed, nov\u00e1 dla\u017eba, estetick\u00e1 \u00faprava vstup\u016f a identita budovy zv\u00fdrazn\u011bn\u00e1 podsv\u00edcen\u00fdm n\u00e1pisem. Ka\u017ed\u00e1 bytov\u00e1 jednotka je vybavena vlastn\u00edm plynov\u00fdm kotlem s nov\u00fdm topen\u00edm. Zahrada ve vnitrobloku je v pod\u00edlov\u00e9m spoluvlastnictv\u00ed v\u0161ech vlastn\u00edk\u016f. Lokalita p\u0159\u00edmo v centru Plzn\u011b, p\u00e1r krok\u016f od Hlavn\u00edho n\u00e1dra\u017e\u00ed s p\u0159\u00edm\u00fdm vlakov\u00fdm spojen\u00edm do Prahy, v p\u011b\u0161\u00ed vzd\u00e1lenosti historick\u00e9ho centra m\u011bsta i plze\u0148sk\u00e9ho pivovaru, \u0159ad\u00ed tento d\u016fm mezi nejatraktivn\u011bj\u0161\u00ed adresy pro reziden\u010dn\u00ed bydlen\u00ed i investi\u010dn\u00ed pron\u00e1jem v cel\u00e9m m\u011bst\u011b.\n\nJednotliv\u00e9 byty jsem prod\u00e1val c\u00edlen\u011b \u2013 mlad\u00fdm p\u00e1r\u016fm a rodin\u00e1m hledaj\u00edc\u00edm prvn\u00ed vlastn\u00ed bydlen\u00ed v centru Plzn\u011b, pracuj\u00edc\u00edm profesion\u00e1l\u016fm oce\u0148uj\u00edc\u00edm dostupnost n\u00e1dra\u017e\u00ed a investor\u016fm zam\u011b\u0159en\u00fdm na v\u00fdnosov\u00fd pron\u00e1jem v lokalit\u011b s vysokou a stabiln\u00ed popt\u00e1vkou n\u00e1jemn\u00edk\u016f. Soub\u011b\u017en\u00fd prodej sedmi jednotek v jednom dom\u011b vy\u017eadoval p\u0159esnou koordinaci, siln\u00e9 obchodn\u00ed schopnosti a schopnost pracovat s v\u00edce kupci najednou bez ztr\u00e1ty kvality zastoupen\u00ed.\n\nSpecializuji se na prodej reziden\u010dn\u00edch a komer\u010dn\u00edch nemovitost\u00ed, bytov\u00fdch dom\u016f a soubor\u016f bytov\u00fdch jednotek, pozemk\u016f v Plzni a dal\u0161\u00edch krajsk\u00fdch m\u011bstech \u010cesk\u00e9 republiky. Pokud vlastn\u00edte bytov\u00fd d\u016fm, jednu, nebo v\u00edce bytov\u00fdch jednotek, pozemek nebo investi\u010dn\u00ed a komer\u010dn\u00ed nemovitost a hled\u00e1te realitn\u00edho makl\u00e9\u0159e se zku\u0161enostmi s prodejem v\u011bt\u0161\u00edho po\u010dtu nemovitost\u00ed najednou, \u010di jednotliv\u00fdch jednotek, pozemk\u016f, kter\u00fd zn\u00e1 kupce, rozum\u00ed trhu a cel\u00fd proces profesion\u00e1ln\u011b zast\u0159e\u0161\u00ed, jsem p\u0159ipraven va\u0161i situaci projednat.\n<\/p>\n\t\t\t\t<\/div>\n\t\t\t<\/div>\n\t\t\t\t\t\t<\/div>\n\t\t\t\t<\/div>\n\t\t\t\t<div class=\"elementor-element elementor-element-8b07233 elementor-widget elementor-widget-e_image_hover_effects\" data-id=\"8b07233\" data-element_type=\"widget\" data-e-type=\"widget\" data-settings=\"{&quot;_animation&quot;:&quot;none&quot;}\" data-widget_type=\"e_image_hover_effects.default\">\n\t\t\t\t<div class=\"elementor-widget-container\">\n\t\t\t\t\t\t\t\t<div class=\"eihe-box eihe-fade eihe_flex-start\">\n\t\t\t\t<img loading=\"lazy\" decoding=\"async\" width=\"2000\" height=\"1333\" data-src=\"https:\/\/blahareality.cz\/wp-content\/uploads\/2025\/01\/Byt_c12_2kk_B.jpg\" class=\"attachment-full size-full wp-image-15747 lazyload\" alt=\"\" src=\"data:image\/gif;base64,R0lGODlhAQABAAAAACH5BAEKAAEALAAAAAABAAEAAAICTAEAOw==\" style=\"--smush-placeholder-width: 2000px; --smush-placeholder-aspect-ratio: 2000\/1333;\"><noscript><img loading=\"lazy\" decoding=\"async\" width=\"2000\" height=\"1333\" src=\"https:\/\/blahareality.cz\/wp-content\/uploads\/2025\/01\/Byt_c12_2kk_B.jpg\" class=\"attachment-full size-full wp-image-15747\" alt=\"\"><\/noscript>\t\t\t\t<div class=\"eihe-caption\">\n\t\t\t\t\t<div class=\"eihe-title-cover\">\n\t\t\t\t\t\t\t\t\t\t\t\t<h3 class=\"eihe-title\">SOLD Wohnung Nr. 12, 2+KK, Koterovsk\u00e1 Plze\u0148<\/h3>\n\t\t\t\t\t\t\t\t\t\t\t<\/div>\n\t\t\t\t\t<p>Prodej 7 bytov\u00fdch jednotek v \u010din\u017eovn\u00edm dom\u011b \u2013 Koterovsk\u00e1, Plze\u0148\n\nZprost\u0159edkoval jsem prodej sedmi bytov\u00fdch jednotek v ned\u00e1vno zrekonstruovan\u00e9m \u010din\u017eovn\u00edm dom\u011b na ulici Koterovsk\u00e1 93\/4 v Plzni \u2013 od dispozice 1+kk a\u017e po 3+kk a nebytov\u00fd prostor. Prodej v\u011bt\u0161\u00edho po\u010dtu jednotek v jednom dom\u011b je specifick\u00e1 discipl\u00edna, kter\u00e1 vy\u017eaduje soub\u011b\u017enou pr\u00e1ci s v\u00edce kupci, precizn\u00ed koordinaci jednotliv\u00fdch transakc\u00ed a hlubokou znalost plze\u0148sk\u00e9ho reziden\u010dn\u00edho trhu.\n\nD\u016fm pro\u0161el rozs\u00e1hlou rekonstrukc\u00ed spole\u010dn\u00fdch prostor \u2013 nov\u00e1 elektroinstalace s designov\u00fdm osv\u011btlen\u00edm, renovace historick\u00e9ho z\u00e1bradl\u00ed, nov\u00e1 dla\u017eba, estetick\u00e1 \u00faprava vstup\u016f a identita budovy zv\u00fdrazn\u011bn\u00e1 podsv\u00edcen\u00fdm n\u00e1pisem. Ka\u017ed\u00e1 bytov\u00e1 jednotka je vybavena vlastn\u00edm plynov\u00fdm kotlem s nov\u00fdm topen\u00edm. Zahrada ve vnitrobloku je v pod\u00edlov\u00e9m spoluvlastnictv\u00ed v\u0161ech vlastn\u00edk\u016f. Lokalita p\u0159\u00edmo v centru Plzn\u011b, p\u00e1r krok\u016f od Hlavn\u00edho n\u00e1dra\u017e\u00ed s p\u0159\u00edm\u00fdm vlakov\u00fdm spojen\u00edm do Prahy, v p\u011b\u0161\u00ed vzd\u00e1lenosti historick\u00e9ho centra m\u011bsta i plze\u0148sk\u00e9ho pivovaru, \u0159ad\u00ed tento d\u016fm mezi nejatraktivn\u011bj\u0161\u00ed adresy pro reziden\u010dn\u00ed bydlen\u00ed i investi\u010dn\u00ed pron\u00e1jem v cel\u00e9m m\u011bst\u011b.\n\nJednotliv\u00e9 byty jsem prod\u00e1val c\u00edlen\u011b \u2013 mlad\u00fdm p\u00e1r\u016fm a rodin\u00e1m hledaj\u00edc\u00edm prvn\u00ed vlastn\u00ed bydlen\u00ed v centru Plzn\u011b, pracuj\u00edc\u00edm profesion\u00e1l\u016fm oce\u0148uj\u00edc\u00edm dostupnost n\u00e1dra\u017e\u00ed a investor\u016fm zam\u011b\u0159en\u00fdm na v\u00fdnosov\u00fd pron\u00e1jem v lokalit\u011b s vysokou a stabiln\u00ed popt\u00e1vkou n\u00e1jemn\u00edk\u016f. Soub\u011b\u017en\u00fd prodej sedmi jednotek v jednom dom\u011b vy\u017eadoval p\u0159esnou koordinaci, siln\u00e9 obchodn\u00ed schopnosti a schopnost pracovat s v\u00edce kupci najednou bez ztr\u00e1ty kvality zastoupen\u00ed.\n\nSpecializuji se na prodej reziden\u010dn\u00edch a komer\u010dn\u00edch nemovitost\u00ed, bytov\u00fdch dom\u016f a soubor\u016f bytov\u00fdch jednotek, pozemk\u016f v Plzni a dal\u0161\u00edch krajsk\u00fdch m\u011bstech \u010cesk\u00e9 republiky. Pokud vlastn\u00edte bytov\u00fd d\u016fm, jednu, nebo v\u00edce bytov\u00fdch jednotek, pozemek nebo investi\u010dn\u00ed a komer\u010dn\u00ed nemovitost a hled\u00e1te realitn\u00edho makl\u00e9\u0159e se zku\u0161enostmi s prodejem v\u011bt\u0161\u00edho po\u010dtu nemovitost\u00ed najednou, \u010di jednotliv\u00fdch jednotek, pozemk\u016f, kter\u00fd zn\u00e1 kupce, rozum\u00ed trhu a cel\u00fd proces profesion\u00e1ln\u011b zast\u0159e\u0161\u00ed, jsem p\u0159ipraven va\u0161i situaci projednat.\n<\/p>\n\t\t\t\t<\/div>\n\t\t\t<\/div>\n\t\t\t\t\t\t<\/div>\n\t\t\t\t<\/div>\n\t\t\t\t<div class=\"elementor-element elementor-element-b55e832 elementor-widget elementor-widget-e_image_hover_effects\" data-id=\"b55e832\" data-element_type=\"widget\" data-e-type=\"widget\" data-settings=\"{&quot;_animation&quot;:&quot;none&quot;}\" data-widget_type=\"e_image_hover_effects.default\">\n\t\t\t\t<div class=\"elementor-widget-container\">\n\t\t\t\t\t\t\t\t<div class=\"eihe-box eihe-fade eihe_flex-start\">\n\t\t\t\t<img loading=\"lazy\" decoding=\"async\" width=\"2000\" height=\"1333\" data-src=\"https:\/\/blahareality.cz\/wp-content\/uploads\/2024\/09\/Byt_c13_1kk_B.jpg\" class=\"attachment-full size-full wp-image-12549 lazyload\" alt=\"\" src=\"data:image\/gif;base64,R0lGODlhAQABAAAAACH5BAEKAAEALAAAAAABAAEAAAICTAEAOw==\" style=\"--smush-placeholder-width: 2000px; --smush-placeholder-aspect-ratio: 2000\/1333;\"><noscript><img loading=\"lazy\" decoding=\"async\" width=\"2000\" height=\"1333\" src=\"https:\/\/blahareality.cz\/wp-content\/uploads\/2024\/09\/Byt_c13_1kk_B.jpg\" class=\"attachment-full size-full wp-image-12549\" alt=\"\"><\/noscript>\t\t\t\t<div class=\"eihe-caption\">\n\t\t\t\t\t<div class=\"eihe-title-cover\">\n\t\t\t\t\t\t\t\t\t\t\t\t<h3 class=\"eihe-title\">SOLD Wohnung Nr. 13, 1+KK, Koterovsk\u00e1 Plze\u0148<\/h3>\n\t\t\t\t\t\t\t\t\t\t\t<\/div>\n\t\t\t\t\t<p>Prodej 7 bytov\u00fdch jednotek v \u010din\u017eovn\u00edm dom\u011b \u2013 Koterovsk\u00e1, Plze\u0148\n\nZprost\u0159edkoval jsem prodej sedmi bytov\u00fdch jednotek v ned\u00e1vno zrekonstruovan\u00e9m \u010din\u017eovn\u00edm dom\u011b na ulici Koterovsk\u00e1 93\/4 v Plzni \u2013 od dispozice 1+kk a\u017e po 3+kk a nebytov\u00fd prostor. Prodej v\u011bt\u0161\u00edho po\u010dtu jednotek v jednom dom\u011b je specifick\u00e1 discipl\u00edna, kter\u00e1 vy\u017eaduje soub\u011b\u017enou pr\u00e1ci s v\u00edce kupci, precizn\u00ed koordinaci jednotliv\u00fdch transakc\u00ed a hlubokou znalost plze\u0148sk\u00e9ho reziden\u010dn\u00edho trhu.\n\nD\u016fm pro\u0161el rozs\u00e1hlou rekonstrukc\u00ed spole\u010dn\u00fdch prostor \u2013 nov\u00e1 elektroinstalace s designov\u00fdm osv\u011btlen\u00edm, renovace historick\u00e9ho z\u00e1bradl\u00ed, nov\u00e1 dla\u017eba, estetick\u00e1 \u00faprava vstup\u016f a identita budovy zv\u00fdrazn\u011bn\u00e1 podsv\u00edcen\u00fdm n\u00e1pisem. Ka\u017ed\u00e1 bytov\u00e1 jednotka je vybavena vlastn\u00edm plynov\u00fdm kotlem s nov\u00fdm topen\u00edm. Zahrada ve vnitrobloku je v pod\u00edlov\u00e9m spoluvlastnictv\u00ed v\u0161ech vlastn\u00edk\u016f. Lokalita p\u0159\u00edmo v centru Plzn\u011b, p\u00e1r krok\u016f od Hlavn\u00edho n\u00e1dra\u017e\u00ed s p\u0159\u00edm\u00fdm vlakov\u00fdm spojen\u00edm do Prahy, v p\u011b\u0161\u00ed vzd\u00e1lenosti historick\u00e9ho centra m\u011bsta i plze\u0148sk\u00e9ho pivovaru, \u0159ad\u00ed tento d\u016fm mezi nejatraktivn\u011bj\u0161\u00ed adresy pro reziden\u010dn\u00ed bydlen\u00ed i investi\u010dn\u00ed pron\u00e1jem v cel\u00e9m m\u011bst\u011b.\n\nJednotliv\u00e9 byty jsem prod\u00e1val c\u00edlen\u011b \u2013 mlad\u00fdm p\u00e1r\u016fm a rodin\u00e1m hledaj\u00edc\u00edm prvn\u00ed vlastn\u00ed bydlen\u00ed v centru Plzn\u011b, pracuj\u00edc\u00edm profesion\u00e1l\u016fm oce\u0148uj\u00edc\u00edm dostupnost n\u00e1dra\u017e\u00ed a investor\u016fm zam\u011b\u0159en\u00fdm na v\u00fdnosov\u00fd pron\u00e1jem v lokalit\u011b s vysokou a stabiln\u00ed popt\u00e1vkou n\u00e1jemn\u00edk\u016f. Soub\u011b\u017en\u00fd prodej sedmi jednotek v jednom dom\u011b vy\u017eadoval p\u0159esnou koordinaci, siln\u00e9 obchodn\u00ed schopnosti a schopnost pracovat s v\u00edce kupci najednou bez ztr\u00e1ty kvality zastoupen\u00ed.\n\nSpecializuji se na prodej reziden\u010dn\u00edch a komer\u010dn\u00edch nemovitost\u00ed, bytov\u00fdch dom\u016f a soubor\u016f bytov\u00fdch jednotek, pozemk\u016f v Plzni a dal\u0161\u00edch krajsk\u00fdch m\u011bstech \u010cesk\u00e9 republiky. Pokud vlastn\u00edte bytov\u00fd d\u016fm, jednu, nebo v\u00edce bytov\u00fdch jednotek, pozemek nebo investi\u010dn\u00ed a komer\u010dn\u00ed nemovitost a hled\u00e1te realitn\u00edho makl\u00e9\u0159e se zku\u0161enostmi s prodejem v\u011bt\u0161\u00edho po\u010dtu nemovitost\u00ed najednou, \u010di jednotliv\u00fdch jednotek, pozemk\u016f, kter\u00fd zn\u00e1 kupce, rozum\u00ed trhu a cel\u00fd proces profesion\u00e1ln\u011b zast\u0159e\u0161\u00ed, jsem p\u0159ipraven va\u0161i situaci projednat.\n<\/p>\n\t\t\t\t<\/div>\n\t\t\t<\/div>\n\t\t\t\t\t\t<\/div>\n\t\t\t\t<\/div>\n\t\t\t\t<div class=\"elementor-element elementor-element-16f4e05 elementor-widget elementor-widget-e_image_hover_effects\" data-id=\"16f4e05\" data-element_type=\"widget\" data-e-type=\"widget\" data-settings=\"{&quot;_animation&quot;:&quot;none&quot;}\" data-widget_type=\"e_image_hover_effects.default\">\n\t\t\t\t<div class=\"elementor-widget-container\">\n\t\t\t\t\t\t\t\t<div class=\"eihe-box eihe-fade eihe_flex-start\">\n\t\t\t\t<img loading=\"lazy\" decoding=\"async\" width=\"1620\" height=\"1080\" data-src=\"https:\/\/blahareality.cz\/wp-content\/uploads\/2025\/01\/Navrhova-plocha-2-2.jpg\" class=\"attachment-full size-full wp-image-15741 lazyload\" alt=\"\" src=\"data:image\/gif;base64,R0lGODlhAQABAAAAACH5BAEKAAEALAAAAAABAAEAAAICTAEAOw==\" style=\"--smush-placeholder-width: 1620px; --smush-placeholder-aspect-ratio: 1620\/1080;\"><noscript><img loading=\"lazy\" decoding=\"async\" width=\"1620\" height=\"1080\" src=\"https:\/\/blahareality.cz\/wp-content\/uploads\/2025\/01\/Navrhova-plocha-2-2.jpg\" class=\"attachment-full size-full wp-image-15741\" alt=\"\"><\/noscript>\t\t\t\t<div class=\"eihe-caption\">\n\t\t\t\t\t<div class=\"eihe-title-cover\">\n\t\t\t\t\t\t\t\t\t\t\t\t<h3 class=\"eihe-title\">SOLD Wohnung Nr. 14, 2+KK, Koterovsk\u00e1 Plze\u0148<\/h3>\n\t\t\t\t\t\t\t\t\t\t\t<\/div>\n\t\t\t\t\t<p>Prodej 7 bytov\u00fdch jednotek v \u010din\u017eovn\u00edm dom\u011b \u2013 Koterovsk\u00e1, Plze\u0148\n\nZprost\u0159edkoval jsem prodej sedmi bytov\u00fdch jednotek v ned\u00e1vno zrekonstruovan\u00e9m \u010din\u017eovn\u00edm dom\u011b na ulici Koterovsk\u00e1 93\/4 v Plzni \u2013 od dispozice 1+kk a\u017e po 3+kk a nebytov\u00fd prostor. Prodej v\u011bt\u0161\u00edho po\u010dtu jednotek v jednom dom\u011b je specifick\u00e1 discipl\u00edna, kter\u00e1 vy\u017eaduje soub\u011b\u017enou pr\u00e1ci s v\u00edce kupci, precizn\u00ed koordinaci jednotliv\u00fdch transakc\u00ed a hlubokou znalost plze\u0148sk\u00e9ho reziden\u010dn\u00edho trhu.\n\nD\u016fm pro\u0161el rozs\u00e1hlou rekonstrukc\u00ed spole\u010dn\u00fdch prostor \u2013 nov\u00e1 elektroinstalace s designov\u00fdm osv\u011btlen\u00edm, renovace historick\u00e9ho z\u00e1bradl\u00ed, nov\u00e1 dla\u017eba, estetick\u00e1 \u00faprava vstup\u016f a identita budovy zv\u00fdrazn\u011bn\u00e1 podsv\u00edcen\u00fdm n\u00e1pisem. Ka\u017ed\u00e1 bytov\u00e1 jednotka je vybavena vlastn\u00edm plynov\u00fdm kotlem s nov\u00fdm topen\u00edm. Zahrada ve vnitrobloku je v pod\u00edlov\u00e9m spoluvlastnictv\u00ed v\u0161ech vlastn\u00edk\u016f. Lokalita p\u0159\u00edmo v centru Plzn\u011b, p\u00e1r krok\u016f od Hlavn\u00edho n\u00e1dra\u017e\u00ed s p\u0159\u00edm\u00fdm vlakov\u00fdm spojen\u00edm do Prahy, v p\u011b\u0161\u00ed vzd\u00e1lenosti historick\u00e9ho centra m\u011bsta i plze\u0148sk\u00e9ho pivovaru, \u0159ad\u00ed tento d\u016fm mezi nejatraktivn\u011bj\u0161\u00ed adresy pro reziden\u010dn\u00ed bydlen\u00ed i investi\u010dn\u00ed pron\u00e1jem v cel\u00e9m m\u011bst\u011b.\n\nJednotliv\u00e9 byty jsem prod\u00e1val c\u00edlen\u011b \u2013 mlad\u00fdm p\u00e1r\u016fm a rodin\u00e1m hledaj\u00edc\u00edm prvn\u00ed vlastn\u00ed bydlen\u00ed v centru Plzn\u011b, pracuj\u00edc\u00edm profesion\u00e1l\u016fm oce\u0148uj\u00edc\u00edm dostupnost n\u00e1dra\u017e\u00ed a investor\u016fm zam\u011b\u0159en\u00fdm na v\u00fdnosov\u00fd pron\u00e1jem v lokalit\u011b s vysokou a stabiln\u00ed popt\u00e1vkou n\u00e1jemn\u00edk\u016f. Soub\u011b\u017en\u00fd prodej sedmi jednotek v jednom dom\u011b vy\u017eadoval p\u0159esnou koordinaci, siln\u00e9 obchodn\u00ed schopnosti a schopnost pracovat s v\u00edce kupci najednou bez ztr\u00e1ty kvality zastoupen\u00ed.\n\nSpecializuji se na prodej reziden\u010dn\u00edch a komer\u010dn\u00edch nemovitost\u00ed, bytov\u00fdch dom\u016f a soubor\u016f bytov\u00fdch jednotek, pozemk\u016f v Plzni a dal\u0161\u00edch krajsk\u00fdch m\u011bstech \u010cesk\u00e9 republiky. Pokud vlastn\u00edte bytov\u00fd d\u016fm, jednu, nebo v\u00edce bytov\u00fdch jednotek, pozemek nebo investi\u010dn\u00ed a komer\u010dn\u00ed nemovitost a hled\u00e1te realitn\u00edho makl\u00e9\u0159e se zku\u0161enostmi s prodejem v\u011bt\u0161\u00edho po\u010dtu nemovitost\u00ed najednou, \u010di jednotliv\u00fdch jednotek, pozemk\u016f, kter\u00fd zn\u00e1 kupce, rozum\u00ed trhu a cel\u00fd proces profesion\u00e1ln\u011b zast\u0159e\u0161\u00ed, jsem p\u0159ipraven va\u0161i situaci projednat.\n<\/p>\n\t\t\t\t<\/div>\n\t\t\t<\/div>\n\t\t\t\t\t\t<\/div>\n\t\t\t\t<\/div>\n\t\t\t\t<div class=\"elementor-element elementor-element-1dcd4d7 elementor-widget elementor-widget-e_image_hover_effects\" data-id=\"1dcd4d7\" data-element_type=\"widget\" data-e-type=\"widget\" data-settings=\"{&quot;_animation&quot;:&quot;none&quot;}\" data-widget_type=\"e_image_hover_effects.default\">\n\t\t\t\t<div class=\"elementor-widget-container\">\n\t\t\t\t\t\t\t\t<div class=\"eihe-box eihe-fade eihe_flex-start\">\n\t\t\t\t<img loading=\"lazy\" decoding=\"async\" width=\"1800\" height=\"1200\" data-src=\"https:\/\/blahareality.cz\/wp-content\/uploads\/2025\/01\/2Byt-Kubelikova-3.jpg\" class=\"attachment-full size-full wp-image-15726 lazyload\" alt=\"\" src=\"data:image\/gif;base64,R0lGODlhAQABAAAAACH5BAEKAAEALAAAAAABAAEAAAICTAEAOw==\" style=\"--smush-placeholder-width: 1800px; --smush-placeholder-aspect-ratio: 1800\/1200;\"><noscript><img loading=\"lazy\" decoding=\"async\" width=\"1800\" height=\"1200\" src=\"https:\/\/blahareality.cz\/wp-content\/uploads\/2025\/01\/2Byt-Kubelikova-3.jpg\" class=\"attachment-full size-full wp-image-15726\" alt=\"\"><\/noscript>\t\t\t\t<div class=\"eihe-caption\">\n\t\t\t\t\t<div class=\"eihe-title-cover\">\n\t\t\t\t\t\t\t\t\t\t\t\t<h3 class=\"eihe-title\">ZU VERMIETEN, WOHNUNG, 2+KK, PRAGUE 3 - \u017dI\u017dKOV<\/h3>\n\t\t\t\t\t\t\t\t\t\t\t<\/div>\n\t\t\t\t\t<p><\/p>\n\t\t\t\t<\/div>\n\t\t\t<\/div>\n\t\t\t\t\t\t<\/div>\n\t\t\t\t<\/div>\n\t\t\t\t<div class=\"elementor-element elementor-element-0b0c0c0 elementor-widget elementor-widget-e_image_hover_effects\" data-id=\"0b0c0c0\" data-element_type=\"widget\" data-e-type=\"widget\" data-settings=\"{&quot;_animation&quot;:&quot;none&quot;}\" data-widget_type=\"e_image_hover_effects.default\">\n\t\t\t\t<div class=\"elementor-widget-container\">\n\t\t\t\t\t\t\t\t<div class=\"eihe-box eihe-fade eihe_flex-start\">\n\t\t\t\t<img loading=\"lazy\" decoding=\"async\" width=\"1620\" height=\"1080\" data-src=\"https:\/\/blahareality.cz\/wp-content\/uploads\/2025\/01\/Navrhova-plocha-1-1.jpg\" class=\"attachment-full size-full wp-image-15733 lazyload\" alt=\"\" src=\"data:image\/gif;base64,R0lGODlhAQABAAAAACH5BAEKAAEALAAAAAABAAEAAAICTAEAOw==\" style=\"--smush-placeholder-width: 1620px; --smush-placeholder-aspect-ratio: 1620\/1080;\"><noscript><img loading=\"lazy\" decoding=\"async\" width=\"1620\" height=\"1080\" src=\"https:\/\/blahareality.cz\/wp-content\/uploads\/2025\/01\/Navrhova-plocha-1-1.jpg\" class=\"attachment-full size-full wp-image-15733\" alt=\"\"><\/noscript>\t\t\t\t<div class=\"eihe-caption\">\n\t\t\t\t\t<div class=\"eihe-title-cover\">\n\t\t\t\t\t\t\t\t\t\t\t\t<h3 class=\"eihe-title\">ZU VERMIETEN, 2+KK, PRAGUE 4, Z\u00c1B\u011aHLICE<\/h3>\n\t\t\t\t\t\t\t\t\t\t\t<\/div>\n\t\t\t\t\t<p><\/p>\n\t\t\t\t<\/div>\n\t\t\t<\/div>\n\t\t\t\t\t\t<\/div>\n\t\t\t\t<\/div>\n\t\t\t\t<div class=\"elementor-element elementor-element-b747174 elementor-widget elementor-widget-e_image_hover_effects\" data-id=\"b747174\" data-element_type=\"widget\" data-e-type=\"widget\" data-settings=\"{&quot;_animation&quot;:&quot;none&quot;}\" data-widget_type=\"e_image_hover_effects.default\">\n\t\t\t\t<div class=\"elementor-widget-container\">\n\t\t\t\t\t\t\t\t<div class=\"eihe-box eihe-fade eihe_flex-start\">\n\t\t\t\t<img loading=\"lazy\" decoding=\"async\" width=\"1800\" height=\"1200\" data-src=\"https:\/\/blahareality.cz\/wp-content\/uploads\/2025\/01\/3Byt-Podkovarska-1-9.jpg\" class=\"attachment-full size-full wp-image-15729 lazyload\" alt=\"\" src=\"data:image\/gif;base64,R0lGODlhAQABAAAAACH5BAEKAAEALAAAAAABAAEAAAICTAEAOw==\" style=\"--smush-placeholder-width: 1800px; --smush-placeholder-aspect-ratio: 1800\/1200;\"><noscript><img loading=\"lazy\" decoding=\"async\" width=\"1800\" height=\"1200\" src=\"https:\/\/blahareality.cz\/wp-content\/uploads\/2025\/01\/3Byt-Podkovarska-1-9.jpg\" class=\"attachment-full size-full wp-image-15729\" alt=\"\"><\/noscript>\t\t\t\t<div class=\"eihe-caption\">\n\t\t\t\t\t<div class=\"eihe-title-cover\">\n\t\t\t\t\t\t\t\t\t\t\t\t<h3 class=\"eihe-title\">ZU VERMIETEN, WOHNUNG, 2+KK, PRAGUE 9 - VYSO\u010cANY<\/h3>\n\t\t\t\t\t\t\t\t\t\t\t<\/div>\n\t\t\t\t\t<p>Pracuji pro jednu z nej\u00fasp\u011b\u0161n\u011bj\u0161\u00edch realitn\u00edch kancel\u00e1\u0159\u00ed REMAX Horizont\n\n<\/p>\n\t\t\t\t<\/div>\n\t\t\t<\/div>\n\t\t\t\t\t\t<\/div>\n\t\t\t\t<\/div>\n\t\t\t\t<div class=\"elementor-element elementor-element-faa80c8 elementor-widget elementor-widget-e_image_hover_effects\" data-id=\"faa80c8\" data-element_type=\"widget\" data-e-type=\"widget\" data-settings=\"{&quot;_animation&quot;:&quot;none&quot;}\" data-widget_type=\"e_image_hover_effects.default\">\n\t\t\t\t<div class=\"elementor-widget-container\">\n\t\t\t\t\t\t\t\t<div class=\"eihe-box eihe-fade eihe_flex-start\">\n\t\t\t\t<img loading=\"lazy\" decoding=\"async\" width=\"1620\" height=\"1080\" data-src=\"https:\/\/blahareality.cz\/wp-content\/uploads\/2025\/01\/Navrhova-plocha-2.jpg\" class=\"attachment-full size-full wp-image-15735 lazyload\" alt=\"\" src=\"data:image\/gif;base64,R0lGODlhAQABAAAAACH5BAEKAAEALAAAAAABAAEAAAICTAEAOw==\" style=\"--smush-placeholder-width: 1620px; --smush-placeholder-aspect-ratio: 1620\/1080;\"><noscript><img loading=\"lazy\" decoding=\"async\" width=\"1620\" height=\"1080\" src=\"https:\/\/blahareality.cz\/wp-content\/uploads\/2025\/01\/Navrhova-plocha-2.jpg\" class=\"attachment-full size-full wp-image-15735\" alt=\"\"><\/noscript>\t\t\t\t<div class=\"eihe-caption\">\n\t\t\t\t\t<div class=\"eihe-title-cover\">\n\t\t\t\t\t\t\t\t\t\t\t\t<h3 class=\"eihe-title\">ZU VERMIETEN, 2+1, MNICHOVO HRADI\u0160T\u011a<\/h3>\n\t\t\t\t\t\t\t\t\t\t\t<\/div>\n\t\t\t\t\t<p><\/p>\n\t\t\t\t<\/div>\n\t\t\t<\/div>\n\t\t\t\t\t\t<\/div>\n\t\t\t\t<\/div>\n\t\t\t\t<\/div>\n\t\t\t\t<\/div>\n\t\t<div class=\"has_eae_slider elementor-element elementor-element-0d7dc93 e-flex e-con-boxed e-con e-parent\" data-id=\"0d7dc93\" data-element_type=\"container\" data-e-type=\"container\">\n\t\t\t\t\t<div class=\"e-con-inner\">\n\t\t\t\t<div class=\"elementor-element elementor-element-2142e00 elementor-widget elementor-widget-menu-anchor\" data-id=\"2142e00\" data-element_type=\"widget\" data-e-type=\"widget\" data-widget_type=\"menu-anchor.default\">\n\t\t\t\t<div class=\"elementor-widget-container\">\n\t\t\t\t\t\t\t<div class=\"elementor-menu-anchor\" id=\"pozemky\"><\/div>\n\t\t\t\t\t\t<\/div>\n\t\t\t\t<\/div>\n\t\t\t\t\t<\/div>\n\t\t\t\t<\/div>\n\t\t<div class=\"has_eae_slider elementor-element elementor-element-d3c29c3 e-con-full e-flex e-con e-parent\" data-id=\"d3c29c3\" data-element_type=\"container\" data-e-type=\"container\">\n\t\t\t\t<div class=\"elementor-element elementor-element-6e81b91 elementor-mobile-align-center elementor-align-center elementor-widget elementor-widget-button\" data-id=\"6e81b91\" data-element_type=\"widget\" data-e-type=\"widget\" data-widget_type=\"button.default\">\n\t\t\t\t<div class=\"elementor-widget-container\">\n\t\t\t\t\t\t\t\t\t<div class=\"elementor-button-wrapper\">\n\t\t\t\t\t<a class=\"elementor-button elementor-button-link elementor-size-sm elementor-animation-shrink\" href=\"https:\/\/blahareality.cz\/de\/ich-mochte-verkaufen\/\">\n\t\t\t\t\t\t<span class=\"elementor-button-content-wrapper\">\n\t\t\t\t\t\t<span class=\"elementor-button-icon\">\n\t\t\t\t<svg aria-hidden=\"true\" class=\"e-font-icon-svg e-fas-long-arrow-alt-right\" viewbox=\"0 0 448 512\" xmlns=\"http:\/\/www.w3.org\/2000\/svg\"><path d=\"M313.941 216H12c-6.627 0-12 5.373-12 12v56c0 6.627 5.373 12 12 12h301.941v46.059c0 21.382 25.851 32.09 40.971 16.971l86.059-86.059c9.373-9.373 9.373-24.569 0-33.941l-86.059-86.059c-15.119-15.119-40.971-4.411-40.971 16.971V216z\"><\/path><\/svg>\t\t\t<\/span>\n\t\t\t\t\t\t\t\t\t<span class=\"elementor-button-text\">Ich m\u00f6chte mit Michael eine Wohnimmobilie verkaufen<\/span>\n\t\t\t\t\t<\/span>\n\t\t\t\t\t<\/a>\n\t\t\t\t<\/div>\n\t\t\t\t\t\t\t\t<\/div>\n\t\t\t\t<\/div>\n\t\t\t\t<div class=\"elementor-element elementor-element-19d8fb4 elementor-view-default elementor-widget elementor-widget-icon\" data-id=\"19d8fb4\" data-element_type=\"widget\" data-e-type=\"widget\" data-widget_type=\"icon.default\">\n\t\t\t\t<div class=\"elementor-widget-container\">\n\t\t\t\t\t\t\t<div class=\"elementor-icon-wrapper\">\n\t\t\t<div class=\"elementor-icon\">\n\t\t\t<svg aria-hidden=\"true\" class=\"e-font-icon-svg e-far-map\" viewbox=\"0 0 576 512\" xmlns=\"http:\/\/www.w3.org\/2000\/svg\"><path d=\"M560.02 32c-1.96 0-3.98.37-5.96 1.16L384.01 96H384L212 35.28A64.252 64.252 0 0 0 191.76 32c-6.69 0-13.37 1.05-19.81 3.14L20.12 87.95A32.006 32.006 0 0 0 0 117.66v346.32C0 473.17 7.53 480 15.99 480c1.96 0 3.97-.37 5.96-1.16L192 416l172 60.71a63.98 63.98 0 0 0 40.05.15l151.83-52.81A31.996 31.996 0 0 0 576 394.34V48.02c0-9.19-7.53-16.02-15.98-16.02zM224 90.42l128 45.19v285.97l-128-45.19V90.42zM48 418.05V129.07l128-44.53v286.2l-.64.23L48 418.05zm480-35.13l-128 44.53V141.26l.64-.24L528 93.95v288.97z\"><\/path><\/svg>\t\t\t<\/div>\n\t\t<\/div>\n\t\t\t\t\t\t<\/div>\n\t\t\t\t<\/div>\n\t\t\t\t<div class=\"elementor-element elementor-element-4624ee6 elementor-widget elementor-widget-heading\" data-id=\"4624ee6\" data-element_type=\"widget\" data-e-type=\"widget\" data-widget_type=\"heading.default\">\n\t\t\t\t<div class=\"elementor-widget-container\">\n\t\t\t\t\t<h2 class=\"elementor-heading-title elementor-size-default\">Land<\/h2>\t\t\t\t<\/div>\n\t\t\t\t<\/div>\n\t\t<div class=\"has_eae_slider elementor-element elementor-element-f0bec15 e-grid e-con-full e-con e-child\" data-id=\"f0bec15\" data-element_type=\"container\" data-e-type=\"container\" data-settings=\"{&quot;animation&quot;:&quot;none&quot;}\">\n\t\t\t\t<div class=\"elementor-element elementor-element-e9933b2 elementor-widget elementor-widget-e_image_hover_effects\" data-id=\"e9933b2\" data-element_type=\"widget\" data-e-type=\"widget\" data-settings=\"{&quot;_animation&quot;:&quot;none&quot;}\" data-widget_type=\"e_image_hover_effects.default\">\n\t\t\t\t<div class=\"elementor-widget-container\">\n\t\t\t\t\t\t\t\t<div class=\"eihe-box eihe-fade eihe_flex-start\">\n\t\t\t\t<img loading=\"lazy\" decoding=\"async\" width=\"1264\" height=\"843\" data-src=\"https:\/\/blahareality.cz\/wp-content\/uploads\/2025\/10\/D-9i-1_compressed-1.jpg\" class=\"attachment-full size-full wp-image-18003 lazyload\" alt=\"\" src=\"data:image\/gif;base64,R0lGODlhAQABAAAAACH5BAEKAAEALAAAAAABAAEAAAICTAEAOw==\" style=\"--smush-placeholder-width: 1264px; --smush-placeholder-aspect-ratio: 1264\/843;\"><noscript><img loading=\"lazy\" decoding=\"async\" width=\"1264\" height=\"843\" src=\"https:\/\/blahareality.cz\/wp-content\/uploads\/2025\/10\/D-9i-1_compressed-1.jpg\" class=\"attachment-full size-full wp-image-18003\" alt=\"\"><\/noscript>\t\t\t\t<div class=\"eihe-caption\">\n\t\t\t\t\t<div class=\"eihe-title-cover\">\n\t\t\t\t\t\t\t\t\t\t\t\t<h3 class=\"eihe-title\">PROD\u00c1NO 15 000 000 K\u010d, STAVEBN\u00cd POZEMEK PRAHA - KUNRATICE<\/h3>\n\t\t\t\t\t\t\t\t\t\t\t<\/div>\n\t\t\t\t\t<p>Prodej stavebn\u00edho pozemku \u2013 Nad \u0160eber\u00e1kem, Praha 4 Kunratice | 694 m\u00b2\n\nZprost\u0159edkoval jsem prodej stavebn\u00edho pozemku v ulici Nad \u0160eber\u00e1kem v Praze 4 \u2013 Kunratic\u00edch za 15 000 000 K\u010d, v jedn\u00e9 z nej\u017e\u00e1dan\u011bj\u0161\u00edch reziden\u010dn\u00edch lokalit hlavn\u00edho m\u011bsta. Parcela \u010d. 2354\/51 o v\u00fdm\u011b\u0159e 694 m\u00b2 se nach\u00e1z\u00ed v bezprost\u0159edn\u00ed bl\u00edzkosti rybn\u00edku \u0160eber\u00e1k a Kunratick\u00e9ho lesa \u2013 m\u00edsto, kde se v\u00fdjime\u010dn\u00e1 p\u0159\u00edrodn\u00ed poloha snoub\u00ed s plnou dostupnost\u00ed pra\u017esk\u00e9 infrastruktury.\nStavebn\u00ed pozemky v t\u00e9to \u010d\u00e1sti Prahy 4 jsou na trhu vz\u00e1cn\u00e9. Kunratice pat\u0159\u00ed mezi nejstabiln\u011bj\u0161\u00ed a nejatraktivn\u011bj\u0161\u00ed lokality pro v\u00fdstavbu rodinn\u00fdch dom\u016f v Praze \u2013 klidn\u00e1 reziden\u010dn\u00ed \u010dtvr\u0165 s p\u0159\u00edm\u00fdm napojen\u00edm na metro C p\u0159es autobusovou zast\u00e1vku vzd\u00e1lenou 500 metr\u016f, rychl\u00fd v\u00fdjezd na Kunratickou spojku a d\u00e1lnici D1, a p\u0159itom les a p\u0159\u00edroda p\u0159\u00edmo za dve\u0159mi. Takov\u00e9 kombinace je na pra\u017esk\u00e9m trhu s pozemky velmi m\u00e1lo.\nPozemek je dle \u00fazemn\u00edho pl\u00e1nu veden v plo\u0161e OB \u2013 \u010dist\u011b obytn\u00e9, s k\u00f3dem A, prim\u00e1rn\u011b ur\u010den\u00e9 pro v\u00fdstavbu rodinn\u00e9ho domu nebo dvojdomu. Elekt\u0159ina je na parcelu napojena, ve\u0159ejn\u00fd vodovod, kanalizace a zemn\u00ed plyn jsou dostupn\u00e9 v m\u00edst\u011b. Rovinat\u00fd obd\u00e9ln\u00edkov\u00fd tvar parcely v\u00fdrazn\u011b usnad\u0148uje projektov\u00e1n\u00ed a \u0161et\u0159\u00ed n\u00e1klady na p\u0159\u00edpravu stavby. V lokalit\u011b je b\u011b\u017en\u00e1 v\u00fdstavba se dv\u011bma nadzemn\u00edmi podla\u017e\u00edmi a ustupuj\u00edc\u00edm t\u0159et\u00edm podla\u017e\u00edm, okoln\u00ed pozemky p\u0159ech\u00e1zej\u00ed na k\u00f3d C, kter\u00fd umo\u017e\u0148uje p\u016fdorysn\u011b v\u011bt\u0161\u00ed domy.\nProdej pr\u00e9miov\u00fdch stavebn\u00edch pozemk\u016f v Praze vy\u017eaduje p\u0159esn\u00e9 ocen\u011bn\u00ed, spr\u00e1vn\u00e9 osloven\u00ed kupc\u016f a znalost m\u00edstn\u00edho trhu i \u00fazemn\u011b pl\u00e1novac\u00edch podm\u00ednek. Pracoval jsem p\u0159\u00edmo se z\u00e1jemci, kte\u0159\u00ed hledaj\u00ed pozemek pro v\u00fdstavbu vlastn\u00edho rodinn\u00e9ho domu v pr\u00e9miov\u00e9 pra\u017esk\u00e9 lokalit\u011b s p\u0159\u00edrodn\u00edm z\u00e1zem\u00edm, a transakci jsem zast\u0159e\u0161il od prvn\u00ed prohl\u00eddky a\u017e po \u00fasp\u011b\u0161n\u00e9 uzav\u0159en\u00ed.\n\nSpecializuji se na prodej stavebn\u00edch pozemk\u016f, reziden\u010dn\u00edch nemovitost\u00ed a developersk\u00fdch p\u0159\u00edle\u017eitost\u00ed v Praze a St\u0159edo\u010desk\u00e9m kraji. Pokud vlastn\u00edte pozemek nebo nemovitost v atraktivn\u00ed lokalit\u011b a hled\u00e1te realitn\u00edho makl\u00e9\u0159e se zku\u0161enostmi s prodejem pr\u00e9miov\u00fdch pra\u017esk\u00fdch nemovitost\u00ed, kter\u00fd zn\u00e1 trh, oslov\u00ed spr\u00e1vn\u00e9 kupce a cel\u00fd proces profesion\u00e1ln\u011b zast\u0159e\u0161\u00ed, jsem p\u0159ipraven va\u0161i situaci projednat.\n<\/p>\n\t\t\t\t<\/div>\n\t\t\t<\/div>\n\t\t\t\t\t\t<\/div>\n\t\t\t\t<\/div>\n\t\t\t\t<div class=\"elementor-element elementor-element-3c3a74f elementor-widget elementor-widget-e_image_hover_effects\" data-id=\"3c3a74f\" data-element_type=\"widget\" data-e-type=\"widget\" data-settings=\"{&quot;_animation&quot;:&quot;none&quot;}\" data-widget_type=\"e_image_hover_effects.default\">\n\t\t\t\t<div class=\"elementor-widget-container\">\n\t\t\t\t\t\t\t\t<div class=\"eihe-box eihe-fade eihe_flex-start\">\n\t\t\t\t<img loading=\"lazy\" decoding=\"async\" width=\"710\" height=\"473\" data-src=\"https:\/\/blahareality.cz\/wp-content\/uploads\/2025\/10\/orez-Snimek-obrazovky-2024-02-05-143645.jpg\" class=\"attachment-full size-full wp-image-18010 lazyload\" alt=\"\" src=\"data:image\/gif;base64,R0lGODlhAQABAAAAACH5BAEKAAEALAAAAAABAAEAAAICTAEAOw==\" style=\"--smush-placeholder-width: 710px; --smush-placeholder-aspect-ratio: 710\/473;\"><noscript><img loading=\"lazy\" decoding=\"async\" width=\"710\" height=\"473\" src=\"https:\/\/blahareality.cz\/wp-content\/uploads\/2025\/10\/orez-Snimek-obrazovky-2024-02-05-143645.jpg\" class=\"attachment-full size-full wp-image-18010\" alt=\"\"><\/noscript>\t\t\t\t<div class=\"eihe-caption\">\n\t\t\t\t\t<div class=\"eihe-title-cover\">\n\t\t\t\t\t\t\t\t\t\t\t\t<h3 class=\"eihe-title\">VERKAUFT 25 000 000 K\u010d, GEB\u00c4UDE GRUNDST\u00dcCK 7 974 m\u00b2, MUKAROV - SRB\u00cdN<\/h3>\n\t\t\t\t\t\t\t\t\t\t\t<\/div>\n\t\t\t\t\t<p>Prodej stavebn\u00edch pozemk\u016f \u2013 Muka\u0159ov, Srb\u00edn u \u0158\u00ed\u010dan | 25 000 000 K\u010d\nZprost\u0159edkoval jsem prodej stavebn\u00edch pozemk\u016f o celkov\u00e9 v\u00fdm\u011b\u0159e 7 974 m\u00b2 v obci Muka\u0159ov \u2013 Srb\u00edn za 25 000 000 K\u010d. Lokalita p\u0159\u00edmo u \u0158\u00ed\u010dan, s v\u00fdbornou dostupnost\u00ed Prahy prost\u0159ednictv\u00edm pra\u017esk\u00e9 integrovan\u00e9 dopravy, p\u0159edstavovala mimo\u0159\u00e1dnou p\u0159\u00edle\u017eitost pro developera hledaj\u00edc\u00edho perspektivn\u00ed pozemky pro reziden\u010dn\u00ed v\u00fdstavbu v atraktivn\u00edm venkovsk\u00e9m prost\u0159ed\u00ed se z\u00e1zem\u00edm m\u011bsta.\nProdej rozvojov\u00fdch pozemk\u016f tohoto rozsahu nen\u00ed standardn\u00ed realitn\u00ed transakce. Kupec mus\u00ed rozum\u011bt \u00fazemn\u00edmu pl\u00e1nu, regulativ\u016fm z\u00e1stavby, v\u00fdnosov\u00e9mu potenci\u00e1lu lokality i \u010dasov\u00e9mu horizontu projektu. Pozemky v Muka\u0159ov\u011b \u2013 Srb\u00edn\u011b jsou \u00fazemn\u00edm pl\u00e1nem ur\u010deny pro v\u00fdstavbu solitern\u00edch rodinn\u00fdch dom\u016f s minim\u00e1ln\u00ed velikost\u00ed parcely 900 m\u00b2, maxim\u00e1ln\u00ed zastav\u011bnost\u00ed 25 % a maxim\u00e1ln\u00ed v\u00fd\u0161kou objektu 9 metr\u016f \u2013 parametry ide\u00e1ln\u00ed pro kvalitn\u00ed st\u0159edn\u011b velk\u00fd reziden\u010dn\u00ed projekt. Celkov\u00e1 v\u00fdm\u011bra t\u0159\u00ed parcel umo\u017e\u0148uje smyslupln\u00e9 rozd\u011blen\u00ed a postupnou v\u00fdstavbu rodinn\u00fdch dom\u016f v malebn\u00e9m prost\u0159ed\u00ed s p\u0159\u00edm\u00fdm napojen\u00edm na m\u011bstsk\u00e9 slu\u017eby.\nPracoval jsem p\u0159\u00edmo s developery a investory zam\u011b\u0159en\u00fdmi na reziden\u010dn\u00ed v\u00fdstavbu v okol\u00ed Prahy. V\u00fdsledkem bylo \u00fasp\u011b\u0161n\u00e9 uzav\u0159en\u00ed transakce za podm\u00ednek odpov\u00eddaj\u00edc\u00edch rozvojov\u00e9mu potenci\u00e1lu a atraktivit\u011b lokality.\nSpecializuji se na prodej stavebn\u00edch pozemk\u016f, rozvojov\u00fdch lokalit a developersk\u00fdch p\u0159\u00edle\u017eitost\u00ed v Praze a St\u0159edo\u010desk\u00e9m kraji. Pokud vlastn\u00edte pozemky vhodn\u00e9 pro reziden\u010dn\u00ed nebo komer\u010dn\u00ed v\u00fdstavbu a hled\u00e1te specialistu, kter\u00fd zn\u00e1 developery, rozum\u00ed \u00fazemn\u00edmu pl\u00e1nov\u00e1n\u00ed a transakci profesion\u00e1ln\u011b zast\u0159e\u0161\u00ed od ocen\u011bn\u00ed a\u017e po \u00fasp\u011b\u0161n\u00fd podpis, jsem p\u0159ipraven va\u0161i situaci probrat.<\/p>\n\t\t\t\t<\/div>\n\t\t\t<\/div>\n\t\t\t\t\t\t<\/div>\n\t\t\t\t<\/div>\n\t\t\t\t<div class=\"elementor-element elementor-element-e1ca326 elementor-widget elementor-widget-e_image_hover_effects\" data-id=\"e1ca326\" data-element_type=\"widget\" data-e-type=\"widget\" data-settings=\"{&quot;_animation&quot;:&quot;none&quot;}\" data-widget_type=\"e_image_hover_effects.default\">\n\t\t\t\t<div class=\"elementor-widget-container\">\n\t\t\t\t\t\t\t\t<div class=\"eihe-box eihe-fade eihe_flex-start\">\n\t\t\t\t<img loading=\"lazy\" decoding=\"async\" width=\"1137\" height=\"758\" data-src=\"https:\/\/blahareality.cz\/wp-content\/uploads\/2025\/10\/OREZ-KUCINY.jpg\" class=\"attachment-full size-full wp-image-18006 lazyload\" alt=\"\" src=\"data:image\/gif;base64,R0lGODlhAQABAAAAACH5BAEKAAEALAAAAAABAAEAAAICTAEAOw==\" style=\"--smush-placeholder-width: 1137px; --smush-placeholder-aspect-ratio: 1137\/758;\"><noscript><img loading=\"lazy\" decoding=\"async\" width=\"1137\" height=\"758\" src=\"https:\/\/blahareality.cz\/wp-content\/uploads\/2025\/10\/OREZ-KUCINY.jpg\" class=\"attachment-full size-full wp-image-18006\" alt=\"\"><\/noscript>\t\t\t\t<div class=\"eihe-caption\">\n\t\t\t\t\t<div class=\"eihe-title-cover\">\n\t\t\t\t\t\t\t\t\t\t\t\t<h3 class=\"eihe-title\">PROD\u00c1NO STAVEBN\u00cd POZEMEK - KUC\u00cdNY, P\u0158\u00cdCHOVICE, P\u0158E\u0160TICE<\/h3>\n\t\t\t\t\t\t\t\t\t\t\t<\/div>\n\t\t\t\t\t<p><\/p>\n\t\t\t\t<\/div>\n\t\t\t<\/div>\n\t\t\t\t\t\t<\/div>\n\t\t\t\t<\/div>\n\t\t\t\t<div class=\"elementor-element elementor-element-1794e9d elementor-widget elementor-widget-e_image_hover_effects\" data-id=\"1794e9d\" data-element_type=\"widget\" data-e-type=\"widget\" data-settings=\"{&quot;_animation&quot;:&quot;none&quot;}\" data-widget_type=\"e_image_hover_effects.default\">\n\t\t\t\t<div class=\"elementor-widget-container\">\n\t\t\t\t\t\t\t\t<div class=\"eihe-box eihe-fade eihe_flex-start\">\n\t\t\t\t<img loading=\"lazy\" decoding=\"async\" width=\"1600\" height=\"1067\" data-src=\"https:\/\/blahareality.cz\/wp-content\/uploads\/2025\/01\/Prebudov-katastr-foto-4.jpg\" class=\"attachment-full size-full wp-image-15755 lazyload\" alt=\"\" src=\"data:image\/gif;base64,R0lGODlhAQABAAAAACH5BAEKAAEALAAAAAABAAEAAAICTAEAOw==\" style=\"--smush-placeholder-width: 1600px; --smush-placeholder-aspect-ratio: 1600\/1067;\"><noscript><img loading=\"lazy\" decoding=\"async\" width=\"1600\" height=\"1067\" src=\"https:\/\/blahareality.cz\/wp-content\/uploads\/2025\/01\/Prebudov-katastr-foto-4.jpg\" class=\"attachment-full size-full wp-image-15755\" alt=\"\"><\/noscript>\t\t\t\t<div class=\"eihe-caption\">\n\t\t\t\t\t<div class=\"eihe-title-cover\">\n\t\t\t\t\t\t\t\t\t\t\t\t<h3 class=\"eihe-title\">VERKAUFTES BAUGRUNDST\u00dcCK IN P\u0158EBUDOV, KASEJOVICE<\/h3>\n\t\t\t\t\t\t\t\t\t\t\t<\/div>\n\t\t\t\t\t<p><\/p>\n\t\t\t\t<\/div>\n\t\t\t<\/div>\n\t\t\t\t\t\t<\/div>\n\t\t\t\t<\/div>\n\t\t\t\t<div class=\"elementor-element elementor-element-19be9d6 elementor-widget elementor-widget-e_image_hover_effects\" data-id=\"19be9d6\" data-element_type=\"widget\" data-e-type=\"widget\" data-settings=\"{&quot;_animation&quot;:&quot;none&quot;}\" data-widget_type=\"e_image_hover_effects.default\">\n\t\t\t\t<div class=\"elementor-widget-container\">\n\t\t\t\t\t\t\t\t<div class=\"eihe-box eihe-fade eihe_flex-start\">\n\t\t\t\t<img loading=\"lazy\" decoding=\"async\" width=\"1328\" height=\"886\" data-src=\"https:\/\/blahareality.cz\/wp-content\/uploads\/2025\/01\/Pozemek-Marianky.jpg\" class=\"attachment-full size-full wp-image-15754 lazyload\" alt=\"\" src=\"data:image\/gif;base64,R0lGODlhAQABAAAAACH5BAEKAAEALAAAAAABAAEAAAICTAEAOw==\" style=\"--smush-placeholder-width: 1328px; --smush-placeholder-aspect-ratio: 1328\/886;\"><noscript><img loading=\"lazy\" decoding=\"async\" width=\"1328\" height=\"886\" src=\"https:\/\/blahareality.cz\/wp-content\/uploads\/2025\/01\/Pozemek-Marianky.jpg\" class=\"attachment-full size-full wp-image-15754\" alt=\"\"><\/noscript>\t\t\t\t<div class=\"eihe-caption\">\n\t\t\t\t\t<div class=\"eihe-title-cover\">\n\t\t\t\t\t\t\t\t\t\t\t\t<h3 class=\"eihe-title\">BAULAND ZU VERKAUFEN, MARI\u00c1NSK\u00c9 L\u00c1ZN\u011a<\/h3>\n\t\t\t\t\t\t\t\t\t\t\t<\/div>\n\t\t\t\t\t<p><\/p>\n\t\t\t\t<\/div>\n\t\t\t<\/div>\n\t\t\t\t\t\t<\/div>\n\t\t\t\t<\/div>\n\t\t\t\t<div class=\"elementor-element elementor-element-f2fb67b elementor-widget elementor-widget-e_image_hover_effects\" data-id=\"f2fb67b\" data-element_type=\"widget\" data-e-type=\"widget\" data-settings=\"{&quot;_animation&quot;:&quot;none&quot;}\" data-widget_type=\"e_image_hover_effects.default\">\n\t\t\t\t<div class=\"elementor-widget-container\">\n\t\t\t\t\t\t\t\t<div class=\"eihe-box eihe-fade eihe_flex-start\">\n\t\t\t\t<img loading=\"lazy\" decoding=\"async\" width=\"2560\" height=\"1707\" data-src=\"https:\/\/blahareality.cz\/wp-content\/uploads\/2025\/01\/orez-Vizina-domysvatebni-misto-002-scaled-1.jpg\" class=\"attachment-full size-full wp-image-15769 lazyload\" alt=\"\" src=\"data:image\/gif;base64,R0lGODlhAQABAAAAACH5BAEKAAEALAAAAAABAAEAAAICTAEAOw==\" style=\"--smush-placeholder-width: 2560px; --smush-placeholder-aspect-ratio: 2560\/1707;\"><noscript><img loading=\"lazy\" decoding=\"async\" width=\"2560\" height=\"1707\" src=\"https:\/\/blahareality.cz\/wp-content\/uploads\/2025\/01\/orez-Vizina-domysvatebni-misto-002-scaled-1.jpg\" class=\"attachment-full size-full wp-image-15769\" alt=\"\"><\/noscript>\t\t\t\t<div class=\"eihe-caption\">\n\t\t\t\t\t<div class=\"eihe-title-cover\">\n\t\t\t\t\t\t\t\t\t\t\t\t<h3 class=\"eihe-title\">VERKAUFT - 27 000 000 K\u010d, BEBAUUNGSGRUNDST\u00dcCK 19 393 m\u00b2, DORF VI\u017dINA, BEROUN<\/h3>\n\t\t\t\t\t\t\t\t\t\t\t<\/div>\n\t\t\t\t\t<p>Prodej stavebn\u00edch pozemk\u016f pro developersk\u00fd projekt \u2013 Vi\u017eina, Beroun | 19 393 m\u00b2 | 27 000 000 K\u010d\n\nZprost\u0159edkoval jsem prodej rozs\u00e1hl\u00fdch stavebn\u00edch pozemk\u016f o celkov\u00e9 v\u00fdm\u011b\u0159e 19 393 m\u00b2 v obci Vi\u017eina u Berouna za 27 000 000 K\u010d. Transakce p\u0159edstavovala prodej rozvojov\u00e9 lokality s p\u0159\u00edm\u00fdm potenci\u00e1lem pro v\u00fdstavbu nov\u00e9 reziden\u010dn\u00ed \u010dtvrti modern\u00edch rodinn\u00fdch dom\u016f \u2013 typ p\u0159\u00edle\u017eitosti, kter\u00fd st\u0159edn\u011b velc\u00ed i v\u011bt\u0161\u00ed develope\u0159i v okol\u00ed Prahy aktivn\u011b vyhled\u00e1vaj\u00ed a kter\u00fd se na trhu objevuje jen z\u0159\u00eddka.\n\nProdej developersk\u00fdch pozemk\u016f tohoto rozsahu je discipl\u00edna sama o sob\u011b. Nesta\u010d\u00ed zn\u00e1t cenu za metr \u010dtvere\u010dn\u00ed. Je nutn\u00e9 rozum\u011bt \u00fazemn\u00edmu pl\u00e1nu, regulativ\u016fm z\u00e1stavby, in\u017een\u00fdrsk\u00fdm s\u00edt\u00edm, kapacit\u011b lokality, \u010dasov\u00e9mu horizontu projektu a p\u0159edev\u0161\u00edm \u2013 zn\u00e1t developery, kte\u0159\u00ed podobn\u00e9 p\u0159\u00edle\u017eitosti aktivn\u011b hledaj\u00ed a jsou schopni transakci rychle uzav\u0159\u00edt. Vi\u017eina u Berouna je lokalita s v\u00fdbornou dostupnost\u00ed Prahy, p\u0159irozen\u00fdm venkovsk\u00fdm charakterem a rostouc\u00ed popt\u00e1vkou po kvalitn\u00edm bydlen\u00ed mimo hlavn\u00ed m\u011bsto \u2013 p\u0159esn\u011b ten typ m\u00edsta, kde develope\u0159i pl\u00e1nuj\u00ed projekty nov\u00fdch reziden\u010dn\u00edch \u010dtvrt\u00ed s rodinn\u00fdmi domy.\n\nKupce jsem nehledal plo\u0161nou inzerc\u00ed. Oslovil jsem p\u0159\u00edmo developery a investory zam\u011b\u0159en\u00e9 na reziden\u010dn\u00ed v\u00fdstavbu v St\u0159edo\u010desk\u00e9m kraji a Berounsku, kte\u0159\u00ed rozum\u00ed potenci\u00e1lu lokality a dok\u00e1\u017eou jej zhodnotit. V\u00fdsledkem bylo \u00fasp\u011b\u0161n\u00e9 uzav\u0159en\u00ed transakce za 27 000 000 K\u010d.\nSpecializuji se na prodej developersk\u00fdch pozemk\u016f, rozvojov\u00fdch lokalit a rozs\u00e1hl\u00fdch stavebn\u00edch parcel pro reziden\u010dn\u00ed i komer\u010dn\u00ed v\u00fdstavbu v Praze a St\u0159edo\u010desk\u00e9m kraji. Pokud vlastn\u00edte pozemky s rozvojov\u00fdm potenci\u00e1lem a hled\u00e1te realitn\u00edho makl\u00e9\u0159e se zku\u0161enostmi s prodejem developersk\u00fdch projekt\u016f, kter\u00fd zn\u00e1 trh, m\u00e1 p\u0159\u00edm\u00fd p\u0159\u00edstup k developer\u016fm a investor\u016fm a transakci profesion\u00e1ln\u011b zast\u0159e\u0161\u00ed od ocen\u011bn\u00ed a\u017e po podpis, jsem p\u0159ipraven va\u0161i situaci projednat.\n<\/p>\n\t\t\t\t<\/div>\n\t\t\t<\/div>\n\t\t\t\t\t\t<\/div>\n\t\t\t\t<\/div>\n\t\t\t\t<\/div>\n\t\t\t\t<\/div>\n\t\t<div class=\"has_eae_slider elementor-element elementor-element-8af1983 e-flex e-con-boxed e-con e-parent\" data-id=\"8af1983\" data-element_type=\"container\" data-e-type=\"container\">\n\t\t\t\t\t<div class=\"e-con-inner\">\n\t\t\t\t<div class=\"elementor-element elementor-element-6d4e80f elementor-mobile-align-center elementor-align-center elementor-widget elementor-widget-button\" data-id=\"6d4e80f\" data-element_type=\"widget\" data-e-type=\"widget\" data-widget_type=\"button.default\">\n\t\t\t\t<div class=\"elementor-widget-container\">\n\t\t\t\t\t\t\t\t\t<div class=\"elementor-button-wrapper\">\n\t\t\t\t\t<a class=\"elementor-button elementor-button-link elementor-size-sm elementor-animation-shrink\" href=\"https:\/\/blahareality.cz\/de\/ich-mochte-verkaufen\/\">\n\t\t\t\t\t\t<span class=\"elementor-button-content-wrapper\">\n\t\t\t\t\t\t<span class=\"elementor-button-icon\">\n\t\t\t\t<svg aria-hidden=\"true\" class=\"e-font-icon-svg e-fas-long-arrow-alt-right\" viewbox=\"0 0 448 512\" xmlns=\"http:\/\/www.w3.org\/2000\/svg\"><path d=\"M313.941 216H12c-6.627 0-12 5.373-12 12v56c0 6.627 5.373 12 12 12h301.941v46.059c0 21.382 25.851 32.09 40.971 16.971l86.059-86.059c9.373-9.373 9.373-24.569 0-33.941l-86.059-86.059c-15.119-15.119-40.971-4.411-40.971 16.971V216z\"><\/path><\/svg>\t\t\t<\/span>\n\t\t\t\t\t\t\t\t\t<span class=\"elementor-button-text\">Ich m\u00f6chte mit Michael eine Wohnimmobilie verkaufen<\/span>\n\t\t\t\t\t<\/span>\n\t\t\t\t\t<\/a>\n\t\t\t\t<\/div>\n\t\t\t\t\t\t\t\t<\/div>\n\t\t\t\t<\/div>\n\t\t\t\t<div class=\"elementor-element elementor-element-ebf8e2f elementor-widget elementor-widget-menu-anchor\" data-id=\"ebf8e2f\" data-element_type=\"widget\" data-e-type=\"widget\" data-widget_type=\"menu-anchor.default\">\n\t\t\t\t<div class=\"elementor-widget-container\">\n\t\t\t\t\t\t\t<div class=\"elementor-menu-anchor\" id=\"komercni-nemovitosti\"><\/div>\n\t\t\t\t\t\t<\/div>\n\t\t\t\t<\/div>\n\t\t\t\t<div class=\"elementor-element elementor-element-713fcbc elementor-view-default elementor-widget elementor-widget-icon\" data-id=\"713fcbc\" data-element_type=\"widget\" data-e-type=\"widget\" data-widget_type=\"icon.default\">\n\t\t\t\t<div class=\"elementor-widget-container\">\n\t\t\t\t\t\t\t<div class=\"elementor-icon-wrapper\">\n\t\t\t<div class=\"elementor-icon\">\n\t\t\t<svg xmlns=\"http:\/\/www.w3.org\/2000\/svg\" viewbox=\"0 0 576 512\"><path d=\"M88 80c-4.4 0-8 3.6-8 8l0 216 0 48 0 56c0 13.3 10.7 24 24 24l368 0c13.3 0 24-10.7 24-24l0-88 0-16 0-148.1-139.1 89c-7.4 4.7-16.8 5-24.5 .8s-12.5-12.3-12.5-21.1l0-70.9L180.1 235.4c-7.4 4.3-16.6 4.4-24 .1s-12-12.2-12-20.8L144 88c0-4.4-3.6-8-8-8L88 80zM32 88c0-30.9 25.1-56 56-56l48 0c30.9 0 56 25.1 56 56l0 84.9 103.8-60.6c32-18.7 72.2 4.4 72.2 41.5l0 27 102.1-65.4C502.1 95 544 117.9 544 155.9L544 304l0 16 0 88c0 39.8-32.2 72-72 72l-368 0c-39.8 0-72-32.2-72-72l0-56 0-48L32 88z\"><\/path><\/svg>\t\t\t<\/div>\n\t\t<\/div>\n\t\t\t\t\t\t<\/div>\n\t\t\t\t<\/div>\n\t\t\t\t\t<\/div>\n\t\t\t\t<\/div>\n\t\t<div class=\"has_eae_slider elementor-element elementor-element-8f48a2c e-flex e-con-boxed e-con e-parent\" data-id=\"8f48a2c\" data-element_type=\"container\" data-e-type=\"container\">\n\t\t\t\t\t<div class=\"e-con-inner\">\n\t\t\t\t<div class=\"elementor-element elementor-element-9ccf504 elementor-widget elementor-widget-heading\" data-id=\"9ccf504\" data-element_type=\"widget\" data-e-type=\"widget\" data-widget_type=\"heading.default\">\n\t\t\t\t<div class=\"elementor-widget-container\">\n\t\t\t\t\t<h2 class=\"elementor-heading-title elementor-size-default\">Gewerbliche und nicht gewerbliche Immobilien<\/h2>\t\t\t\t<\/div>\n\t\t\t\t<\/div>\n\t\t\t\t\t<\/div>\n\t\t\t\t<\/div>\n\t\t<div class=\"has_eae_slider elementor-element elementor-element-b9035f9 e-flex e-con-boxed e-con e-parent\" data-id=\"b9035f9\" data-element_type=\"container\" data-e-type=\"container\">\n\t\t\t\t\t<div class=\"e-con-inner\">\n\t\t\t\t\t<\/div>\n\t\t\t\t<\/div>\n\t\t<div class=\"has_eae_slider elementor-element elementor-element-e9d5c4b e-grid e-con-full e-con e-parent\" data-id=\"e9d5c4b\" data-element_type=\"container\" data-e-type=\"container\">\n\t\t\t\t<div class=\"elementor-element elementor-element-79db03a elementor-widget elementor-widget-e_image_hover_effects\" data-id=\"79db03a\" data-element_type=\"widget\" data-e-type=\"widget\" data-settings=\"{&quot;_animation&quot;:&quot;none&quot;}\" data-widget_type=\"e_image_hover_effects.default\">\n\t\t\t\t<div class=\"elementor-widget-container\">\n\t\t\t\t\t\t\t\t<div class=\"eihe-box eihe-fade eihe_flex-start\">\n\t\t\t\t<img loading=\"lazy\" decoding=\"async\" width=\"1620\" height=\"1080\" data-src=\"https:\/\/blahareality.cz\/wp-content\/uploads\/2025\/01\/web-format-s-vyznacenim.jpg\" class=\"attachment-full size-full wp-image-15757 lazyload\" alt=\"\" src=\"data:image\/gif;base64,R0lGODlhAQABAAAAACH5BAEKAAEALAAAAAABAAEAAAICTAEAOw==\" style=\"--smush-placeholder-width: 1620px; --smush-placeholder-aspect-ratio: 1620\/1080;\"><noscript><img loading=\"lazy\" decoding=\"async\" width=\"1620\" height=\"1080\" src=\"https:\/\/blahareality.cz\/wp-content\/uploads\/2025\/01\/web-format-s-vyznacenim.jpg\" class=\"attachment-full size-full wp-image-15757\" alt=\"\"><\/noscript>\t\t\t\t<div class=\"eihe-caption\">\n\t\t\t\t\t<div class=\"eihe-title-cover\">\n\t\t\t\t\t\t\t\t\t\t\t\t<h3 class=\"eihe-title\">VERKAUFT - 42 000 000 CZK, GEWERBEGEBIET - STRAKONICE<\/h3>\n\t\t\t\t\t\t\t\t\t\t\t<\/div>\n\t\t\t\t\t<p>Prodej komer\u010dn\u00edho are\u00e1lu \u2013 Strakonice | 42 000 000 K\u010d\n\nBrand\u00fds nad Labem nebyl jedin\u00fd p\u0159\u00edpad. Zprost\u0159edkoval jsem tak\u00e9 prodej komer\u010dn\u00edho are\u00e1lu ve Strakonic\u00edch za 42 000 000 K\u010d \u2013 dal\u0161\u00ed pobo\u010dky ze stejn\u00e9 skupiny pek\u00e1ren. Dv\u011b \u00fasp\u011b\u0161n\u011b uzav\u0159en\u00e9 transakce s jedn\u00edm klientem nejsou n\u00e1hoda. Jsou d\u016fkazem toho, \u017ee spr\u00e1vn\u00fd specialista na komer\u010dn\u00ed nemovitosti se nestar\u00e1 jen o jednu zak\u00e1zku \u2013 star\u00e1 se o v\u00fdsledek, kter\u00fd klient ocen\u00ed natolik, \u017ee se vr\u00e1t\u00ed.\nProdej pr\u016fmyslov\u00fdch a v\u00fdrobn\u00edch are\u00e1l\u016f pek\u00e1rensk\u00e9ho provozu je specifick\u00e1 discipl\u00edna. Nejde o standardn\u00ed nemovitost, kterou koup\u00ed kdokoliv. Jde o objekt s pr\u016fmyslov\u00fdm z\u00e1zem\u00edm, technologick\u00fdm vybaven\u00edm a konkr\u00e9tn\u00edmi provozn\u00edmi parametry, kter\u00fd mus\u00ed naj\u00edt spr\u00e1vn\u00e9ho kupce \u2013 investora nebo provozovatele, kter\u00fd jeho potenci\u00e1l skute\u010dn\u011b zhodnot\u00ed. P\u0159esn\u011b takov\u00e9ho kupce jsem pro are\u00e1l ve Strakonic\u00edch na\u0161el a transakci \u00fasp\u011b\u0161n\u011b dot\u00e1hl do konce.\nPokud vlastn\u00edte v\u00fdrobn\u00ed are\u00e1l, pr\u016fmyslov\u00fd objekt, komer\u010dn\u00ed nemovitost nebo celou skupinu aktiv a hled\u00e1te specialistu, kter\u00fd m\u00e1 zku\u0161enosti s obdobn\u00fdmi transakcemi, p\u0159\u00edstup k relevantn\u00edm investor\u016fm a v\u00fdsledky, kter\u00e9 mluv\u00ed za sebe, jsem p\u0159ipraven va\u0161i situaci probrat.<\/p>\n\t\t\t\t<\/div>\n\t\t\t<\/div>\n\t\t\t\t\t\t<\/div>\n\t\t\t\t<\/div>\n\t\t\t\t<div class=\"elementor-element elementor-element-7059f0a elementor-widget elementor-widget-e_image_hover_effects\" data-id=\"7059f0a\" data-element_type=\"widget\" data-e-type=\"widget\" data-settings=\"{&quot;_animation&quot;:&quot;none&quot;}\" data-widget_type=\"e_image_hover_effects.default\">\n\t\t\t\t<div class=\"elementor-widget-container\">\n\t\t\t\t\t\t\t\t<div class=\"eihe-box eihe-fade eihe_flex-start\">\n\t\t\t\t<img loading=\"lazy\" decoding=\"async\" width=\"1620\" height=\"1080\" data-src=\"https:\/\/blahareality.cz\/wp-content\/uploads\/2025\/01\/Navrhova-plocha-1-3.jpg\" class=\"attachment-full size-full wp-image-15759 lazyload\" alt=\"\" src=\"data:image\/gif;base64,R0lGODlhAQABAAAAACH5BAEKAAEALAAAAAABAAEAAAICTAEAOw==\" style=\"--smush-placeholder-width: 1620px; --smush-placeholder-aspect-ratio: 1620\/1080;\"><noscript><img loading=\"lazy\" decoding=\"async\" width=\"1620\" height=\"1080\" src=\"https:\/\/blahareality.cz\/wp-content\/uploads\/2025\/01\/Navrhova-plocha-1-3.jpg\" class=\"attachment-full size-full wp-image-15759\" alt=\"\"><\/noscript>\t\t\t\t<div class=\"eihe-caption\">\n\t\t\t\t\t<div class=\"eihe-title-cover\">\n\t\t\t\t\t\t\t\t\t\t\t\t<h3 class=\"eihe-title\">VERKAUFT - 100 000 000 CZK, GEWERBEGEBIET - BRAND\u00ddS NAD LABEM - ZENTRALREGION. <\/h3>\n\t\t\t\t\t\t\t\t\t\t\t<\/div>\n\t\t\t\t\t<p>Prodej v\u00fdrobn\u00edho are\u00e1lu \u2013 Brand\u00fds nad Labem | 100 000 000 K\u010d\nZprost\u0159edkoval jsem prodej b\u00fdval\u00e9ho pek\u00e1rensk\u00e9ho are\u00e1lu v Brand\u00fdse nad Labem v hodnot\u011b 100 milion\u016f korun. Transakce byla uzav\u0159ena v \u0159\u00e1du t\u00fddn\u016f d\u00edky p\u0159\u00edm\u00e9 pr\u00e1ci s investory a tvrd\u00e9mu vyjedn\u00e1v\u00e1n\u00ed \u2013 bez zbyte\u010dn\u00fdch pr\u016ftah\u016f, bez kompromis\u016f na cen\u011b.\nProdej pr\u016fmyslov\u00fdch a v\u00fdrobn\u00edch are\u00e1l\u016f vy\u017eaduje jin\u00fd p\u0159\u00edstup ne\u017e b\u011b\u017en\u00e9 realitn\u00ed zprost\u0159edkov\u00e1n\u00ed. Nenab\u00edzel jsem are\u00e1l ve\u0159ejn\u011b. Oslovil jsem konkr\u00e9tn\u00ed investory z vlastn\u00ed s\u00edt\u011b, kte\u0159\u00ed aktivn\u011b hledaj\u00ed pr\u016fmyslov\u00e1 aktiva ve St\u0159edo\u010desk\u00e9m kraji a okol\u00ed Prahy. V\u00fdsledkem bylo rychl\u00e9 uzav\u0159en\u00ed transakce za maxim\u00e1ln\u00ed tr\u017en\u00ed cenu.\nSpecializuji se na prodej komer\u010dn\u00edch nemovitost\u00ed, v\u00fdrobn\u00edch are\u00e1l\u016f, pr\u016fmyslov\u00fdch objekt\u016f, sklad\u016f a brownfield\u016f v hodnot\u00e1ch od des\u00edtek do stovek milion\u016f korun. Pokud hled\u00e1te specialistu na komer\u010dn\u00ed nemovitosti, kter\u00fd zn\u00e1 investory, um\u00ed vyjednat nejlep\u0161\u00ed podm\u00ednky a dovede transakci do \u00fasp\u011b\u0161n\u00e9ho konce, jsem p\u0159ipraven va\u0161i situaci probrat.<\/p>\n\t\t\t\t<\/div>\n\t\t\t<\/div>\n\t\t\t\t\t\t<\/div>\n\t\t\t\t<\/div>\n\t\t\t\t<div class=\"elementor-element elementor-element-24b0c7d elementor-widget elementor-widget-e_image_hover_effects\" data-id=\"24b0c7d\" data-element_type=\"widget\" data-e-type=\"widget\" data-settings=\"{&quot;_animation&quot;:&quot;none&quot;}\" data-widget_type=\"e_image_hover_effects.default\">\n\t\t\t\t<div class=\"elementor-widget-container\">\n\t\t\t\t\t\t\t\t<a href=\"https:\/\/blahareality.cz\/de\/villa-podlesin\/\">\n\t\t\t\t\t<div class=\"eihe-box eihe-fade eihe_flex-start\">\n\t\t\t\t<img loading=\"lazy\" decoding=\"async\" width=\"1800\" height=\"1200\" data-src=\"https:\/\/blahareality.cz\/wp-content\/uploads\/2025\/10\/d-19_compressed.jpg\" class=\"attachment-full size-full wp-image-17900 lazyload\" alt=\"\" src=\"data:image\/gif;base64,R0lGODlhAQABAAAAACH5BAEKAAEALAAAAAABAAEAAAICTAEAOw==\" style=\"--smush-placeholder-width: 1800px; --smush-placeholder-aspect-ratio: 1800\/1200;\"><noscript><img loading=\"lazy\" decoding=\"async\" width=\"1800\" height=\"1200\" src=\"https:\/\/blahareality.cz\/wp-content\/uploads\/2025\/10\/d-19_compressed.jpg\" class=\"attachment-full size-full wp-image-17900\" alt=\"\"><\/noscript>\t\t\t\t<div class=\"eihe-caption\">\n\t\t\t\t\t<div class=\"eihe-title-cover\">\n\t\t\t\t\t\t\t\t\t\t\t\t<h3 class=\"eihe-title\">ZU VERKAUFEN, PENSION T\u00c1\u0147A, PEC POD SN\u011a\u017dKOU<\/h3>\n\t\t\t\t\t\t\t\t\t\t\t<\/div>\n\t\t\t\t\t<p>Prodej penzionu \u2013 Pec pod Sn\u011b\u017ekou | Krkono\u0161e\n\nZprost\u0159edkoval jsem prodej penzionu v Peci pod Sn\u011b\u017ekou, jedn\u00e9 z nej\u017e\u00e1dan\u011bj\u0161\u00edch rekrea\u010dn\u00edch lokalit v \u010cesk\u00e9 republice. Pec pod Sn\u011b\u017ekou pat\u0159\u00ed mezi nejnav\u0161t\u011bvovan\u011bj\u0161\u00ed horsk\u00e1 st\u0159ediska v Krkono\u0161\u00edch a nemovitosti zde p\u0159edstavuj\u00ed atraktivn\u00ed investici s dlouhodob\u00fdm potenci\u00e1lem \u2013 a\u0165 u\u017e pro pokra\u010dov\u00e1n\u00ed ubytovac\u00edho provozu, nebo pro vlastn\u00ed rekrea\u010dn\u00ed vyu\u017eit\u00ed.\nProdej rekrea\u010dn\u00edch a hotelov\u00fdch nemovitost\u00ed vy\u017eaduje hlubokou znalost trhu, spr\u00e1vn\u00e9 ocen\u011bn\u00ed a p\u0159\u00edstup ke kupuj\u00edc\u00edm, kte\u0159\u00ed o takov\u00fd typ aktiva skute\u010dn\u011b stoj\u00ed. Penzion jsem nenab\u00edzel plo\u0161n\u011b. Pracoval jsem p\u0159\u00edmo s konkr\u00e9tn\u00edmi z\u00e1jemci a investory zam\u011b\u0159en\u00fdmi na hotelov\u00e9 a rekrea\u010dn\u00ed nemovitosti v horsk\u00fdch st\u0159edisc\u00edch. V\u00fdsledkem bylo \u00fasp\u011b\u0161n\u00e9 uzav\u0159en\u00ed transakce za podm\u00ednek odpov\u00eddaj\u00edc\u00edch tr\u017en\u00ed hodnot\u011b lokality.\nSpecializuji se na prodej komer\u010dn\u00edch nemovitost\u00ed v\u010detn\u011b hotel\u016f, penzion\u016f, rekrea\u010dn\u00edch are\u00e1l\u016f a ubytovac\u00edch za\u0159\u00edzen\u00ed po cel\u00e9 \u010cesk\u00e9 republice. Pokud zva\u017eujete prodej hotelu, penzionu nebo jin\u00e9 rekrea\u010dn\u00ed nemovitosti a hled\u00e1te specialistu, kter\u00fd zn\u00e1 tento trh, m\u00e1 p\u0159\u00edstup k relevantn\u00edm kupc\u016fm a transakci profesion\u00e1ln\u011b zast\u0159e\u0161\u00ed od prvn\u00ed sch\u016fzky a\u017e po podpis smlouvy, r\u00e1d va\u0161i situaci proberu.<\/p>\n\t\t\t\t<\/div>\n\t\t\t<\/div>\n\t\t\t\t\t<\/a>\n\t\t\t\t\t\t<\/div>\n\t\t\t\t<\/div>\n\t\t\t\t<div class=\"elementor-element elementor-element-4da4f06 elementor-widget elementor-widget-e_image_hover_effects\" data-id=\"4da4f06\" data-element_type=\"widget\" data-e-type=\"widget\" data-settings=\"{&quot;_animation&quot;:&quot;none&quot;}\" data-widget_type=\"e_image_hover_effects.default\">\n\t\t\t\t<div class=\"elementor-widget-container\">\n\t\t\t\t\t\t\t\t<div class=\"eihe-box eihe-fade eihe_flex-start\">\n\t\t\t\t<img loading=\"lazy\" decoding=\"async\" width=\"1800\" height=\"1200\" data-src=\"https:\/\/blahareality.cz\/wp-content\/uploads\/2025\/07\/c-74.jpg\" class=\"attachment-full size-full wp-image-17563 lazyload\" alt=\"\" src=\"data:image\/gif;base64,R0lGODlhAQABAAAAACH5BAEKAAEALAAAAAABAAEAAAICTAEAOw==\" style=\"--smush-placeholder-width: 1800px; --smush-placeholder-aspect-ratio: 1800\/1200;\"><noscript><img loading=\"lazy\" decoding=\"async\" width=\"1800\" height=\"1200\" src=\"https:\/\/blahareality.cz\/wp-content\/uploads\/2025\/07\/c-74.jpg\" class=\"attachment-full size-full wp-image-17563\" alt=\"\"><\/noscript>\t\t\t\t<div class=\"eihe-caption\">\n\t\t\t\t\t<div class=\"eihe-title-cover\">\n\t\t\t\t\t\t\t\t\t\t\t\t<h3 class=\"eihe-title\">PENSION, OFEN UNTER DEM SCHNEE<\/h3>\n\t\t\t\t\t\t\t\t\t\t\t<\/div>\n\t\t\t\t\t<p><\/p>\n\t\t\t\t<\/div>\n\t\t\t<\/div>\n\t\t\t\t\t\t<\/div>\n\t\t\t\t<\/div>\n\t\t\t\t<div class=\"elementor-element elementor-element-7c1f742 elementor-widget elementor-widget-e_image_hover_effects\" data-id=\"7c1f742\" data-element_type=\"widget\" data-e-type=\"widget\" data-settings=\"{&quot;_animation&quot;:&quot;none&quot;}\" data-widget_type=\"e_image_hover_effects.default\">\n\t\t\t\t<div class=\"elementor-widget-container\">\n\t\t\t\t\t\t\t\t<div class=\"eihe-box eihe-fade eihe_flex-start\">\n\t\t\t\t<img loading=\"lazy\" decoding=\"async\" width=\"1620\" height=\"1080\" data-src=\"https:\/\/blahareality.cz\/wp-content\/uploads\/2025\/01\/Navrhova-plocha-2-1.jpg\" class=\"attachment-full size-full wp-image-15758 lazyload\" alt=\"\" src=\"data:image\/gif;base64,R0lGODlhAQABAAAAACH5BAEKAAEALAAAAAABAAEAAAICTAEAOw==\" style=\"--smush-placeholder-width: 1620px; --smush-placeholder-aspect-ratio: 1620\/1080;\"><noscript><img loading=\"lazy\" decoding=\"async\" width=\"1620\" height=\"1080\" src=\"https:\/\/blahareality.cz\/wp-content\/uploads\/2025\/01\/Navrhova-plocha-2-1.jpg\" class=\"attachment-full size-full wp-image-15758\" alt=\"\"><\/noscript>\t\t\t\t<div class=\"eihe-caption\">\n\t\t\t\t\t<div class=\"eihe-title-cover\">\n\t\t\t\t\t\t\t\t\t\t\t\t<h3 class=\"eihe-title\">KOMMERZIELLES WOHNHAUS, KUTN\u00c1 HORA<\/h3>\n\t\t\t\t\t\t\t\t\t\t\t<\/div>\n\t\t\t\t\t<p><\/p>\n\t\t\t\t<\/div>\n\t\t\t<\/div>\n\t\t\t\t\t\t<\/div>\n\t\t\t\t<\/div>\n\t\t\t\t<div class=\"elementor-element elementor-element-2aa96bc elementor-widget elementor-widget-e_image_hover_effects\" data-id=\"2aa96bc\" data-element_type=\"widget\" data-e-type=\"widget\" data-settings=\"{&quot;_animation&quot;:&quot;none&quot;}\" data-widget_type=\"e_image_hover_effects.default\">\n\t\t\t\t<div class=\"elementor-widget-container\">\n\t\t\t\t\t\t\t\t<div class=\"eihe-box eihe-fade eihe_flex-start\">\n\t\t\t\t<img loading=\"lazy\" decoding=\"async\" width=\"1620\" height=\"1080\" data-src=\"https:\/\/blahareality.cz\/wp-content\/uploads\/2025\/01\/Navrhova-plocha-6.jpg\" class=\"attachment-full size-full wp-image-15761 lazyload\" alt=\"\" src=\"data:image\/gif;base64,R0lGODlhAQABAAAAACH5BAEKAAEALAAAAAABAAEAAAICTAEAOw==\" style=\"--smush-placeholder-width: 1620px; --smush-placeholder-aspect-ratio: 1620\/1080;\"><noscript><img loading=\"lazy\" decoding=\"async\" width=\"1620\" height=\"1080\" src=\"https:\/\/blahareality.cz\/wp-content\/uploads\/2025\/01\/Navrhova-plocha-6.jpg\" class=\"attachment-full size-full wp-image-15761\" alt=\"\"><\/noscript>\t\t\t\t<div class=\"eihe-caption\">\n\t\t\t\t\t<div class=\"eihe-title-cover\">\n\t\t\t\t\t\t\t\t\t\t\t\t<h3 class=\"eihe-title\">VERKAUFT - 13 000 000 CZK, GEWERBLICHES WOHNHAUS, MASARYKOVO N\u00c1M\u011aST\u00cd, ROKYCANY<\/h3>\n\t\t\t\t\t\t\t\t\t\t\t<\/div>\n\t\t\t\t\t<p>Prodej komer\u010dn\u011b reziden\u010dn\u00edho domu \u2013 Masarykovo n\u00e1m\u011bst\u00ed, Rokycany | 13 000 000 K\u010d\n\nZprost\u0159edkoval jsem prodej reprezentativn\u00edho komer\u010dn\u011b reziden\u010dn\u00edho domu v historick\u00e9m centru Rokycan p\u0159\u00edmo na Masarykov\u011b n\u00e1m\u011bst\u00ed \u2013 pr\u00e9miov\u00e1 adresa v srdci m\u011bsta v Plze\u0148sk\u00e9m kraji s celkovou u\u017eitnou plochou p\u0159esahuj\u00edc\u00ed 380 m\u00b2. Nemovitost byla \u00fasp\u011b\u0161n\u011b prod\u00e1na investorovi hledaj\u00edc\u00edmu komer\u010dn\u00ed objekt s v\u00fdnosov\u00fdm potenci\u00e1lem v zaveden\u00e9 lokalit\u011b z\u00e1padn\u00edch \u010cech.\n\nD\u016fm po rekonstrukci ve velmi dobr\u00e9m technick\u00e9m stavu nab\u00edz\u00ed dv\u011b prodejn\u00ed podla\u017e\u00ed s celkovou obchodn\u00ed plochou 239 m\u00b2, skladov\u00e9 prostory, soci\u00e1ln\u00ed z\u00e1zem\u00ed, such\u00e9 sklepy s klenut\u00fdmi stropy o v\u00fdm\u011b\u0159e 45 m\u00b2 a kancel\u00e1\u0159sk\u00e9 prostory v podkrov\u00ed o v\u00fdm\u011b\u0159e p\u0159ibli\u017en\u011b 90 m\u00b2 \u2013 celkem p\u0159es 380 m\u00b2 vyu\u017eiteln\u00e9 plochy s ve\u0159ejn\u00fdm parkov\u00e1n\u00edm p\u0159\u00edmo p\u0159ed domem. Nemovitost se prod\u00e1vala jako objekt, nikoliv obchodn\u00ed pod\u00edl, co\u017e zjednodu\u0161uje financov\u00e1n\u00ed i pr\u00e1vn\u00ed strukturu transakce. Historick\u00e9 centrum Rokycan s p\u0159\u00edmou dostupnost\u00ed Plzn\u011b autem p\u0159ibli\u017en\u011b 25 minut tvo\u0159\u00ed p\u0159irozen\u00e9 obchodn\u00ed a administrativn\u00ed centrum Rokycanska \u2013 lokalita s dlouhodob\u011b stabiln\u00ed popt\u00e1vkou po komer\u010dn\u00edch prostor\u00e1ch a minim\u00e1ln\u00ed nab\u00eddkou srovnateln\u00fdch objekt\u016f na trhu.\n\nRokycany a Plze\u0148sk\u00fd kraj jsou sou\u010d\u00e1st\u00ed m\u00e9ho dlouhodob\u00e9ho p\u016fsoben\u00ed na trhu s komer\u010dn\u00edmi nemovitostmi. V Plzni jsem zprost\u0159edkoval prodej n\u011bkolika \u010din\u017eovn\u00edch dom\u016f p\u0159\u00edmo na Klatovsk\u00e9 t\u0159\u00edd\u011b, v Rokycanech jsem \u00fasp\u011b\u0161n\u011b uzav\u0159el ji\u017e dv\u011b transakce s komer\u010dn\u011b reziden\u010dn\u00edmi objekty \u2013 v\u00fdsledky, kter\u00e9 dokl\u00e1daj\u00ed hlubokou znalost m\u00edstn\u00edho trhu a p\u0159\u00edm\u00fd p\u0159\u00edstup k investor\u016fm aktivn\u011b p\u016fsob\u00edc\u00edm v Plze\u0148sk\u00e9m kraji.\n\nSpecializuji se na prodej komer\u010dn\u00edch nemovitost\u00ed, investi\u010dn\u00edch objekt\u016f, v\u00fdnosov\u00fdch dom\u016f a obchodn\u00edch prostor v Plzni, Rokycanech, Plze\u0148sk\u00e9m kraji a nap\u0159\u00ed\u010d celou \u010ceskou republikou. Vedle komer\u010dn\u00edch nemovitost\u00ed pokr\u00fdv\u00e1m tak\u00e9 prodej reziden\u010dn\u00edch nemovitost\u00ed, pr\u016fmyslov\u00fdch are\u00e1l\u016f, stavebn\u00edch pozemk\u016f a developersk\u00fdch lokalit. \n\nPokud vlastn\u00edte komer\u010dn\u00ed nebo investi\u010dn\u00ed nemovitost v Plzni \u010di Plze\u0148sk\u00e9m kraji a hled\u00e1te realitn\u00edho makl\u00e9\u0159e se zku\u0161enostmi a v\u00fdsledky v tomto regionu, jsem p\u0159ipraven va\u0161i situaci projednat.\n<\/p>\n\t\t\t\t<\/div>\n\t\t\t<\/div>\n\t\t\t\t\t\t<\/div>\n\t\t\t\t<\/div>\n\t\t\t\t<div class=\"elementor-element elementor-element-759b189 elementor-widget elementor-widget-e_image_hover_effects\" data-id=\"759b189\" data-element_type=\"widget\" data-e-type=\"widget\" data-settings=\"{&quot;_animation&quot;:&quot;none&quot;}\" data-widget_type=\"e_image_hover_effects.default\">\n\t\t\t\t<div class=\"elementor-widget-container\">\n\t\t\t\t\t\t\t\t<div class=\"eihe-box eihe-fade eihe_flex-start\">\n\t\t\t\t<img loading=\"lazy\" decoding=\"async\" width=\"1620\" height=\"1080\" data-src=\"https:\/\/blahareality.cz\/wp-content\/uploads\/2025\/01\/Navrhova-plocha-1-2.jpg\" class=\"attachment-full size-full wp-image-15762 lazyload\" alt=\"\" src=\"data:image\/gif;base64,R0lGODlhAQABAAAAACH5BAEKAAEALAAAAAABAAEAAAICTAEAOw==\" style=\"--smush-placeholder-width: 1620px; --smush-placeholder-aspect-ratio: 1620\/1080;\"><noscript><img loading=\"lazy\" decoding=\"async\" width=\"1620\" height=\"1080\" src=\"https:\/\/blahareality.cz\/wp-content\/uploads\/2025\/01\/Navrhova-plocha-1-2.jpg\" class=\"attachment-full size-full wp-image-15762\" alt=\"\"><\/noscript>\t\t\t\t<div class=\"eihe-caption\">\n\t\t\t\t\t<div class=\"eihe-title-cover\">\n\t\t\t\t\t\t\t\t\t\t\t\t<h3 class=\"eihe-title\">ZU VERKAUFEN - PFERDEBEREICH, PO\u010eOUSY<\/h3>\n\t\t\t\t\t\t\t\t\t\t\t<\/div>\n\t\t\t\t\t<p><\/p>\n\t\t\t\t<\/div>\n\t\t\t<\/div>\n\t\t\t\t\t\t<\/div>\n\t\t\t\t<\/div>\n\t\t\t\t<div class=\"elementor-element elementor-element-b8fb8af elementor-widget elementor-widget-e_image_hover_effects\" data-id=\"b8fb8af\" data-element_type=\"widget\" data-e-type=\"widget\" data-settings=\"{&quot;_animation&quot;:&quot;none&quot;}\" data-widget_type=\"e_image_hover_effects.default\">\n\t\t\t\t<div class=\"elementor-widget-container\">\n\t\t\t\t\t\t\t\t<div class=\"eihe-box eihe-fade eihe_flex-start\">\n\t\t\t\t<img loading=\"lazy\" decoding=\"async\" width=\"2560\" height=\"1707\" data-src=\"https:\/\/blahareality.cz\/wp-content\/uploads\/2025\/01\/web-DSC_0003-scaled-1.jpg\" class=\"attachment-full size-full wp-image-15760 lazyload\" alt=\"\" src=\"data:image\/gif;base64,R0lGODlhAQABAAAAACH5BAEKAAEALAAAAAABAAEAAAICTAEAOw==\" style=\"--smush-placeholder-width: 2560px; --smush-placeholder-aspect-ratio: 2560\/1707;\"><noscript><img loading=\"lazy\" decoding=\"async\" width=\"2560\" height=\"1707\" src=\"https:\/\/blahareality.cz\/wp-content\/uploads\/2025\/01\/web-DSC_0003-scaled-1.jpg\" class=\"attachment-full size-full wp-image-15760\" alt=\"\"><\/noscript>\t\t\t\t<div class=\"eihe-caption\">\n\t\t\t\t\t<div class=\"eihe-title-cover\">\n\t\t\t\t\t\t\t\t\t\t\t\t<h3 class=\"eihe-title\">ZU VERMIETEN, GEWERBLICH GENUTZTES WOHNHAUS, PRAGUE 9 - DOLN\u00cd PO\u010cERNICE<\/h3>\n\t\t\t\t\t\t\t\t\t\t\t<\/div>\n\t\t\t\t\t<p>Pron\u00e1jem komer\u010dn\u00edho objektu s bytov\u00fdmi jednotkami \u2013 \u010ceskobrodsk\u00e1, Doln\u00ed Po\u010dernice | Praha 9\n\nZprost\u0159edkoval jsem pron\u00e1jem cel\u00e9ho objektu u hlavn\u00ed silnice \u010ceskobrodsk\u00e1 v Doln\u00edch Po\u010dernic\u00edch \u2013 komer\u010dn\u011b reziden\u010dn\u00edho komplexu s obchodn\u00edm prostorem 230 m\u00b2, dv\u011bma bytov\u00fdmi jednotkami a zast\u0159e\u0161enou spole\u010dnou terasou 54 m\u00b2 za m\u011bs\u00ed\u010dn\u00ed n\u00e1jemn\u00e9 70 000 K\u010d. Nemovitost byla \u00fasp\u011b\u0161n\u011b pronajata n\u00e1jemci, kter\u00fd ocenil v\u00fdjime\u010dnou viditelnost objektu u frekventovan\u00e9 hlavn\u00ed silnice, v\u00fdbornou dopravn\u00ed dostupnost a flexibilitu vyu\u017eit\u00ed cel\u00e9ho komplexu.\n\nKomer\u010dn\u00ed prostor v p\u0159\u00edzem\u00ed s p\u0159\u00edstupem p\u0159\u00edmo z ulice \u010ceskobrodsk\u00e1 nab\u00edz\u00ed prodejn\u00ed plochu 201 m\u00b2 se \u0161esti parkovac\u00edmi st\u00e1n\u00edmi s p\u0159\u00edm\u00fdm n\u00e1jezdem od hlavn\u00ed silnice pro klienty \u2013 ide\u00e1ln\u00ed podm\u00ednky pro maloobchodn\u00ed provoz, showroom, slu\u017eby nebo velkokapacitn\u00ed kancel\u00e1\u0159e vy\u017eaduj\u00edc\u00ed p\u0159\u00edmou viditelnost a dostupnost autem. Ve druh\u00e9m nadzemn\u00edm podla\u017e\u00ed se nach\u00e1zej\u00ed dv\u011b bytov\u00e9 jednotky \u2013 1+kk o v\u00fdm\u011b\u0159e 67,97 m\u00b2 a 2+kk o v\u00fdm\u011b\u0159e 73,17 m\u00b2 \u2013 se spole\u010dnou zast\u0159e\u0161enou terasou o v\u00fdm\u011b\u0159e 54 m\u00b2, kter\u00e9 nab\u00edzej\u00ed flexibiln\u00ed vyu\u017eit\u00ed jako kancel\u00e1\u0159sk\u00e9 prostory, ateli\u00e9ry nebo reziden\u010dn\u00ed z\u00e1zem\u00ed p\u0159\u00edmo u provozovny. V\u00fdborn\u00e1 dostupnost autem po \u010ceskobrodsk\u00e9, autobusem i vlakem \u0159ad\u00ed tuto lokalitu mezi atraktivn\u00ed adresy pro podnikatele a firmy hledaj\u00edc\u00ed komer\u010dn\u00ed prostory na v\u00fdchodn\u00edm okraji Prahy s p\u0159\u00edm\u00fdm napojen\u00edm na hlavn\u00ed silni\u010dn\u00ed tahy.\n\nPron\u00e1jem a prodej komer\u010dn\u00edch objekt\u016f s kombinovan\u00fdm vyu\u017eit\u00edm je specifick\u00e1 discipl\u00edna vy\u017eaduj\u00edc\u00ed p\u0159esn\u00e9 osloven\u00ed n\u00e1jemc\u016f a kupc\u016f, kte\u0159\u00ed rozum\u011bj\u00ed potenci\u00e1lu takov\u00e9ho komplexu a dok\u00e1\u017eou jej pln\u011b vyu\u017e\u00edt. Doln\u00ed Po\u010dernice a \u0161ir\u0161\u00ed oblast Prahy 9 jsou sou\u010d\u00e1st\u00ed m\u00e9ho dlouhodob\u00e9ho p\u016fsoben\u00ed na pra\u017esk\u00e9m realitn\u00edm trhu.\n\nSpecializuji se na zprost\u0159edkov\u00e1n\u00ed prodeje i pron\u00e1jmu komer\u010dn\u00edch nemovitost\u00ed \u2013 obchodn\u00edch prostor, komer\u010dn\u00edch objekt\u016f, kancel\u00e1\u0159\u00ed a sklad\u016f \u2013 a z\u00e1rove\u0148 na prodej a pron\u00e1jem reziden\u010dn\u00edch nemovitost\u00ed, pr\u016fmyslov\u00fdch a v\u00fdrobn\u00edch are\u00e1l\u016f, investi\u010dn\u00edch bytov\u00fdch a \u010din\u017eovn\u00edch dom\u016f, hotel\u016f, penzion\u016f, stavebn\u00edch pozemk\u016f a developersk\u00fdch lokalit nap\u0159\u00ed\u010d celou \u010ceskou republikou. \n\nPokud hled\u00e1te zku\u0161en\u00e9ho realitn\u00edho makl\u00e9\u0159e pro pron\u00e1jem nebo prodej komer\u010dn\u00ed \u010di reziden\u010dn\u00ed nemovitosti v Praze a okol\u00ed, kter\u00fd m\u00e1 prokazateln\u00e9 v\u00fdsledky v ka\u017ed\u00e9m segmentu trhu a p\u0159\u00edm\u00fd p\u0159\u00edstup k n\u00e1jemc\u016fm i kupc\u016fm, jsem p\u0159ipraven va\u0161i situaci projednat.\n<\/p>\n\t\t\t\t<\/div>\n\t\t\t<\/div>\n\t\t\t\t\t\t<\/div>\n\t\t\t\t<\/div>\n\t\t\t\t<div class=\"elementor-element elementor-element-d9c83bd elementor-widget elementor-widget-e_image_hover_effects\" data-id=\"d9c83bd\" data-element_type=\"widget\" data-e-type=\"widget\" data-settings=\"{&quot;_animation&quot;:&quot;none&quot;}\" data-widget_type=\"e_image_hover_effects.default\">\n\t\t\t\t<div class=\"elementor-widget-container\">\n\t\t\t\t\t\t\t\t<div class=\"eihe-box eihe-fade eihe_flex-start\">\n\t\t\t\t<img loading=\"lazy\" decoding=\"async\" width=\"1620\" height=\"1080\" data-src=\"https:\/\/blahareality.cz\/wp-content\/uploads\/2025\/01\/Navrhova-plocha-8.jpg\" class=\"attachment-full size-full wp-image-15764 lazyload\" alt=\"\" src=\"data:image\/gif;base64,R0lGODlhAQABAAAAACH5BAEKAAEALAAAAAABAAEAAAICTAEAOw==\" style=\"--smush-placeholder-width: 1620px; --smush-placeholder-aspect-ratio: 1620\/1080;\"><noscript><img loading=\"lazy\" decoding=\"async\" width=\"1620\" height=\"1080\" src=\"https:\/\/blahareality.cz\/wp-content\/uploads\/2025\/01\/Navrhova-plocha-8.jpg\" class=\"attachment-full size-full wp-image-15764\" alt=\"\"><\/noscript>\t\t\t\t<div class=\"eihe-caption\">\n\t\t\t\t\t<div class=\"eihe-title-cover\">\n\t\t\t\t\t\t\t\t\t\t\t\t<h3 class=\"eihe-title\">VERKAUFT, GARAGE, WASSERFEST<\/h3>\n\t\t\t\t\t\t\t\t\t\t\t<\/div>\n\t\t\t\t\t<p><\/p>\n\t\t\t\t<\/div>\n\t\t\t<\/div>\n\t\t\t\t\t\t<\/div>\n\t\t\t\t<\/div>\n\t\t\t\t<div class=\"elementor-element elementor-element-6d5feeb elementor-widget elementor-widget-e_image_hover_effects\" data-id=\"6d5feeb\" data-element_type=\"widget\" data-e-type=\"widget\" data-settings=\"{&quot;_animation&quot;:&quot;none&quot;}\" data-widget_type=\"e_image_hover_effects.default\">\n\t\t\t\t<div class=\"elementor-widget-container\">\n\t\t\t\t\t\t\t\t<div class=\"eihe-box eihe-fade eihe_flex-start\">\n\t\t\t\t<img loading=\"lazy\" decoding=\"async\" width=\"749\" height=\"499\" data-src=\"https:\/\/blahareality.cz\/wp-content\/uploads\/2025\/01\/ZMENSENA-2024_05_13_71432-HDR.jpg\" class=\"attachment-full size-full wp-image-15765 lazyload\" alt=\"\" src=\"data:image\/gif;base64,R0lGODlhAQABAAAAACH5BAEKAAEALAAAAAABAAEAAAICTAEAOw==\" style=\"--smush-placeholder-width: 749px; --smush-placeholder-aspect-ratio: 749\/499;\"><noscript><img loading=\"lazy\" decoding=\"async\" width=\"749\" height=\"499\" src=\"https:\/\/blahareality.cz\/wp-content\/uploads\/2025\/01\/ZMENSENA-2024_05_13_71432-HDR.jpg\" class=\"attachment-full size-full wp-image-15765\" alt=\"\"><\/noscript>\t\t\t\t<div class=\"eihe-caption\">\n\t\t\t\t\t<div class=\"eihe-title-cover\">\n\t\t\t\t\t\t\t\t\t\t\t\t<h3 class=\"eihe-title\">VERKAUFT, PARKPLATZ PRAG KUNRATICE<\/h3>\n\t\t\t\t\t\t\t\t\t\t\t<\/div>\n\t\t\t\t\t<p>Prodej parkovac\u00edho st\u00e1n\u00ed \u2013 Praha-Kunratice, Za Valem | 12,5 m\u00b2\n\nZprost\u0159edkoval jsem prodej kryt\u00e9ho parkovac\u00edho st\u00e1n\u00ed \u010d. 131 o v\u00fdm\u011b\u0159e 12,5 m\u00b2 s d\u00e1lkov\u011b ovl\u00e1dan\u00fdmi vjezdov\u00fdmi vraty v bytov\u00e9m dom\u011b na adrese Za Valem 1427\/17 v Praze-Kunratic\u00edch. Nemovitost byla \u00fasp\u011b\u0161n\u011b prod\u00e1na kupci hledaj\u00edc\u00edmu bezpe\u010dn\u00e9 a spolehliv\u00e9 parkov\u00e1n\u00ed v lokalit\u011b, kde je uli\u010dn\u00ed parkov\u00e1n\u00ed dlouhodob\u011b obt\u00ed\u017en\u00e9 a vlastn\u00ed m\u00edsto pro auto p\u0159edstavuje ka\u017edodenn\u00ed komfort bez kompromis\u016f.\n\nKryt\u00e9 parkovac\u00ed st\u00e1n\u00ed s d\u00e1lkov\u00fdm ovl\u00e1d\u00e1n\u00edm vjezdov\u00fdch vrat v bytov\u00e9m dom\u011b v Kunratic\u00edch je praktick\u00e1 a stabiln\u00ed nemovitostn\u00ed investice s trvalou popt\u00e1vkou. Praha-Kunratice jsou jednou z nej\u017e\u00e1dan\u011bj\u0161\u00edch reziden\u010dn\u00edch lokalit ji\u017en\u00ed Prahy \u2013 klidn\u00e1 z\u00e1stavba v bl\u00edzkosti Kunratick\u00e9ho lesa, vysok\u00e1 koncentrace rodinn\u00fdch dom\u016f a bytov\u00fdch projekt\u016f a omezen\u00e9 mo\u017enosti parkov\u00e1n\u00ed na ulici vytv\u00e1\u0159ej\u00ed dlouhodob\u011b silnou popt\u00e1vku po vlastn\u00edch parkovac\u00edch st\u00e1n\u00edch v t\u00e9to \u010d\u00e1sti Prahy 4. Vlastn\u00ed m\u00edsto v uzav\u0159en\u00e9m dom\u011b s d\u00e1lkov\u00fdm ovl\u00e1d\u00e1n\u00edm znamen\u00e1 bezpe\u010dnost, pohodl\u00ed a \u00fasporu \u010dasu ka\u017ed\u00fd den \u2013 a\u0165 u\u017e pro ka\u017edodenn\u00ed \u0159idi\u010de, nebo jako v\u00fdnosov\u00fd pron\u00e1jem pro investory hledaj\u00edc\u00ed pasivn\u00ed p\u0159\u00edjem z nemovitosti s minim\u00e1ln\u00edmi n\u00e1klady na spr\u00e1vu.\n\nParkovac\u00ed st\u00e1n\u00ed a gar\u00e1\u017eov\u00e1 m\u00edsta v Praze jsou sou\u010d\u00e1st\u00ed m\u00e9ho portfolia \u00fasp\u011b\u0161n\u011b realizovan\u00fdch transakc\u00ed. Vedle t\u011bchto praktick\u00fdch nemovitostn\u00edch investic se specializuji na prodej a pron\u00e1jem byt\u016f, rodinn\u00fdch dom\u016f, komer\u010dn\u00edch nemovitost\u00ed, pr\u016fmyslov\u00fdch a v\u00fdrobn\u00edch are\u00e1l\u016f, investi\u010dn\u00edch bytov\u00fdch a \u010din\u017eovn\u00edch dom\u016f, hotel\u016f, penzion\u016f, stavebn\u00edch pozemk\u016f a developersk\u00fdch lokalit nap\u0159\u00ed\u010d celou \u010ceskou republikou. Pokud hled\u00e1te zku\u0161en\u00e9ho realitn\u00edho makl\u00e9\u0159e v Praze pro prodej nebo pron\u00e1jem jak\u00e9koliv nemovitosti, jsem p\u0159ipraven va\u0161i situaci projednat.\n<\/p>\n\t\t\t\t<\/div>\n\t\t\t<\/div>\n\t\t\t\t\t\t<\/div>\n\t\t\t\t<\/div>\n\t\t\t\t<div class=\"elementor-element elementor-element-5f08d2d elementor-widget elementor-widget-e_image_hover_effects\" data-id=\"5f08d2d\" data-element_type=\"widget\" data-e-type=\"widget\" data-settings=\"{&quot;_animation&quot;:&quot;none&quot;}\" data-widget_type=\"e_image_hover_effects.default\">\n\t\t\t\t<div class=\"elementor-widget-container\">\n\t\t\t\t\t\t\t\t<div class=\"eihe-box eihe-fade eihe_flex-start\">\n\t\t\t\t<img loading=\"lazy\" decoding=\"async\" width=\"2560\" height=\"1703\" data-src=\"https:\/\/blahareality.cz\/wp-content\/uploads\/2025\/01\/ZMENSENA-101-scaled-1.jpg\" class=\"attachment-full size-full wp-image-15766 lazyload\" alt=\"\" src=\"data:image\/gif;base64,R0lGODlhAQABAAAAACH5BAEKAAEALAAAAAABAAEAAAICTAEAOw==\" style=\"--smush-placeholder-width: 2560px; --smush-placeholder-aspect-ratio: 2560\/1703;\"><noscript><img loading=\"lazy\" decoding=\"async\" width=\"2560\" height=\"1703\" src=\"https:\/\/blahareality.cz\/wp-content\/uploads\/2025\/01\/ZMENSENA-101-scaled-1.jpg\" class=\"attachment-full size-full wp-image-15766\" alt=\"\"><\/noscript>\t\t\t\t<div class=\"eihe-caption\">\n\t\t\t\t\t<div class=\"eihe-title-cover\">\n\t\t\t\t\t\t\t\t\t\t\t\t<h3 class=\"eihe-title\">VERKAUFT, NICHT-WOHNRAUM - B\u00dcRO, 3+KK, PRAHA LETN\u00c1<\/h3>\n\t\t\t\t\t\t\t\t\t\t\t<\/div>\n\t\t\t\t\t<p><\/p>\n\t\t\t\t<\/div>\n\t\t\t<\/div>\n\t\t\t\t\t\t<\/div>\n\t\t\t\t<\/div>\n\t\t\t\t<div class=\"elementor-element elementor-element-ea301bb elementor-widget elementor-widget-e_image_hover_effects\" data-id=\"ea301bb\" data-element_type=\"widget\" data-e-type=\"widget\" data-settings=\"{&quot;_animation&quot;:&quot;none&quot;}\" data-widget_type=\"e_image_hover_effects.default\">\n\t\t\t\t<div class=\"elementor-widget-container\">\n\t\t\t\t\t\t\t\t<div class=\"eihe-box eihe-fade eihe_flex-start\">\n\t\t\t\t<img loading=\"lazy\" decoding=\"async\" width=\"2560\" height=\"1703\" data-src=\"https:\/\/blahareality.cz\/wp-content\/uploads\/2025\/01\/ZMENSENA-102-scaled-1.jpg\" class=\"attachment-full size-full wp-image-15767 lazyload\" alt=\"\" src=\"data:image\/gif;base64,R0lGODlhAQABAAAAACH5BAEKAAEALAAAAAABAAEAAAICTAEAOw==\" style=\"--smush-placeholder-width: 2560px; --smush-placeholder-aspect-ratio: 2560\/1703;\"><noscript><img loading=\"lazy\" decoding=\"async\" width=\"2560\" height=\"1703\" src=\"https:\/\/blahareality.cz\/wp-content\/uploads\/2025\/01\/ZMENSENA-102-scaled-1.jpg\" class=\"attachment-full size-full wp-image-15767\" alt=\"\"><\/noscript>\t\t\t\t<div class=\"eihe-caption\">\n\t\t\t\t\t<div class=\"eihe-title-cover\">\n\t\t\t\t\t\t\t\t\t\t\t\t<h3 class=\"eihe-title\">VERKAUFT, NICHT-WOHNRAUM 3+1, PRAG LETN\u00c1<\/h3>\n\t\t\t\t\t\t\t\t\t\t\t<\/div>\n\t\t\t\t\t<p><\/p>\n\t\t\t\t<\/div>\n\t\t\t<\/div>\n\t\t\t\t\t\t<\/div>\n\t\t\t\t<\/div>\n\t\t\t\t<div class=\"elementor-element elementor-element-17dd484 elementor-widget elementor-widget-e_image_hover_effects\" data-id=\"17dd484\" data-element_type=\"widget\" data-e-type=\"widget\" data-settings=\"{&quot;_animation&quot;:&quot;none&quot;}\" data-widget_type=\"e_image_hover_effects.default\">\n\t\t\t\t<div class=\"elementor-widget-container\">\n\t\t\t\t\t\t\t\t<div class=\"eihe-box eihe-fade eihe_flex-start\">\n\t\t\t\t<img loading=\"lazy\" decoding=\"async\" width=\"2560\" height=\"1703\" data-src=\"https:\/\/blahareality.cz\/wp-content\/uploads\/2025\/01\/ZMENSENA-104-scaled-1.jpg\" class=\"attachment-full size-full wp-image-15768 lazyload\" alt=\"\" src=\"data:image\/gif;base64,R0lGODlhAQABAAAAACH5BAEKAAEALAAAAAABAAEAAAICTAEAOw==\" style=\"--smush-placeholder-width: 2560px; --smush-placeholder-aspect-ratio: 2560\/1703;\"><noscript><img loading=\"lazy\" decoding=\"async\" width=\"2560\" height=\"1703\" src=\"https:\/\/blahareality.cz\/wp-content\/uploads\/2025\/01\/ZMENSENA-104-scaled-1.jpg\" class=\"attachment-full size-full wp-image-15768\" alt=\"\"><\/noscript>\t\t\t\t<div class=\"eihe-caption\">\n\t\t\t\t\t<div class=\"eihe-title-cover\">\n\t\t\t\t\t\t\t\t\t\t\t\t<h3 class=\"eihe-title\">VERKAUFT, NICHT-WOHNRAUM 1+KK, PRAG LETN\u00c1<\/h3>\n\t\t\t\t\t\t\t\t\t\t\t<\/div>\n\t\t\t\t\t<p><\/p>\n\t\t\t\t<\/div>\n\t\t\t<\/div>\n\t\t\t\t\t\t<\/div>\n\t\t\t\t<\/div>\n\t\t\t\t<div class=\"elementor-element elementor-element-7ced15a elementor-widget elementor-widget-e_image_hover_effects\" data-id=\"7ced15a\" data-element_type=\"widget\" data-e-type=\"widget\" data-settings=\"{&quot;_animation&quot;:&quot;none&quot;}\" data-widget_type=\"e_image_hover_effects.default\">\n\t\t\t\t<div class=\"elementor-widget-container\">\n\t\t\t\t\t\t\t\t<div class=\"eihe-box eihe-fade eihe_flex-start\">\n\t\t\t\t<img loading=\"lazy\" decoding=\"async\" width=\"2560\" height=\"1703\" data-src=\"https:\/\/blahareality.cz\/wp-content\/uploads\/2025\/01\/ZMENSENA-103-scaled-1.jpg\" class=\"attachment-full size-full wp-image-15770 lazyload\" alt=\"\" src=\"data:image\/gif;base64,R0lGODlhAQABAAAAACH5BAEKAAEALAAAAAABAAEAAAICTAEAOw==\" style=\"--smush-placeholder-width: 2560px; --smush-placeholder-aspect-ratio: 2560\/1703;\"><noscript><img loading=\"lazy\" decoding=\"async\" width=\"2560\" height=\"1703\" src=\"https:\/\/blahareality.cz\/wp-content\/uploads\/2025\/01\/ZMENSENA-103-scaled-1.jpg\" class=\"attachment-full size-full wp-image-15770\" alt=\"\"><\/noscript>\t\t\t\t<div class=\"eihe-caption\">\n\t\t\t\t\t<div class=\"eihe-title-cover\">\n\t\t\t\t\t\t\t\t\t\t\t\t<h3 class=\"eihe-title\">VERKAUFT, NICHT-WOHNRAUM 2+KK, PRAHA LETN\u00c1<\/h3>\n\t\t\t\t\t\t\t\t\t\t\t<\/div>\n\t\t\t\t\t<p><\/p>\n\t\t\t\t<\/div>\n\t\t\t<\/div>\n\t\t\t\t\t\t<\/div>\n\t\t\t\t<\/div>\n\t\t\t\t<div class=\"elementor-element elementor-element-0fa840d elementor-widget elementor-widget-e_image_hover_effects\" data-id=\"0fa840d\" data-element_type=\"widget\" data-e-type=\"widget\" data-settings=\"{&quot;_animation&quot;:&quot;none&quot;}\" data-widget_type=\"e_image_hover_effects.default\">\n\t\t\t\t<div class=\"elementor-widget-container\">\n\t\t\t\t\t\t\t\t<div class=\"eihe-box eihe-fade eihe_flex-start\">\n\t\t\t\t<img loading=\"lazy\" decoding=\"async\" width=\"2000\" height=\"1333\" data-src=\"https:\/\/blahareality.cz\/wp-content\/uploads\/2025\/01\/Nebytovy_prostor_Plzen_C.jpg\" class=\"attachment-full size-full wp-image-15896 lazyload\" alt=\"\" src=\"data:image\/gif;base64,R0lGODlhAQABAAAAACH5BAEKAAEALAAAAAABAAEAAAICTAEAOw==\" style=\"--smush-placeholder-width: 2000px; --smush-placeholder-aspect-ratio: 2000\/1333;\"><noscript><img loading=\"lazy\" decoding=\"async\" width=\"2000\" height=\"1333\" src=\"https:\/\/blahareality.cz\/wp-content\/uploads\/2025\/01\/Nebytovy_prostor_Plzen_C.jpg\" class=\"attachment-full size-full wp-image-15896\" alt=\"\"><\/noscript>\t\t\t\t<div class=\"eihe-caption\">\n\t\t\t\t\t<div class=\"eihe-title-cover\">\n\t\t\t\t\t\t\t\t\t\t\t\t<h3 class=\"eihe-title\">VERKAUFT, ZIMMER Nr. 102, KOTEROVSKAYA STREET, PLZEN<\/h3>\n\t\t\t\t\t\t\t\t\t\t\t<\/div>\n\t\t\t\t\t<p>Prodej 7 bytov\u00fdch jednotek v \u010din\u017eovn\u00edm dom\u011b \u2013 Koterovsk\u00e1, Plze\u0148\n\nZprost\u0159edkoval jsem prodej sedmi bytov\u00fdch jednotek v ned\u00e1vno zrekonstruovan\u00e9m \u010din\u017eovn\u00edm dom\u011b na ulici Koterovsk\u00e1 93\/4 v Plzni \u2013 od dispozice 1+kk a\u017e po 3+kk a nebytov\u00fd prostor. Prodej v\u011bt\u0161\u00edho po\u010dtu jednotek v jednom dom\u011b je specifick\u00e1 discipl\u00edna, kter\u00e1 vy\u017eaduje soub\u011b\u017enou pr\u00e1ci s v\u00edce kupci, precizn\u00ed koordinaci jednotliv\u00fdch transakc\u00ed a hlubokou znalost plze\u0148sk\u00e9ho reziden\u010dn\u00edho trhu.\n\nD\u016fm pro\u0161el rozs\u00e1hlou rekonstrukc\u00ed spole\u010dn\u00fdch prostor \u2013 nov\u00e1 elektroinstalace s designov\u00fdm osv\u011btlen\u00edm, renovace historick\u00e9ho z\u00e1bradl\u00ed, nov\u00e1 dla\u017eba, estetick\u00e1 \u00faprava vstup\u016f a identita budovy zv\u00fdrazn\u011bn\u00e1 podsv\u00edcen\u00fdm n\u00e1pisem. Ka\u017ed\u00e1 bytov\u00e1 jednotka je vybavena vlastn\u00edm plynov\u00fdm kotlem s nov\u00fdm topen\u00edm. Zahrada ve vnitrobloku je v pod\u00edlov\u00e9m spoluvlastnictv\u00ed v\u0161ech vlastn\u00edk\u016f. Lokalita p\u0159\u00edmo v centru Plzn\u011b, p\u00e1r krok\u016f od Hlavn\u00edho n\u00e1dra\u017e\u00ed s p\u0159\u00edm\u00fdm vlakov\u00fdm spojen\u00edm do Prahy, v p\u011b\u0161\u00ed vzd\u00e1lenosti historick\u00e9ho centra m\u011bsta i plze\u0148sk\u00e9ho pivovaru, \u0159ad\u00ed tento d\u016fm mezi nejatraktivn\u011bj\u0161\u00ed adresy pro reziden\u010dn\u00ed bydlen\u00ed i investi\u010dn\u00ed pron\u00e1jem v cel\u00e9m m\u011bst\u011b.\n\nJednotliv\u00e9 byty jsem prod\u00e1val c\u00edlen\u011b \u2013 mlad\u00fdm p\u00e1r\u016fm a rodin\u00e1m hledaj\u00edc\u00edm prvn\u00ed vlastn\u00ed bydlen\u00ed v centru Plzn\u011b, pracuj\u00edc\u00edm profesion\u00e1l\u016fm oce\u0148uj\u00edc\u00edm dostupnost n\u00e1dra\u017e\u00ed a investor\u016fm zam\u011b\u0159en\u00fdm na v\u00fdnosov\u00fd pron\u00e1jem v lokalit\u011b s vysokou a stabiln\u00ed popt\u00e1vkou n\u00e1jemn\u00edk\u016f. Soub\u011b\u017en\u00fd prodej sedmi jednotek v jednom dom\u011b vy\u017eadoval p\u0159esnou koordinaci, siln\u00e9 obchodn\u00ed schopnosti a schopnost pracovat s v\u00edce kupci najednou bez ztr\u00e1ty kvality zastoupen\u00ed.\n\nSpecializuji se na prodej reziden\u010dn\u00edch a komer\u010dn\u00edch nemovitost\u00ed, bytov\u00fdch dom\u016f a soubor\u016f bytov\u00fdch jednotek v Plzni a dal\u0161\u00edch krajsk\u00fdch m\u011bstech \u010cesk\u00e9 republiky. Pokud vlastn\u00edte bytov\u00fd d\u016fm, v\u00edce jednotek nebo investi\u010dn\u00ed nemovitost a hled\u00e1te realitn\u00edho makl\u00e9\u0159e se zku\u0161enostmi s prodejem v\u011bt\u0161\u00edho po\u010dtu nemovitost\u00ed najednou, kter\u00fd zn\u00e1 kupce, rozum\u00ed trhu a cel\u00fd proces profesion\u00e1ln\u011b zast\u0159e\u0161\u00ed, jsem p\u0159ipraven va\u0161i situaci projednat.\n<\/p>\n\t\t\t\t<\/div>\n\t\t\t<\/div>\n\t\t\t\t\t\t<\/div>\n\t\t\t\t<\/div>\n\t\t\t\t<\/div>\n\t\t<div class=\"has_eae_slider elementor-element elementor-element-13fd879 e-flex e-con-boxed e-con e-parent\" data-id=\"13fd879\" data-element_type=\"container\" data-e-type=\"container\">\n\t\t\t\t\t<div class=\"e-con-inner\">\n\t\t\t\t<div class=\"elementor-element elementor-element-5d86e0e elementor-mobile-align-center elementor-align-center elementor-widget elementor-widget-button\" data-id=\"5d86e0e\" data-element_type=\"widget\" data-e-type=\"widget\" data-widget_type=\"button.default\">\n\t\t\t\t<div class=\"elementor-widget-container\">\n\t\t\t\t\t\t\t\t\t<div class=\"elementor-button-wrapper\">\n\t\t\t\t\t<a class=\"elementor-button elementor-button-link elementor-size-sm\" href=\"https:\/\/blahareality.cz\/de\/ich-mochte-verkaufen\/\">\n\t\t\t\t\t\t<span class=\"elementor-button-content-wrapper\">\n\t\t\t\t\t\t<span class=\"elementor-button-icon\">\n\t\t\t\t<svg aria-hidden=\"true\" class=\"e-font-icon-svg e-fas-long-arrow-alt-right\" viewbox=\"0 0 448 512\" xmlns=\"http:\/\/www.w3.org\/2000\/svg\"><path d=\"M313.941 216H12c-6.627 0-12 5.373-12 12v56c0 6.627 5.373 12 12 12h301.941v46.059c0 21.382 25.851 32.09 40.971 16.971l86.059-86.059c9.373-9.373 9.373-24.569 0-33.941l-86.059-86.059c-15.119-15.119-40.971-4.411-40.971 16.971V216z\"><\/path><\/svg>\t\t\t<\/span>\n\t\t\t\t\t\t\t\t\t<span class=\"elementor-button-text\">Ich m\u00f6chte mit Michal eine Gewerbeimmobilie verkaufen<\/span>\n\t\t\t\t\t<\/span>\n\t\t\t\t\t<\/a>\n\t\t\t\t<\/div>\n\t\t\t\t\t\t\t\t<\/div>\n\t\t\t\t<\/div>\n\t\t\t\t\t<\/div>\n\t\t\t\t<\/div>\n\t\t<div class=\"has_eae_slider elementor-element elementor-element-1a22721 e-flex e-con-boxed e-con e-parent\" data-id=\"1a22721\" data-element_type=\"container\" data-e-type=\"container\">\n\t\t\t\t\t<div class=\"e-con-inner\">\n\t\t\t\t<div class=\"elementor-element elementor-element-03bafb3 elementor-view-default elementor-widget elementor-widget-icon\" data-id=\"03bafb3\" data-element_type=\"widget\" data-e-type=\"widget\" data-widget_type=\"icon.default\">\n\t\t\t\t<div class=\"elementor-widget-container\">\n\t\t\t\t\t\t\t<div class=\"elementor-icon-wrapper\">\n\t\t\t<div class=\"elementor-icon\">\n\t\t\t<svg xmlns=\"http:\/\/www.w3.org\/2000\/svg\" viewbox=\"0 0 512 512\"><path d=\"M199.1 32c-24.1 0-45.5 15.4-53.1 38.3l22.8 7.6-22.8-7.6L137.4 96 64 96C28.7 96 0 124.7 0 160L0 416c0 35.3 28.7 64 64 64l384 0c35.3 0 64-28.7 64-64l0-256c0-35.3-28.7-64-64-64l-73.4 0-8.6-25.7C358.4 47.4 337 32 312.9 32L199.1 32zm-7.6 53.5c1.1-3.3 4.1-5.5 7.6-5.5l113.9 0c3.4 0 6.5 2.2 7.6 5.5l14 42.1c3.3 9.8 12.4 16.4 22.8 16.4l90.7 0c8.8 0 16 7.2 16 16l0 256c0 8.8-7.2 16-16 16L64 432c-8.8 0-16-7.2-16-16l0-256c0-8.8 7.2-16 16-16l90.7 0c10.3 0 19.5-6.6 22.8-16.4l14-42.1zM256 400a112 112 0 1 0 0-224 112 112 0 1 0 0 224zM192 288a64 64 0 1 1 128 0 64 64 0 1 1 -128 0z\"><\/path><\/svg>\t\t\t<\/div>\n\t\t<\/div>\n\t\t\t\t\t\t<\/div>\n\t\t\t\t<\/div>\n\t\t\t\t<div class=\"elementor-element elementor-element-25ce7f6 elementor-widget elementor-widget-heading\" data-id=\"25ce7f6\" data-element_type=\"widget\" data-e-type=\"widget\" data-widget_type=\"heading.default\">\n\t\t\t\t<div class=\"elementor-widget-container\">\n\t\t\t\t\t<h2 class=\"elementor-heading-title elementor-size-default\">Immobilien-Videos<\/h2>\t\t\t\t<\/div>\n\t\t\t\t<\/div>\n\t\t\t\t\t<\/div>\n\t\t\t\t<\/div>\n\t\t<div class=\"has_eae_slider elementor-element elementor-element-1315059 e-con-full e-flex e-con e-parent\" data-id=\"1315059\" data-element_type=\"container\" data-e-type=\"container\">\n\t\t<div class=\"has_eae_slider elementor-element elementor-element-6a40076 e-grid e-con-full e-con e-child\" data-id=\"6a40076\" data-element_type=\"container\" data-e-type=\"container\" data-settings=\"{&quot;animation&quot;:&quot;none&quot;}\">\n\t\t\t\t<div class=\"elementor-element elementor-element-d53006e elementor-widget elementor-widget-video\" data-id=\"d53006e\" data-element_type=\"widget\" data-e-type=\"widget\" data-settings=\"{&quot;youtube_url&quot;:&quot;https:\\\/\\\/www.youtube.com\\\/watch?v=7Zt2E7l_esA&amp;t=24s&quot;,&quot;autoplay&quot;:&quot;yes&quot;,&quot;mute&quot;:&quot;yes&quot;,&quot;loop&quot;:&quot;yes&quot;,&quot;_animation&quot;:&quot;none&quot;,&quot;video_type&quot;:&quot;youtube&quot;}\" data-widget_type=\"video.default\">\n\t\t\t\t<div class=\"elementor-widget-container\">\n\t\t\t\t\t\t\t<div class=\"elementor-wrapper elementor-open-inline\">\n\t\t\t<div class=\"elementor-video\"><\/div>\t\t<\/div>\n\t\t\t\t\t\t<\/div>\n\t\t\t\t<\/div>\n\t\t\t\t<div class=\"elementor-element elementor-element-942e2a5 elementor-widget elementor-widget-video\" data-id=\"942e2a5\" data-element_type=\"widget\" data-e-type=\"widget\" data-settings=\"{&quot;youtube_url&quot;:&quot;https:\\\/\\\/www.youtube.com\\\/watch?v=hgc9uPO-7PA&quot;,&quot;autoplay&quot;:&quot;yes&quot;,&quot;mute&quot;:&quot;yes&quot;,&quot;loop&quot;:&quot;yes&quot;,&quot;_animation&quot;:&quot;none&quot;,&quot;video_type&quot;:&quot;youtube&quot;}\" data-widget_type=\"video.default\">\n\t\t\t\t<div class=\"elementor-widget-container\">\n\t\t\t\t\t\t\t<div class=\"elementor-wrapper elementor-open-inline\">\n\t\t\t<div class=\"elementor-video\"><\/div>\t\t<\/div>\n\t\t\t\t\t\t<\/div>\n\t\t\t\t<\/div>\n\t\t\t\t<div class=\"elementor-element elementor-element-70b7bfa elementor-widget elementor-widget-video\" data-id=\"70b7bfa\" data-element_type=\"widget\" data-e-type=\"widget\" data-settings=\"{&quot;youtube_url&quot;:&quot;https:\\\/\\\/youtu.be\\\/8sPp89MBth8&quot;,&quot;autoplay&quot;:&quot;yes&quot;,&quot;mute&quot;:&quot;yes&quot;,&quot;loop&quot;:&quot;yes&quot;,&quot;_animation&quot;:&quot;none&quot;,&quot;video_type&quot;:&quot;youtube&quot;}\" data-widget_type=\"video.default\">\n\t\t\t\t<div class=\"elementor-widget-container\">\n\t\t\t\t\t\t\t<div class=\"elementor-wrapper elementor-open-inline\">\n\t\t\t<div class=\"elementor-video\"><\/div>\t\t<\/div>\n\t\t\t\t\t\t<\/div>\n\t\t\t\t<\/div>\n\t\t\t\t<div class=\"elementor-element elementor-element-b711993 elementor-widget elementor-widget-video\" data-id=\"b711993\" data-element_type=\"widget\" data-e-type=\"widget\" data-settings=\"{&quot;youtube_url&quot;:&quot;https:\\\/\\\/youtu.be\\\/bEepfC7veKk?si=plJ7q7G0n0H5he1O&quot;,&quot;autoplay&quot;:&quot;yes&quot;,&quot;mute&quot;:&quot;yes&quot;,&quot;loop&quot;:&quot;yes&quot;,&quot;_animation&quot;:&quot;none&quot;,&quot;video_type&quot;:&quot;youtube&quot;}\" data-widget_type=\"video.default\">\n\t\t\t\t<div class=\"elementor-widget-container\">\n\t\t\t\t\t\t\t<div class=\"elementor-wrapper elementor-open-inline\">\n\t\t\t<div class=\"elementor-video\"><\/div>\t\t<\/div>\n\t\t\t\t\t\t<\/div>\n\t\t\t\t<\/div>\n\t\t\t\t<div class=\"elementor-element elementor-element-1065b96 elementor-widget elementor-widget-video\" data-id=\"1065b96\" data-element_type=\"widget\" data-e-type=\"widget\" data-settings=\"{&quot;youtube_url&quot;:&quot;https:\\\/\\\/youtu.be\\\/X595IJfDrQs?si=F8USSWkmEZGOILW_&quot;,&quot;autoplay&quot;:&quot;yes&quot;,&quot;mute&quot;:&quot;yes&quot;,&quot;loop&quot;:&quot;yes&quot;,&quot;_animation&quot;:&quot;none&quot;,&quot;video_type&quot;:&quot;youtube&quot;}\" data-widget_type=\"video.default\">\n\t\t\t\t<div class=\"elementor-widget-container\">\n\t\t\t\t\t\t\t<div class=\"elementor-wrapper elementor-open-inline\">\n\t\t\t<div class=\"elementor-video\"><\/div>\t\t<\/div>\n\t\t\t\t\t\t<\/div>\n\t\t\t\t<\/div>\n\t\t\t\t<div class=\"elementor-element elementor-element-89b22d6 elementor-widget elementor-widget-video\" data-id=\"89b22d6\" data-element_type=\"widget\" data-e-type=\"widget\" data-settings=\"{&quot;youtube_url&quot;:&quot;https:\\\/\\\/www.youtube.com\\\/watch?v=bvl0YbeLWJ4&amp;t=15s&quot;,&quot;autoplay&quot;:&quot;yes&quot;,&quot;mute&quot;:&quot;yes&quot;,&quot;loop&quot;:&quot;yes&quot;,&quot;_animation&quot;:&quot;none&quot;,&quot;video_type&quot;:&quot;youtube&quot;}\" data-widget_type=\"video.default\">\n\t\t\t\t<div class=\"elementor-widget-container\">\n\t\t\t\t\t\t\t<div class=\"elementor-wrapper elementor-open-inline\">\n\t\t\t<div class=\"elementor-video\"><\/div>\t\t<\/div>\n\t\t\t\t\t\t<\/div>\n\t\t\t\t<\/div>\n\t\t\t\t<div class=\"elementor-element elementor-element-4ed25b6 elementor-widget elementor-widget-video\" data-id=\"4ed25b6\" data-element_type=\"widget\" data-e-type=\"widget\" data-settings=\"{&quot;youtube_url&quot;:&quot;https:\\\/\\\/www.youtube.com\\\/watch?v=hMLXVmQ6XeQ&quot;,&quot;autoplay&quot;:&quot;yes&quot;,&quot;mute&quot;:&quot;yes&quot;,&quot;loop&quot;:&quot;yes&quot;,&quot;_animation&quot;:&quot;none&quot;,&quot;video_type&quot;:&quot;youtube&quot;}\" data-widget_type=\"video.default\">\n\t\t\t\t<div class=\"elementor-widget-container\">\n\t\t\t\t\t\t\t<div class=\"elementor-wrapper elementor-open-inline\">\n\t\t\t<div class=\"elementor-video\"><\/div>\t\t<\/div>\n\t\t\t\t\t\t<\/div>\n\t\t\t\t<\/div>\n\t\t\t\t<div class=\"elementor-element elementor-element-eb0b322 elementor-widget elementor-widget-video\" data-id=\"eb0b322\" data-element_type=\"widget\" data-e-type=\"widget\" data-settings=\"{&quot;youtube_url&quot;:&quot;https:\\\/\\\/www.youtube.com\\\/watch?v=u3O1n075_4w&quot;,&quot;autoplay&quot;:&quot;yes&quot;,&quot;mute&quot;:&quot;yes&quot;,&quot;loop&quot;:&quot;yes&quot;,&quot;_animation&quot;:&quot;none&quot;,&quot;video_type&quot;:&quot;youtube&quot;}\" data-widget_type=\"video.default\">\n\t\t\t\t<div class=\"elementor-widget-container\">\n\t\t\t\t\t\t\t<div class=\"elementor-wrapper elementor-open-inline\">\n\t\t\t<div class=\"elementor-video\"><\/div>\t\t<\/div>\n\t\t\t\t\t\t<\/div>\n\t\t\t\t<\/div>\n\t\t\t\t<div class=\"elementor-element elementor-element-0440917 elementor-widget elementor-widget-video\" data-id=\"0440917\" data-element_type=\"widget\" data-e-type=\"widget\" data-settings=\"{&quot;youtube_url&quot;:&quot;https:\\\/\\\/www.youtube.com\\\/watch?v=uqNmpuo1jV8&quot;,&quot;autoplay&quot;:&quot;yes&quot;,&quot;mute&quot;:&quot;yes&quot;,&quot;loop&quot;:&quot;yes&quot;,&quot;_animation&quot;:&quot;none&quot;,&quot;video_type&quot;:&quot;youtube&quot;}\" data-widget_type=\"video.default\">\n\t\t\t\t<div class=\"elementor-widget-container\">\n\t\t\t\t\t\t\t<div class=\"elementor-wrapper elementor-open-inline\">\n\t\t\t<div class=\"elementor-video\"><\/div>\t\t<\/div>\n\t\t\t\t\t\t<\/div>\n\t\t\t\t<\/div>\n\t\t\t\t<div class=\"elementor-element elementor-element-b8d3e91 elementor-widget elementor-widget-video\" data-id=\"b8d3e91\" data-element_type=\"widget\" data-e-type=\"widget\" data-settings=\"{&quot;youtube_url&quot;:&quot;https:\\\/\\\/www.youtube.com\\\/watch?v=ltfAlak49GE&quot;,&quot;autoplay&quot;:&quot;yes&quot;,&quot;mute&quot;:&quot;yes&quot;,&quot;loop&quot;:&quot;yes&quot;,&quot;_animation&quot;:&quot;none&quot;,&quot;video_type&quot;:&quot;youtube&quot;}\" data-widget_type=\"video.default\">\n\t\t\t\t<div class=\"elementor-widget-container\">\n\t\t\t\t\t\t\t<div class=\"elementor-wrapper elementor-open-inline\">\n\t\t\t<div class=\"elementor-video\"><\/div>\t\t<\/div>\n\t\t\t\t\t\t<\/div>\n\t\t\t\t<\/div>\n\t\t\t\t<div class=\"elementor-element elementor-element-a725077 elementor-widget elementor-widget-video\" data-id=\"a725077\" data-element_type=\"widget\" data-e-type=\"widget\" data-settings=\"{&quot;youtube_url&quot;:&quot;https:\\\/\\\/youtu.be\\\/FKea7cAbmE8&quot;,&quot;autoplay&quot;:&quot;yes&quot;,&quot;mute&quot;:&quot;yes&quot;,&quot;loop&quot;:&quot;yes&quot;,&quot;_animation&quot;:&quot;none&quot;,&quot;video_type&quot;:&quot;youtube&quot;}\" data-widget_type=\"video.default\">\n\t\t\t\t<div class=\"elementor-widget-container\">\n\t\t\t\t\t\t\t<div class=\"elementor-wrapper elementor-open-inline\">\n\t\t\t<div class=\"elementor-video\"><\/div>\t\t<\/div>\n\t\t\t\t\t\t<\/div>\n\t\t\t\t<\/div>\n\t\t\t\t<div class=\"elementor-element elementor-element-9df7d4b elementor-widget elementor-widget-video\" data-id=\"9df7d4b\" data-element_type=\"widget\" data-e-type=\"widget\" data-settings=\"{&quot;youtube_url&quot;:&quot;https:\\\/\\\/www.youtube.com\\\/watch?v=Ysn5m2Ek-5o&quot;,&quot;autoplay&quot;:&quot;yes&quot;,&quot;mute&quot;:&quot;yes&quot;,&quot;loop&quot;:&quot;yes&quot;,&quot;_animation&quot;:&quot;none&quot;,&quot;video_type&quot;:&quot;youtube&quot;}\" data-widget_type=\"video.default\">\n\t\t\t\t<div class=\"elementor-widget-container\">\n\t\t\t\t\t\t\t<div class=\"elementor-wrapper elementor-open-inline\">\n\t\t\t<div class=\"elementor-video\"><\/div>\t\t<\/div>\n\t\t\t\t\t\t<\/div>\n\t\t\t\t<\/div>\n\t\t\t\t<div class=\"elementor-element elementor-element-5bd7dc8 elementor-widget elementor-widget-video\" data-id=\"5bd7dc8\" data-element_type=\"widget\" data-e-type=\"widget\" data-settings=\"{&quot;youtube_url&quot;:&quot;https:\\\/\\\/www.youtube.com\\\/watch?v=2bxlGddtE2c&amp;t=4s&quot;,&quot;autoplay&quot;:&quot;yes&quot;,&quot;mute&quot;:&quot;yes&quot;,&quot;loop&quot;:&quot;yes&quot;,&quot;_animation&quot;:&quot;none&quot;,&quot;video_type&quot;:&quot;youtube&quot;}\" data-widget_type=\"video.default\">\n\t\t\t\t<div class=\"elementor-widget-container\">\n\t\t\t\t\t\t\t<div class=\"elementor-wrapper elementor-open-inline\">\n\t\t\t<div class=\"elementor-video\"><\/div>\t\t<\/div>\n\t\t\t\t\t\t<\/div>\n\t\t\t\t<\/div>\n\t\t\t\t<div class=\"elementor-element elementor-element-dc1fada elementor-widget elementor-widget-video\" data-id=\"dc1fada\" data-element_type=\"widget\" data-e-type=\"widget\" data-settings=\"{&quot;youtube_url&quot;:&quot;https:\\\/\\\/www.youtube.com\\\/watch?v=ldLrLPNEKNQ&quot;,&quot;autoplay&quot;:&quot;yes&quot;,&quot;mute&quot;:&quot;yes&quot;,&quot;loop&quot;:&quot;yes&quot;,&quot;_animation&quot;:&quot;none&quot;,&quot;video_type&quot;:&quot;youtube&quot;}\" data-widget_type=\"video.default\">\n\t\t\t\t<div class=\"elementor-widget-container\">\n\t\t\t\t\t\t\t<div class=\"elementor-wrapper elementor-open-inline\">\n\t\t\t<div class=\"elementor-video\"><\/div>\t\t<\/div>\n\t\t\t\t\t\t<\/div>\n\t\t\t\t<\/div>\n\t\t\t\t<div class=\"elementor-element elementor-element-d06e46a elementor-widget elementor-widget-video\" data-id=\"d06e46a\" data-element_type=\"widget\" data-e-type=\"widget\" data-settings=\"{&quot;youtube_url&quot;:&quot;https:\\\/\\\/www.youtube.com\\\/watch?v=1QUTE-BzQPo&amp;t=3s&quot;,&quot;autoplay&quot;:&quot;yes&quot;,&quot;mute&quot;:&quot;yes&quot;,&quot;loop&quot;:&quot;yes&quot;,&quot;_animation&quot;:&quot;none&quot;,&quot;video_type&quot;:&quot;youtube&quot;}\" data-widget_type=\"video.default\">\n\t\t\t\t<div class=\"elementor-widget-container\">\n\t\t\t\t\t\t\t<div class=\"elementor-wrapper elementor-open-inline\">\n\t\t\t<div class=\"elementor-video\"><\/div>\t\t<\/div>\n\t\t\t\t\t\t<\/div>\n\t\t\t\t<\/div>\n\t\t\t\t<div class=\"elementor-element elementor-element-ada1834 elementor-widget elementor-widget-video\" data-id=\"ada1834\" data-element_type=\"widget\" data-e-type=\"widget\" data-settings=\"{&quot;youtube_url&quot;:&quot;https:\\\/\\\/www.youtube.com\\\/watch?v=qAHKbZ_pa38&quot;,&quot;autoplay&quot;:&quot;yes&quot;,&quot;mute&quot;:&quot;yes&quot;,&quot;loop&quot;:&quot;yes&quot;,&quot;_animation&quot;:&quot;none&quot;,&quot;video_type&quot;:&quot;youtube&quot;}\" data-widget_type=\"video.default\">\n\t\t\t\t<div class=\"elementor-widget-container\">\n\t\t\t\t\t\t\t<div class=\"elementor-wrapper elementor-open-inline\">\n\t\t\t<div class=\"elementor-video\"><\/div>\t\t<\/div>\n\t\t\t\t\t\t<\/div>\n\t\t\t\t<\/div>\n\t\t\t\t<div class=\"elementor-element elementor-element-dd47d94 elementor-widget elementor-widget-video\" data-id=\"dd47d94\" data-element_type=\"widget\" data-e-type=\"widget\" data-settings=\"{&quot;youtube_url&quot;:&quot;https:\\\/\\\/www.youtube.com\\\/watch?v=jmdAUosn87s&quot;,&quot;autoplay&quot;:&quot;yes&quot;,&quot;mute&quot;:&quot;yes&quot;,&quot;loop&quot;:&quot;yes&quot;,&quot;_animation&quot;:&quot;none&quot;,&quot;video_type&quot;:&quot;youtube&quot;}\" data-widget_type=\"video.default\">\n\t\t\t\t<div class=\"elementor-widget-container\">\n\t\t\t\t\t\t\t<div class=\"elementor-wrapper elementor-open-inline\">\n\t\t\t<div class=\"elementor-video\"><\/div>\t\t<\/div>\n\t\t\t\t\t\t<\/div>\n\t\t\t\t<\/div>\n\t\t\t\t<\/div>\n\t\t\t\t<\/div>\n\t\t<div class=\"has_eae_slider elementor-element elementor-element-ba44a44 e-flex e-con-boxed e-con e-parent\" data-id=\"ba44a44\" data-element_type=\"container\" data-e-type=\"container\">\n\t\t\t\t\t<div class=\"e-con-inner\">\n\t\t\t\t<div class=\"elementor-element elementor-element-22e55a0 elementor-mobile-align-center elementor-align-center elementor-widget elementor-widget-button\" data-id=\"22e55a0\" data-element_type=\"widget\" data-e-type=\"widget\" data-widget_type=\"button.default\">\n\t\t\t\t<div class=\"elementor-widget-container\">\n\t\t\t\t\t\t\t\t\t<div class=\"elementor-button-wrapper\">\n\t\t\t\t\t<a class=\"elementor-button elementor-button-link elementor-size-sm elementor-animation-shrink\" href=\"https:\/\/blahareality.cz\/de\/ich-mochte-verkaufen\/\">\n\t\t\t\t\t\t<span class=\"elementor-button-content-wrapper\">\n\t\t\t\t\t\t<span class=\"elementor-button-icon\">\n\t\t\t\t<svg aria-hidden=\"true\" class=\"e-font-icon-svg e-fas-long-arrow-alt-right\" viewbox=\"0 0 448 512\" xmlns=\"http:\/\/www.w3.org\/2000\/svg\"><path d=\"M313.941 216H12c-6.627 0-12 5.373-12 12v56c0 6.627 5.373 12 12 12h301.941v46.059c0 21.382 25.851 32.09 40.971 16.971l86.059-86.059c9.373-9.373 9.373-24.569 0-33.941l-86.059-86.059c-15.119-15.119-40.971-4.411-40.971 16.971V216z\"><\/path><\/svg>\t\t\t<\/span>\n\t\t\t\t\t\t\t\t\t<span class=\"elementor-button-text\">Ich m\u00f6chte die Immobilie mit Michael verkaufen<\/span>\n\t\t\t\t\t<\/span>\n\t\t\t\t\t<\/a>\n\t\t\t\t<\/div>\n\t\t\t\t\t\t\t\t<\/div>\n\t\t\t\t<\/div>\n\t\t\t\t<div class=\"elementor-element elementor-element-392a6e9 elementor-view-default elementor-widget elementor-widget-icon\" data-id=\"392a6e9\" data-element_type=\"widget\" data-e-type=\"widget\" data-widget_type=\"icon.default\">\n\t\t\t\t<div class=\"elementor-widget-container\">\n\t\t\t\t\t\t\t<div class=\"elementor-icon-wrapper\">\n\t\t\t<div class=\"elementor-icon\">\n\t\t\t<svg xmlns=\"http:\/\/www.w3.org\/2000\/svg\" viewbox=\"0 0 384 512\"><path d=\"M336 192c0-79.5-64.5-144-144-144S48 112.5 48 192c0 12.4 4.5 31.6 15.3 57.2c10.5 24.8 25.4 52.2 42.5 79.9c28.5 46.2 61.5 90.8 86.2 122.6c24.8-31.8 57.8-76.4 86.2-122.6c17.1-27.7 32-55.1 42.5-79.9C331.5 223.6 336 204.4 336 192zm48 0c0 87.4-117 243-168.3 307.2c-12.3 15.3-35.1 15.3-47.4 0C117 435 0 279.4 0 192C0 86 86 0 192 0S384 86 384 192zm-160 0a32 32 0 1 0 -64 0 32 32 0 1 0 64 0zm-112 0a80 80 0 1 1 160 0 80 80 0 1 1 -160 0z\"><\/path><\/svg>\t\t\t<\/div>\n\t\t<\/div>\n\t\t\t\t\t\t<\/div>\n\t\t\t\t<\/div>\n\t\t\t\t<div class=\"elementor-element elementor-element-f9b359f elementor-widget elementor-widget-heading\" data-id=\"f9b359f\" data-element_type=\"widget\" data-e-type=\"widget\" data-widget_type=\"heading.default\">\n\t\t\t\t<div class=\"elementor-widget-container\">\n\t\t\t\t\t<h2 class=\"elementor-heading-title elementor-size-default\">Standorte von Immobilientransaktionen<\/h2>\t\t\t\t<\/div>\n\t\t\t\t<\/div>\n\t\t\t\t\t<\/div>\n\t\t\t\t<\/div>\n\t\t<div class=\"has_eae_slider elementor-element elementor-element-741c34f e-con-full e-flex e-con e-parent\" data-id=\"741c34f\" data-element_type=\"container\" data-e-type=\"container\">\n\t\t\t\t<div class=\"elementor-element elementor-element-73c7278 elementor-widget elementor-widget-text-editor\" data-id=\"73c7278\" data-element_type=\"widget\" data-e-type=\"widget\" data-widget_type=\"text-editor.default\">\n\t\t\t\t<div class=\"elementor-widget-container\">\n\t\t\t\t\t\t\t\t\t<iframe style=\"border: none;\" data-src=\"https:\/\/mls2.remax-czech.cz\/maps\/9926\/16153903299926\/\" width=\"100%\" height=\"300\" data-mce-fragment=\"1\" src=\"data:image\/gif;base64,R0lGODlhAQABAAAAACH5BAEKAAEALAAAAAABAAEAAAICTAEAOw==\" class=\"lazyload\" data-load-mode=\"1\"><\/iframe>\t\t\t\t\t\t\t\t<\/div>\n\t\t\t\t<\/div>\n\t\t\t\t<\/div>\n\t\t\t\t<\/div>","protected":false},"excerpt":{"rendered":"<p>Realizace Jako zku\u0161en\u00fd realitn\u00ed makl\u00e9\u0159 se specializuji na \u00fasp\u011b\u0161n\u00fd prodej a pron\u00e1jem nemovitost\u00ed. Poskytuji kompletn\u00ed realitn\u00ed servis \u2013 od \u00favodn\u00ed konzultace, p\u0159es profesion\u00e1ln\u00ed prezentaci a\u017e po pr\u00e1vn\u00ed zaji\u0161t\u011bn\u00ed a podpis smlouvy. D\u00edky mnohalet\u00fdm zku\u0161enostem zaji\u0161\u0165uji hladk\u00fd a bezpe\u010dn\u00fd pr\u016fb\u011bh ka\u017ed\u00e9 transakce.Ke ka\u017ed\u00e9mu klientovi p\u0159istupuji individu\u00e1ln\u011b, s d\u016frazem na d\u016fkladnou p\u0159\u00edpravu, transparentnost a profesion\u00e1ln\u00ed p\u0159\u00edstup. Prodej [&hellip;]<\/p>","protected":false},"author":3,"featured_media":17398,"parent":0,"menu_order":0,"comment_status":"closed","ping_status":"closed","template":"","meta":{"_uag_custom_page_level_css":"","site-sidebar-layout":"no-sidebar","site-content-layout":"page-builder","ast-site-content-layout":"full-width-container","site-content-style":"unboxed","site-sidebar-style":"unboxed","ast-global-header-display":"","ast-banner-title-visibility":"","ast-main-header-display":"","ast-hfb-above-header-display":"","ast-hfb-below-header-display":"","ast-hfb-mobile-header-display":"","site-post-title":"disabled","ast-breadcrumbs-content":"","ast-featured-img":"disabled","footer-sml-layout":"","ast-disable-related-posts":"","theme-transparent-header-meta":"enabled","adv-header-id-meta":"","stick-header-meta":"","header-above-stick-meta":"","header-main-stick-meta":"","header-below-stick-meta":"","astra-migrate-meta-layouts":"set","ast-page-background-enabled":"default","ast-page-background-meta":{"desktop":{"background-color":"","background-image":"","background-repeat":"repeat","background-position":"center center","background-size":"auto","background-attachment":"scroll","background-type":"","background-media":"","overlay-type":"","overlay-color":"","overlay-opacity":"","overlay-gradient":""},"tablet":{"background-color":"","background-image":"","background-repeat":"repeat","background-position":"center center","background-size":"auto","background-attachment":"scroll","background-type":"","background-media":"","overlay-type":"","overlay-color":"","overlay-opacity":"","overlay-gradient":""},"mobile":{"background-color":"","background-image":"","background-repeat":"repeat","background-position":"center center","background-size":"auto","background-attachment":"scroll","background-type":"","background-media":"","overlay-type":"","overlay-color":"","overlay-opacity":"","overlay-gradient":""}},"ast-content-background-meta":{"desktop":{"background-color":"var(--ast-global-color-5)","background-image":"","background-repeat":"repeat","background-position":"center center","background-size":"auto","background-attachment":"scroll","background-type":"","background-media":"","overlay-type":"","overlay-color":"","overlay-opacity":"","overlay-gradient":""},"tablet":{"background-color":"var(--ast-global-color-5)","background-image":"","background-repeat":"repeat","background-position":"center center","background-size":"auto","background-attachment":"scroll","background-type":"","background-media":"","overlay-type":"","overlay-color":"","overlay-opacity":"","overlay-gradient":""},"mobile":{"background-color":"var(--ast-global-color-5)","background-image":"","background-repeat":"repeat","background-position":"center center","background-size":"auto","background-attachment":"scroll","background-type":"","background-media":"","overlay-type":"","overlay-color":"","overlay-opacity":"","overlay-gradient":""}},"footnotes":""},"class_list":["post-13268","page","type-page","status-publish","has-post-thumbnail","hentry"],"rankMath":{"parentDomain":"blahareality.cz","noFollowDomains":[],"noFollowExcludeDomains":[],"noFollowExternalLinks":false,"featuredImageNotice":"The featured image should be at least 200 by 200 pixels to be picked up by Facebook and other social media sites.","pluginReviewed":false,"postSettings":{"linkSuggestions":true,"useFocusKeyword":false},"frontEndScore":false,"postName":"realizace","permalinkFormat":"https:\/\/blahareality.cz\/de\/%pagename%\/","showLockModifiedDate":true,"assessor":{"focusKeywordLink":"https:\/\/blahareality.cz\/wp-admin\/edit.php?focus_keyword=%focus_keyword%&post_type=%post_type%","hasTOCPlugin":{"essential-addons-for-elementor-lite\/essential_adons_elementor.php":"Essential Addons for Elementor"},"primaryTaxonomy":false,"serpData":{"title":"","description":"","focusKeywords":"","pillarContent":false,"canonicalUrl":"","breadcrumbTitle":"","advancedRobots":{"max-snippet":"-1","max-video-preview":"-1","max-image-preview":"large"},"facebookTitle":"","facebookDescription":"","facebookImage":"","facebookImageID":"","facebookHasOverlay":false,"facebookImageOverlay":"","facebookAuthor":"","twitterCardType":"","twitterUseFacebook":true,"twitterTitle":"","twitterDescription":"","twitterImage":"","twitterImageID":"","twitterHasOverlay":false,"twitterImageOverlay":"","twitterPlayerUrl":"","twitterPlayerSize":"","twitterPlayerStream":"","twitterPlayerStreamCtype":"","twitterAppDescription":"","twitterAppIphoneName":"","twitterAppIphoneID":"","twitterAppIphoneUrl":"","twitterAppIpadName":"","twitterAppIpadID":"","twitterAppIpadUrl":"","twitterAppGoogleplayName":"","twitterAppGoogleplayID":"","twitterAppGoogleplayUrl":"","twitterAppCountry":"","robots":{"index":true},"twitterAuthor":"username","primaryTerm":0,"authorName":"Samuel Kunert","titleTemplate":"%title% %sep% %sitename%","descriptionTemplate":"%excerpt%","showScoreFrontend":true,"lockModifiedDate":false},"powerWords":["abgelenkt","abgesturzt","absolut","abstossend","aburd","abweisen","adaquat","aggressiv","ahnungslos","akkurat","alarmierend","alarmiert","albtraum","all-inclusive","allererste","allererster","allererstes","alleswisser","am schlechtesten","am wichtigsten","angewidert","angriff","angsteinflossend","angstlich","animiert","ankundigung","anonym","anpassbar","anspruchslos","anstossig","antagonistisch","apokalypse","applaus","argumentativ","arm","armageddon","arrogant","atemberaubend","attacke","attraktiv","aufdeckend","aufgebracht","aufgedeckt","aufgeregt","aufheiternd","aufregend","aufregende","aufregenden","aufregung","aufstachelnd","aufstandisch","aufsteigend","auftreibend","augenoffnend","ausgelassen","ausgeruht","ausgespielt","ausgewahlt","ausgewuhlt","ausnutzen","aussergewohnlich","autark","authentisch","autoritat","backdoor","badass","beangstigend","bedenklich","bedingungslos","bedrohen","bedroht","beforderung","befreit","befriedigend","befriedigt","begehren","begeistern","begeistert","begeisterung","beherzt","behind the scenes","beichte","beleidigung","belohnung","bemerkenswert","beneiden","bequem","beruhmt","beschadigen","beschamend","beschmutzt","beschuldigen","beschutzen","besitz","bessesen","bestatigen","bestatigt","beste","bestimmt","bestrafen","betrug","betrugen","bewahrt","bewiesen","bewiesenermassen","bewusst","bezahlbar","bezaubernd","bizarre","bleich","blendend","blut","blutbad","blutig","bombe","bonanza","bonus","bosartig","bose","boshaft","brilliant","brodelnd","brutal","budget","bullshit","bully","bunt","bunte","bunten","case study","cash","challenge","challgene","chaos","cheat-sheet","clever","content","cool","courage","dankbar","daruber redet keiner","deadline","definitiv","dekadent","demoralisierend","demut","desillusioniert","detailiert","diagnose","die wahrheit","direkt","disastros","discount","dokument","dollar","dominieren","doppelt","download","dreckig","dreifach","dreistigkeit","dringend","dringlichkeit","dumm","dummkopf","dummlich","durchbruch","duselig","dynamik","echt","effektiv","effizient","ehrlich","eier","eifersuchtig","eifrig","eindeutig","eindrucksvoll","eine stufe besser","einfach","einfachheit","einfallsreich","eingebildet","eingeschrankt","eingesperrt","einmalig","einsam","eintauchen","einzigartig","eisern","eliminieren","elite","empathie","empfehle","empfehlen","endeffekt","energie","energisch","enorm","entdecken","entfesselt","entfremdet","enthullen","enthullung","enthusiastisch","entmachtet","entsetzlich","entspannt","entzuckend","entzunden","epidemisch","episch","erbarmlich","erfolg","erfolgreich","erfolgsbilanz","erfreut","erfullen","erfullt","ergebnisse","ergreifen","erhaben","erheben","erhohen","erledigt","ermachtigt","ermudet","ernmutigt","ernsthaft","erobern","erroten","errungenschaft","erschaffen","erschrocken","ersehnen","ersparnisse","erstattbar","erstatten","erstaunlich","erste","ertrinken","essentiell","ethisch","euphorisch","exakt","exklusiv","exklusivitat","exkuisit","experte","explodieren","explosiv","exposed","extrem","exzellent","fahig","fahigkeiten","fail","falle","fantasie","fantastischen","farbenfroh","farbenfrohe","faszinierend","faszinierende","faul","faux pas","faux","fehler","feindselig","feldstudie","fesselnd","festlich","festmahl","festplatte","final","flirt","fluchtling","flussig","fokus","fokussiert","folter","formel","frech","freebie","frei","freiheit","freudig","friedlich","frohlich","frohlichkeit","frustriert","fundamental","fur immer","furchtbar","furchtlos","gangster","garantiert","geblendet","geehrt","gefahr","gefahrlich","gefangen","gefangnis","gefeuert","gegensatzlich","gehassig","geheimnis","geheimnisse","geil","geisseln","geist","geistesgestort","gelassen","geld zuruck","geld","genial","gepackt","gerade angekommen","gerissen","geschenk","geschmuggelt","geschutzt","gestandnis","gestandnisse","gestopft","gestresst","gesucht","gesund","getauscht","getestet","getotet","gewaltig","gewalttatig","gewidmet","gewinnspiel","gier","gierig","gift","giftig","gigantisch","giveaway","glamourose","glanzend","glaube","glaubwurdig","gleichmassig","glittering","glitzernde","gluckselig","golden","grandios","grandiose","grandiosen","grandioses","grauenhaft","grausamkeit","grinsen","groesste","gross","grossartig","grossartig","grossartige","grossartigen","grossartiger","grossartiges","grosse","grossen","grosste","grosszugig","grotesk","grube","grundlegend","gruselig","gunstig","hack","hamisch","hammer","handelsgeheimnis","hartnackig","hass","heilig","heimlich","heisshunger","heisshungrig","heiter","held","hell","herablassend","herausfordernd","herausforderung","herausvorderung","herrlichen","herrschend","hervorragend","herz","herzbrechend","herzerwahrmend","heute","hightech","hilflosigkeit","hilfreich","hilfsbereit","himmlisch","hinterhaltig","hoax","hocheffektiv","hochnasig","hochste","hoffnung","hoffnungsvoll","holle","holocaust","horror","how to","humor","hungrige","hurrikan","hypnotisch","hypnotisierend","idiot","idiotisch","illegal","immer","informativ","inhalt","inkompetent","innovativ","insider","inspirierend","inspiriert","intelligent","intensiv","interessant","interessante","invasion","investment","ist da","jackpot","jederzeit kundigen","jetzt","jubilant","jumpstart","jung","kadaver","kampf","katapult","katastrophe","kaufen","kein risiko","keine verpflichtung","kickstart","kindisch","kitschig","klaglich","klar","knast","kollabieren","kollosal","komfortabel","komisch","kompetitiv","komplett","kompromiss","komsich","konstruktiv","kontrollierend","kontrollverlust","kooperativ","kopie","korrupt","kostenlos","kraftlos","kraftvoll","krankhaft","kreativ","kreative","kriese","kritisch","kruppel","lachen","lacherlich","lahm","last minute","lauernd","lebendig","lebenslanglich","lecken","lecker","legendar","legitim","leiche","leicht","leiden","leider","leise","letzte chance","letzte","leuchtend","liberal","licht","liebe","liebenswurdig","liebevoll","life-changing","limitiert","lohnend","loser","losung","lugen","lugend","lukrativ","lust","lustig","lustige","lustigsten","luxorios","magisch","mainstream","mammut","manipulativ","massiv","masterclass","meditierend","meiseter","meistverkauft","meltdown","millionen","mind-blowing","minderwertig","minimalist","missbrauch","misstrauisch","mittelmassig","mittig","modern","moderne","moglichkeiten","monetarisieren","monumental","mord","motiviert","muhelos","muhevoll","mull","mut","mutig","nachmachen","nachteile","nackt","nagel","naiv","natural","nazi","neid","nervos","neu","niedertrachtig","niemals","notfall","notiert","nutzlich","nutzlos","offensichtlich","offiziel","offnen","ohne hintergedanken","ok","okay","okonomisch","on-demand","opfer","optimistisch","overnight","packend","panik","panzer","paralisiert","pas","passioniert","pause","payback","peinlich","perfekt","perplex","perskeptive","pessimistisch","pfund","piranha","pleite","plotzlich","pochend","polarisierend","popular","portfolio","praktisch","preis","prestige","privat","privatsphare","priviligiert","problem","produktiv","professionell","profit","profitabel","provokativ","provozierend","prozess","psychologisch","qual","qualen","qualitat","rabatt","rache","rachsuchtig","raffiniert","rasend","rat","rau","recherche","reduziert","reflektieren","regeln","reich","reiche","reichtum","relaxed","report","responsive","revolutionar","riesig","risiko","riskant","riskieren","rotzfrech","rowdy","ruckrat","ruckschlag","rucksichtlos","ruhig","ruiniert","sabotiert","sadistisch","sale","sarkastisch","scam","schabig","schadigend","schadlich","schamlos","schatz","schicksal","schlachten","schlafen","schlag","schlau","schlimm","schmerzhaft","schmerzlos","schmuggel","schnell","schnellstart","schokierend","schonheit","schrecklich","schreien","schritt fur schritt","schuld","schuldlos","schwach","schwarm","schwarzmarkt","schwerkraft","schwinden","sechsstellig","sehenswerte","selbsthass","selten","sensationell","sex","sexy","sicher","sicherheit","sicherlich","sieg","sill","simpel","sinnlich","sinnlos","skandal","skandalos","skill","sklave","sneak-peek","snob","sofort gespart","sofort","sollte","sonnig","sonnige","sonnigen","sorgen","sorgfaltig","sorglos","spannend","sparen","sparsam","spass","spassig","spektakular","speziell","spielen","spoiler","spontan","spotlight","stabil","stark","start","stoisch","stolz","stop","strahlend","strangulieren","strategie","studien","stumperhaft","stur","sunden","sundigend","super","superb","survival","tapfer","tauschend","teaser","technologie","terror","terrorist","teuer","tief","tiefgreifend","tierisch","tod","todlich","toll","tolle","toller","tortur","tot","tote","toten","totend","toxisch","tragisch","tragodie","transfomieren","transparenz","trauma","traumatisiert","traurigkeit","trend","tricks","trigger","triumpf","trocken","trotz","trugerisch","tweaks","tyrann","ubel","uberfordert","uberkommen","uberleben","uberlegen","uberraschend","uberrascht","uberraschung","uberwaltigend","uberwinden","ultimativ","umfassend","umstritten","umwerfend","unatorisiert","unaufhaltbar","unausgelasted","unbedacht","unbeliebt","unbeschwert","unbewusst","undercover","undokumentiert","unehrlich","unentschlossen","unerwartet","unfahig","ungeduldig","ungedult","ungehort","ungemutlich","ungerechtfertigt","ungesehen","ungetrubt","ungewohnlich","ungezogen","unglaublich","unglaubliches","uninteressiert","unkontrollierbar","unkonventionell","unlimitiert","unpenetrierbar","unschuldig","unsicher","unstabil","unter verschluss","untergrund","unterhaltsam","unterstutz","unterstutzend","unubertroffen","unvergesslich","unverneinbar","unvoreingenommen","unwiderstehlich","unwirtlich","unzensiert","unzuverlassig","up-selling","vaporisieren","verangstigt","verantwortlich","verargert","verarscht","verbessert","verbluffend","verblufft","verboten","verbreiten","verdachtig","verdammt","verdeckt","vereinfacht","verfuhrend","vergebend","vergessen","vergleich","verhauen","verifizieren","verkommen","verlegen","verletzbar","verletzt","verlockend","verloren","vermasselt","vermeiden","vermogen","vernichten","vernichtend","vernunftig","veroffentlichung","verpassen","verraterisch","verruckt","versagen","verschwitzt","versichert","verspielt","versprechend","versteckt","vertrauenswurdig","vertraulich","vertraumt","verurteilend","verwunderlich","verwundet","verzaubernd","verzweifelt","vierfach","vogelfrei","vollig","vollstandig","vorsicht","vorstellungskraft","vorteil","wachstum","wagemutig","wahnsinn","wahnsinnig","wahrhaftig","wahrheit","wahrheitsgemass","wahrscheinlich","warnung","was dir keiner sagt","wehleidig","welt","wenig bekannt","wert","wertvoll","wichtig","widerlich","wiedererkannt","wild","wilde","wilden","willensstarke","wirr","wohltatigkeit","wortlich","wunder","wunderbar","wunderbaren","wunderschon","wutend","zeichen","zeitig","zen","zensiert","zerschlagen","zerschmetternd","zerstorend","zertifiziert","zielorientiert","zischend","zischt","zocken","zogernd","zugeben","zuruckgehalten","zuruckgelassen","zuruckweisen","zusatzlich","zutaten","zuverlassig","zwangsernahrt","zweifelnd","zwickend","zwingend","einfache","einfachen","einfaches","einfacher","simple","simplen","simples","simpler","besten","bestes","bester","beste","bestbewertet","bestbewerteten","bestbewertete","bestbewerteter","bestbewertetes","\u00fcberraschende","\u00fcberraschenden","\u00fcberraschendes","\u00fcberraschender","hilfreiche","hilfreiches","hilfreichen","hilfreicher","f\u00f6rdern","unterst\u00fctzen","helfen","spielerisch","spannende","spannendes","spannenden","spannender","gro\u00dfartige","gro\u00dfartiges","gro\u00dfartigen","gro\u00dfartiger","ideal","ideales","idealen","idealer","faszinierend","faszinierendes","faszinierenden","faszinierender","wichtig","wichtige","wichtiges","wichtigen","wichtiger","sicher","sichere","sicheres","sicheren","sicherer","umfassende","umfassendes","umfassenden","umfassender","ultimative","ultimatives","ultimativen","ultimativer","einzigartige","einzigartiges","einzigartigen","einzigartiger"],"diacritics":{"A":"[\\u0041\\u24B6\\uFF21\\u00C0\\u00C1\\u00C2\\u1EA6\\u1EA4\\u1EAA\\u1EA8\\u00C3\\u0100\\u0102\\u1EB0\\u1EAE\\u1EB4\\u1EB2\\u0226\\u01E0\\u01DE\\u1EA2\\u00C5\\u01FA\\u01CD\\u0200\\u0202\\u1EA0\\u1EAC\\u1EB6\\u1E00\\u0104\\u023A\\u2C6F]","AA":"[\\uA732]","AE":"[\\u00C6\\u01FC\\u01E2\\u00C4]","AO":"[\\uA734]","AU":"[\\uA736]","AV":"[\\uA738\\uA73A]","AY":"[\\uA73C]","B":"[\\u0042\\u24B7\\uFF22\\u1E02\\u1E04\\u1E06\\u0243\\u0182\\u0181]","C":"[\\u0043\\u24B8\\uFF23\\u0106\\u0108\\u010A\\u010C\\u00C7\\u1E08\\u0187\\u023B\\uA73E]","D":"[\\u0044\\u24B9\\uFF24\\u1E0A\\u010E\\u1E0C\\u1E10\\u1E12\\u1E0E\\u0110\\u018B\\u018A\\u0189\\uA779]","DZ":"[\\u01F1\\u01C4]","Dz":"[\\u01F2\\u01C5]","E":"[\\u0045\\u24BA\\uFF25\\u00C8\\u00C9\\u00CA\\u1EC0\\u1EBE\\u1EC4\\u1EC2\\u1EBC\\u0112\\u1E14\\u1E16\\u0114\\u0116\\u00CB\\u1EBA\\u011A\\u0204\\u0206\\u1EB8\\u1EC6\\u0228\\u1E1C\\u0118\\u1E18\\u1E1A\\u0190\\u018E]","F":"[\\u0046\\u24BB\\uFF26\\u1E1E\\u0191\\uA77B]","G":"[\\u0047\\u24BC\\uFF27\\u01F4\\u011C\\u1E20\\u011E\\u0120\\u01E6\\u0122\\u01E4\\u0193\\uA7A0\\uA77D\\uA77E]","H":"[\\u0048\\u24BD\\uFF28\\u0124\\u1E22\\u1E26\\u021E\\u1E24\\u1E28\\u1E2A\\u0126\\u2C67\\u2C75\\uA78D]","I":"[\\u0049\\u24BE\\uFF29\\u00CC\\u00CD\\u00CE\\u0128\\u012A\\u012C\\u0130\\u00CF\\u1E2E\\u1EC8\\u01CF\\u0208\\u020A\\u1ECA\\u012E\\u1E2C\\u0197]","J":"[\\u004A\\u24BF\\uFF2A\\u0134\\u0248]","K":"[\\u004B\\u24C0\\uFF2B\\u1E30\\u01E8\\u1E32\\u0136\\u1E34\\u0198\\u2C69\\uA740\\uA742\\uA744\\uA7A2]","L":"[\\u004C\\u24C1\\uFF2C\\u013F\\u0139\\u013D\\u1E36\\u1E38\\u013B\\u1E3C\\u1E3A\\u0141\\u023D\\u2C62\\u2C60\\uA748\\uA746\\uA780]","LJ":"[\\u01C7]","Lj":"[\\u01C8]","M":"[\\u004D\\u24C2\\uFF2D\\u1E3E\\u1E40\\u1E42\\u2C6E\\u019C]","N":"[\\u004E\\u24C3\\uFF2E\\u01F8\\u0143\\u00D1\\u1E44\\u0147\\u1E46\\u0145\\u1E4A\\u1E48\\u0220\\u019D\\uA790\\uA7A4]","NJ":"[\\u01CA]","Nj":"[\\u01CB]","O":"[\\u004F\\u24C4\\uFF2F\\u00D2\\u00D3\\u00D4\\u1ED2\\u1ED0\\u1ED6\\u1ED4\\u00D5\\u1E4C\\u022C\\u1E4E\\u014C\\u1E50\\u1E52\\u014E\\u022E\\u0230\\u022A\\u1ECE\\u0150\\u01D1\\u020C\\u020E\\u01A0\\u1EDC\\u1EDA\\u1EE0\\u1EDE\\u1EE2\\u1ECC\\u1ED8\\u01EA\\u01EC\\u00D8\\u01FE\\u0186\\u019F\\uA74A\\uA74C]","OE":"[\\u00D6]","OI":"[\\u01A2]","OO":"[\\uA74E]","OU":"[\\u0222]","P":"[\\u0050\\u24C5\\uFF30\\u1E54\\u1E56\\u01A4\\u2C63\\uA750\\uA752\\uA754]","Q":"[\\u0051\\u24C6\\uFF31\\uA756\\uA758\\u024A]","R":"[\\u0052\\u24C7\\uFF32\\u0154\\u1E58\\u0158\\u0210\\u0212\\u1E5A\\u1E5C\\u0156\\u1E5E\\u024C\\u2C64\\uA75A\\uA7A6\\uA782]","S":"[\\u0053\\u24C8\\uFF33\\u1E9E\\u015A\\u1E64\\u015C\\u1E60\\u0160\\u1E66\\u1E62\\u1E68\\u0218\\u015E\\u2C7E\\uA7A8\\uA784]","T":"[\\u0054\\u24C9\\uFF34\\u1E6A\\u0164\\u1E6C\\u021A\\u0162\\u1E70\\u1E6E\\u0166\\u01AC\\u01AE\\u023E\\uA786]","TZ":"[\\uA728]","U":"[\\u0055\\u24CA\\uFF35\\u00D9\\u00DA\\u00DB\\u0168\\u1E78\\u016A\\u1E7A\\u016C\\u01DB\\u01D7\\u01D5\\u01D9\\u1EE6\\u016E\\u0170\\u01D3\\u0214\\u0216\\u01AF\\u1EEA\\u1EE8\\u1EEE\\u1EEC\\u1EF0\\u1EE4\\u1E72\\u0172\\u1E76\\u1E74\\u0244]","UE":"[\\u00DC]","V":"[\\u0056\\u24CB\\uFF36\\u1E7C\\u1E7E\\u01B2\\uA75E\\u0245]","VY":"[\\uA760]","W":"[\\u0057\\u24CC\\uFF37\\u1E80\\u1E82\\u0174\\u1E86\\u1E84\\u1E88\\u2C72]","X":"[\\u0058\\u24CD\\uFF38\\u1E8A\\u1E8C]","Y":"[\\u0059\\u24CE\\uFF39\\u1EF2\\u00DD\\u0176\\u1EF8\\u0232\\u1E8E\\u0178\\u1EF6\\u1EF4\\u01B3\\u024E\\u1EFE]","Z":"[\\u005A\\u24CF\\uFF3A\\u0179\\u1E90\\u017B\\u017D\\u1E92\\u1E94\\u01B5\\u0224\\u2C7F\\u2C6B\\uA762]","a":"[\\u0061\\u24D0\\uFF41\\u1E9A\\u00E0\\u00E1\\u00E2\\u1EA7\\u1EA5\\u1EAB\\u1EA9\\u00E3\\u0101\\u0103\\u1EB1\\u1EAF\\u1EB5\\u1EB3\\u0227\\u01E1\\u01DF\\u1EA3\\u00E5\\u01FB\\u01CE\\u0201\\u0203\\u1EA1\\u1EAD\\u1EB7\\u1E01\\u0105\\u2C65\\u0250]","aa":"[\\uA733]","ae":"[\\u00E6\\u01FD\\u01E3\\u00E4]","ao":"[\\uA735]","au":"[\\uA737]","av":"[\\uA739\\uA73B]","ay":"[\\uA73D]","b":"[\\u0062\\u24D1\\uFF42\\u1E03\\u1E05\\u1E07\\u0180\\u0183\\u0253]","c":"[\\u0063\\u24D2\\uFF43\\u0107\\u0109\\u010B\\u010D\\u00E7\\u1E09\\u0188\\u023C\\uA73F\\u2184]","d":"[\\u0064\\u24D3\\uFF44\\u1E0B\\u010F\\u1E0D\\u1E11\\u1E13\\u1E0F\\u0111\\u018C\\u0256\\u0257\\uA77A]","dz":"[\\u01F3\\u01C6]","e":"[\\u0065\\u24D4\\uFF45\\u00E8\\u00E9\\u00EA\\u1EC1\\u1EBF\\u1EC5\\u1EC3\\u1EBD\\u0113\\u1E15\\u1E17\\u0115\\u0117\\u00EB\\u1EBB\\u011B\\u0205\\u0207\\u1EB9\\u1EC7\\u0229\\u1E1D\\u0119\\u1E19\\u1E1B\\u0247\\u025B\\u01DD]","f":"[\\u0066\\u24D5\\uFF46\\u1E1F\\u0192\\uA77C]","g":"[\\u0067\\u24D6\\uFF47\\u01F5\\u011D\\u1E21\\u011F\\u0121\\u01E7\\u0123\\u01E5\\u0260\\uA7A1\\u1D79\\uA77F]","h":"[\\u0068\\u24D7\\uFF48\\u0125\\u1E23\\u1E27\\u021F\\u1E25\\u1E29\\u1E2B\\u1E96\\u0127\\u2C68\\u2C76\\u0265]","hv":"[\\u0195]","i":"[\\u0069\\u24D8\\uFF49\\u00EC\\u00ED\\u00EE\\u0129\\u012B\\u012D\\u00EF\\u1E2F\\u1EC9\\u01D0\\u0209\\u020B\\u1ECB\\u012F\\u1E2D\\u0268\\u0131]","j":"[\\u006A\\u24D9\\uFF4A\\u0135\\u01F0\\u0249]","k":"[\\u006B\\u24DA\\uFF4B\\u1E31\\u01E9\\u1E33\\u0137\\u1E35\\u0199\\u2C6A\\uA741\\uA743\\uA745\\uA7A3]","l":"[\\u006C\\u24DB\\uFF4C\\u0140\\u013A\\u013E\\u1E37\\u1E39\\u013C\\u1E3D\\u1E3B\\u017F\\u0142\\u019A\\u026B\\u2C61\\uA749\\uA781\\uA747]","lj":"[\\u01C9]","m":"[\\u006D\\u24DC\\uFF4D\\u1E3F\\u1E41\\u1E43\\u0271\\u026F]","n":"[\\u006E\\u24DD\\uFF4E\\u01F9\\u0144\\u00F1\\u1E45\\u0148\\u1E47\\u0146\\u1E4B\\u1E49\\u019E\\u0272\\u0149\\uA791\\uA7A5]","nj":"[\\u01CC]","o":"[\\u006F\\u24DE\\uFF4F\\u00F2\\u00F3\\u00F4\\u1ED3\\u1ED1\\u1ED7\\u1ED5\\u00F5\\u1E4D\\u022D\\u1E4F\\u014D\\u1E51\\u1E53\\u014F\\u022F\\u0231\\u022B\\u1ECF\\u0151\\u01D2\\u020D\\u020F\\u01A1\\u1EDD\\u1EDB\\u1EE1\\u1EDF\\u1EE3\\u1ECD\\u1ED9\\u01EB\\u01ED\\u00F8\\u01FF\\u0254\\uA74B\\uA74D\\u0275]","oe":"[\\u00f6]","oi":"[\\u01A3]","ou":"[\\u0223]","oo":"[\\uA74F]","p":"[\\u0070\\u24DF\\uFF50\\u1E55\\u1E57\\u01A5\\u1D7D\\uA751\\uA753\\uA755]","q":"[\\u0071\\u24E0\\uFF51\\u024B\\uA757\\uA759]","r":"[\\u0072\\u24E1\\uFF52\\u0155\\u1E59\\u0159\\u0211\\u0213\\u1E5B\\u1E5D\\u0157\\u1E5F\\u024D\\u027D\\uA75B\\uA7A7\\uA783]","s":"[\\u0073\\u24E2\\uFF53\\u015B\\u1E65\\u015D\\u1E61\\u0161\\u1E67\\u1E63\\u1E69\\u0219\\u015F\\u023F\\uA7A9\\uA785\\u1E9B]","ss":"[\\u00DF]","t":"[\\u0074\\u24E3\\uFF54\\u1E6B\\u1E97\\u0165\\u1E6D\\u021B\\u0163\\u1E71\\u1E6F\\u0167\\u01AD\\u0288\\u2C66\\uA787]","tz":"[\\uA729]","u":"[\\u0075\\u24E4\\uFF55\\u00F9\\u00FA\\u00FB\\u0169\\u1E79\\u016B\\u1E7B\\u016D\\u01DC\\u01D8\\u01D6\\u01DA\\u1EE7\\u016F\\u0171\\u01D4\\u0215\\u0217\\u01B0\\u1EEB\\u1EE9\\u1EEF\\u1EED\\u1EF1\\u1EE5\\u1E73\\u0173\\u1E77\\u1E75\\u0289]","ue":"[\\u00FC]","v":"[\\u0076\\u24E5\\uFF56\\u1E7D\\u1E7F\\u028B\\uA75F\\u028C]","vy":"[\\uA761]","w":"[\\u0077\\u24E6\\uFF57\\u1E81\\u1E83\\u0175\\u1E87\\u1E85\\u1E98\\u1E89\\u2C73]","x":"[\\u0078\\u24E7\\uFF58\\u1E8B\\u1E8D]","y":"[\\u0079\\u24E8\\uFF59\\u1EF3\\u00FD\\u0177\\u1EF9\\u0233\\u1E8F\\u00FF\\u1EF7\\u1E99\\u1EF5\\u01B4\\u024F\\u1EFF]","z":"[\\u007A\\u24E9\\uFF5A\\u017A\\u1E91\\u017C\\u017E\\u1E93\\u1E95\\u01B6\\u0225\\u0240\\u2C6C\\uA763]"},"researchesTests":["contentHasTOC","contentHasShortParagraphs","contentHasAssets","keywordInTitle","keywordInMetaDescription","keywordInPermalink","keywordIn10Percent","keywordInContent","keywordInSubheadings","keywordInImageAlt","keywordDensity","keywordNotUsed","lengthContent","lengthPermalink","linksHasInternal","linksHasExternals","linksNotAllExternals","titleStartWithKeyword","titleSentiment","titleHasPowerWords","titleHasNumber","hasContentAI"],"hasRedirection":true,"hasBreadcrumb":true},"homeUrl":"https:\/\/blahareality.cz\/de","objectID":13268,"objectType":"post","locale":"de","localeFull":"de_DE_formal","overlayImages":{"play":{"name":"Play icon","url":"https:\/\/blahareality.cz\/wp-content\/plugins\/seo-by-rank-math\/assets\/admin\/img\/icon-play.png","path":"\/data\/web\/virtuals\/360727\/virtual\/www\/domains\/blahareality.cz\/wp-content\/plugins\/seo-by-rank-math\/assets\/admin\/img\/icon-play.png","position":"middle_center"},"gif":{"name":"GIF icon","url":"https:\/\/blahareality.cz\/wp-content\/plugins\/seo-by-rank-math\/assets\/admin\/img\/icon-gif.png","path":"\/data\/web\/virtuals\/360727\/virtual\/www\/domains\/blahareality.cz\/wp-content\/plugins\/seo-by-rank-math\/assets\/admin\/img\/icon-gif.png","position":"middle_center"}},"defautOgImage":"http:\/\/blahareality.cz\/wp-content\/uploads\/2025\/01\/blaha123.png","customPermalinks":true,"isUserRegistered":false,"autoSuggestKeywords":false,"connectSiteUrl":"https:\/\/rankmath.com\/auth?site=https%3A%2F%2Fblahareality.cz%2Fde&r=https%3A%2F%2Fblahareality.cz%2Fde%2Fwp-json%2Fwp%2Fv2%2Fpages%2F13268%3Fnonce%3D2ab3e14a82","maxTags":5,"trendsIcon":"<svg viewBox=\"0 0 610 610\"><path d=\"M18.85,446,174.32,290.48l58.08,58.08L76.93,504a14.54,14.54,0,0,1-20.55,0L18.83,466.48a14.54,14.54,0,0,1,0-20.55Z\" style=\"fill:#4285f4\"\/><path d=\"M242.65,242.66,377.59,377.6l-47.75,47.75a14.54,14.54,0,0,1-20.55,0L174.37,290.43l47.75-47.75A14.52,14.52,0,0,1,242.65,242.66Z\" style=\"fill:#ea4335\"\/><polygon points=\"319.53 319.53 479.26 159.8 537.34 217.88 377.61 377.62 319.53 319.53\" style=\"fill:#fabb05\"\/><path d=\"M594.26,262.73V118.61h0a16.94,16.94,0,0,0-16.94-16.94H433.2a16.94,16.94,0,0,0-12,28.92L565.34,274.71h0a16.94,16.94,0,0,0,28.92-12Z\" style=\"fill:#34a853\"\/><rect width=\"610\" height=\"610\" style=\"fill:none\"\/><\/svg>","showScore":true,"siteFavIcon":"https:\/\/blahareality.cz\/wp-content\/uploads\/2025\/04\/cropped-nahled-vyrez-mala-kvalita-32x32.png","canUser":{"general":false,"advanced":false,"snippet":false,"social":false,"analysis":false,"analytics":false,"content_ai":false},"isPro":false,"is_front_page":false,"trendsUpgradeLink":"https:\/\/rankmath.com\/pricing\/?utm_source=Plugin&utm_medium=CE%20General%20Tab%20Trends&utm_campaign=WP","trendsUpgradeLabel":"Upgrade","trendsPreviewImage":"https:\/\/blahareality.cz\/wp-content\/plugins\/seo-by-rank-math\/assets\/admin\/img\/trends-preview.jpg","currentEditor":false,"homepageData":{"assessor":{"powerWords":["abgelenkt","abgesturzt","absolut","abstossend","aburd","abweisen","adaquat","aggressiv","ahnungslos","akkurat","alarmierend","alarmiert","albtraum","all-inclusive","allererste","allererster","allererstes","alleswisser","am schlechtesten","am wichtigsten","angewidert","angriff","angsteinflossend","angstlich","animiert","ankundigung","anonym","anpassbar","anspruchslos","anstossig","antagonistisch","apokalypse","applaus","argumentativ","arm","armageddon","arrogant","atemberaubend","attacke","attraktiv","aufdeckend","aufgebracht","aufgedeckt","aufgeregt","aufheiternd","aufregend","aufregende","aufregenden","aufregung","aufstachelnd","aufstandisch","aufsteigend","auftreibend","augenoffnend","ausgelassen","ausgeruht","ausgespielt","ausgewahlt","ausgewuhlt","ausnutzen","aussergewohnlich","autark","authentisch","autoritat","backdoor","badass","beangstigend","bedenklich","bedingungslos","bedrohen","bedroht","beforderung","befreit","befriedigend","befriedigt","begehren","begeistern","begeistert","begeisterung","beherzt","behind the scenes","beichte","beleidigung","belohnung","bemerkenswert","beneiden","bequem","beruhmt","beschadigen","beschamend","beschmutzt","beschuldigen","beschutzen","besitz","bessesen","bestatigen","bestatigt","beste","bestimmt","bestrafen","betrug","betrugen","bewahrt","bewiesen","bewiesenermassen","bewusst","bezahlbar","bezaubernd","bizarre","bleich","blendend","blut","blutbad","blutig","bombe","bonanza","bonus","bosartig","bose","boshaft","brilliant","brodelnd","brutal","budget","bullshit","bully","bunt","bunte","bunten","case study","cash","challenge","challgene","chaos","cheat-sheet","clever","content","cool","courage","dankbar","daruber redet keiner","deadline","definitiv","dekadent","demoralisierend","demut","desillusioniert","detailiert","diagnose","die wahrheit","direkt","disastros","discount","dokument","dollar","dominieren","doppelt","download","dreckig","dreifach","dreistigkeit","dringend","dringlichkeit","dumm","dummkopf","dummlich","durchbruch","duselig","dynamik","echt","effektiv","effizient","ehrlich","eier","eifersuchtig","eifrig","eindeutig","eindrucksvoll","eine stufe besser","einfach","einfachheit","einfallsreich","eingebildet","eingeschrankt","eingesperrt","einmalig","einsam","eintauchen","einzigartig","eisern","eliminieren","elite","empathie","empfehle","empfehlen","endeffekt","energie","energisch","enorm","entdecken","entfesselt","entfremdet","enthullen","enthullung","enthusiastisch","entmachtet","entsetzlich","entspannt","entzuckend","entzunden","epidemisch","episch","erbarmlich","erfolg","erfolgreich","erfolgsbilanz","erfreut","erfullen","erfullt","ergebnisse","ergreifen","erhaben","erheben","erhohen","erledigt","ermachtigt","ermudet","ernmutigt","ernsthaft","erobern","erroten","errungenschaft","erschaffen","erschrocken","ersehnen","ersparnisse","erstattbar","erstatten","erstaunlich","erste","ertrinken","essentiell","ethisch","euphorisch","exakt","exklusiv","exklusivitat","exkuisit","experte","explodieren","explosiv","exposed","extrem","exzellent","fahig","fahigkeiten","fail","falle","fantasie","fantastischen","farbenfroh","farbenfrohe","faszinierend","faszinierende","faul","faux pas","faux","fehler","feindselig","feldstudie","fesselnd","festlich","festmahl","festplatte","final","flirt","fluchtling","flussig","fokus","fokussiert","folter","formel","frech","freebie","frei","freiheit","freudig","friedlich","frohlich","frohlichkeit","frustriert","fundamental","fur immer","furchtbar","furchtlos","gangster","garantiert","geblendet","geehrt","gefahr","gefahrlich","gefangen","gefangnis","gefeuert","gegensatzlich","gehassig","geheimnis","geheimnisse","geil","geisseln","geist","geistesgestort","gelassen","geld zuruck","geld","genial","gepackt","gerade angekommen","gerissen","geschenk","geschmuggelt","geschutzt","gestandnis","gestandnisse","gestopft","gestresst","gesucht","gesund","getauscht","getestet","getotet","gewaltig","gewalttatig","gewidmet","gewinnspiel","gier","gierig","gift","giftig","gigantisch","giveaway","glamourose","glanzend","glaube","glaubwurdig","gleichmassig","glittering","glitzernde","gluckselig","golden","grandios","grandiose","grandiosen","grandioses","grauenhaft","grausamkeit","grinsen","groesste","gross","grossartig","grossartig","grossartige","grossartigen","grossartiger","grossartiges","grosse","grossen","grosste","grosszugig","grotesk","grube","grundlegend","gruselig","gunstig","hack","hamisch","hammer","handelsgeheimnis","hartnackig","hass","heilig","heimlich","heisshunger","heisshungrig","heiter","held","hell","herablassend","herausfordernd","herausforderung","herausvorderung","herrlichen","herrschend","hervorragend","herz","herzbrechend","herzerwahrmend","heute","hightech","hilflosigkeit","hilfreich","hilfsbereit","himmlisch","hinterhaltig","hoax","hocheffektiv","hochnasig","hochste","hoffnung","hoffnungsvoll","holle","holocaust","horror","how to","humor","hungrige","hurrikan","hypnotisch","hypnotisierend","idiot","idiotisch","illegal","immer","informativ","inhalt","inkompetent","innovativ","insider","inspirierend","inspiriert","intelligent","intensiv","interessant","interessante","invasion","investment","ist da","jackpot","jederzeit kundigen","jetzt","jubilant","jumpstart","jung","kadaver","kampf","katapult","katastrophe","kaufen","kein risiko","keine verpflichtung","kickstart","kindisch","kitschig","klaglich","klar","knast","kollabieren","kollosal","komfortabel","komisch","kompetitiv","komplett","kompromiss","komsich","konstruktiv","kontrollierend","kontrollverlust","kooperativ","kopie","korrupt","kostenlos","kraftlos","kraftvoll","krankhaft","kreativ","kreative","kriese","kritisch","kruppel","lachen","lacherlich","lahm","last minute","lauernd","lebendig","lebenslanglich","lecken","lecker","legendar","legitim","leiche","leicht","leiden","leider","leise","letzte chance","letzte","leuchtend","liberal","licht","liebe","liebenswurdig","liebevoll","life-changing","limitiert","lohnend","loser","losung","lugen","lugend","lukrativ","lust","lustig","lustige","lustigsten","luxorios","magisch","mainstream","mammut","manipulativ","massiv","masterclass","meditierend","meiseter","meistverkauft","meltdown","millionen","mind-blowing","minderwertig","minimalist","missbrauch","misstrauisch","mittelmassig","mittig","modern","moderne","moglichkeiten","monetarisieren","monumental","mord","motiviert","muhelos","muhevoll","mull","mut","mutig","nachmachen","nachteile","nackt","nagel","naiv","natural","nazi","neid","nervos","neu","niedertrachtig","niemals","notfall","notiert","nutzlich","nutzlos","offensichtlich","offiziel","offnen","ohne hintergedanken","ok","okay","okonomisch","on-demand","opfer","optimistisch","overnight","packend","panik","panzer","paralisiert","pas","passioniert","pause","payback","peinlich","perfekt","perplex","perskeptive","pessimistisch","pfund","piranha","pleite","plotzlich","pochend","polarisierend","popular","portfolio","praktisch","preis","prestige","privat","privatsphare","priviligiert","problem","produktiv","professionell","profit","profitabel","provokativ","provozierend","prozess","psychologisch","qual","qualen","qualitat","rabatt","rache","rachsuchtig","raffiniert","rasend","rat","rau","recherche","reduziert","reflektieren","regeln","reich","reiche","reichtum","relaxed","report","responsive","revolutionar","riesig","risiko","riskant","riskieren","rotzfrech","rowdy","ruckrat","ruckschlag","rucksichtlos","ruhig","ruiniert","sabotiert","sadistisch","sale","sarkastisch","scam","schabig","schadigend","schadlich","schamlos","schatz","schicksal","schlachten","schlafen","schlag","schlau","schlimm","schmerzhaft","schmerzlos","schmuggel","schnell","schnellstart","schokierend","schonheit","schrecklich","schreien","schritt fur schritt","schuld","schuldlos","schwach","schwarm","schwarzmarkt","schwerkraft","schwinden","sechsstellig","sehenswerte","selbsthass","selten","sensationell","sex","sexy","sicher","sicherheit","sicherlich","sieg","sill","simpel","sinnlich","sinnlos","skandal","skandalos","skill","sklave","sneak-peek","snob","sofort gespart","sofort","sollte","sonnig","sonnige","sonnigen","sorgen","sorgfaltig","sorglos","spannend","sparen","sparsam","spass","spassig","spektakular","speziell","spielen","spoiler","spontan","spotlight","stabil","stark","start","stoisch","stolz","stop","strahlend","strangulieren","strategie","studien","stumperhaft","stur","sunden","sundigend","super","superb","survival","tapfer","tauschend","teaser","technologie","terror","terrorist","teuer","tief","tiefgreifend","tierisch","tod","todlich","toll","tolle","toller","tortur","tot","tote","toten","totend","toxisch","tragisch","tragodie","transfomieren","transparenz","trauma","traumatisiert","traurigkeit","trend","tricks","trigger","triumpf","trocken","trotz","trugerisch","tweaks","tyrann","ubel","uberfordert","uberkommen","uberleben","uberlegen","uberraschend","uberrascht","uberraschung","uberwaltigend","uberwinden","ultimativ","umfassend","umstritten","umwerfend","unatorisiert","unaufhaltbar","unausgelasted","unbedacht","unbeliebt","unbeschwert","unbewusst","undercover","undokumentiert","unehrlich","unentschlossen","unerwartet","unfahig","ungeduldig","ungedult","ungehort","ungemutlich","ungerechtfertigt","ungesehen","ungetrubt","ungewohnlich","ungezogen","unglaublich","unglaubliches","uninteressiert","unkontrollierbar","unkonventionell","unlimitiert","unpenetrierbar","unschuldig","unsicher","unstabil","unter verschluss","untergrund","unterhaltsam","unterstutz","unterstutzend","unubertroffen","unvergesslich","unverneinbar","unvoreingenommen","unwiderstehlich","unwirtlich","unzensiert","unzuverlassig","up-selling","vaporisieren","verangstigt","verantwortlich","verargert","verarscht","verbessert","verbluffend","verblufft","verboten","verbreiten","verdachtig","verdammt","verdeckt","vereinfacht","verfuhrend","vergebend","vergessen","vergleich","verhauen","verifizieren","verkommen","verlegen","verletzbar","verletzt","verlockend","verloren","vermasselt","vermeiden","vermogen","vernichten","vernichtend","vernunftig","veroffentlichung","verpassen","verraterisch","verruckt","versagen","verschwitzt","versichert","verspielt","versprechend","versteckt","vertrauenswurdig","vertraulich","vertraumt","verurteilend","verwunderlich","verwundet","verzaubernd","verzweifelt","vierfach","vogelfrei","vollig","vollstandig","vorsicht","vorstellungskraft","vorteil","wachstum","wagemutig","wahnsinn","wahnsinnig","wahrhaftig","wahrheit","wahrheitsgemass","wahrscheinlich","warnung","was dir keiner sagt","wehleidig","welt","wenig bekannt","wert","wertvoll","wichtig","widerlich","wiedererkannt","wild","wilde","wilden","willensstarke","wirr","wohltatigkeit","wortlich","wunder","wunderbar","wunderbaren","wunderschon","wutend","zeichen","zeitig","zen","zensiert","zerschlagen","zerschmetternd","zerstorend","zertifiziert","zielorientiert","zischend","zischt","zocken","zogernd","zugeben","zuruckgehalten","zuruckgelassen","zuruckweisen","zusatzlich","zutaten","zuverlassig","zwangsernahrt","zweifelnd","zwickend","zwingend","einfache","einfachen","einfaches","einfacher","simple","simplen","simples","simpler","besten","bestes","bester","beste","bestbewertet","bestbewerteten","bestbewertete","bestbewerteter","bestbewertetes","\u00fcberraschende","\u00fcberraschenden","\u00fcberraschendes","\u00fcberraschender","hilfreiche","hilfreiches","hilfreichen","hilfreicher","f\u00f6rdern","unterst\u00fctzen","helfen","spielerisch","spannende","spannendes","spannenden","spannender","gro\u00dfartige","gro\u00dfartiges","gro\u00dfartigen","gro\u00dfartiger","ideal","ideales","idealen","idealer","faszinierend","faszinierendes","faszinierenden","faszinierender","wichtig","wichtige","wichtiges","wichtigen","wichtiger","sicher","sichere","sicheres","sicheren","sicherer","umfassende","umfassendes","umfassenden","umfassender","ultimative","ultimatives","ultimativen","ultimativer","einzigartige","einzigartiges","einzigartigen","einzigartiger"],"diacritics":true,"researchesTests":["contentHasTOC","contentHasShortParagraphs","contentHasAssets","keywordInTitle","keywordInMetaDescription","keywordInPermalink","keywordIn10Percent","keywordInContent","keywordInSubheadings","keywordInImageAlt","keywordDensity","keywordNotUsed","lengthContent","lengthPermalink","linksHasInternal","linksHasExternals","linksNotAllExternals","titleStartWithKeyword","titleSentiment","titleHasPowerWords","titleHasNumber","hasContentAI"],"hasBreadcrumb":true,"serpData":{"title":"%sitename% %page% %sep% %sitedesc%","description":"","titleTemplate":"%sitename% %page% %sep% %sitedesc%","descriptionTemplate":"","focusKeywords":"","breadcrumbTitle":"Home","robots":{"index":true},"advancedRobots":{"max-snippet":"-1","max-video-preview":"-1","max-image-preview":"large"},"facebookTitle":"","facebookDescription":"","facebookImage":"","facebookImageID":""}}},"tocTitle":"Table of Contents","tocExcludeHeadings":[],"listStyle":"ul"},"uagb_featured_image_src":{"full":["https:\/\/blahareality.cz\/wp-content\/uploads\/2025\/05\/817b.jpg",2400,1600,false],"thumbnail":["https:\/\/blahareality.cz\/wp-content\/uploads\/2025\/05\/817b-150x150.jpg",150,150,true],"medium":["https:\/\/blahareality.cz\/wp-content\/uploads\/2025\/05\/817b-300x200.jpg",300,200,true],"medium_large":["https:\/\/blahareality.cz\/wp-content\/uploads\/2025\/05\/817b-768x512.jpg",768,512,true],"large":["https:\/\/blahareality.cz\/wp-content\/uploads\/2025\/05\/817b-1024x683.jpg",1024,683,true],"1536x1536":["https:\/\/blahareality.cz\/wp-content\/uploads\/2025\/05\/817b-1536x1024.jpg",1536,1024,true],"2048x2048":["https:\/\/blahareality.cz\/wp-content\/uploads\/2025\/05\/817b-2048x1365.jpg",2048,1365,true],"trp-custom-language-flag":["https:\/\/blahareality.cz\/wp-content\/uploads\/2025\/05\/817b-18x12.jpg",18,12,true]},"uagb_author_info":{"display_name":"Samuel Kunert","author_link":"https:\/\/blahareality.cz\/de\/author\/samuel-kunert\/"},"uagb_comment_info":0,"uagb_excerpt":"Realizace Jako zku\u0161en\u00fd realitn\u00ed makl\u00e9\u0159 se specializuji na \u00fasp\u011b\u0161n\u00fd prodej a pron\u00e1jem nemovitost\u00ed. Poskytuji kompletn\u00ed realitn\u00ed servis \u2013 od \u00favodn\u00ed konzultace, p\u0159es profesion\u00e1ln\u00ed prezentaci a\u017e po pr\u00e1vn\u00ed zaji\u0161t\u011bn\u00ed a podpis smlouvy. D\u00edky mnohalet\u00fdm zku\u0161enostem zaji\u0161\u0165uji hladk\u00fd a bezpe\u010dn\u00fd pr\u016fb\u011bh ka\u017ed\u00e9 transakce.Ke ka\u017ed\u00e9mu klientovi p\u0159istupuji individu\u00e1ln\u011b, s d\u016frazem na d\u016fkladnou p\u0159\u00edpravu, transparentnost a profesion\u00e1ln\u00ed p\u0159\u00edstup. Prodej&hellip;","rttpg_featured_image_url":{"full":["https:\/\/blahareality.cz\/wp-content\/uploads\/2025\/05\/817b.jpg",2400,1600,false],"landscape":["https:\/\/blahareality.cz\/wp-content\/uploads\/2025\/05\/817b.jpg",2400,1600,false],"portraits":["https:\/\/blahareality.cz\/wp-content\/uploads\/2025\/05\/817b.jpg",2400,1600,false],"thumbnail":["https:\/\/blahareality.cz\/wp-content\/uploads\/2025\/05\/817b-150x150.jpg",150,150,true],"medium":["https:\/\/blahareality.cz\/wp-content\/uploads\/2025\/05\/817b-300x200.jpg",300,200,true],"large":["https:\/\/blahareality.cz\/wp-content\/uploads\/2025\/05\/817b-1024x683.jpg",1024,683,true],"1536x1536":["https:\/\/blahareality.cz\/wp-content\/uploads\/2025\/05\/817b-1536x1024.jpg",1536,1024,true],"2048x2048":["https:\/\/blahareality.cz\/wp-content\/uploads\/2025\/05\/817b-2048x1365.jpg",2048,1365,true],"trp-custom-language-flag":["https:\/\/blahareality.cz\/wp-content\/uploads\/2025\/05\/817b-18x12.jpg",18,12,true]},"rttpg_author":{"display_name":"Samuel Kunert","author_link":"https:\/\/blahareality.cz\/de\/author\/samuel-kunert\/"},"rttpg_comment":0,"rttpg_category":null,"rttpg_excerpt":"Realizace Jako zku\u0161en\u00fd realitn\u00ed makl\u00e9\u0159 se specializuji na \u00fasp\u011b\u0161n\u00fd prodej a pron\u00e1jem nemovitost\u00ed. Poskytuji kompletn\u00ed realitn\u00ed servis \u2013 od \u00favodn\u00ed konzultace, p\u0159es profesion\u00e1ln\u00ed prezentaci a\u017e po pr\u00e1vn\u00ed zaji\u0161t\u011bn\u00ed a podpis smlouvy. D\u00edky mnohalet\u00fdm zku\u0161enostem zaji\u0161\u0165uji hladk\u00fd a bezpe\u010dn\u00fd pr\u016fb\u011bh ka\u017ed\u00e9 transakce.Ke ka\u017ed\u00e9mu klientovi p\u0159istupuji individu\u00e1ln\u011b, s d\u016frazem na d\u016fkladnou p\u0159\u00edpravu, transparentnost a profesion\u00e1ln\u00ed p\u0159\u00edstup. Prodej&hellip;","_links":{"self":[{"href":"https:\/\/blahareality.cz\/de\/wp-json\/wp\/v2\/pages\/13268","targetHints":{"allow":["GET"]}}],"collection":[{"href":"https:\/\/blahareality.cz\/de\/wp-json\/wp\/v2\/pages"}],"about":[{"href":"https:\/\/blahareality.cz\/de\/wp-json\/wp\/v2\/types\/page"}],"author":[{"embeddable":true,"href":"https:\/\/blahareality.cz\/de\/wp-json\/wp\/v2\/users\/3"}],"replies":[{"embeddable":true,"href":"https:\/\/blahareality.cz\/de\/wp-json\/wp\/v2\/comments?post=13268"}],"version-history":[{"count":449,"href":"https:\/\/blahareality.cz\/de\/wp-json\/wp\/v2\/pages\/13268\/revisions"}],"predecessor-version":[{"id":18330,"href":"https:\/\/blahareality.cz\/de\/wp-json\/wp\/v2\/pages\/13268\/revisions\/18330"}],"wp:featuredmedia":[{"embeddable":true,"href":"https:\/\/blahareality.cz\/de\/wp-json\/wp\/v2\/media\/17398"}],"wp:attachment":[{"href":"https:\/\/blahareality.cz\/de\/wp-json\/wp\/v2\/media?parent=13268"}],"curies":[{"name":"wp","href":"https:\/\/api.w.org\/{rel}","templated":true}]}}